{"id":590,"date":"2015-04-23T00:00:00","date_gmt":"2015-04-22T22:00:00","guid":{"rendered":"https:\/\/retradycja.eu\/tworca\/helena-kolodziej\/"},"modified":"2022-08-16T07:01:26","modified_gmt":"2022-08-16T05:01:26","slug":"helena-kolodziej","status":"publish","type":"tworca","link":"https:\/\/retradycja.eu\/pl\/tworca\/helena-kolodziej\/","title":{"rendered":"Helena Ko\u0142odziej"},"content":{"rendered":"<p style=\"text-align: justify;\">Pani Helena Ko\u0142odziej jest mistrzyni\u0105 wykonywania ozd\u00f3b ze s\u0142omy i suchych kwiat\u00f3w. T\u0119 lubelsk\u0105 tradycj\u0119 przej\u0119\u0142a od babci i mamy, natomiast przekazuje j\u0105 dalej swojej wnuczce. Pani Helena zajmuje si\u0119 tak\u017ce poezj\u0105 oraz \u015bpiewa. Na jej stoisku znajdziemy ozdoby w formie anio\u0142k\u00f3w, gwiazdek, \u015bwiderk\u00f3w, lal, kwiatk\u00f3w oraz \u0142a\u0144cuch\u00f3w ze s\u0142omy, k\u0142os\u00f3w, traw, papieru i bibu\u0142y. Pani Helena od 1974 roku nale\u017cy do Stowarzyszenia Tw\u00f3rc\u00f3w Ludowych.&nbsp; W 2020 r. zosta\u0142a laureatk\u0105 nagrody im. Oskara Kolberga &#8222;Za zas\u0142ugi dla kultury ludowej&#8221;.<\/p>\n<p style=\"text-align: justify;\">&nbsp;<\/p>\n<p style=\"text-align: justify;\"><strong>Kontakt<br \/>\n<\/strong><span style=\"font-size: inherit; letter-spacing: 0px;\">telefon: +48 696729565<\/span><\/p>\n","protected":false},"featured_media":596,"template":"","meta":{"_acf_changed":false,"ngg_post_thumbnail":0},"dziedzina_tworczosci":[23,8],"kategoria_wydarzenia":[],"kategoria_tworcy":[9,17],"edycja":[21,22,18,19,10,11,12,13,14,15,26,27,31,20,182],"kraj_tworcy":[275],"acf":[],"yoast_head":"<!-- This site is optimized with the Yoast SEO plugin v22.2 - https:\/\/yoast.com\/wordpress\/plugins\/seo\/ -->\n<title>Helena Ko\u0142odziej - Festiwal Re:tradycja - Jarmark Jagiello\u0144ski<\/title>\n<meta name=\"robots\" content=\"index, follow, max-snippet:-1, max-image-preview:large, max-video-preview:-1\" \/>\n<link rel=\"canonical\" href=\"https:\/\/retradycja.eu\/pl\/tworca\/helena-kolodziej\/\" \/>\n<meta property=\"og:locale\" content=\"pl_PL\" \/>\n<meta property=\"og:type\" content=\"article\" \/>\n<meta property=\"og:title\" content=\"Helena Ko\u0142odziej - Festiwal Re:tradycja - Jarmark Jagiello\u0144ski\" \/>\n<meta property=\"og:description\" content=\"Pani Helena Ko\u0142odziej jest mistrzyni\u0105 wykonywania ozd\u00f3b ze s\u0142omy i suchych kwiat\u00f3w. T\u0119 lubelsk\u0105 tradycj\u0119 przej\u0119\u0142a od babci i mamy, [&hellip;]\" \/>\n<meta property=\"og:url\" content=\"https:\/\/retradycja.eu\/pl\/tworca\/helena-kolodziej\/\" \/>\n<meta property=\"og:site_name\" content=\"Festiwal Re:tradycja - Jarmark Jagiello\u0144ski\" \/>\n<meta property=\"article:publisher\" content=\"https:\/\/www.facebook.com\/retradycja\" \/>\n<meta property=\"article:modified_time\" content=\"2022-08-16T05:01:26+00:00\" \/>\n<meta property=\"og:image\" content=\"https:\/\/retradycja.eu\/wp-content\/uploads\/2020\/08\/Ko\u0142odziej-Helena-5-1.jpg\" \/>\n\t<meta property=\"og:image:width\" content=\"1000\" \/>\n\t<meta property=\"og:image:height\" content=\"667\" \/>\n\t<meta property=\"og:image:type\" content=\"image\/jpeg\" \/>\n<meta name=\"twitter:card\" content=\"summary_large_image\" \/>\n<meta name=\"twitter:label1\" content=\"Szacowany czas czytania\" \/>\n\t<meta name=\"twitter:data1\" content=\"1 minuta\" \/>\n<script type=\"application\/ld+json\" class=\"yoast-schema-graph\">{\"@context\":\"https:\/\/schema.org\",\"@graph\":[{\"@type\":\"WebPage\",\"@id\":\"https:\/\/retradycja.eu\/pl\/tworca\/helena-kolodziej\/\",\"url\":\"https:\/\/retradycja.eu\/pl\/tworca\/helena-kolodziej\/\",\"name\":\"Helena Ko\u0142odziej - Festiwal Re:tradycja - Jarmark Jagiello\u0144ski\",\"isPartOf\":{\"@id\":\"https:\/\/retradycja.eu\/pl\/#website\"},\"primaryImageOfPage\":{\"@id\":\"https:\/\/retradycja.eu\/pl\/tworca\/helena-kolodziej\/#primaryimage\"},\"image\":{\"@id\":\"https:\/\/retradycja.eu\/pl\/tworca\/helena-kolodziej\/#primaryimage\"},\"thumbnailUrl\":\"https:\/\/retradycja.eu\/wp-content\/uploads\/2020\/08\/Ko\u0142odziej-Helena-5-1.jpg\",\"datePublished\":\"2015-04-22T22:00:00+00:00\",\"dateModified\":\"2022-08-16T05:01:26+00:00\",\"breadcrumb\":{\"@id\":\"https:\/\/retradycja.eu\/pl\/tworca\/helena-kolodziej\/#breadcrumb\"},\"inLanguage\":\"pl-PL\",\"potentialAction\":[{\"@type\":\"ReadAction\",\"target\":[\"https:\/\/retradycja.eu\/pl\/tworca\/helena-kolodziej\/\"]}]},{\"@type\":\"ImageObject\",\"inLanguage\":\"pl-PL\",\"@id\":\"https:\/\/retradycja.eu\/pl\/tworca\/helena-kolodziej\/#primaryimage\",\"url\":\"https:\/\/retradycja.eu\/wp-content\/uploads\/2020\/08\/Ko\u0142odziej-Helena-5-1.jpg\",\"contentUrl\":\"https:\/\/retradycja.eu\/wp-content\/uploads\/2020\/08\/Ko\u0142odziej-Helena-5-1.jpg\",\"width\":1000,\"height\":667,\"caption\":\"[artystka tradycyjna przy swoim stanowisku na Jarmarku Jagiello\u0144skim.]\"},{\"@type\":\"BreadcrumbList\",\"@id\":\"https:\/\/retradycja.eu\/pl\/tworca\/helena-kolodziej\/#breadcrumb\",\"itemListElement\":[{\"@type\":\"ListItem\",\"position\":1,\"name\":\"Strona g\u0142\u00f3wna\",\"item\":\"https:\/\/retradycja.eu\/pl\/\"},{\"@type\":\"ListItem\",\"position\":2,\"name\":\"Helena Ko\u0142odziej\"}]},{\"@type\":\"WebSite\",\"@id\":\"https:\/\/retradycja.eu\/pl\/#website\",\"url\":\"https:\/\/retradycja.eu\/pl\/\",\"name\":\"Festiwal Re:tradycja - Jarmark Jagiello\u0144ski\",\"description\":\" Lublin, Stare Miasto\",\"publisher\":{\"@id\":\"https:\/\/retradycja.eu\/pl\/#organization\"},\"potentialAction\":[{\"@type\":\"SearchAction\",\"target\":{\"@type\":\"EntryPoint\",\"urlTemplate\":\"https:\/\/retradycja.eu\/pl\/?s={search_term_string}\"},\"query-input\":\"required name=search_term_string\"}],\"inLanguage\":\"pl-PL\"},{\"@type\":\"Organization\",\"@id\":\"https:\/\/retradycja.eu\/pl\/#organization\",\"name\":\"Warsztaty Kultury w Lublinie\",\"url\":\"https:\/\/retradycja.eu\/pl\/\",\"logo\":{\"@type\":\"ImageObject\",\"inLanguage\":\"pl-PL\",\"@id\":\"https:\/\/retradycja.eu\/pl\/#\/schema\/logo\/image\/\",\"url\":\"https:\/\/retradycja.eu\/wp-content\/uploads\/2022\/06\/logo_retradycje-01.png\",\"contentUrl\":\"https:\/\/retradycja.eu\/wp-content\/uploads\/2022\/06\/logo_retradycje-01.png\",\"width\":332,\"height\":63,\"caption\":\"Warsztaty Kultury w Lublinie\"},\"image\":{\"@id\":\"https:\/\/retradycja.eu\/pl\/#\/schema\/logo\/image\/\"},\"sameAs\":[\"https:\/\/www.facebook.com\/retradycja\",\"https:\/\/www.instagram.com\/retradycja_jarmarkjagiellonski\/\",\"https:\/\/www.youtube.com\/user\/JarmarkJagiellonski\"]}]}<\/script>\n<!-- \/ Yoast SEO plugin. -->","yoast_head_json":{"title":"Helena Ko\u0142odziej - Festiwal Re:tradycja - Jarmark Jagiello\u0144ski","robots":{"index":"index","follow":"follow","max-snippet":"max-snippet:-1","max-image-preview":"max-image-preview:large","max-video-preview":"max-video-preview:-1"},"canonical":"https:\/\/retradycja.eu\/pl\/tworca\/helena-kolodziej\/","og_locale":"pl_PL","og_type":"article","og_title":"Helena Ko\u0142odziej - Festiwal Re:tradycja - Jarmark Jagiello\u0144ski","og_description":"Pani Helena Ko\u0142odziej jest mistrzyni\u0105 wykonywania ozd\u00f3b ze s\u0142omy i suchych kwiat\u00f3w. T\u0119 lubelsk\u0105 tradycj\u0119 przej\u0119\u0142a od babci i mamy, [&hellip;]","og_url":"https:\/\/retradycja.eu\/pl\/tworca\/helena-kolodziej\/","og_site_name":"Festiwal Re:tradycja - Jarmark Jagiello\u0144ski","article_publisher":"https:\/\/www.facebook.com\/retradycja","article_modified_time":"2022-08-16T05:01:26+00:00","og_image":[{"width":1000,"height":667,"url":"https:\/\/retradycja.eu\/wp-content\/uploads\/2020\/08\/Ko\u0142odziej-Helena-5-1.jpg","type":"image\/jpeg"}],"twitter_card":"summary_large_image","twitter_misc":{"Szacowany czas czytania":"1 minuta"},"schema":{"@context":"https:\/\/schema.org","@graph":[{"@type":"WebPage","@id":"https:\/\/retradycja.eu\/pl\/tworca\/helena-kolodziej\/","url":"https:\/\/retradycja.eu\/pl\/tworca\/helena-kolodziej\/","name":"Helena Ko\u0142odziej - Festiwal Re:tradycja - Jarmark Jagiello\u0144ski","isPartOf":{"@id":"https:\/\/retradycja.eu\/pl\/#website"},"primaryImageOfPage":{"@id":"https:\/\/retradycja.eu\/pl\/tworca\/helena-kolodziej\/#primaryimage"},"image":{"@id":"https:\/\/retradycja.eu\/pl\/tworca\/helena-kolodziej\/#primaryimage"},"thumbnailUrl":"https:\/\/retradycja.eu\/wp-content\/uploads\/2020\/08\/Ko\u0142odziej-Helena-5-1.jpg","datePublished":"2015-04-22T22:00:00+00:00","dateModified":"2022-08-16T05:01:26+00:00","breadcrumb":{"@id":"https:\/\/retradycja.eu\/pl\/tworca\/helena-kolodziej\/#breadcrumb"},"inLanguage":"pl-PL","potentialAction":[{"@type":"ReadAction","target":["https:\/\/retradycja.eu\/pl\/tworca\/helena-kolodziej\/"]}]},{"@type":"ImageObject","inLanguage":"pl-PL","@id":"https:\/\/retradycja.eu\/pl\/tworca\/helena-kolodziej\/#primaryimage","url":"https:\/\/retradycja.eu\/wp-content\/uploads\/2020\/08\/Ko\u0142odziej-Helena-5-1.jpg","contentUrl":"https:\/\/retradycja.eu\/wp-content\/uploads\/2020\/08\/Ko\u0142odziej-Helena-5-1.jpg","width":1000,"height":667,"caption":"[artystka tradycyjna przy swoim stanowisku na Jarmarku Jagiello\u0144skim.]"},{"@type":"BreadcrumbList","@id":"https:\/\/retradycja.eu\/pl\/tworca\/helena-kolodziej\/#breadcrumb","itemListElement":[{"@type":"ListItem","position":1,"name":"Strona g\u0142\u00f3wna","item":"https:\/\/retradycja.eu\/pl\/"},{"@type":"ListItem","position":2,"name":"Helena Ko\u0142odziej"}]},{"@type":"WebSite","@id":"https:\/\/retradycja.eu\/pl\/#website","url":"https:\/\/retradycja.eu\/pl\/","name":"Festiwal Re:tradycja - Jarmark Jagiello\u0144ski","description":" Lublin, Stare Miasto","publisher":{"@id":"https:\/\/retradycja.eu\/pl\/#organization"},"potentialAction":[{"@type":"SearchAction","target":{"@type":"EntryPoint","urlTemplate":"https:\/\/retradycja.eu\/pl\/?s={search_term_string}"},"query-input":"required name=search_term_string"}],"inLanguage":"pl-PL"},{"@type":"Organization","@id":"https:\/\/retradycja.eu\/pl\/#organization","name":"Warsztaty Kultury w Lublinie","url":"https:\/\/retradycja.eu\/pl\/","logo":{"@type":"ImageObject","inLanguage":"pl-PL","@id":"https:\/\/retradycja.eu\/pl\/#\/schema\/logo\/image\/","url":"https:\/\/retradycja.eu\/wp-content\/uploads\/2022\/06\/logo_retradycje-01.png","contentUrl":"https:\/\/retradycja.eu\/wp-content\/uploads\/2022\/06\/logo_retradycje-01.png","width":332,"height":63,"caption":"Warsztaty Kultury w Lublinie"},"image":{"@id":"https:\/\/retradycja.eu\/pl\/#\/schema\/logo\/image\/"},"sameAs":["https:\/\/www.facebook.com\/retradycja","https:\/\/www.instagram.com\/retradycja_jarmarkjagiellonski\/","https:\/\/www.youtube.com\/user\/JarmarkJagiellonski"]}]}},"_links":{"self":[{"href":"https:\/\/retradycja.eu\/pl\/wp-json\/wp\/v2\/tworca\/590"}],"collection":[{"href":"https:\/\/retradycja.eu\/pl\/wp-json\/wp\/v2\/tworca"}],"about":[{"href":"https:\/\/retradycja.eu\/pl\/wp-json\/wp\/v2\/types\/tworca"}],"wp:featuredmedia":[{"embeddable":true,"href":"https:\/\/retradycja.eu\/pl\/wp-json\/wp\/v2\/media\/596"}],"wp:attachment":[{"href":"https:\/\/retradycja.eu\/pl\/wp-json\/wp\/v2\/media?parent=590"}],"wp:term":[{"taxonomy":"dziedzina_tworczosci","embeddable":true,"href":"https:\/\/retradycja.eu\/pl\/wp-json\/wp\/v2\/dziedzina_tworczosci?post=590"},{"taxonomy":"kategoria_wydarzenia","embeddable":true,"href":"https:\/\/retradycja.eu\/pl\/wp-json\/wp\/v2\/kategoria_wydarzenia?post=590"},{"taxonomy":"kategoria_tworcy","embeddable":true,"href":"https:\/\/retradycja.eu\/pl\/wp-json\/wp\/v2\/kategoria_tworcy?post=590"},{"taxonomy":"edycja","embeddable":true,"href":"https:\/\/retradycja.eu\/pl\/wp-json\/wp\/v2\/edycja?post=590"},{"taxonomy":"kraj_tworcy","embeddable":true,"href":"https:\/\/retradycja.eu\/pl\/wp-json\/wp\/v2\/kraj_tworcy?post=590"}],"curies":[{"name":"wp","href":"https:\/\/api.w.org\/{rel}","templated":true}]}}