{"id":4201,"date":"2020-04-22T00:00:00","date_gmt":"2020-04-21T22:00:00","guid":{"rendered":"https:\/\/retradycja.eu\/tworca\/piotr-mentel\/"},"modified":"2026-04-21T15:17:32","modified_gmt":"2026-04-21T13:17:32","slug":"piotr-mentel","status":"publish","type":"tworca","link":"https:\/\/retradycja.eu\/pl\/tworca\/piotr-mentel\/","title":{"rendered":"Piotr Mentel"},"content":{"rendered":"<p>Pan Piotr Mentel pochodzi ze Stryszawy, kt\u00f3ra jest znanym o\u015brodkiem zabawkarskim. Pojawienie si\u0119 s\u0142ynnych dzi\u015b stryszawskich ptaszk\u00f3w wywodzi si\u0119 od osoby Teofila Mentla (1876-1944), jednego z przodk\u00f3w pana Piotra. Tak\u017ce dziadkowie, Stefania (1923-2005) i Julian (1923-1995) oraz rodzice, Antonina (1958) i Tadeusz (1955-2005) przyczynili si\u0119 do tego, \u017ce Piotr ju\u017c od lat dzieci\u0119cych przejmowa\u0142 umiej\u0119tno\u015bci wykonywania drewnianych zabawek wzorowanych na lokalnych tradycjach.<\/p>\n<p>Jak m\u00f3wi: \u201e<em>Pocz\u0105tki by\u0142y trudne, poniewa\u017c tata chowa\u0142 przed nami no\u017ce, aby\u015bmy nie rze\u017abili i zajmowali si\u0119 w \u017cyciu czym\u015b innym, bo twierdzi\u0142, \u017ce w tej pracy niczego si\u0119 nie dorobimy. Znowu babcia Stefania potrzebowa\u0142a drewnianych jajek do gniazdek i prosi\u0142a mnie i mojego brata, Andrzeja o pomoc. To by\u0142 nasz pierwszy kontakt z no\u017cem i drewnem. Z czasem zacz\u0119li\u015bmy pomaga\u0107 tacie przybija\u0107, montowa\u0107 i klei\u0107, przynosili\u015bmy mu te\u017c ga\u0142\u0119zie brzozowe.<\/em><\/p>\n<p><em>Historii mam bardzo du\u017co, poniewa\u017c je\u017adzi\u0142em z mam\u0105 i babci\u0105 na kiermasze (do Kazimierza Dolnego, Krakowa, Zakopanego, \u017bywca i Gda\u0144ska) i to s\u0105 najlepsze wspomnienia, to by\u0142y nasze wakacje. Barwne stoiska, muzyka, \u015bpiew, spotkania. Zawsze wielkim prze\u017cyciem by\u0142o, jak babcia wraca\u0142a z kiermaszu, a my czekali\u015bmy na ni\u0105 nawet do p\u00f3\u0142nocy, kiedy wr\u00f3ci i przywiezie nam co\u015b s\u0142odkiego czy jak\u0105\u015b pami\u0105tk\u0119. Babcia wchodz\u0105c do domu, rozk\u0142ada\u0142a w sieni chustk\u0119, w kt\u00f3rej by\u0142y ciep\u0142e lody i drobniaki, a my rzucali\u015bmy si\u0119 na to z rado\u015bci\u0105. Raz te\u017c czekali\u015bmy z Wigili\u0105 a\u017c babcia wr\u00f3ci, aby z ni\u0105 zasi\u0105\u015b\u0107 do sto\u0142u<\/em>\u201d.<\/p>\n<p>Dzi\u015b, podobnie jak niegdy\u015b jego przodkowie, tworzy kolorowe ptaszki, koniki i bryczki, karuzelki, klepoki czy szopki bo\u017conarodzeniowe. A w pracy i kiermaszach towarzysz\u0105 mu dzieci, Natalia, Zuzia i Mi\u0142osz. Dodatkowo Zuzia uczestniczy\u0142a w projekcie Mistrz-Ucze\u0144 Narodowego Instytutu Kultury i Dziedzictwa Wsi, gdzie rze\u017abi\u0142a i malowa\u0142a zabawki.<\/p>\n<p>Dzi\u0119ki temu wzory tradycyjne dla rodziny Mentl\u00f3w, zapocz\u0105tkowane oko\u0142o 130 lat temu, s\u0105 wci\u0105\u017c \u017cywe. Zabawki powstaj\u0105 z drewna sosny wejmutki, lipy, \u015bwierka oraz jawora, i s\u0105 wykonywane r\u0119cznie przy pomocy gnypa (no\u017ca szewskiego).<\/p>\n<p>Pan Piotr nale\u017cy do Stowarzyszenia Tw\u00f3rc\u00f3w Ludowych (oddzia\u0142 beskidzki \u2013 jako prezes) oraz LGD Podbabiog\u00f3rze. W 2021 roku otrzyma\u0142 I nagrod\u0119 w konkursie \u201eOblicza Frasobliwego\u201d organizowanym przez Zakopia\u0144skie Centrum Kultury \u2013 Centrum Kultury Rodzimej Czerwony Dw\u00f3r w Zakopanem.<\/p>\n<p style=\"text-align: justify;\"><strong>Zabawkarstwo \u017cywiecko-suskie zosta\u0142o w 2016 r. wpisane na Krajow\u0105 List\u0119 Niematerialnego Dziedzictwa Kulturowego.<\/strong><\/p>\n<p style=\"text-align: justify;\"><strong>Kontakt<br \/>\n<\/strong>www: <a href=\"http:\/\/ludowezabawki.pl\/\" target=\"_blank\" rel=\"noopener\">ludowezabawki.pl<\/a><br \/>\ne-mail: piotrmentel@wp.pl<br \/>\ntelefon: +48 698773774<\/p>\n<p style=\"text-align: justify;\">\n","protected":false},"featured_media":39400,"template":"","meta":{"_acf_changed":true,"ngg_post_thumbnail":0},"dziedzina_tworczosci":[16,29],"kategoria_wydarzenia":[],"kategoria_tworcy":[9,17],"edycja":[20,209,294,320,406],"kraj_tworcy":[275],"acf":[],"yoast_head":"<!-- This site is optimized with the Yoast SEO plugin v22.2 - https:\/\/yoast.com\/wordpress\/plugins\/seo\/ -->\n<title>Piotr Mentel - Festiwal Re:tradycja - Jarmark Jagiello\u0144ski<\/title>\n<meta name=\"robots\" content=\"index, follow, max-snippet:-1, max-image-preview:large, max-video-preview:-1\" \/>\n<link rel=\"canonical\" href=\"https:\/\/retradycja.eu\/pl\/tworca\/piotr-mentel\/\" \/>\n<meta property=\"og:locale\" content=\"pl_PL\" \/>\n<meta property=\"og:type\" content=\"article\" \/>\n<meta property=\"og:title\" content=\"Piotr Mentel - Festiwal Re:tradycja - Jarmark Jagiello\u0144ski\" \/>\n<meta property=\"og:description\" content=\"Pan Piotr Mentel pochodzi ze Stryszawy, kt\u00f3ra jest znanym o\u015brodkiem zabawkarskim. Pojawienie si\u0119 s\u0142ynnych dzi\u015b stryszawskich ptaszk\u00f3w wywodzi si\u0119 od [&hellip;]\" \/>\n<meta property=\"og:url\" content=\"https:\/\/retradycja.eu\/pl\/tworca\/piotr-mentel\/\" \/>\n<meta property=\"og:site_name\" content=\"Festiwal Re:tradycja - Jarmark Jagiello\u0144ski\" \/>\n<meta property=\"article:publisher\" content=\"https:\/\/www.facebook.com\/retradycja\" \/>\n<meta property=\"article:modified_time\" content=\"2026-04-21T13:17:32+00:00\" \/>\n<meta property=\"og:image\" content=\"https:\/\/retradycja.eu\/wp-content\/uploads\/2020\/04\/Tomasz-Bylina-003-1.jpg\" \/>\n\t<meta property=\"og:image:width\" content=\"2000\" \/>\n\t<meta property=\"og:image:height\" content=\"1333\" \/>\n\t<meta property=\"og:image:type\" content=\"image\/jpeg\" \/>\n<meta name=\"twitter:card\" content=\"summary_large_image\" \/>\n<meta name=\"twitter:label1\" content=\"Szacowany czas czytania\" \/>\n\t<meta name=\"twitter:data1\" content=\"2 minuty\" \/>\n<script type=\"application\/ld+json\" class=\"yoast-schema-graph\">{\"@context\":\"https:\/\/schema.org\",\"@graph\":[{\"@type\":\"WebPage\",\"@id\":\"https:\/\/retradycja.eu\/pl\/tworca\/piotr-mentel\/\",\"url\":\"https:\/\/retradycja.eu\/pl\/tworca\/piotr-mentel\/\",\"name\":\"Piotr Mentel - Festiwal Re:tradycja - Jarmark Jagiello\u0144ski\",\"isPartOf\":{\"@id\":\"https:\/\/retradycja.eu\/pl\/#website\"},\"primaryImageOfPage\":{\"@id\":\"https:\/\/retradycja.eu\/pl\/tworca\/piotr-mentel\/#primaryimage\"},\"image\":{\"@id\":\"https:\/\/retradycja.eu\/pl\/tworca\/piotr-mentel\/#primaryimage\"},\"thumbnailUrl\":\"https:\/\/retradycja.eu\/wp-content\/uploads\/2020\/04\/Tomasz-Bylina-003-1.jpg\",\"datePublished\":\"2020-04-21T22:00:00+00:00\",\"dateModified\":\"2026-04-21T13:17:32+00:00\",\"breadcrumb\":{\"@id\":\"https:\/\/retradycja.eu\/pl\/tworca\/piotr-mentel\/#breadcrumb\"},\"inLanguage\":\"pl-PL\",\"potentialAction\":[{\"@type\":\"ReadAction\",\"target\":[\"https:\/\/retradycja.eu\/pl\/tworca\/piotr-mentel\/\"]}]},{\"@type\":\"ImageObject\",\"inLanguage\":\"pl-PL\",\"@id\":\"https:\/\/retradycja.eu\/pl\/tworca\/piotr-mentel\/#primaryimage\",\"url\":\"https:\/\/retradycja.eu\/wp-content\/uploads\/2020\/04\/Tomasz-Bylina-003-1.jpg\",\"contentUrl\":\"https:\/\/retradycja.eu\/wp-content\/uploads\/2020\/04\/Tomasz-Bylina-003-1.jpg\",\"width\":2000,\"height\":1333,\"caption\":\"[M\u0119\u017cczyzna z kobiet\u0105 w ludowych strojach z drewnianym koniem w r\u0119ku. U\u015bmiechni\u0119ci na tle roz\u015bwietkonego s\u0142o\u0144cem stoiska.]\"},{\"@type\":\"BreadcrumbList\",\"@id\":\"https:\/\/retradycja.eu\/pl\/tworca\/piotr-mentel\/#breadcrumb\",\"itemListElement\":[{\"@type\":\"ListItem\",\"position\":1,\"name\":\"Strona g\u0142\u00f3wna\",\"item\":\"https:\/\/retradycja.eu\/pl\/\"},{\"@type\":\"ListItem\",\"position\":2,\"name\":\"Piotr Mentel\"}]},{\"@type\":\"WebSite\",\"@id\":\"https:\/\/retradycja.eu\/pl\/#website\",\"url\":\"https:\/\/retradycja.eu\/pl\/\",\"name\":\"Festiwal Re:tradycja - Jarmark Jagiello\u0144ski\",\"description\":\" Lublin, Stare Miasto\",\"publisher\":{\"@id\":\"https:\/\/retradycja.eu\/pl\/#organization\"},\"potentialAction\":[{\"@type\":\"SearchAction\",\"target\":{\"@type\":\"EntryPoint\",\"urlTemplate\":\"https:\/\/retradycja.eu\/pl\/?s={search_term_string}\"},\"query-input\":\"required name=search_term_string\"}],\"inLanguage\":\"pl-PL\"},{\"@type\":\"Organization\",\"@id\":\"https:\/\/retradycja.eu\/pl\/#organization\",\"name\":\"Warsztaty Kultury w Lublinie\",\"url\":\"https:\/\/retradycja.eu\/pl\/\",\"logo\":{\"@type\":\"ImageObject\",\"inLanguage\":\"pl-PL\",\"@id\":\"https:\/\/retradycja.eu\/pl\/#\/schema\/logo\/image\/\",\"url\":\"https:\/\/retradycja.eu\/wp-content\/uploads\/2022\/06\/logo_retradycje-01.png\",\"contentUrl\":\"https:\/\/retradycja.eu\/wp-content\/uploads\/2022\/06\/logo_retradycje-01.png\",\"width\":332,\"height\":63,\"caption\":\"Warsztaty Kultury w Lublinie\"},\"image\":{\"@id\":\"https:\/\/retradycja.eu\/pl\/#\/schema\/logo\/image\/\"},\"sameAs\":[\"https:\/\/www.facebook.com\/retradycja\",\"https:\/\/www.instagram.com\/retradycja_jarmarkjagiellonski\/\",\"https:\/\/www.youtube.com\/user\/JarmarkJagiellonski\"]}]}<\/script>\n<!-- \/ Yoast SEO plugin. -->","yoast_head_json":{"title":"Piotr Mentel - Festiwal Re:tradycja - Jarmark Jagiello\u0144ski","robots":{"index":"index","follow":"follow","max-snippet":"max-snippet:-1","max-image-preview":"max-image-preview:large","max-video-preview":"max-video-preview:-1"},"canonical":"https:\/\/retradycja.eu\/pl\/tworca\/piotr-mentel\/","og_locale":"pl_PL","og_type":"article","og_title":"Piotr Mentel - Festiwal Re:tradycja - Jarmark Jagiello\u0144ski","og_description":"Pan Piotr Mentel pochodzi ze Stryszawy, kt\u00f3ra jest znanym o\u015brodkiem zabawkarskim. Pojawienie si\u0119 s\u0142ynnych dzi\u015b stryszawskich ptaszk\u00f3w wywodzi si\u0119 od [&hellip;]","og_url":"https:\/\/retradycja.eu\/pl\/tworca\/piotr-mentel\/","og_site_name":"Festiwal Re:tradycja - Jarmark Jagiello\u0144ski","article_publisher":"https:\/\/www.facebook.com\/retradycja","article_modified_time":"2026-04-21T13:17:32+00:00","og_image":[{"width":2000,"height":1333,"url":"https:\/\/retradycja.eu\/wp-content\/uploads\/2020\/04\/Tomasz-Bylina-003-1.jpg","type":"image\/jpeg"}],"twitter_card":"summary_large_image","twitter_misc":{"Szacowany czas czytania":"2 minuty"},"schema":{"@context":"https:\/\/schema.org","@graph":[{"@type":"WebPage","@id":"https:\/\/retradycja.eu\/pl\/tworca\/piotr-mentel\/","url":"https:\/\/retradycja.eu\/pl\/tworca\/piotr-mentel\/","name":"Piotr Mentel - Festiwal Re:tradycja - Jarmark Jagiello\u0144ski","isPartOf":{"@id":"https:\/\/retradycja.eu\/pl\/#website"},"primaryImageOfPage":{"@id":"https:\/\/retradycja.eu\/pl\/tworca\/piotr-mentel\/#primaryimage"},"image":{"@id":"https:\/\/retradycja.eu\/pl\/tworca\/piotr-mentel\/#primaryimage"},"thumbnailUrl":"https:\/\/retradycja.eu\/wp-content\/uploads\/2020\/04\/Tomasz-Bylina-003-1.jpg","datePublished":"2020-04-21T22:00:00+00:00","dateModified":"2026-04-21T13:17:32+00:00","breadcrumb":{"@id":"https:\/\/retradycja.eu\/pl\/tworca\/piotr-mentel\/#breadcrumb"},"inLanguage":"pl-PL","potentialAction":[{"@type":"ReadAction","target":["https:\/\/retradycja.eu\/pl\/tworca\/piotr-mentel\/"]}]},{"@type":"ImageObject","inLanguage":"pl-PL","@id":"https:\/\/retradycja.eu\/pl\/tworca\/piotr-mentel\/#primaryimage","url":"https:\/\/retradycja.eu\/wp-content\/uploads\/2020\/04\/Tomasz-Bylina-003-1.jpg","contentUrl":"https:\/\/retradycja.eu\/wp-content\/uploads\/2020\/04\/Tomasz-Bylina-003-1.jpg","width":2000,"height":1333,"caption":"[M\u0119\u017cczyzna z kobiet\u0105 w ludowych strojach z drewnianym koniem w r\u0119ku. U\u015bmiechni\u0119ci na tle roz\u015bwietkonego s\u0142o\u0144cem stoiska.]"},{"@type":"BreadcrumbList","@id":"https:\/\/retradycja.eu\/pl\/tworca\/piotr-mentel\/#breadcrumb","itemListElement":[{"@type":"ListItem","position":1,"name":"Strona g\u0142\u00f3wna","item":"https:\/\/retradycja.eu\/pl\/"},{"@type":"ListItem","position":2,"name":"Piotr Mentel"}]},{"@type":"WebSite","@id":"https:\/\/retradycja.eu\/pl\/#website","url":"https:\/\/retradycja.eu\/pl\/","name":"Festiwal Re:tradycja - Jarmark Jagiello\u0144ski","description":" Lublin, Stare Miasto","publisher":{"@id":"https:\/\/retradycja.eu\/pl\/#organization"},"potentialAction":[{"@type":"SearchAction","target":{"@type":"EntryPoint","urlTemplate":"https:\/\/retradycja.eu\/pl\/?s={search_term_string}"},"query-input":"required name=search_term_string"}],"inLanguage":"pl-PL"},{"@type":"Organization","@id":"https:\/\/retradycja.eu\/pl\/#organization","name":"Warsztaty Kultury w Lublinie","url":"https:\/\/retradycja.eu\/pl\/","logo":{"@type":"ImageObject","inLanguage":"pl-PL","@id":"https:\/\/retradycja.eu\/pl\/#\/schema\/logo\/image\/","url":"https:\/\/retradycja.eu\/wp-content\/uploads\/2022\/06\/logo_retradycje-01.png","contentUrl":"https:\/\/retradycja.eu\/wp-content\/uploads\/2022\/06\/logo_retradycje-01.png","width":332,"height":63,"caption":"Warsztaty Kultury w Lublinie"},"image":{"@id":"https:\/\/retradycja.eu\/pl\/#\/schema\/logo\/image\/"},"sameAs":["https:\/\/www.facebook.com\/retradycja","https:\/\/www.instagram.com\/retradycja_jarmarkjagiellonski\/","https:\/\/www.youtube.com\/user\/JarmarkJagiellonski"]}]}},"_links":{"self":[{"href":"https:\/\/retradycja.eu\/pl\/wp-json\/wp\/v2\/tworca\/4201"}],"collection":[{"href":"https:\/\/retradycja.eu\/pl\/wp-json\/wp\/v2\/tworca"}],"about":[{"href":"https:\/\/retradycja.eu\/pl\/wp-json\/wp\/v2\/types\/tworca"}],"wp:featuredmedia":[{"embeddable":true,"href":"https:\/\/retradycja.eu\/pl\/wp-json\/wp\/v2\/media\/39400"}],"wp:attachment":[{"href":"https:\/\/retradycja.eu\/pl\/wp-json\/wp\/v2\/media?parent=4201"}],"wp:term":[{"taxonomy":"dziedzina_tworczosci","embeddable":true,"href":"https:\/\/retradycja.eu\/pl\/wp-json\/wp\/v2\/dziedzina_tworczosci?post=4201"},{"taxonomy":"kategoria_wydarzenia","embeddable":true,"href":"https:\/\/retradycja.eu\/pl\/wp-json\/wp\/v2\/kategoria_wydarzenia?post=4201"},{"taxonomy":"kategoria_tworcy","embeddable":true,"href":"https:\/\/retradycja.eu\/pl\/wp-json\/wp\/v2\/kategoria_tworcy?post=4201"},{"taxonomy":"edycja","embeddable":true,"href":"https:\/\/retradycja.eu\/pl\/wp-json\/wp\/v2\/edycja?post=4201"},{"taxonomy":"kraj_tworcy","embeddable":true,"href":"https:\/\/retradycja.eu\/pl\/wp-json\/wp\/v2\/kraj_tworcy?post=4201"}],"curies":[{"name":"wp","href":"https:\/\/api.w.org\/{rel}","templated":true}]}}