{"id":39714,"date":"2021-03-30T14:25:00","date_gmt":"2021-03-30T12:25:00","guid":{"rendered":"https:\/\/retradycja.eu\/?post_type=tworca&#038;p=39714"},"modified":"2022-08-16T07:12:29","modified_gmt":"2022-08-16T05:12:29","slug":"zbigniew-blizinski","status":"publish","type":"tworca","link":"https:\/\/retradycja.eu\/pl\/tworca\/zbigniew-blizinski\/","title":{"rendered":"Zbigniew Blizi\u0144ski"},"content":{"rendered":"\n<p><br>Pan Zbigniew Bilizi\u0144ski jest zbieraczem zi\u00f3\u0142. Mieszka w Gorajcu na Roztoczu Wschodnim. Pierwsze informacje na temat zi\u00f3\u0142 uzyska\u0142 od babci. Pan Zbigniew przez ca\u0142y rok zawodowo zajmuje si\u0119 zbieraniem zi\u00f3\u0142. Gorajec i jego okolice to teren wyj\u0105tkowy pod wzgl\u0119dem przyrodniczym i kulturowym, a spacer z panem Zbigniewem po okolicznych lasach i \u0142\u0105kach zamienia si\u0119 w niezwyk\u0142\u0105 podr\u00f3\u017c po krainie pe\u0142nej zi\u00f3\u0142 i opowie\u015bci o nich. Uczestnik\u00f3w swoich zaj\u0119\u0107 pan Zbigniew zapoznaje m.in. z leczniczymi w\u0142a\u015bciwo\u015bciami zi\u00f3\u0142. T\u0142umaczy, kt\u00f3re ro\u015bliny pomog\u0105 nam na poszczeg\u00f3lne dolegliwo\u015bci, w jaki spos\u00f3b zbiera\u0107 zio\u0142a, suszy\u0107 je i przechowywa\u0107. Opr\u00f3cz tego posiada tak\u017ce ogromn\u0105 wiedz\u0119 na temat wyst\u0119powania zi\u00f3\u0142, warunk\u00f3w ich zbioru, a tak\u017ce metod uprawy.<\/p>\n","protected":false},"featured_media":36346,"template":"","meta":{"_acf_changed":false,"ngg_post_thumbnail":0},"dziedzina_tworczosci":[],"kategoria_wydarzenia":[],"kategoria_tworcy":[],"edycja":[],"kraj_tworcy":[275],"acf":[],"yoast_head":"<!-- This site is optimized with the Yoast SEO plugin v22.2 - https:\/\/yoast.com\/wordpress\/plugins\/seo\/ -->\n<title>Zbigniew Blizi\u0144ski - Festiwal Re:tradycja - Jarmark Jagiello\u0144ski<\/title>\n<meta name=\"robots\" content=\"index, follow, max-snippet:-1, max-image-preview:large, max-video-preview:-1\" \/>\n<link rel=\"canonical\" href=\"https:\/\/retradycja.eu\/pl\/tworca\/zbigniew-blizinski\/\" \/>\n<meta property=\"og:locale\" content=\"pl_PL\" \/>\n<meta property=\"og:type\" content=\"article\" \/>\n<meta property=\"og:title\" content=\"Zbigniew Blizi\u0144ski - Festiwal Re:tradycja - Jarmark Jagiello\u0144ski\" \/>\n<meta property=\"og:description\" content=\"Pan Zbigniew Bilizi\u0144ski jest zbieraczem zi\u00f3\u0142. Mieszka w Gorajcu na Roztoczu Wschodnim. Pierwsze informacje na temat zi\u00f3\u0142 uzyska\u0142 od babci. [&hellip;]\" \/>\n<meta property=\"og:url\" content=\"https:\/\/retradycja.eu\/pl\/tworca\/zbigniew-blizinski\/\" \/>\n<meta property=\"og:site_name\" content=\"Festiwal Re:tradycja - Jarmark Jagiello\u0144ski\" \/>\n<meta property=\"article:publisher\" content=\"https:\/\/www.facebook.com\/retradycja\" \/>\n<meta property=\"article:modified_time\" content=\"2022-08-16T05:12:29+00:00\" \/>\n<meta property=\"og:image\" content=\"https:\/\/retradycja.eu\/wp-content\/uploads\/2020\/10\/IMG_20200704_123829-scaled.jpg\" \/>\n\t<meta property=\"og:image:width\" content=\"2560\" \/>\n\t<meta property=\"og:image:height\" content=\"1920\" \/>\n\t<meta property=\"og:image:type\" content=\"image\/jpeg\" \/>\n<meta name=\"twitter:card\" content=\"summary_large_image\" \/>\n<meta name=\"twitter:label1\" content=\"Szacowany czas czytania\" \/>\n\t<meta name=\"twitter:data1\" content=\"1 minuta\" \/>\n<script type=\"application\/ld+json\" class=\"yoast-schema-graph\">{\"@context\":\"https:\/\/schema.org\",\"@graph\":[{\"@type\":\"WebPage\",\"@id\":\"https:\/\/retradycja.eu\/pl\/tworca\/zbigniew-blizinski\/\",\"url\":\"https:\/\/retradycja.eu\/pl\/tworca\/zbigniew-blizinski\/\",\"name\":\"Zbigniew Blizi\u0144ski - Festiwal Re:tradycja - Jarmark Jagiello\u0144ski\",\"isPartOf\":{\"@id\":\"https:\/\/retradycja.eu\/pl\/#website\"},\"primaryImageOfPage\":{\"@id\":\"https:\/\/retradycja.eu\/pl\/tworca\/zbigniew-blizinski\/#primaryimage\"},\"image\":{\"@id\":\"https:\/\/retradycja.eu\/pl\/tworca\/zbigniew-blizinski\/#primaryimage\"},\"thumbnailUrl\":\"https:\/\/retradycja.eu\/wp-content\/uploads\/2020\/10\/IMG_20200704_123829-scaled.jpg\",\"datePublished\":\"2021-03-30T12:25:00+00:00\",\"dateModified\":\"2022-08-16T05:12:29+00:00\",\"breadcrumb\":{\"@id\":\"https:\/\/retradycja.eu\/pl\/tworca\/zbigniew-blizinski\/#breadcrumb\"},\"inLanguage\":\"pl-PL\",\"potentialAction\":[{\"@type\":\"ReadAction\",\"target\":[\"https:\/\/retradycja.eu\/pl\/tworca\/zbigniew-blizinski\/\"]}]},{\"@type\":\"ImageObject\",\"inLanguage\":\"pl-PL\",\"@id\":\"https:\/\/retradycja.eu\/pl\/tworca\/zbigniew-blizinski\/#primaryimage\",\"url\":\"https:\/\/retradycja.eu\/wp-content\/uploads\/2020\/10\/IMG_20200704_123829-scaled.jpg\",\"contentUrl\":\"https:\/\/retradycja.eu\/wp-content\/uploads\/2020\/10\/IMG_20200704_123829-scaled.jpg\",\"width\":2560,\"height\":1920,\"caption\":\"Na pniaku na \u0142\u0105ce siedzi Zbigniew Blizi\u0144ski, zielarz. Ubrany w granatowe spodnie i oliwkow\u0105 koszul\u0119 z kr\u00f3tkim r\u0119kawem. M\u0119\u017cczyzna w d\u0142oniach trzyma bia\u0142e kwiaty.\"},{\"@type\":\"BreadcrumbList\",\"@id\":\"https:\/\/retradycja.eu\/pl\/tworca\/zbigniew-blizinski\/#breadcrumb\",\"itemListElement\":[{\"@type\":\"ListItem\",\"position\":1,\"name\":\"Strona g\u0142\u00f3wna\",\"item\":\"https:\/\/retradycja.eu\/pl\/\"},{\"@type\":\"ListItem\",\"position\":2,\"name\":\"Zbigniew Blizi\u0144ski\"}]},{\"@type\":\"WebSite\",\"@id\":\"https:\/\/retradycja.eu\/pl\/#website\",\"url\":\"https:\/\/retradycja.eu\/pl\/\",\"name\":\"Festiwal Re:tradycja - Jarmark Jagiello\u0144ski\",\"description\":\" Lublin, Stare Miasto\",\"publisher\":{\"@id\":\"https:\/\/retradycja.eu\/pl\/#organization\"},\"potentialAction\":[{\"@type\":\"SearchAction\",\"target\":{\"@type\":\"EntryPoint\",\"urlTemplate\":\"https:\/\/retradycja.eu\/pl\/?s={search_term_string}\"},\"query-input\":\"required name=search_term_string\"}],\"inLanguage\":\"pl-PL\"},{\"@type\":\"Organization\",\"@id\":\"https:\/\/retradycja.eu\/pl\/#organization\",\"name\":\"Warsztaty Kultury w Lublinie\",\"url\":\"https:\/\/retradycja.eu\/pl\/\",\"logo\":{\"@type\":\"ImageObject\",\"inLanguage\":\"pl-PL\",\"@id\":\"https:\/\/retradycja.eu\/pl\/#\/schema\/logo\/image\/\",\"url\":\"https:\/\/retradycja.eu\/wp-content\/uploads\/2022\/06\/logo_retradycje-01.png\",\"contentUrl\":\"https:\/\/retradycja.eu\/wp-content\/uploads\/2022\/06\/logo_retradycje-01.png\",\"width\":332,\"height\":63,\"caption\":\"Warsztaty Kultury w Lublinie\"},\"image\":{\"@id\":\"https:\/\/retradycja.eu\/pl\/#\/schema\/logo\/image\/\"},\"sameAs\":[\"https:\/\/www.facebook.com\/retradycja\",\"https:\/\/www.instagram.com\/retradycja_jarmarkjagiellonski\/\",\"https:\/\/www.youtube.com\/user\/JarmarkJagiellonski\"]}]}<\/script>\n<!-- \/ Yoast SEO plugin. -->","yoast_head_json":{"title":"Zbigniew Blizi\u0144ski - Festiwal Re:tradycja - Jarmark Jagiello\u0144ski","robots":{"index":"index","follow":"follow","max-snippet":"max-snippet:-1","max-image-preview":"max-image-preview:large","max-video-preview":"max-video-preview:-1"},"canonical":"https:\/\/retradycja.eu\/pl\/tworca\/zbigniew-blizinski\/","og_locale":"pl_PL","og_type":"article","og_title":"Zbigniew Blizi\u0144ski - Festiwal Re:tradycja - Jarmark Jagiello\u0144ski","og_description":"Pan Zbigniew Bilizi\u0144ski jest zbieraczem zi\u00f3\u0142. Mieszka w Gorajcu na Roztoczu Wschodnim. Pierwsze informacje na temat zi\u00f3\u0142 uzyska\u0142 od babci. [&hellip;]","og_url":"https:\/\/retradycja.eu\/pl\/tworca\/zbigniew-blizinski\/","og_site_name":"Festiwal Re:tradycja - Jarmark Jagiello\u0144ski","article_publisher":"https:\/\/www.facebook.com\/retradycja","article_modified_time":"2022-08-16T05:12:29+00:00","og_image":[{"width":2560,"height":1920,"url":"https:\/\/retradycja.eu\/wp-content\/uploads\/2020\/10\/IMG_20200704_123829-scaled.jpg","type":"image\/jpeg"}],"twitter_card":"summary_large_image","twitter_misc":{"Szacowany czas czytania":"1 minuta"},"schema":{"@context":"https:\/\/schema.org","@graph":[{"@type":"WebPage","@id":"https:\/\/retradycja.eu\/pl\/tworca\/zbigniew-blizinski\/","url":"https:\/\/retradycja.eu\/pl\/tworca\/zbigniew-blizinski\/","name":"Zbigniew Blizi\u0144ski - Festiwal Re:tradycja - Jarmark Jagiello\u0144ski","isPartOf":{"@id":"https:\/\/retradycja.eu\/pl\/#website"},"primaryImageOfPage":{"@id":"https:\/\/retradycja.eu\/pl\/tworca\/zbigniew-blizinski\/#primaryimage"},"image":{"@id":"https:\/\/retradycja.eu\/pl\/tworca\/zbigniew-blizinski\/#primaryimage"},"thumbnailUrl":"https:\/\/retradycja.eu\/wp-content\/uploads\/2020\/10\/IMG_20200704_123829-scaled.jpg","datePublished":"2021-03-30T12:25:00+00:00","dateModified":"2022-08-16T05:12:29+00:00","breadcrumb":{"@id":"https:\/\/retradycja.eu\/pl\/tworca\/zbigniew-blizinski\/#breadcrumb"},"inLanguage":"pl-PL","potentialAction":[{"@type":"ReadAction","target":["https:\/\/retradycja.eu\/pl\/tworca\/zbigniew-blizinski\/"]}]},{"@type":"ImageObject","inLanguage":"pl-PL","@id":"https:\/\/retradycja.eu\/pl\/tworca\/zbigniew-blizinski\/#primaryimage","url":"https:\/\/retradycja.eu\/wp-content\/uploads\/2020\/10\/IMG_20200704_123829-scaled.jpg","contentUrl":"https:\/\/retradycja.eu\/wp-content\/uploads\/2020\/10\/IMG_20200704_123829-scaled.jpg","width":2560,"height":1920,"caption":"Na pniaku na \u0142\u0105ce siedzi Zbigniew Blizi\u0144ski, zielarz. Ubrany w granatowe spodnie i oliwkow\u0105 koszul\u0119 z kr\u00f3tkim r\u0119kawem. M\u0119\u017cczyzna w d\u0142oniach trzyma bia\u0142e kwiaty."},{"@type":"BreadcrumbList","@id":"https:\/\/retradycja.eu\/pl\/tworca\/zbigniew-blizinski\/#breadcrumb","itemListElement":[{"@type":"ListItem","position":1,"name":"Strona g\u0142\u00f3wna","item":"https:\/\/retradycja.eu\/pl\/"},{"@type":"ListItem","position":2,"name":"Zbigniew Blizi\u0144ski"}]},{"@type":"WebSite","@id":"https:\/\/retradycja.eu\/pl\/#website","url":"https:\/\/retradycja.eu\/pl\/","name":"Festiwal Re:tradycja - Jarmark Jagiello\u0144ski","description":" Lublin, Stare Miasto","publisher":{"@id":"https:\/\/retradycja.eu\/pl\/#organization"},"potentialAction":[{"@type":"SearchAction","target":{"@type":"EntryPoint","urlTemplate":"https:\/\/retradycja.eu\/pl\/?s={search_term_string}"},"query-input":"required name=search_term_string"}],"inLanguage":"pl-PL"},{"@type":"Organization","@id":"https:\/\/retradycja.eu\/pl\/#organization","name":"Warsztaty Kultury w Lublinie","url":"https:\/\/retradycja.eu\/pl\/","logo":{"@type":"ImageObject","inLanguage":"pl-PL","@id":"https:\/\/retradycja.eu\/pl\/#\/schema\/logo\/image\/","url":"https:\/\/retradycja.eu\/wp-content\/uploads\/2022\/06\/logo_retradycje-01.png","contentUrl":"https:\/\/retradycja.eu\/wp-content\/uploads\/2022\/06\/logo_retradycje-01.png","width":332,"height":63,"caption":"Warsztaty Kultury w Lublinie"},"image":{"@id":"https:\/\/retradycja.eu\/pl\/#\/schema\/logo\/image\/"},"sameAs":["https:\/\/www.facebook.com\/retradycja","https:\/\/www.instagram.com\/retradycja_jarmarkjagiellonski\/","https:\/\/www.youtube.com\/user\/JarmarkJagiellonski"]}]}},"_links":{"self":[{"href":"https:\/\/retradycja.eu\/pl\/wp-json\/wp\/v2\/tworca\/39714"}],"collection":[{"href":"https:\/\/retradycja.eu\/pl\/wp-json\/wp\/v2\/tworca"}],"about":[{"href":"https:\/\/retradycja.eu\/pl\/wp-json\/wp\/v2\/types\/tworca"}],"wp:featuredmedia":[{"embeddable":true,"href":"https:\/\/retradycja.eu\/pl\/wp-json\/wp\/v2\/media\/36346"}],"wp:attachment":[{"href":"https:\/\/retradycja.eu\/pl\/wp-json\/wp\/v2\/media?parent=39714"}],"wp:term":[{"taxonomy":"dziedzina_tworczosci","embeddable":true,"href":"https:\/\/retradycja.eu\/pl\/wp-json\/wp\/v2\/dziedzina_tworczosci?post=39714"},{"taxonomy":"kategoria_wydarzenia","embeddable":true,"href":"https:\/\/retradycja.eu\/pl\/wp-json\/wp\/v2\/kategoria_wydarzenia?post=39714"},{"taxonomy":"kategoria_tworcy","embeddable":true,"href":"https:\/\/retradycja.eu\/pl\/wp-json\/wp\/v2\/kategoria_tworcy?post=39714"},{"taxonomy":"edycja","embeddable":true,"href":"https:\/\/retradycja.eu\/pl\/wp-json\/wp\/v2\/edycja?post=39714"},{"taxonomy":"kraj_tworcy","embeddable":true,"href":"https:\/\/retradycja.eu\/pl\/wp-json\/wp\/v2\/kraj_tworcy?post=39714"}],"curies":[{"name":"wp","href":"https:\/\/api.w.org\/{rel}","templated":true}]}}