{"id":39706,"date":"2021-03-30T13:31:19","date_gmt":"2021-03-30T11:31:19","guid":{"rendered":"https:\/\/retradycja.eu\/?post_type=tworca&#038;p=39706"},"modified":"2022-08-16T07:12:25","modified_gmt":"2022-08-16T05:12:25","slug":"anastazja-sidor","status":"publish","type":"tworca","link":"https:\/\/retradycja.eu\/pl\/tworca\/anastazja-sidor\/","title":{"rendered":"Anastazja Sidor"},"content":{"rendered":"\n<p><\/p>\n\n\n\n<p><br>Pani Anastazja Sidor jest etnografk\u0105 i znawczyni\u0105 kultury lokalnej okolic Pu\u0144ska, gdzie tradycje polskie przeplataj\u0105 si\u0119 z litewskimi. Swoj\u0105 wiedz\u0119 wynios\u0142a cz\u0119\u015bciowo z domu, ale tak\u017ce z w\u0142asnych obserwacji i aktywnego poznawania najbli\u017cszego otoczenia, jak r\u00f3wnie\u017c w toku edukacji etnograficznej. Zio\u0142a sta\u0142y si\u0119 jej pasj\u0105, kt\u00f3r\u0105 poprzez realizowane warsztaty dzieli si\u0119 z innymi. Pani Anastazja opiera si\u0119 g\u0142\u00f3wnie na tradycji litewskiej grupy Dzuk\u00f3w, zamieszkuj\u0105cych okolice Pu\u0144ska na Suwalszczy\u017anie. Tworzy tak\u017ce tkane pasy, krajki. Tajniki ich wykonywania przekazuje wszystkim zainteresowanym podczas zaj\u0119\u0107, kt\u00f3re wype\u0142nione s\u0105 nie tylko nauk\u0105 tkania, ale tak\u017ce jej barwnymi opowie\u015bciami o historii krajek i ich zastosowania m.in. w obrz\u0119dowo\u015bci. Pani Anastazja jest tak\u017ce licencjonowan\u0105 przewodniczk\u0105 turystyczn\u0105 po wojew\u00f3dztwie podlaskim.<\/p>\n","protected":false},"featured_media":36373,"template":"","meta":{"_acf_changed":false,"ngg_post_thumbnail":0},"dziedzina_tworczosci":[],"kategoria_wydarzenia":[],"kategoria_tworcy":[9],"edycja":[],"kraj_tworcy":[275],"acf":[],"yoast_head":"<!-- This site is optimized with the Yoast SEO plugin v22.2 - https:\/\/yoast.com\/wordpress\/plugins\/seo\/ -->\n<title>Anastazja Sidor - Festiwal Re:tradycja - Jarmark Jagiello\u0144ski<\/title>\n<meta name=\"robots\" content=\"index, follow, max-snippet:-1, max-image-preview:large, max-video-preview:-1\" \/>\n<link rel=\"canonical\" href=\"https:\/\/retradycja.eu\/pl\/tworca\/anastazja-sidor\/\" \/>\n<meta property=\"og:locale\" content=\"pl_PL\" \/>\n<meta property=\"og:type\" content=\"article\" \/>\n<meta property=\"og:title\" content=\"Anastazja Sidor - Festiwal Re:tradycja - Jarmark Jagiello\u0144ski\" \/>\n<meta property=\"og:description\" content=\"Pani Anastazja Sidor jest etnografk\u0105 i znawczyni\u0105 kultury lokalnej okolic Pu\u0144ska, gdzie tradycje polskie przeplataj\u0105 si\u0119 z litewskimi. Swoj\u0105 wiedz\u0119 [&hellip;]\" \/>\n<meta property=\"og:url\" content=\"https:\/\/retradycja.eu\/pl\/tworca\/anastazja-sidor\/\" \/>\n<meta property=\"og:site_name\" content=\"Festiwal Re:tradycja - Jarmark Jagiello\u0144ski\" \/>\n<meta property=\"article:publisher\" content=\"https:\/\/www.facebook.com\/retradycja\" \/>\n<meta property=\"article:modified_time\" content=\"2022-08-16T05:12:25+00:00\" \/>\n<meta property=\"og:image\" content=\"https:\/\/retradycja.eu\/wp-content\/uploads\/2020\/10\/fot-Piotr-\u0141ozowik-30-scaled.jpg\" \/>\n\t<meta property=\"og:image:width\" content=\"2560\" \/>\n\t<meta property=\"og:image:height\" content=\"1707\" \/>\n\t<meta property=\"og:image:type\" content=\"image\/jpeg\" \/>\n<meta name=\"twitter:card\" content=\"summary_large_image\" \/>\n<meta name=\"twitter:label1\" content=\"Szacowany czas czytania\" \/>\n\t<meta name=\"twitter:data1\" content=\"1 minuta\" \/>\n<script type=\"application\/ld+json\" class=\"yoast-schema-graph\">{\"@context\":\"https:\/\/schema.org\",\"@graph\":[{\"@type\":\"WebPage\",\"@id\":\"https:\/\/retradycja.eu\/pl\/tworca\/anastazja-sidor\/\",\"url\":\"https:\/\/retradycja.eu\/pl\/tworca\/anastazja-sidor\/\",\"name\":\"Anastazja Sidor - Festiwal Re:tradycja - Jarmark Jagiello\u0144ski\",\"isPartOf\":{\"@id\":\"https:\/\/retradycja.eu\/pl\/#website\"},\"primaryImageOfPage\":{\"@id\":\"https:\/\/retradycja.eu\/pl\/tworca\/anastazja-sidor\/#primaryimage\"},\"image\":{\"@id\":\"https:\/\/retradycja.eu\/pl\/tworca\/anastazja-sidor\/#primaryimage\"},\"thumbnailUrl\":\"https:\/\/retradycja.eu\/wp-content\/uploads\/2020\/10\/fot-Piotr-\u0141ozowik-30-scaled.jpg\",\"datePublished\":\"2021-03-30T11:31:19+00:00\",\"dateModified\":\"2022-08-16T05:12:25+00:00\",\"breadcrumb\":{\"@id\":\"https:\/\/retradycja.eu\/pl\/tworca\/anastazja-sidor\/#breadcrumb\"},\"inLanguage\":\"pl-PL\",\"potentialAction\":[{\"@type\":\"ReadAction\",\"target\":[\"https:\/\/retradycja.eu\/pl\/tworca\/anastazja-sidor\/\"]}]},{\"@type\":\"ImageObject\",\"inLanguage\":\"pl-PL\",\"@id\":\"https:\/\/retradycja.eu\/pl\/tworca\/anastazja-sidor\/#primaryimage\",\"url\":\"https:\/\/retradycja.eu\/wp-content\/uploads\/2020\/10\/fot-Piotr-\u0141ozowik-30-scaled.jpg\",\"contentUrl\":\"https:\/\/retradycja.eu\/wp-content\/uploads\/2020\/10\/fot-Piotr-\u0141ozowik-30-scaled.jpg\",\"width\":2560,\"height\":1707,\"caption\":\"Anastazja Sidor siedz\u0105ca na \u0142awce przy stole. Kobieta ubrana w bia\u0142\u0105 koszul\u0119 z koronkowym ko\u0142nierzykiem i bordow\u0105 sukienk\u0119. Na stole stoi bukiet \u015bwie\u017cych polnych kwiat\u00f3w. W tle widzimy ogr\u00f3d z kwitn\u0105cymi r\u00f3\u017cowymi piwoniami.\"},{\"@type\":\"BreadcrumbList\",\"@id\":\"https:\/\/retradycja.eu\/pl\/tworca\/anastazja-sidor\/#breadcrumb\",\"itemListElement\":[{\"@type\":\"ListItem\",\"position\":1,\"name\":\"Strona g\u0142\u00f3wna\",\"item\":\"https:\/\/retradycja.eu\/pl\/\"},{\"@type\":\"ListItem\",\"position\":2,\"name\":\"Anastazja Sidor\"}]},{\"@type\":\"WebSite\",\"@id\":\"https:\/\/retradycja.eu\/pl\/#website\",\"url\":\"https:\/\/retradycja.eu\/pl\/\",\"name\":\"Festiwal Re:tradycja - Jarmark Jagiello\u0144ski\",\"description\":\" Lublin, Stare Miasto\",\"publisher\":{\"@id\":\"https:\/\/retradycja.eu\/pl\/#organization\"},\"potentialAction\":[{\"@type\":\"SearchAction\",\"target\":{\"@type\":\"EntryPoint\",\"urlTemplate\":\"https:\/\/retradycja.eu\/pl\/?s={search_term_string}\"},\"query-input\":\"required name=search_term_string\"}],\"inLanguage\":\"pl-PL\"},{\"@type\":\"Organization\",\"@id\":\"https:\/\/retradycja.eu\/pl\/#organization\",\"name\":\"Warsztaty Kultury w Lublinie\",\"url\":\"https:\/\/retradycja.eu\/pl\/\",\"logo\":{\"@type\":\"ImageObject\",\"inLanguage\":\"pl-PL\",\"@id\":\"https:\/\/retradycja.eu\/pl\/#\/schema\/logo\/image\/\",\"url\":\"https:\/\/retradycja.eu\/wp-content\/uploads\/2022\/06\/logo_retradycje-01.png\",\"contentUrl\":\"https:\/\/retradycja.eu\/wp-content\/uploads\/2022\/06\/logo_retradycje-01.png\",\"width\":332,\"height\":63,\"caption\":\"Warsztaty Kultury w Lublinie\"},\"image\":{\"@id\":\"https:\/\/retradycja.eu\/pl\/#\/schema\/logo\/image\/\"},\"sameAs\":[\"https:\/\/www.facebook.com\/retradycja\",\"https:\/\/www.instagram.com\/retradycja_jarmarkjagiellonski\/\",\"https:\/\/www.youtube.com\/user\/JarmarkJagiellonski\"]}]}<\/script>\n<!-- \/ Yoast SEO plugin. -->","yoast_head_json":{"title":"Anastazja Sidor - Festiwal Re:tradycja - Jarmark Jagiello\u0144ski","robots":{"index":"index","follow":"follow","max-snippet":"max-snippet:-1","max-image-preview":"max-image-preview:large","max-video-preview":"max-video-preview:-1"},"canonical":"https:\/\/retradycja.eu\/pl\/tworca\/anastazja-sidor\/","og_locale":"pl_PL","og_type":"article","og_title":"Anastazja Sidor - Festiwal Re:tradycja - Jarmark Jagiello\u0144ski","og_description":"Pani Anastazja Sidor jest etnografk\u0105 i znawczyni\u0105 kultury lokalnej okolic Pu\u0144ska, gdzie tradycje polskie przeplataj\u0105 si\u0119 z litewskimi. Swoj\u0105 wiedz\u0119 [&hellip;]","og_url":"https:\/\/retradycja.eu\/pl\/tworca\/anastazja-sidor\/","og_site_name":"Festiwal Re:tradycja - Jarmark Jagiello\u0144ski","article_publisher":"https:\/\/www.facebook.com\/retradycja","article_modified_time":"2022-08-16T05:12:25+00:00","og_image":[{"width":2560,"height":1707,"url":"https:\/\/retradycja.eu\/wp-content\/uploads\/2020\/10\/fot-Piotr-\u0141ozowik-30-scaled.jpg","type":"image\/jpeg"}],"twitter_card":"summary_large_image","twitter_misc":{"Szacowany czas czytania":"1 minuta"},"schema":{"@context":"https:\/\/schema.org","@graph":[{"@type":"WebPage","@id":"https:\/\/retradycja.eu\/pl\/tworca\/anastazja-sidor\/","url":"https:\/\/retradycja.eu\/pl\/tworca\/anastazja-sidor\/","name":"Anastazja Sidor - Festiwal Re:tradycja - Jarmark Jagiello\u0144ski","isPartOf":{"@id":"https:\/\/retradycja.eu\/pl\/#website"},"primaryImageOfPage":{"@id":"https:\/\/retradycja.eu\/pl\/tworca\/anastazja-sidor\/#primaryimage"},"image":{"@id":"https:\/\/retradycja.eu\/pl\/tworca\/anastazja-sidor\/#primaryimage"},"thumbnailUrl":"https:\/\/retradycja.eu\/wp-content\/uploads\/2020\/10\/fot-Piotr-\u0141ozowik-30-scaled.jpg","datePublished":"2021-03-30T11:31:19+00:00","dateModified":"2022-08-16T05:12:25+00:00","breadcrumb":{"@id":"https:\/\/retradycja.eu\/pl\/tworca\/anastazja-sidor\/#breadcrumb"},"inLanguage":"pl-PL","potentialAction":[{"@type":"ReadAction","target":["https:\/\/retradycja.eu\/pl\/tworca\/anastazja-sidor\/"]}]},{"@type":"ImageObject","inLanguage":"pl-PL","@id":"https:\/\/retradycja.eu\/pl\/tworca\/anastazja-sidor\/#primaryimage","url":"https:\/\/retradycja.eu\/wp-content\/uploads\/2020\/10\/fot-Piotr-\u0141ozowik-30-scaled.jpg","contentUrl":"https:\/\/retradycja.eu\/wp-content\/uploads\/2020\/10\/fot-Piotr-\u0141ozowik-30-scaled.jpg","width":2560,"height":1707,"caption":"Anastazja Sidor siedz\u0105ca na \u0142awce przy stole. Kobieta ubrana w bia\u0142\u0105 koszul\u0119 z koronkowym ko\u0142nierzykiem i bordow\u0105 sukienk\u0119. Na stole stoi bukiet \u015bwie\u017cych polnych kwiat\u00f3w. W tle widzimy ogr\u00f3d z kwitn\u0105cymi r\u00f3\u017cowymi piwoniami."},{"@type":"BreadcrumbList","@id":"https:\/\/retradycja.eu\/pl\/tworca\/anastazja-sidor\/#breadcrumb","itemListElement":[{"@type":"ListItem","position":1,"name":"Strona g\u0142\u00f3wna","item":"https:\/\/retradycja.eu\/pl\/"},{"@type":"ListItem","position":2,"name":"Anastazja Sidor"}]},{"@type":"WebSite","@id":"https:\/\/retradycja.eu\/pl\/#website","url":"https:\/\/retradycja.eu\/pl\/","name":"Festiwal Re:tradycja - Jarmark Jagiello\u0144ski","description":" Lublin, Stare Miasto","publisher":{"@id":"https:\/\/retradycja.eu\/pl\/#organization"},"potentialAction":[{"@type":"SearchAction","target":{"@type":"EntryPoint","urlTemplate":"https:\/\/retradycja.eu\/pl\/?s={search_term_string}"},"query-input":"required name=search_term_string"}],"inLanguage":"pl-PL"},{"@type":"Organization","@id":"https:\/\/retradycja.eu\/pl\/#organization","name":"Warsztaty Kultury w Lublinie","url":"https:\/\/retradycja.eu\/pl\/","logo":{"@type":"ImageObject","inLanguage":"pl-PL","@id":"https:\/\/retradycja.eu\/pl\/#\/schema\/logo\/image\/","url":"https:\/\/retradycja.eu\/wp-content\/uploads\/2022\/06\/logo_retradycje-01.png","contentUrl":"https:\/\/retradycja.eu\/wp-content\/uploads\/2022\/06\/logo_retradycje-01.png","width":332,"height":63,"caption":"Warsztaty Kultury w Lublinie"},"image":{"@id":"https:\/\/retradycja.eu\/pl\/#\/schema\/logo\/image\/"},"sameAs":["https:\/\/www.facebook.com\/retradycja","https:\/\/www.instagram.com\/retradycja_jarmarkjagiellonski\/","https:\/\/www.youtube.com\/user\/JarmarkJagiellonski"]}]}},"_links":{"self":[{"href":"https:\/\/retradycja.eu\/pl\/wp-json\/wp\/v2\/tworca\/39706"}],"collection":[{"href":"https:\/\/retradycja.eu\/pl\/wp-json\/wp\/v2\/tworca"}],"about":[{"href":"https:\/\/retradycja.eu\/pl\/wp-json\/wp\/v2\/types\/tworca"}],"wp:featuredmedia":[{"embeddable":true,"href":"https:\/\/retradycja.eu\/pl\/wp-json\/wp\/v2\/media\/36373"}],"wp:attachment":[{"href":"https:\/\/retradycja.eu\/pl\/wp-json\/wp\/v2\/media?parent=39706"}],"wp:term":[{"taxonomy":"dziedzina_tworczosci","embeddable":true,"href":"https:\/\/retradycja.eu\/pl\/wp-json\/wp\/v2\/dziedzina_tworczosci?post=39706"},{"taxonomy":"kategoria_wydarzenia","embeddable":true,"href":"https:\/\/retradycja.eu\/pl\/wp-json\/wp\/v2\/kategoria_wydarzenia?post=39706"},{"taxonomy":"kategoria_tworcy","embeddable":true,"href":"https:\/\/retradycja.eu\/pl\/wp-json\/wp\/v2\/kategoria_tworcy?post=39706"},{"taxonomy":"edycja","embeddable":true,"href":"https:\/\/retradycja.eu\/pl\/wp-json\/wp\/v2\/edycja?post=39706"},{"taxonomy":"kraj_tworcy","embeddable":true,"href":"https:\/\/retradycja.eu\/pl\/wp-json\/wp\/v2\/kraj_tworcy?post=39706"}],"curies":[{"name":"wp","href":"https:\/\/api.w.org\/{rel}","templated":true}]}}