{"id":3753,"date":"2018-05-16T00:00:00","date_gmt":"2018-05-15T22:00:00","guid":{"rendered":"https:\/\/retradycja.eu\/tworca\/saulius-rinkunas\/"},"modified":"2025-09-16T10:12:31","modified_gmt":"2025-09-16T08:12:31","slug":"saulius-rinkunas","status":"publish","type":"tworca","link":"https:\/\/retradycja.eu\/pl\/tworca\/saulius-rinkunas\/","title":{"rendered":"Saulius Rink\u016bnas"},"content":{"rendered":"<p style=\"text-align: justify;\">Pan Saulius Rink\u016bnas od ponad 25 lat zajmuje si\u0119 obr\u00f3bk\u0105 bursztynu i tworzeniem z niego bi\u017cuterii, nawi\u0105zuj\u0105c do wzor\u00f3w z p\u00f3\u0142nocnych region\u00f3w Litwy.<\/p>\n<p>Pierwszym impulsem by\u0142 kontakt z krewnym, kt\u00f3ry sam pracowa\u0142 z drewnem i metalem. Fascynacja tego rodzaju prac\u0105 sprawi\u0142a, \u017ce pan Saulius postanowi\u0142 spr\u00f3bowa\u0107 swoich si\u0142 w tw\u00f3rczo\u015bci. Z czasem zacz\u0105\u0142 o niej my\u015ble\u0107 nie tylko jak o rzemio\u015ble, ale tak\u017ce filozofii \u017cyciowej, a tak\u017ce ma\u0142ym biznesie. Wi\u0119kszo\u015bci nauczy\u0142 si\u0119 sam, cz\u0119sto kosztown\u0105 metod\u0105 pr\u00f3b i b\u0142\u0119d\u00f3w.<\/p>\n<p>Jak sam m\u00f3wi:<br \/>\n\u201e<em>Chocia\u017c nie jest to tradycja rodzinna w sensie dos\u0142ownym, czuj\u0119, \u017ce tkwi we mnie jak rodzaj pami\u0119ci. Co\u015b, czego nie da si\u0119 przekaza\u0107 s\u0142owami, ale co rozpoznaje si\u0119 sercem. Nie zapomn\u0119 s\u0142\u00f3w pewnej starszej pani, kt\u00f3ra ogl\u0105daj\u0105c moj\u0105 prac\u0119 na jarmarku, dotkn\u0119\u0142a bursztynu, spojrza\u0142a na mnie i zapyta\u0142a, czy to moje dzie\u0142o. Kiedy potwierdzi\u0142em, powiedzia\u0142a: Ty, dziecko, jeste\u015b albo bardzo cierpliwy, albo szale\u0144czo zakochany w tym materiale. Odpowiedzia\u0142em, \u017ce i jedno, i drugie<\/em>&#8222;.<\/p>\n<p style=\"text-align: justify;\">Tworzy razem z Daiv\u0105 Mikel\u0117nien\u0117. Do wykonywania swoich prac opr\u00f3cz bursztynu wykorzystuje tak\u017ce drewno czarnego d\u0119bu, len, mosi\u0105dz oraz sk\u00f3r\u0119, co pozwala mu uzyska\u0107 archaiczny styl i ba\u0142tycki charakter tworzonych ozd\u00f3b. By\u0142 wielokrotnie nagradzany zar\u00f3wno na Litwie, jak i w Polsce czy Bia\u0142orusi. Nale\u017cy do Stowarzyszenia Tw\u00f3rc\u00f3w Ludowych Litwy (oddzia\u0142 w Kownie).<\/p>\n<p style=\"text-align: justify;\"><strong>Kontakt<\/strong><br \/>\ne-mail: sauliusrinkunas@gmail.com<\/p>\n","protected":false},"featured_media":57855,"template":"","meta":{"_acf_changed":true,"ngg_post_thumbnail":0},"dziedzina_tworczosci":[183,28],"kategoria_wydarzenia":[],"kategoria_tworcy":[9,17],"edycja":[12,27,31,209,378],"kraj_tworcy":[278],"acf":[],"yoast_head":"<!-- This site is optimized with the Yoast SEO plugin v22.2 - https:\/\/yoast.com\/wordpress\/plugins\/seo\/ -->\n<title>Saulius Rink\u016bnas - Festiwal Re:tradycja - Jarmark Jagiello\u0144ski<\/title>\n<meta name=\"robots\" content=\"index, follow, max-snippet:-1, max-image-preview:large, max-video-preview:-1\" \/>\n<link rel=\"canonical\" href=\"https:\/\/retradycja.eu\/pl\/tworca\/saulius-rinkunas\/\" \/>\n<meta property=\"og:locale\" content=\"pl_PL\" \/>\n<meta property=\"og:type\" content=\"article\" \/>\n<meta property=\"og:title\" content=\"Saulius Rink\u016bnas - Festiwal Re:tradycja - Jarmark Jagiello\u0144ski\" \/>\n<meta property=\"og:description\" content=\"Pan Saulius Rink\u016bnas od ponad 25 lat zajmuje si\u0119 obr\u00f3bk\u0105 bursztynu i tworzeniem z niego bi\u017cuterii, nawi\u0105zuj\u0105c do wzor\u00f3w z [&hellip;]\" \/>\n<meta property=\"og:url\" content=\"https:\/\/retradycja.eu\/pl\/tworca\/saulius-rinkunas\/\" \/>\n<meta property=\"og:site_name\" content=\"Festiwal Re:tradycja - Jarmark Jagiello\u0144ski\" \/>\n<meta property=\"article:publisher\" content=\"https:\/\/www.facebook.com\/retradycja\" \/>\n<meta property=\"article:modified_time\" content=\"2025-09-16T08:12:31+00:00\" \/>\n<meta property=\"og:image\" content=\"https:\/\/retradycja.eu\/wp-content\/uploads\/2018\/05\/fot.-BartekZurawski-097.webp\" \/>\n\t<meta property=\"og:image:width\" content=\"2000\" \/>\n\t<meta property=\"og:image:height\" content=\"1333\" \/>\n\t<meta property=\"og:image:type\" content=\"image\/webp\" \/>\n<meta name=\"twitter:card\" content=\"summary_large_image\" \/>\n<meta name=\"twitter:label1\" content=\"Szacowany czas czytania\" \/>\n\t<meta name=\"twitter:data1\" content=\"2 minuty\" \/>\n<script type=\"application\/ld+json\" class=\"yoast-schema-graph\">{\"@context\":\"https:\/\/schema.org\",\"@graph\":[{\"@type\":\"WebPage\",\"@id\":\"https:\/\/retradycja.eu\/pl\/tworca\/saulius-rinkunas\/\",\"url\":\"https:\/\/retradycja.eu\/pl\/tworca\/saulius-rinkunas\/\",\"name\":\"Saulius Rink\u016bnas - Festiwal Re:tradycja - Jarmark Jagiello\u0144ski\",\"isPartOf\":{\"@id\":\"https:\/\/retradycja.eu\/pl\/#website\"},\"primaryImageOfPage\":{\"@id\":\"https:\/\/retradycja.eu\/pl\/tworca\/saulius-rinkunas\/#primaryimage\"},\"image\":{\"@id\":\"https:\/\/retradycja.eu\/pl\/tworca\/saulius-rinkunas\/#primaryimage\"},\"thumbnailUrl\":\"https:\/\/retradycja.eu\/wp-content\/uploads\/2018\/05\/fot.-BartekZurawski-097.webp\",\"datePublished\":\"2018-05-15T22:00:00+00:00\",\"dateModified\":\"2025-09-16T08:12:31+00:00\",\"breadcrumb\":{\"@id\":\"https:\/\/retradycja.eu\/pl\/tworca\/saulius-rinkunas\/#breadcrumb\"},\"inLanguage\":\"pl-PL\",\"potentialAction\":[{\"@type\":\"ReadAction\",\"target\":[\"https:\/\/retradycja.eu\/pl\/tworca\/saulius-rinkunas\/\"]}]},{\"@type\":\"ImageObject\",\"inLanguage\":\"pl-PL\",\"@id\":\"https:\/\/retradycja.eu\/pl\/tworca\/saulius-rinkunas\/#primaryimage\",\"url\":\"https:\/\/retradycja.eu\/wp-content\/uploads\/2018\/05\/fot.-BartekZurawski-097.webp\",\"contentUrl\":\"https:\/\/retradycja.eu\/wp-content\/uploads\/2018\/05\/fot.-BartekZurawski-097.webp\",\"width\":2000,\"height\":1333,\"caption\":\"Portret tw\u00f3rcy. M\u0119\u017cczyzna w lnianej koszuli i czapce ma na szyi ogromny wisior z nieszlifowanego bursztynu. W r\u0119kach trzyma rze\u017ab\u0119 \u017caby wysadzanej drobnymi bursztynami.\"},{\"@type\":\"BreadcrumbList\",\"@id\":\"https:\/\/retradycja.eu\/pl\/tworca\/saulius-rinkunas\/#breadcrumb\",\"itemListElement\":[{\"@type\":\"ListItem\",\"position\":1,\"name\":\"Strona g\u0142\u00f3wna\",\"item\":\"https:\/\/retradycja.eu\/pl\/\"},{\"@type\":\"ListItem\",\"position\":2,\"name\":\"Saulius Rink\u016bnas\"}]},{\"@type\":\"WebSite\",\"@id\":\"https:\/\/retradycja.eu\/pl\/#website\",\"url\":\"https:\/\/retradycja.eu\/pl\/\",\"name\":\"Festiwal Re:tradycja - Jarmark Jagiello\u0144ski\",\"description\":\" Lublin, Stare Miasto\",\"publisher\":{\"@id\":\"https:\/\/retradycja.eu\/pl\/#organization\"},\"potentialAction\":[{\"@type\":\"SearchAction\",\"target\":{\"@type\":\"EntryPoint\",\"urlTemplate\":\"https:\/\/retradycja.eu\/pl\/?s={search_term_string}\"},\"query-input\":\"required name=search_term_string\"}],\"inLanguage\":\"pl-PL\"},{\"@type\":\"Organization\",\"@id\":\"https:\/\/retradycja.eu\/pl\/#organization\",\"name\":\"Warsztaty Kultury w Lublinie\",\"url\":\"https:\/\/retradycja.eu\/pl\/\",\"logo\":{\"@type\":\"ImageObject\",\"inLanguage\":\"pl-PL\",\"@id\":\"https:\/\/retradycja.eu\/pl\/#\/schema\/logo\/image\/\",\"url\":\"https:\/\/retradycja.eu\/wp-content\/uploads\/2022\/06\/logo_retradycje-01.png\",\"contentUrl\":\"https:\/\/retradycja.eu\/wp-content\/uploads\/2022\/06\/logo_retradycje-01.png\",\"width\":332,\"height\":63,\"caption\":\"Warsztaty Kultury w Lublinie\"},\"image\":{\"@id\":\"https:\/\/retradycja.eu\/pl\/#\/schema\/logo\/image\/\"},\"sameAs\":[\"https:\/\/www.facebook.com\/retradycja\",\"https:\/\/www.instagram.com\/retradycja_jarmarkjagiellonski\/\",\"https:\/\/www.youtube.com\/user\/JarmarkJagiellonski\"]}]}<\/script>\n<!-- \/ Yoast SEO plugin. -->","yoast_head_json":{"title":"Saulius Rink\u016bnas - Festiwal Re:tradycja - Jarmark Jagiello\u0144ski","robots":{"index":"index","follow":"follow","max-snippet":"max-snippet:-1","max-image-preview":"max-image-preview:large","max-video-preview":"max-video-preview:-1"},"canonical":"https:\/\/retradycja.eu\/pl\/tworca\/saulius-rinkunas\/","og_locale":"pl_PL","og_type":"article","og_title":"Saulius Rink\u016bnas - Festiwal Re:tradycja - Jarmark Jagiello\u0144ski","og_description":"Pan Saulius Rink\u016bnas od ponad 25 lat zajmuje si\u0119 obr\u00f3bk\u0105 bursztynu i tworzeniem z niego bi\u017cuterii, nawi\u0105zuj\u0105c do wzor\u00f3w z [&hellip;]","og_url":"https:\/\/retradycja.eu\/pl\/tworca\/saulius-rinkunas\/","og_site_name":"Festiwal Re:tradycja - Jarmark Jagiello\u0144ski","article_publisher":"https:\/\/www.facebook.com\/retradycja","article_modified_time":"2025-09-16T08:12:31+00:00","og_image":[{"width":2000,"height":1333,"url":"https:\/\/retradycja.eu\/wp-content\/uploads\/2018\/05\/fot.-BartekZurawski-097.webp","type":"image\/webp"}],"twitter_card":"summary_large_image","twitter_misc":{"Szacowany czas czytania":"2 minuty"},"schema":{"@context":"https:\/\/schema.org","@graph":[{"@type":"WebPage","@id":"https:\/\/retradycja.eu\/pl\/tworca\/saulius-rinkunas\/","url":"https:\/\/retradycja.eu\/pl\/tworca\/saulius-rinkunas\/","name":"Saulius Rink\u016bnas - Festiwal Re:tradycja - Jarmark Jagiello\u0144ski","isPartOf":{"@id":"https:\/\/retradycja.eu\/pl\/#website"},"primaryImageOfPage":{"@id":"https:\/\/retradycja.eu\/pl\/tworca\/saulius-rinkunas\/#primaryimage"},"image":{"@id":"https:\/\/retradycja.eu\/pl\/tworca\/saulius-rinkunas\/#primaryimage"},"thumbnailUrl":"https:\/\/retradycja.eu\/wp-content\/uploads\/2018\/05\/fot.-BartekZurawski-097.webp","datePublished":"2018-05-15T22:00:00+00:00","dateModified":"2025-09-16T08:12:31+00:00","breadcrumb":{"@id":"https:\/\/retradycja.eu\/pl\/tworca\/saulius-rinkunas\/#breadcrumb"},"inLanguage":"pl-PL","potentialAction":[{"@type":"ReadAction","target":["https:\/\/retradycja.eu\/pl\/tworca\/saulius-rinkunas\/"]}]},{"@type":"ImageObject","inLanguage":"pl-PL","@id":"https:\/\/retradycja.eu\/pl\/tworca\/saulius-rinkunas\/#primaryimage","url":"https:\/\/retradycja.eu\/wp-content\/uploads\/2018\/05\/fot.-BartekZurawski-097.webp","contentUrl":"https:\/\/retradycja.eu\/wp-content\/uploads\/2018\/05\/fot.-BartekZurawski-097.webp","width":2000,"height":1333,"caption":"Portret tw\u00f3rcy. M\u0119\u017cczyzna w lnianej koszuli i czapce ma na szyi ogromny wisior z nieszlifowanego bursztynu. W r\u0119kach trzyma rze\u017ab\u0119 \u017caby wysadzanej drobnymi bursztynami."},{"@type":"BreadcrumbList","@id":"https:\/\/retradycja.eu\/pl\/tworca\/saulius-rinkunas\/#breadcrumb","itemListElement":[{"@type":"ListItem","position":1,"name":"Strona g\u0142\u00f3wna","item":"https:\/\/retradycja.eu\/pl\/"},{"@type":"ListItem","position":2,"name":"Saulius Rink\u016bnas"}]},{"@type":"WebSite","@id":"https:\/\/retradycja.eu\/pl\/#website","url":"https:\/\/retradycja.eu\/pl\/","name":"Festiwal Re:tradycja - Jarmark Jagiello\u0144ski","description":" Lublin, Stare Miasto","publisher":{"@id":"https:\/\/retradycja.eu\/pl\/#organization"},"potentialAction":[{"@type":"SearchAction","target":{"@type":"EntryPoint","urlTemplate":"https:\/\/retradycja.eu\/pl\/?s={search_term_string}"},"query-input":"required name=search_term_string"}],"inLanguage":"pl-PL"},{"@type":"Organization","@id":"https:\/\/retradycja.eu\/pl\/#organization","name":"Warsztaty Kultury w Lublinie","url":"https:\/\/retradycja.eu\/pl\/","logo":{"@type":"ImageObject","inLanguage":"pl-PL","@id":"https:\/\/retradycja.eu\/pl\/#\/schema\/logo\/image\/","url":"https:\/\/retradycja.eu\/wp-content\/uploads\/2022\/06\/logo_retradycje-01.png","contentUrl":"https:\/\/retradycja.eu\/wp-content\/uploads\/2022\/06\/logo_retradycje-01.png","width":332,"height":63,"caption":"Warsztaty Kultury w Lublinie"},"image":{"@id":"https:\/\/retradycja.eu\/pl\/#\/schema\/logo\/image\/"},"sameAs":["https:\/\/www.facebook.com\/retradycja","https:\/\/www.instagram.com\/retradycja_jarmarkjagiellonski\/","https:\/\/www.youtube.com\/user\/JarmarkJagiellonski"]}]}},"_links":{"self":[{"href":"https:\/\/retradycja.eu\/pl\/wp-json\/wp\/v2\/tworca\/3753"}],"collection":[{"href":"https:\/\/retradycja.eu\/pl\/wp-json\/wp\/v2\/tworca"}],"about":[{"href":"https:\/\/retradycja.eu\/pl\/wp-json\/wp\/v2\/types\/tworca"}],"wp:featuredmedia":[{"embeddable":true,"href":"https:\/\/retradycja.eu\/pl\/wp-json\/wp\/v2\/media\/57855"}],"wp:attachment":[{"href":"https:\/\/retradycja.eu\/pl\/wp-json\/wp\/v2\/media?parent=3753"}],"wp:term":[{"taxonomy":"dziedzina_tworczosci","embeddable":true,"href":"https:\/\/retradycja.eu\/pl\/wp-json\/wp\/v2\/dziedzina_tworczosci?post=3753"},{"taxonomy":"kategoria_wydarzenia","embeddable":true,"href":"https:\/\/retradycja.eu\/pl\/wp-json\/wp\/v2\/kategoria_wydarzenia?post=3753"},{"taxonomy":"kategoria_tworcy","embeddable":true,"href":"https:\/\/retradycja.eu\/pl\/wp-json\/wp\/v2\/kategoria_tworcy?post=3753"},{"taxonomy":"edycja","embeddable":true,"href":"https:\/\/retradycja.eu\/pl\/wp-json\/wp\/v2\/edycja?post=3753"},{"taxonomy":"kraj_tworcy","embeddable":true,"href":"https:\/\/retradycja.eu\/pl\/wp-json\/wp\/v2\/kraj_tworcy?post=3753"}],"curies":[{"name":"wp","href":"https:\/\/api.w.org\/{rel}","templated":true}]}}