{"id":3658,"date":"2018-05-09T00:00:00","date_gmt":"2018-05-08T22:00:00","guid":{"rendered":"https:\/\/retradycja.eu\/tworca\/edyta-wisniewska\/"},"modified":"2023-05-22T15:35:15","modified_gmt":"2023-05-22T13:35:15","slug":"edyta-wisniewska","status":"publish","type":"tworca","link":"https:\/\/retradycja.eu\/pl\/tworca\/edyta-wisniewska\/","title":{"rendered":"Edyta Wi\u015bniewska"},"content":{"rendered":"<p style=\"text-align: justify;\">Pani Edyta Wi\u015bniewska od 2016 r. zajmuje si\u0119 tkactwem. Cho\u0107 jej babcia od strony mamy by\u0142a tkaczk\u0105, to jednak nie przekaza\u0142a tego rzemios\u0142a swoim potomkom. Dlatego pani Edyta uczy\u0142a si\u0119 od pa\u0144 <a href=\"https:\/\/retradycja.eu\/pl\/tworca\/teresa-pryzmont\/\" target=\"_blank\" rel=\"noopener\">Teresy Pryzmont<\/a> i Moniki Wysockiej z gminy Jan\u00f3w (pow. sok\u00f3lski). W 2016 r. w ramach stypendium Marsza\u0142ka Wojew\u00f3dztwa Podlaskiego rozpocz\u0119\u0142a badania terenowe dotycz\u0105ce tkania ludowych pas\u00f3w we\u0142nianych. Efektem stypendium by\u0142o powstanie publikacji &#8222;Krajki &#8211; tkane pasy z terenu Sok\u00f3lszczyzny&#8221;. Pani Edyta zajmuje si\u0119 tkaniem w tradycyjnej technice wybieranej &#8222;na nodze&#8221; oraz na dawnych i wsp\u00f3\u0142czesnych warsztatach tkackich. Swoje prace wykonuje z we\u0142ny owczej, r\u0119cznie farbowanej barwnikami chemicznymi. Jest laureatk\u0105 nagrody w Og\u00f3lnopolskim Konkursie na Tkanin\u0119 Ludow\u0105 w ramach projektu \u201eKraina w\u0105tku i osnowy\u201d Wojew\u00f3dzkiego O\u015brodka Animacji Kultury w Bia\u0142ymstoku (2017 r). Jest cz\u0142onkini\u0105 Stowarzyszenia Tw\u00f3rc\u00f3w Ludowych.<\/p>\n<p>Artystka pisze o sobie: \u201eTradycja wyrobu pas\u00f3w na Sok\u00f3lszczy\u017anie (dawnej Grodzie\u0144szczy\u017anie) zosta\u0142a praktycznie zaniechana z ko\u0144cem lat 80-tych XX wieku. Pasy by\u0142y obecne u mnie w domu, natomiast moi bliscy nie wiedzieli ju\u017c, jak si\u0119 je wykonuje. Tkactwo by\u0142o odleg\u0142\u0105 przesz\u0142o\u015bci\u0105 moich bab\u0107 i prabab\u0107. Dopiero moje umi\u0142owanie do tkania i etnografii, rozwini\u0119te dzi\u0119ki kontaktom z tw\u00f3rczyniami ludowymi i osobami badaj\u0105cymi t\u0119 tradycj\u0119, skierowa\u0142o mnie na tory w\u0142asnej tw\u00f3rczo\u015bci. Tkactwo by\u0142o obecne w dawnych tkaninach, kt\u00f3re przechowywano w moim domu rodzinnym, elementy krosna poniewieraj\u0105ce si\u0119 po starym domu dziadk\u00f3w, by\u0142y polem naszej dzieci\u0119cej zabawy. To wszystko by\u0142o troch\u0119 tajemnicze i pobudzi\u0142o mnie do odkrywania tego, co ju\u017c zosta\u0142o zapomniane. Troch\u0119 taka archeologia rodzinna :)\u201d<\/p>\n<p><strong>Kontakt<br \/>\n<\/strong>www: <a href=\"https:\/\/www.facebook.com\/krajkarekonstrukcje\" target=\"_blank\" rel=\"noopener\">Krajka &#8211; rekonstrukcje fb<\/a><br \/>\ne-mail: edyta.wisniewska37@gmail.com<\/p>\n","protected":false},"featured_media":3662,"template":"","meta":{"_acf_changed":false,"ngg_post_thumbnail":0},"dziedzina_tworczosci":[35],"kategoria_wydarzenia":[],"kategoria_tworcy":[9,17],"edycja":[27,209,294],"kraj_tworcy":[275],"acf":[],"yoast_head":"<!-- This site is optimized with the Yoast SEO plugin v22.2 - https:\/\/yoast.com\/wordpress\/plugins\/seo\/ -->\n<title>Edyta Wi\u015bniewska - Festiwal Re:tradycja - Jarmark Jagiello\u0144ski<\/title>\n<meta name=\"robots\" content=\"index, follow, max-snippet:-1, max-image-preview:large, max-video-preview:-1\" \/>\n<link rel=\"canonical\" href=\"https:\/\/retradycja.eu\/pl\/tworca\/edyta-wisniewska\/\" \/>\n<meta property=\"og:locale\" content=\"pl_PL\" \/>\n<meta property=\"og:type\" content=\"article\" \/>\n<meta property=\"og:title\" content=\"Edyta Wi\u015bniewska - Festiwal Re:tradycja - Jarmark Jagiello\u0144ski\" \/>\n<meta property=\"og:description\" content=\"Pani Edyta Wi\u015bniewska od 2016 r. zajmuje si\u0119 tkactwem. Cho\u0107 jej babcia od strony mamy by\u0142a tkaczk\u0105, to jednak nie [&hellip;]\" \/>\n<meta property=\"og:url\" content=\"https:\/\/retradycja.eu\/pl\/tworca\/edyta-wisniewska\/\" \/>\n<meta property=\"og:site_name\" content=\"Festiwal Re:tradycja - Jarmark Jagiello\u0144ski\" \/>\n<meta property=\"article:publisher\" content=\"https:\/\/www.facebook.com\/retradycja\" \/>\n<meta property=\"article:modified_time\" content=\"2023-05-22T13:35:15+00:00\" \/>\n<meta property=\"og:image\" content=\"https:\/\/retradycja.eu\/wp-content\/uploads\/2020\/08\/fot.-Gutek-Zegier-1-2-scaled.jpg\" \/>\n\t<meta property=\"og:image:width\" content=\"2560\" \/>\n\t<meta property=\"og:image:height\" content=\"1707\" \/>\n\t<meta property=\"og:image:type\" content=\"image\/jpeg\" \/>\n<meta name=\"twitter:card\" content=\"summary_large_image\" \/>\n<meta name=\"twitter:label1\" content=\"Szacowany czas czytania\" \/>\n\t<meta name=\"twitter:data1\" content=\"2 minuty\" \/>\n<script type=\"application\/ld+json\" class=\"yoast-schema-graph\">{\"@context\":\"https:\/\/schema.org\",\"@graph\":[{\"@type\":\"WebPage\",\"@id\":\"https:\/\/retradycja.eu\/pl\/tworca\/edyta-wisniewska\/\",\"url\":\"https:\/\/retradycja.eu\/pl\/tworca\/edyta-wisniewska\/\",\"name\":\"Edyta Wi\u015bniewska - Festiwal Re:tradycja - Jarmark Jagiello\u0144ski\",\"isPartOf\":{\"@id\":\"https:\/\/retradycja.eu\/pl\/#website\"},\"primaryImageOfPage\":{\"@id\":\"https:\/\/retradycja.eu\/pl\/tworca\/edyta-wisniewska\/#primaryimage\"},\"image\":{\"@id\":\"https:\/\/retradycja.eu\/pl\/tworca\/edyta-wisniewska\/#primaryimage\"},\"thumbnailUrl\":\"https:\/\/retradycja.eu\/wp-content\/uploads\/2020\/08\/fot.-Gutek-Zegier-1-2-scaled.jpg\",\"datePublished\":\"2018-05-08T22:00:00+00:00\",\"dateModified\":\"2023-05-22T13:35:15+00:00\",\"breadcrumb\":{\"@id\":\"https:\/\/retradycja.eu\/pl\/tworca\/edyta-wisniewska\/#breadcrumb\"},\"inLanguage\":\"pl-PL\",\"potentialAction\":[{\"@type\":\"ReadAction\",\"target\":[\"https:\/\/retradycja.eu\/pl\/tworca\/edyta-wisniewska\/\"]}]},{\"@type\":\"ImageObject\",\"inLanguage\":\"pl-PL\",\"@id\":\"https:\/\/retradycja.eu\/pl\/tworca\/edyta-wisniewska\/#primaryimage\",\"url\":\"https:\/\/retradycja.eu\/wp-content\/uploads\/2020\/08\/fot.-Gutek-Zegier-1-2-scaled.jpg\",\"contentUrl\":\"https:\/\/retradycja.eu\/wp-content\/uploads\/2020\/08\/fot.-Gutek-Zegier-1-2-scaled.jpg\",\"width\":2560,\"height\":1707,\"caption\":\"[U\u015bmeichni\u0119ta kobieta wystawia g\u0142ow\u0119 zza girlandy kolorowych plecionych pas\u00f3w.]\"},{\"@type\":\"BreadcrumbList\",\"@id\":\"https:\/\/retradycja.eu\/pl\/tworca\/edyta-wisniewska\/#breadcrumb\",\"itemListElement\":[{\"@type\":\"ListItem\",\"position\":1,\"name\":\"Strona g\u0142\u00f3wna\",\"item\":\"https:\/\/retradycja.eu\/pl\/\"},{\"@type\":\"ListItem\",\"position\":2,\"name\":\"Edyta Wi\u015bniewska\"}]},{\"@type\":\"WebSite\",\"@id\":\"https:\/\/retradycja.eu\/pl\/#website\",\"url\":\"https:\/\/retradycja.eu\/pl\/\",\"name\":\"Festiwal Re:tradycja - Jarmark Jagiello\u0144ski\",\"description\":\" Lublin, Stare Miasto\",\"publisher\":{\"@id\":\"https:\/\/retradycja.eu\/pl\/#organization\"},\"potentialAction\":[{\"@type\":\"SearchAction\",\"target\":{\"@type\":\"EntryPoint\",\"urlTemplate\":\"https:\/\/retradycja.eu\/pl\/?s={search_term_string}\"},\"query-input\":\"required name=search_term_string\"}],\"inLanguage\":\"pl-PL\"},{\"@type\":\"Organization\",\"@id\":\"https:\/\/retradycja.eu\/pl\/#organization\",\"name\":\"Warsztaty Kultury w Lublinie\",\"url\":\"https:\/\/retradycja.eu\/pl\/\",\"logo\":{\"@type\":\"ImageObject\",\"inLanguage\":\"pl-PL\",\"@id\":\"https:\/\/retradycja.eu\/pl\/#\/schema\/logo\/image\/\",\"url\":\"https:\/\/retradycja.eu\/wp-content\/uploads\/2022\/06\/logo_retradycje-01.png\",\"contentUrl\":\"https:\/\/retradycja.eu\/wp-content\/uploads\/2022\/06\/logo_retradycje-01.png\",\"width\":332,\"height\":63,\"caption\":\"Warsztaty Kultury w Lublinie\"},\"image\":{\"@id\":\"https:\/\/retradycja.eu\/pl\/#\/schema\/logo\/image\/\"},\"sameAs\":[\"https:\/\/www.facebook.com\/retradycja\",\"https:\/\/www.instagram.com\/retradycja_jarmarkjagiellonski\/\",\"https:\/\/www.youtube.com\/user\/JarmarkJagiellonski\"]}]}<\/script>\n<!-- \/ Yoast SEO plugin. -->","yoast_head_json":{"title":"Edyta Wi\u015bniewska - Festiwal Re:tradycja - Jarmark Jagiello\u0144ski","robots":{"index":"index","follow":"follow","max-snippet":"max-snippet:-1","max-image-preview":"max-image-preview:large","max-video-preview":"max-video-preview:-1"},"canonical":"https:\/\/retradycja.eu\/pl\/tworca\/edyta-wisniewska\/","og_locale":"pl_PL","og_type":"article","og_title":"Edyta Wi\u015bniewska - Festiwal Re:tradycja - Jarmark Jagiello\u0144ski","og_description":"Pani Edyta Wi\u015bniewska od 2016 r. zajmuje si\u0119 tkactwem. Cho\u0107 jej babcia od strony mamy by\u0142a tkaczk\u0105, to jednak nie [&hellip;]","og_url":"https:\/\/retradycja.eu\/pl\/tworca\/edyta-wisniewska\/","og_site_name":"Festiwal Re:tradycja - Jarmark Jagiello\u0144ski","article_publisher":"https:\/\/www.facebook.com\/retradycja","article_modified_time":"2023-05-22T13:35:15+00:00","og_image":[{"width":2560,"height":1707,"url":"https:\/\/retradycja.eu\/wp-content\/uploads\/2020\/08\/fot.-Gutek-Zegier-1-2-scaled.jpg","type":"image\/jpeg"}],"twitter_card":"summary_large_image","twitter_misc":{"Szacowany czas czytania":"2 minuty"},"schema":{"@context":"https:\/\/schema.org","@graph":[{"@type":"WebPage","@id":"https:\/\/retradycja.eu\/pl\/tworca\/edyta-wisniewska\/","url":"https:\/\/retradycja.eu\/pl\/tworca\/edyta-wisniewska\/","name":"Edyta Wi\u015bniewska - Festiwal Re:tradycja - Jarmark Jagiello\u0144ski","isPartOf":{"@id":"https:\/\/retradycja.eu\/pl\/#website"},"primaryImageOfPage":{"@id":"https:\/\/retradycja.eu\/pl\/tworca\/edyta-wisniewska\/#primaryimage"},"image":{"@id":"https:\/\/retradycja.eu\/pl\/tworca\/edyta-wisniewska\/#primaryimage"},"thumbnailUrl":"https:\/\/retradycja.eu\/wp-content\/uploads\/2020\/08\/fot.-Gutek-Zegier-1-2-scaled.jpg","datePublished":"2018-05-08T22:00:00+00:00","dateModified":"2023-05-22T13:35:15+00:00","breadcrumb":{"@id":"https:\/\/retradycja.eu\/pl\/tworca\/edyta-wisniewska\/#breadcrumb"},"inLanguage":"pl-PL","potentialAction":[{"@type":"ReadAction","target":["https:\/\/retradycja.eu\/pl\/tworca\/edyta-wisniewska\/"]}]},{"@type":"ImageObject","inLanguage":"pl-PL","@id":"https:\/\/retradycja.eu\/pl\/tworca\/edyta-wisniewska\/#primaryimage","url":"https:\/\/retradycja.eu\/wp-content\/uploads\/2020\/08\/fot.-Gutek-Zegier-1-2-scaled.jpg","contentUrl":"https:\/\/retradycja.eu\/wp-content\/uploads\/2020\/08\/fot.-Gutek-Zegier-1-2-scaled.jpg","width":2560,"height":1707,"caption":"[U\u015bmeichni\u0119ta kobieta wystawia g\u0142ow\u0119 zza girlandy kolorowych plecionych pas\u00f3w.]"},{"@type":"BreadcrumbList","@id":"https:\/\/retradycja.eu\/pl\/tworca\/edyta-wisniewska\/#breadcrumb","itemListElement":[{"@type":"ListItem","position":1,"name":"Strona g\u0142\u00f3wna","item":"https:\/\/retradycja.eu\/pl\/"},{"@type":"ListItem","position":2,"name":"Edyta Wi\u015bniewska"}]},{"@type":"WebSite","@id":"https:\/\/retradycja.eu\/pl\/#website","url":"https:\/\/retradycja.eu\/pl\/","name":"Festiwal Re:tradycja - Jarmark Jagiello\u0144ski","description":" Lublin, Stare Miasto","publisher":{"@id":"https:\/\/retradycja.eu\/pl\/#organization"},"potentialAction":[{"@type":"SearchAction","target":{"@type":"EntryPoint","urlTemplate":"https:\/\/retradycja.eu\/pl\/?s={search_term_string}"},"query-input":"required name=search_term_string"}],"inLanguage":"pl-PL"},{"@type":"Organization","@id":"https:\/\/retradycja.eu\/pl\/#organization","name":"Warsztaty Kultury w Lublinie","url":"https:\/\/retradycja.eu\/pl\/","logo":{"@type":"ImageObject","inLanguage":"pl-PL","@id":"https:\/\/retradycja.eu\/pl\/#\/schema\/logo\/image\/","url":"https:\/\/retradycja.eu\/wp-content\/uploads\/2022\/06\/logo_retradycje-01.png","contentUrl":"https:\/\/retradycja.eu\/wp-content\/uploads\/2022\/06\/logo_retradycje-01.png","width":332,"height":63,"caption":"Warsztaty Kultury w Lublinie"},"image":{"@id":"https:\/\/retradycja.eu\/pl\/#\/schema\/logo\/image\/"},"sameAs":["https:\/\/www.facebook.com\/retradycja","https:\/\/www.instagram.com\/retradycja_jarmarkjagiellonski\/","https:\/\/www.youtube.com\/user\/JarmarkJagiellonski"]}]}},"_links":{"self":[{"href":"https:\/\/retradycja.eu\/pl\/wp-json\/wp\/v2\/tworca\/3658"}],"collection":[{"href":"https:\/\/retradycja.eu\/pl\/wp-json\/wp\/v2\/tworca"}],"about":[{"href":"https:\/\/retradycja.eu\/pl\/wp-json\/wp\/v2\/types\/tworca"}],"wp:featuredmedia":[{"embeddable":true,"href":"https:\/\/retradycja.eu\/pl\/wp-json\/wp\/v2\/media\/3662"}],"wp:attachment":[{"href":"https:\/\/retradycja.eu\/pl\/wp-json\/wp\/v2\/media?parent=3658"}],"wp:term":[{"taxonomy":"dziedzina_tworczosci","embeddable":true,"href":"https:\/\/retradycja.eu\/pl\/wp-json\/wp\/v2\/dziedzina_tworczosci?post=3658"},{"taxonomy":"kategoria_wydarzenia","embeddable":true,"href":"https:\/\/retradycja.eu\/pl\/wp-json\/wp\/v2\/kategoria_wydarzenia?post=3658"},{"taxonomy":"kategoria_tworcy","embeddable":true,"href":"https:\/\/retradycja.eu\/pl\/wp-json\/wp\/v2\/kategoria_tworcy?post=3658"},{"taxonomy":"edycja","embeddable":true,"href":"https:\/\/retradycja.eu\/pl\/wp-json\/wp\/v2\/edycja?post=3658"},{"taxonomy":"kraj_tworcy","embeddable":true,"href":"https:\/\/retradycja.eu\/pl\/wp-json\/wp\/v2\/kraj_tworcy?post=3658"}],"curies":[{"name":"wp","href":"https:\/\/api.w.org\/{rel}","templated":true}]}}