{"id":3400,"date":"2017-06-07T00:00:00","date_gmt":"2017-06-06T22:00:00","guid":{"rendered":"https:\/\/retradycja.eu\/tworca\/lina-bartasiene\/"},"modified":"2024-09-30T10:59:58","modified_gmt":"2024-09-30T08:59:58","slug":"lina-bartasiene","status":"publish","type":"tworca","link":"https:\/\/retradycja.eu\/pl\/tworca\/lina-bartasiene\/","title":{"rendered":"Lina Barta\u0161ien\u0117"},"content":{"rendered":"<p style=\"text-align: justify;\">Pani Lina Barta\u0161ien\u0117 od 1988 r. wykonuje tradycyjne litewskie r\u0119kawiczki, kontynuuj\u0105c tradycje regionu Auksztoty. Umiej\u0119tno\u015bci i wiedz\u0119 otrzyma\u0142a od starszych tw\u00f3rc\u00f3w i podczas w\u0142asnych ekspedycji terenowych, gdzie pozna\u0142a bogactwo tradycyjnych wzor\u00f3w. Swoje r\u0119kawiczki wykonuje z we\u0142ny przy pomocy 5 drut\u00f3w. Jej prace by\u0142y wyr\u00f3\u017cniane m.in. podczas wystawy konkursu sztuki ludowej &#8222;Z\u0142oty Wieniec&#8221;. Razem z m\u0119\u017cem (<a href=\"https:\/\/retradycja.eu\/pl\/tworca\/albertas-bartasius\/\" target=\"_blank\" rel=\"noopener\">Albertas Barta\u0161ius<\/a>) s\u0105 liderami dw\u00f3ch zespo\u0142\u00f3w wykonuj\u0105cych muzyk\u0119 tradycyjn\u0105.\u00a0 Tradycyjnym rzemios\u0142em zajmuje si\u0119 tak\u017ce jej c\u00f3rka, <a href=\"https:\/\/retradycja.eu\/pl\/tworca\/ruta-stonkiene\/\" target=\"_blank\" rel=\"noopener\">R\u016bta Stonkien\u0117<\/a>. Pani Lina nale\u017cy do Stowarzyszenia Tw\u00f3rc\u00f3w Ludowych Litwy (obw\u00f3d wile\u0144ski).<\/p>\n<p style=\"text-align: justify;\">\n<p style=\"text-align: justify;\"><strong>Kontakt<br \/>\n<\/strong><span style=\"font-size: revert; letter-spacing: 0px;\">www:\u00a0<\/span><a style=\"font-size: revert; letter-spacing: 0px;\" href=\"https:\/\/www.facebook.com\/Traditional-Lithuanian-mittens-1079383858784978\/\" target=\"_blank\" rel=\"noopener noreferrer\">Traditional Lithuanian mittens fb<\/a><br \/>\ne-mail: bartlina@gmail.com<br \/>\n<span style=\"font-size: revert; letter-spacing: 0px;\">telefon: +370 65826310<\/span><\/p>\n<p style=\"text-align: justify;\">\n<p style=\"text-align: justify;\">\n<p style=\"text-align: justify;\">\n","protected":false},"featured_media":3401,"template":"","meta":{"_acf_changed":false,"ngg_post_thumbnail":0},"dziedzina_tworczosci":[35],"kategoria_wydarzenia":[],"kategoria_tworcy":[9,17],"edycja":[320],"kraj_tworcy":[278],"acf":[],"yoast_head":"<!-- This site is optimized with the Yoast SEO plugin v22.2 - https:\/\/yoast.com\/wordpress\/plugins\/seo\/ -->\n<title>Lina Barta\u0161ien\u0117 - Festiwal Re:tradycja - Jarmark Jagiello\u0144ski<\/title>\n<meta name=\"robots\" content=\"index, follow, max-snippet:-1, max-image-preview:large, max-video-preview:-1\" \/>\n<link rel=\"canonical\" href=\"https:\/\/retradycja.eu\/pl\/tworca\/lina-bartasiene\/\" \/>\n<meta property=\"og:locale\" content=\"pl_PL\" \/>\n<meta property=\"og:type\" content=\"article\" \/>\n<meta property=\"og:title\" content=\"Lina Barta\u0161ien\u0117 - Festiwal Re:tradycja - Jarmark Jagiello\u0144ski\" \/>\n<meta property=\"og:description\" content=\"Pani Lina Barta\u0161ien\u0117 od 1988 r. wykonuje tradycyjne litewskie r\u0119kawiczki, kontynuuj\u0105c tradycje regionu Auksztoty. Umiej\u0119tno\u015bci i wiedz\u0119 otrzyma\u0142a od starszych [&hellip;]\" \/>\n<meta property=\"og:url\" content=\"https:\/\/retradycja.eu\/pl\/tworca\/lina-bartasiene\/\" \/>\n<meta property=\"og:site_name\" content=\"Festiwal Re:tradycja - Jarmark Jagiello\u0144ski\" \/>\n<meta property=\"article:publisher\" content=\"https:\/\/www.facebook.com\/retradycja\" \/>\n<meta property=\"article:modified_time\" content=\"2024-09-30T08:59:58+00:00\" \/>\n<meta property=\"og:image\" content=\"https:\/\/retradycja.eu\/wp-content\/uploads\/2020\/08\/gutekzegier-4688-scaled.jpg\" \/>\n\t<meta property=\"og:image:width\" content=\"2560\" \/>\n\t<meta property=\"og:image:height\" content=\"1707\" \/>\n\t<meta property=\"og:image:type\" content=\"image\/jpeg\" \/>\n<meta name=\"twitter:card\" content=\"summary_large_image\" \/>\n<meta name=\"twitter:label1\" content=\"Szacowany czas czytania\" \/>\n\t<meta name=\"twitter:data1\" content=\"1 minuta\" \/>\n<script type=\"application\/ld+json\" class=\"yoast-schema-graph\">{\"@context\":\"https:\/\/schema.org\",\"@graph\":[{\"@type\":\"WebPage\",\"@id\":\"https:\/\/retradycja.eu\/pl\/tworca\/lina-bartasiene\/\",\"url\":\"https:\/\/retradycja.eu\/pl\/tworca\/lina-bartasiene\/\",\"name\":\"Lina Barta\u0161ien\u0117 - Festiwal Re:tradycja - Jarmark Jagiello\u0144ski\",\"isPartOf\":{\"@id\":\"https:\/\/retradycja.eu\/pl\/#website\"},\"primaryImageOfPage\":{\"@id\":\"https:\/\/retradycja.eu\/pl\/tworca\/lina-bartasiene\/#primaryimage\"},\"image\":{\"@id\":\"https:\/\/retradycja.eu\/pl\/tworca\/lina-bartasiene\/#primaryimage\"},\"thumbnailUrl\":\"https:\/\/retradycja.eu\/wp-content\/uploads\/2020\/08\/gutekzegier-4688-scaled.jpg\",\"datePublished\":\"2017-06-06T22:00:00+00:00\",\"dateModified\":\"2024-09-30T08:59:58+00:00\",\"breadcrumb\":{\"@id\":\"https:\/\/retradycja.eu\/pl\/tworca\/lina-bartasiene\/#breadcrumb\"},\"inLanguage\":\"pl-PL\",\"potentialAction\":[{\"@type\":\"ReadAction\",\"target\":[\"https:\/\/retradycja.eu\/pl\/tworca\/lina-bartasiene\/\"]}]},{\"@type\":\"ImageObject\",\"inLanguage\":\"pl-PL\",\"@id\":\"https:\/\/retradycja.eu\/pl\/tworca\/lina-bartasiene\/#primaryimage\",\"url\":\"https:\/\/retradycja.eu\/wp-content\/uploads\/2020\/08\/gutekzegier-4688-scaled.jpg\",\"contentUrl\":\"https:\/\/retradycja.eu\/wp-content\/uploads\/2020\/08\/gutekzegier-4688-scaled.jpg\",\"width\":2560,\"height\":1707,\"caption\":\"[Kobieta z uniesionymi do g\u00f3ry r\u0119kami. Na d\u0142oniach tradycyjne litewskie r\u0119kawiczki.]\"},{\"@type\":\"BreadcrumbList\",\"@id\":\"https:\/\/retradycja.eu\/pl\/tworca\/lina-bartasiene\/#breadcrumb\",\"itemListElement\":[{\"@type\":\"ListItem\",\"position\":1,\"name\":\"Strona g\u0142\u00f3wna\",\"item\":\"https:\/\/retradycja.eu\/pl\/\"},{\"@type\":\"ListItem\",\"position\":2,\"name\":\"Lina Barta\u0161ien\u0117\"}]},{\"@type\":\"WebSite\",\"@id\":\"https:\/\/retradycja.eu\/pl\/#website\",\"url\":\"https:\/\/retradycja.eu\/pl\/\",\"name\":\"Festiwal Re:tradycja - Jarmark Jagiello\u0144ski\",\"description\":\" Lublin, Stare Miasto\",\"publisher\":{\"@id\":\"https:\/\/retradycja.eu\/pl\/#organization\"},\"potentialAction\":[{\"@type\":\"SearchAction\",\"target\":{\"@type\":\"EntryPoint\",\"urlTemplate\":\"https:\/\/retradycja.eu\/pl\/?s={search_term_string}\"},\"query-input\":\"required name=search_term_string\"}],\"inLanguage\":\"pl-PL\"},{\"@type\":\"Organization\",\"@id\":\"https:\/\/retradycja.eu\/pl\/#organization\",\"name\":\"Warsztaty Kultury w Lublinie\",\"url\":\"https:\/\/retradycja.eu\/pl\/\",\"logo\":{\"@type\":\"ImageObject\",\"inLanguage\":\"pl-PL\",\"@id\":\"https:\/\/retradycja.eu\/pl\/#\/schema\/logo\/image\/\",\"url\":\"https:\/\/retradycja.eu\/wp-content\/uploads\/2022\/06\/logo_retradycje-01.png\",\"contentUrl\":\"https:\/\/retradycja.eu\/wp-content\/uploads\/2022\/06\/logo_retradycje-01.png\",\"width\":332,\"height\":63,\"caption\":\"Warsztaty Kultury w Lublinie\"},\"image\":{\"@id\":\"https:\/\/retradycja.eu\/pl\/#\/schema\/logo\/image\/\"},\"sameAs\":[\"https:\/\/www.facebook.com\/retradycja\",\"https:\/\/www.instagram.com\/retradycja_jarmarkjagiellonski\/\",\"https:\/\/www.youtube.com\/user\/JarmarkJagiellonski\"]}]}<\/script>\n<!-- \/ Yoast SEO plugin. -->","yoast_head_json":{"title":"Lina Barta\u0161ien\u0117 - Festiwal Re:tradycja - Jarmark Jagiello\u0144ski","robots":{"index":"index","follow":"follow","max-snippet":"max-snippet:-1","max-image-preview":"max-image-preview:large","max-video-preview":"max-video-preview:-1"},"canonical":"https:\/\/retradycja.eu\/pl\/tworca\/lina-bartasiene\/","og_locale":"pl_PL","og_type":"article","og_title":"Lina Barta\u0161ien\u0117 - Festiwal Re:tradycja - Jarmark Jagiello\u0144ski","og_description":"Pani Lina Barta\u0161ien\u0117 od 1988 r. wykonuje tradycyjne litewskie r\u0119kawiczki, kontynuuj\u0105c tradycje regionu Auksztoty. Umiej\u0119tno\u015bci i wiedz\u0119 otrzyma\u0142a od starszych [&hellip;]","og_url":"https:\/\/retradycja.eu\/pl\/tworca\/lina-bartasiene\/","og_site_name":"Festiwal Re:tradycja - Jarmark Jagiello\u0144ski","article_publisher":"https:\/\/www.facebook.com\/retradycja","article_modified_time":"2024-09-30T08:59:58+00:00","og_image":[{"width":2560,"height":1707,"url":"https:\/\/retradycja.eu\/wp-content\/uploads\/2020\/08\/gutekzegier-4688-scaled.jpg","type":"image\/jpeg"}],"twitter_card":"summary_large_image","twitter_misc":{"Szacowany czas czytania":"1 minuta"},"schema":{"@context":"https:\/\/schema.org","@graph":[{"@type":"WebPage","@id":"https:\/\/retradycja.eu\/pl\/tworca\/lina-bartasiene\/","url":"https:\/\/retradycja.eu\/pl\/tworca\/lina-bartasiene\/","name":"Lina Barta\u0161ien\u0117 - Festiwal Re:tradycja - Jarmark Jagiello\u0144ski","isPartOf":{"@id":"https:\/\/retradycja.eu\/pl\/#website"},"primaryImageOfPage":{"@id":"https:\/\/retradycja.eu\/pl\/tworca\/lina-bartasiene\/#primaryimage"},"image":{"@id":"https:\/\/retradycja.eu\/pl\/tworca\/lina-bartasiene\/#primaryimage"},"thumbnailUrl":"https:\/\/retradycja.eu\/wp-content\/uploads\/2020\/08\/gutekzegier-4688-scaled.jpg","datePublished":"2017-06-06T22:00:00+00:00","dateModified":"2024-09-30T08:59:58+00:00","breadcrumb":{"@id":"https:\/\/retradycja.eu\/pl\/tworca\/lina-bartasiene\/#breadcrumb"},"inLanguage":"pl-PL","potentialAction":[{"@type":"ReadAction","target":["https:\/\/retradycja.eu\/pl\/tworca\/lina-bartasiene\/"]}]},{"@type":"ImageObject","inLanguage":"pl-PL","@id":"https:\/\/retradycja.eu\/pl\/tworca\/lina-bartasiene\/#primaryimage","url":"https:\/\/retradycja.eu\/wp-content\/uploads\/2020\/08\/gutekzegier-4688-scaled.jpg","contentUrl":"https:\/\/retradycja.eu\/wp-content\/uploads\/2020\/08\/gutekzegier-4688-scaled.jpg","width":2560,"height":1707,"caption":"[Kobieta z uniesionymi do g\u00f3ry r\u0119kami. Na d\u0142oniach tradycyjne litewskie r\u0119kawiczki.]"},{"@type":"BreadcrumbList","@id":"https:\/\/retradycja.eu\/pl\/tworca\/lina-bartasiene\/#breadcrumb","itemListElement":[{"@type":"ListItem","position":1,"name":"Strona g\u0142\u00f3wna","item":"https:\/\/retradycja.eu\/pl\/"},{"@type":"ListItem","position":2,"name":"Lina Barta\u0161ien\u0117"}]},{"@type":"WebSite","@id":"https:\/\/retradycja.eu\/pl\/#website","url":"https:\/\/retradycja.eu\/pl\/","name":"Festiwal Re:tradycja - Jarmark Jagiello\u0144ski","description":" Lublin, Stare Miasto","publisher":{"@id":"https:\/\/retradycja.eu\/pl\/#organization"},"potentialAction":[{"@type":"SearchAction","target":{"@type":"EntryPoint","urlTemplate":"https:\/\/retradycja.eu\/pl\/?s={search_term_string}"},"query-input":"required name=search_term_string"}],"inLanguage":"pl-PL"},{"@type":"Organization","@id":"https:\/\/retradycja.eu\/pl\/#organization","name":"Warsztaty Kultury w Lublinie","url":"https:\/\/retradycja.eu\/pl\/","logo":{"@type":"ImageObject","inLanguage":"pl-PL","@id":"https:\/\/retradycja.eu\/pl\/#\/schema\/logo\/image\/","url":"https:\/\/retradycja.eu\/wp-content\/uploads\/2022\/06\/logo_retradycje-01.png","contentUrl":"https:\/\/retradycja.eu\/wp-content\/uploads\/2022\/06\/logo_retradycje-01.png","width":332,"height":63,"caption":"Warsztaty Kultury w Lublinie"},"image":{"@id":"https:\/\/retradycja.eu\/pl\/#\/schema\/logo\/image\/"},"sameAs":["https:\/\/www.facebook.com\/retradycja","https:\/\/www.instagram.com\/retradycja_jarmarkjagiellonski\/","https:\/\/www.youtube.com\/user\/JarmarkJagiellonski"]}]}},"_links":{"self":[{"href":"https:\/\/retradycja.eu\/pl\/wp-json\/wp\/v2\/tworca\/3400"}],"collection":[{"href":"https:\/\/retradycja.eu\/pl\/wp-json\/wp\/v2\/tworca"}],"about":[{"href":"https:\/\/retradycja.eu\/pl\/wp-json\/wp\/v2\/types\/tworca"}],"wp:featuredmedia":[{"embeddable":true,"href":"https:\/\/retradycja.eu\/pl\/wp-json\/wp\/v2\/media\/3401"}],"wp:attachment":[{"href":"https:\/\/retradycja.eu\/pl\/wp-json\/wp\/v2\/media?parent=3400"}],"wp:term":[{"taxonomy":"dziedzina_tworczosci","embeddable":true,"href":"https:\/\/retradycja.eu\/pl\/wp-json\/wp\/v2\/dziedzina_tworczosci?post=3400"},{"taxonomy":"kategoria_wydarzenia","embeddable":true,"href":"https:\/\/retradycja.eu\/pl\/wp-json\/wp\/v2\/kategoria_wydarzenia?post=3400"},{"taxonomy":"kategoria_tworcy","embeddable":true,"href":"https:\/\/retradycja.eu\/pl\/wp-json\/wp\/v2\/kategoria_tworcy?post=3400"},{"taxonomy":"edycja","embeddable":true,"href":"https:\/\/retradycja.eu\/pl\/wp-json\/wp\/v2\/edycja?post=3400"},{"taxonomy":"kraj_tworcy","embeddable":true,"href":"https:\/\/retradycja.eu\/pl\/wp-json\/wp\/v2\/kraj_tworcy?post=3400"}],"curies":[{"name":"wp","href":"https:\/\/api.w.org\/{rel}","templated":true}]}}