{"id":36204,"date":"2020-10-01T16:32:49","date_gmt":"2020-10-01T14:32:49","guid":{"rendered":"https:\/\/retradycja.eu\/?page_id=36204"},"modified":"2025-09-08T11:51:25","modified_gmt":"2025-09-08T09:51:25","slug":"letnia-szkola-tradycji","status":"publish","type":"page","link":"https:\/\/retradycja.eu\/pl\/letnia-szkola-tradycji\/","title":{"rendered":"Letnia Szko\u0142a Tradycji"},"content":{"rendered":"<p><div class=\"fusion-fullwidth fullwidth-box fusion-builder-row-1 fusion-flex-container nonhundred-percent-fullwidth non-hundred-percent-height-scrolling\" style=\"--awb-border-radius-top-left:0px;--awb-border-radius-top-right:0px;--awb-border-radius-bottom-right:0px;--awb-border-radius-bottom-left:0px;--awb-margin-top:2%;--awb-background-color:#ffffff;--awb-flex-wrap:wrap;\" ><div class=\"fusion-builder-row fusion-row fusion-flex-align-items-flex-start fusion-flex-content-wrap\" style=\"max-width:calc( 1920px + 0px );margin-left: calc(-0px \/ 2 );margin-right: calc(-0px \/ 2 );\"><div class=\"fusion-layout-column fusion_builder_column fusion-builder-column-0 fusion_builder_column_1_1 1_1 fusion-flex-column\" style=\"--awb-padding-left:8%;--awb-bg-size:cover;--awb-width-large:100%;--awb-margin-top-large:0px;--awb-spacing-right-large:0px;--awb-margin-bottom-large:20px;--awb-spacing-left-large:0px;--awb-width-medium:100%;--awb-spacing-right-medium:0px;--awb-spacing-left-medium:0px;--awb-width-small:100%;--awb-spacing-right-small:0px;--awb-spacing-left-small:0px;\"><div class=\"fusion-column-wrapper fusion-column-has-shadow fusion-flex-justify-content-flex-start fusion-content-layout-column\"><div class=\"fusion-text fusion-text-1 czarny_tekst\"><h1 style=\"color: #ffffff;\">Letnia Szko\u0142a Tradycji<\/h1>\n<\/div><\/div><\/div><\/div><\/div><div class=\"fusion-fullwidth fullwidth-box fusion-builder-row-2 fusion-flex-container nonhundred-percent-fullwidth non-hundred-percent-height-scrolling\" style=\"--awb-border-radius-top-left:0px;--awb-border-radius-top-right:0px;--awb-border-radius-bottom-right:0px;--awb-border-radius-bottom-left:0px;--awb-padding-right:8%;--awb-padding-left:8%;--awb-background-color:#ffffff;--awb-flex-wrap:wrap;\" ><div class=\"fusion-builder-row fusion-row fusion-flex-align-items-flex-start fusion-flex-content-wrap\" style=\"max-width:calc( 1920px + 0px );margin-left: calc(-0px \/ 2 );margin-right: calc(-0px \/ 2 );\"><div class=\"fusion-layout-column fusion_builder_column fusion-builder-column-1 fusion_builder_column_1_1 1_1 fusion-flex-column\" style=\"--awb-bg-size:cover;--awb-width-large:100%;--awb-margin-top-large:0px;--awb-spacing-right-large:0px;--awb-margin-bottom-large:20px;--awb-spacing-left-large:0px;--awb-width-medium:100%;--awb-spacing-right-medium:0px;--awb-spacing-left-medium:0px;--awb-width-small:100%;--awb-spacing-right-small:0px;--awb-spacing-left-small:0px;\"><div class=\"fusion-column-wrapper fusion-column-has-shadow fusion-flex-justify-content-flex-start fusion-content-layout-column\"><div class=\"fusion-text fusion-text-2\"><p>Letnia Szko\u0142a Tradycji to program specjalistycznych i rozbudowanych warsztat\u00f3w dla os\u00f3b zainteresowanych tradycyjnym rzemios\u0142em i sztuk\u0105 ludow\u0105. Podstawow\u0105 zasad\u0105 podczas warsztat\u00f3w jest relacja mistrz-ucze\u0144. Relacja ta, ze wzgl\u0119du na swoj\u0105 wyj\u0105tkowo\u015b\u0107 i bezpo\u015brednio\u015b\u0107 przekazu, jest skutecznym narz\u0119dziem wspomagania procesu przekazu tradycji.<\/p>\n<p><strong>Wybierz interesuj\u0105c\u0105 Ci\u0119 edycj\u0119:<\/strong><\/p>\n<\/div><\/div><\/div><\/div><\/div><div class=\"fusion-fullwidth fullwidth-box fusion-builder-row-3 fusion-flex-container nonhundred-percent-fullwidth non-hundred-percent-height-scrolling\" style=\"--awb-border-radius-top-left:0px;--awb-border-radius-top-right:0px;--awb-border-radius-bottom-right:0px;--awb-border-radius-bottom-left:0px;--awb-padding-right:8%;--awb-padding-left:8%;--awb-background-color:#ffffff;--awb-flex-wrap:wrap;\" ><div class=\"fusion-builder-row fusion-row fusion-flex-align-items-flex-start fusion-flex-content-wrap\" style=\"max-width:1996.8px;margin-left: calc(-4% \/ 2 );margin-right: calc(-4% \/ 2 );\"><div class=\"fusion-layout-column fusion_builder_column fusion-builder-column-2 fusion_builder_column_1_2 1_2 fusion-flex-column\" style=\"--awb-padding-top:5%;--awb-bg-size:cover;--awb-width-large:50%;--awb-margin-top-large:0px;--awb-spacing-right-large:3.84%;--awb-margin-bottom-large:20px;--awb-spacing-left-large:3.84%;--awb-width-medium:50%;--awb-spacing-right-medium:3.84%;--awb-spacing-left-medium:3.84%;--awb-width-small:100%;--awb-spacing-right-small:1.92%;--awb-spacing-left-small:1.92%;\"><div class=\"fusion-column-wrapper fusion-column-has-shadow fusion-flex-justify-content-flex-start fusion-content-layout-column\"><div class=\"accordian fusion-accordian\" style=\"--awb-border-size:1px;--awb-icon-size:16px;--awb-content-font-size:0.9em;--awb-icon-alignment:left;--awb-hover-color:#f9f9fb;--awb-border-color:#e2e2e2;--awb-background-color:#ffffff;--awb-divider-color:#e2e2e2;--awb-divider-hover-color:#e2e2e2;--awb-icon-color:#ffffff;--awb-title-color:#75160f;--awb-content-color:#000000;--awb-icon-box-color:#212934;--awb-toggle-hover-accent-color:#000000;--awb-title-font-family:&quot;Raleway&quot;;--awb-title-font-weight:400;--awb-title-font-style:normal;--awb-content-font-family:&quot;Raleway&quot;;--awb-content-font-style:normal;--awb-content-font-weight:500;\"><div class=\"panel-group fusion-toggle-icon-boxed\" id=\"accordion-36204-1\"><div class=\"fusion-panel panel-default panel-1509314a83db6fcb4 fusion-toggle-has-divider\" style=\"--awb-title-color:#75160f;\"><div class=\"panel-heading\"><h4 class=\"panel-title toggle\" id=\"toggle_1509314a83db6fcb4\"><a aria-expanded=\"false\" aria-controls=\"1509314a83db6fcb4\" role=\"button\" data-toggle=\"collapse\" data-parent=\"#accordion-36204-1\" data-target=\"#1509314a83db6fcb4\" href=\"#1509314a83db6fcb4\"><span class=\"fusion-toggle-icon-wrapper\" aria-hidden=\"true\"><i class=\"fa-fusion-box active-icon awb-icon-minus\" aria-hidden=\"true\"><\/i><i class=\"fa-fusion-box inactive-icon awb-icon-plus\" aria-hidden=\"true\"><\/i><\/span><span class=\"fusion-toggle-heading\">2025 | Taniec tradycyjny<\/span><\/a><\/h4><\/div><div id=\"1509314a83db6fcb4\" class=\"panel-collapse collapse \" aria-labelledby=\"toggle_1509314a83db6fcb4\"><div class=\"panel-body toggle-content fusion-clearfix\">\n<p>Program warsztatowy Letniej Szko\u0142y Tradycji w 2025 roku po\u015bwi\u0119cony by\u0142 tradycyjnemu ta\u0144cu w formie niescenicznej. Dla os\u00f3b dopiero zaczynaj\u0105cych swoj\u0105 taneczn\u0105 przygod\u0119 przygotowane by\u0142y zaj\u0119cia z podstaw ta\u0144ca. Grupa ta pozna\u0142a tak\u017ce wykonywane w parach, tr\u00f3jkach i korowodach ta\u0144ce podlaskie oraz towarzysz\u0105ce im pie\u015bni. Tym, kt\u00f3rzy chcieli pog\u0142\u0119bi\u0107 swoje umiej\u0119tno\u015bci, zaproponowano nauk\u0119 kujawiaka i ta\u0144c\u00f3w z Biskupizny&nbsp;<\/p>\n<h2 class=\"fusion-responsive-typography-calculated\" data-fontsize=\"26\" data-lineheight=\"31.2px\"><strong>Szczeg\u00f3\u0142owy program warsztat\u00f3w:<\/strong><\/h2>\n<p><strong>Kujawiak | Prowadzenie: Dominik W\u00f3lta\u0144ski<\/strong><\/p>\n<p>Wirowanie mazurkowe jest najpopularniejszym sposobem tradycyjnego ta\u0144czenia w Polsce. Opr\u00f3cz najbardziej rozpoznawalnego i najcz\u0119\u015bciej ta\u0144czonego oberka na tradycyjnym parkiecie grany jest r\u00f3wnie\u017c i cz\u0119sto wyczekiwany kujawiak. Taniec kojarzony z Kujawami znany jest te\u017c z rejon\u00f3w s\u0105siednich, cho\u0107by z \u0142\u0119czyckiego, \u0142owickiego, sannickiego oraz Pa\u0142uk. Kujawiak w tradycyjnej, niestylizowanej postaci wykonywany bywa\u0142 w garniturze tanecznym: rozpoczynany chodzonym z figurami, a ko\u0144czony mazurem-oberkiem. Kujawiak w\u0142a\u015bciwy opiera si\u0119 na charakterystycznym pulsie, kt\u00f3ry w wykonaniu tancerzy dostosowany jest do rozci\u0105g\u0142ego rubato wygrywanego przez muzykant\u00f3w.<\/p>\n<p>Celem dwudniowego programu warsztat\u00f3w kujawiaka jest nauka techniki p\u0142ynnego pulsu oraz wirowania w parze w ta\u0144cu o tempie spokojnym i szybszym. W programie znajd\u0105 si\u0119 \u0107wiczenia z prowadzenia i pod\u0105\u017cania w parze, nauka wygodnego i komunikatywnego trzymania, poznawanie i odwzorowanie rytmu z uwzgl\u0119dnieniem rubato, opanowywanie skutecznego i komfortowego wirowania w wi\u0119cej ni\u017c jedn\u0105 stron\u0119.<\/p>\n<p>Do zaj\u0119\u0107 b\u0119dzie przygrywa\u0107 Kazuma Ishio z Torunia (Skrzypkowie Dzielni, n-obrot\u00f3w).<\/p>\n<p><strong>O Dominiku W\u00f3lta\u0144skim<\/strong><\/p>\n<p>Pasjonat ta\u0144c\u00f3w tradycyjnych, w szczeg\u00f3lno\u015bci tych wirowych. Jego fascynacj\u0105 s\u0105 muzyczno-taneczne tradycje p\u00f3\u0142nocnych region\u00f3w Polski (Kujawy i Pa\u0142uki oraz Kurpie) i kraj\u00f3w, w kt\u00f3rych taniec polski przed wiekami si\u0119 zadomowi\u0142, w szczeg\u00f3lno\u015bci w Szwecji. Od ponad 15 lat promuje ta\u0144czenie kujawiaka na dechach w Polsce. Tancerz i instruktor ta\u0144ca, organizator i animator wydarze\u0144 muzyczno-tanecznych oraz nauczyciel pierwszych d\u017awi\u0119k\u00f3w na skrzypcach. Muzyk w zespo\u0142ach agregandado oraz Skrzypkowie Dzielni. Opracowa\u0142 w\u0142asn\u0105 interpretacj\u0119 wykonawcz\u0105 i spos\u00f3b nauczania kujawiaka oraz kurpiowskiego powolniaka do ta\u0144czenia na pota\u0144c\u00f3wkach.<\/p>\n<hr>\n<p><strong>Ta\u0144ce biskupia\u0144skie | Prowadzenie: Grzegorz Ajdacki<\/strong><\/p>\n<p>Biskupizna to mikroregion w po\u0142udniowej Wielkopolsce, obejmuj\u0105cy zaledwie jedno miasteczko i kilkana\u015bcie wiosek. Ma\u0142o kto jednak wie, \u017ce mimo niewielkich rozmiar\u00f3w ma jedn\u0105 z najsilniejszych w naszym kraju kultur tanecznych, nierozerwalnie zwi\u0105zan\u0105 z muzyk\u0105 i \u015bpiewem.<\/p>\n<p>W czasie warsztat\u00f3w nauczymy si\u0119 tamtejszych ta\u0144c\u00f3w, przede wszystkim: wiwata, przodka, r\u00f3wnego i sibra oraz kilku zasad, bez kt\u00f3rych uczestnictwo w biskupia\u0144skiej zabawie mog\u0142oby prowadzi\u0107 do nieporozumie\u0144. Dawniej podobne zasady by\u0142y norm\u0105 r\u00f3wnie\u017c w innych regionach naszego kraju \u2013 ich znajomo\u015b\u0107 pomo\u017ce zatem w uczestnictwie we wszelkich tradycyjnych zabawach.<\/p>\n<p>Do zaj\u0119\u0107 b\u0119dzie przygrywa\u0107 kapela Biskupianie w sk\u0142adzie Ma\u0142gorzata Szymankiewicz i Krzysztof Polowczyk, a tak\u017ce Rafa\u0142 Mi\u015bta.<\/p>\n<p><strong>O Grzegorzu Ajdackim<\/strong><\/p>\n<p>Z wykszta\u0142cenia geograf, pracowa\u0142 jako redaktor podr\u0119cznik\u00f3w szkolnych, map i atlas\u00f3w, obecnie jest nauczycielem geografii, dramy i przedmiot\u00f3w artystycznych. Z zami\u0142owania tancerz, regionalista i etnolog. Od wielu lat zajmuje si\u0119 przekazywaniem praktycznej wiedzy o kulturze. Propaguje tradycyjne ta\u0144ce i zabawy regionalne w\u015br\u00f3d dzieci, m\u0142odzie\u017cy i doros\u0142ych, prowadz\u0105c w wielu miejscach w kraju i za granic\u0105 zaj\u0119cia, imprezy i projekty taneczne. Pog\u0142\u0119bia swoj\u0105 wiedz\u0119 i umiej\u0119tno\u015bci, ucz\u0105c si\u0119 nadal od wiejskich tancerzy.<\/p>\n<hr>\n<p><strong>Ta\u0144ce podlaskie | Prowadzenie: Anna Fionik<\/strong><\/p>\n<p>Zaj\u0119cia tej grupy warsztatowej skupi\u0105 si\u0119 zar\u00f3wno na ta\u0144cu (korowodowym, w parach, w tr\u00f3jkach), jak i na towarzysz\u0105cym mu \u015bpiewie. Spotkanie to stanie si\u0119 wi\u0119c okazj\u0105 do poznania r\u00f3\u017cnorodno\u015bci i bogactwa podlaskiego repertuaru tanecznego, towarzysz\u0105cego bardzo r\u00f3\u017cnym okazjom \u2013 zar\u00f3wno obrz\u0119dom, jak i zwyk\u0142ej zabawie.<\/p>\n<p>Podczas warsztat\u00f3w poznamy tradycyjne korowody oraz ta\u0144ce podlaskich Bia\u0142orusin\u00f3w z terenu powiatu bielskiego, hajnowskiego i siemiatyckiego wojew\u00f3dztwa podlaskiego. Zaczniemy od najstarszych form ta\u0144ca zespo\u0142owego, kt\u00f3rym s\u0105 korowody, wodzone g\u0142\u00f3wnie podczas \u015bpiewania pie\u015bni wiosennych \u2013 ohulek, rzadziej w czasie \u015bpiewania pie\u015bni \u017cniwnych. Z korowod\u00f3w uformowa\u0142y si\u0119 z czasem takie ta\u0144ce zespo\u0142owe jak: \u201eOj, za hajem\u201d, \u201eNa recza\u0144ku\u201d, \u201eJab\u0142yczko\u201d. Na warsztatach zaprezentujemy tak\u017ce inne ta\u0144ce z bielskiego Podlasia, wykonywane w parach lub tr\u00f3jkach, m.in.: \u201ePodispan\u201d, \u201eKorobuszka\u201d, \u201e\u0141ysy\u201d, \u201eKrakowiak\u201d i inne.<\/p>\n<p>Do zaj\u0119\u0107 b\u0119d\u0105 przygrywa\u0107 Doroteusz Fionik i Maksym Fionik.<\/p>\n<p class=\"fusion-responsive-typography-calculated\" data-fontsize=\"22\" data-lineheight=\"28.6px\"><strong>O Annie Fionik<\/strong><\/p>\n<p>Zwi\u0105zana ze Studziwodami pedagog kultury tradycyjnej, etnomuzykolo\u017cka, specjalistka od \u015bpiewu tradycyjnego podlaskich Bia\u0142orusin\u00f3w. W 2003 roku, wraz z bratem Doroteuszem, za\u0142o\u017cy\u0142a studio folkloru \u201e\u017bemerwa\u201d, kt\u00f3re prowadzi dzia\u0142alno\u015b\u0107 wykonawcz\u0105, edukacyjn\u0105 oraz badawcz\u0105 w zakresie tradycyjnych pie\u015bni, obrz\u0119d\u00f3w i ta\u0144c\u00f3w podlaskich Bia\u0142orusin\u00f3w. Wsp\u00f3\u0142tw\u00f3rczyni Podlasko-Poleskich Spotka\u0144 w Tradycji \u201eTam po majowuj rosi\u201d oraz Letniej Szko\u0142y Tradycji, dzia\u0142aj\u0105cej od 2003 roku przy muzeum w Studziwodach. \u015apiewaczka mi\u0119dzynarodowego zespo\u0142u \u201eSchola W\u0119gajty\u201d.<\/p>\n<hr>\n<p><strong>Podstawy ta\u0144ca tradycyjnego | Prowadzenie: Piotr Zgorzelski<\/strong><\/p>\n<p>Celem warsztat\u00f3w b\u0119dzie nauka i opanowanie w stopniu podstawowym zasad obowi\u0105zuj\u0105cych w niescenicznych formach ta\u0144ca tradycyjnego o rytmice mazurkowej i polkowej oraz element\u00f3w z ni\u0105 zwi\u0105zanych takich jak: ta\u0144czenie w parze, ta\u0144czenie po kole, wirowanie w parze w uk\u0142adzie otwartym i zamkni\u0119tym. W trakcie warsztat\u00f3w pojawi si\u0119 tak\u017ce du\u017ca ilo\u015b\u0107 \u0107wicze\u0144 rytmicznych, dzi\u0119ki kt\u00f3rym w naszym ta\u0144cu pojawi si\u0119 p\u0142ynno\u015b\u0107, spontaniczno\u015b\u0107, \u017cywio\u0142owo\u015b\u0107 i rado\u015b\u0107. Opanowanie tych krok\u00f3w i tanecznych zasad pozwoli cieszy\u0107 si\u0119 ta\u0144cem na miejskich i wiejskich pota\u0144c\u00f3wkach, a wszystko to przy zachowaniu charakterystycznych cech stylu i manier wykonawczych.<\/p>\n<p>Warsztaty przewidziane s\u0105 przede wszystkim dla os\u00f3b pocz\u0105tkuj\u0105cych i \u015bredniozaawansowanych (kt\u00f3re chc\u0105 utrwali\u0107 sobie podstawowe umiej\u0119tno\u015bci), ale na pewno skorzystaj\u0105 z nich tak\u017ce nauczyciele i uczniowie szk\u00f3\u0142 muzycznych i baletowych, instruktorzy, tancerze, muzycy, animatorzy kultury, muzyko- i choreoterapeuci, kt\u00f3rzy b\u0119d\u0105 mogli pog\u0142\u0119bi\u0107 swoj\u0105 wiedz\u0119 i umiej\u0119tno\u015bci dotycz\u0105ce metodyki nauczania polskich ta\u0144c\u00f3w ludowych w formach niescenicznych oraz pozyska\u0107 materia\u0142 taneczny do wykorzystania we w\u0142asnej pracy.<\/p>\n<p>W warsztatach wykorzystane zostan\u0105 melodie oberk\u00f3w i polek z r\u00f3\u017cnych region\u00f3w Polski.<\/p>\n<p><strong>O Piotrze Zgorzelskim<\/strong><\/p>\n<p>Warszawiak, etnolog, tancerz, animator kultury, aktor, juror w konkursach ta\u0144ca tradycyjnego. Inicjator odrodzenia polskich ta\u0144c\u00f3w tradycyjnych w formach niescenicznych. Powo\u0142a\u0142 i prowadzi pierwsz\u0105 w Polsce AKADEMI\u0118 TA\u0143CA TRADYCYJNEGO. Ta\u0144cem tradycyjnym zajmuje si\u0119 od blisko 30 lat. Uczy\u0142 si\u0119 bezpo\u015brednio od wiejskich tancerzy, jak r\u00f3wnie\u017c ze \u017ar\u00f3de\u0142 archiwalnych, wypracowuj\u0105c autorski program zaj\u0119\u0107 uwzgl\u0119dniaj\u0105cy wsp\u00f3\u0142czesne predyspozycje i umiej\u0119tno\u015bci pokolenia pozbawionego \u017cywego kontaktu z muzyk\u0105 ludow\u0105. Wsp\u00f3\u0142za\u0142o\u017cyciel warszawskiego Stowarzyszenia \u201eDom Ta\u0144ca\u201d (1994) i jego kilkuletni prezes. Tw\u00f3rca i propagator nowoczesnej formu\u0142y ta\u0144czenia ta\u0144c\u00f3w tradycyjnych okre\u015blanej jako MAZUREK FREESTYLE. Jest autorem projektu internetowych lekcji ta\u0144ca tradycyjnego na kanale YouTube \u2013 TANIEC TRADYCYJNY PL.<\/p>\n<p><strong>Organizatorem Letniej Szko\u0142y Tradycji jest Fundacja Kultura Enter. Projekt jest realizowany przy wsparciu Miasta Lublin. Wsp\u00f3\u0142praca: Warsztaty Kultury w Lublinie, Festiwal Re:tradycja \u2013 Jarmark Jagiello\u0144ski, Klasztor oo. Dominikan\u00f3w w Lublinie.<\/strong><\/p>\n<\/div><\/div><\/div><div class=\"fusion-panel panel-default panel-27244711b662bf5c9 fusion-toggle-has-divider\" style=\"--awb-title-color:#75160f;\"><div class=\"panel-heading\"><h4 class=\"panel-title toggle\" id=\"toggle_27244711b662bf5c9\"><a aria-expanded=\"false\" aria-controls=\"27244711b662bf5c9\" role=\"button\" data-toggle=\"collapse\" data-parent=\"#accordion-36204-1\" data-target=\"#27244711b662bf5c9\" href=\"#27244711b662bf5c9\"><span class=\"fusion-toggle-icon-wrapper\" aria-hidden=\"true\"><i class=\"fa-fusion-box active-icon awb-icon-minus\" aria-hidden=\"true\"><\/i><i class=\"fa-fusion-box inactive-icon awb-icon-plus\" aria-hidden=\"true\"><\/i><\/span><span class=\"fusion-toggle-heading\">2024 | \u015apiew tradycyjny <\/span><\/a><\/h4><\/div><div id=\"27244711b662bf5c9\" class=\"panel-collapse collapse \" aria-labelledby=\"toggle_27244711b662bf5c9\"><div class=\"panel-body toggle-content fusion-clearfix\">\n<p><span style=\"font-weight: 400;\">W 2024 r. Letnia Szko\u0142a Tradycji to spotkanie ze \u015bpiewem wybranych grup etnicznych i etnograficznych zamieszkuj\u0105cych Polsk\u0119, a tak\u017ce tradycj\u0105 reemigrant\u00f3w. Ka\u017cda z 5 grup warsztatowych przez kilka dni b\u0119dzie mia\u0142a mo\u017cliwo\u015b\u0107 zapoznania si\u0119 z repertuarem i stylem wykonawczym konkretnej spo\u0142eczno\u015bci. Poprzez dotkni\u0119cie tego tematu chcemy zwr\u00f3ci\u0107 uwag\u0119 na r\u00f3\u017cnorodno\u015bci\u0105 tradycji \u015bpiewaczych w Polsce. Istotny b\u0119dzie zar\u00f3wno temat utwor\u00f3w, cechy typowe dla danej tradycji \u015bpiewaczej, jak i j\u0119zyk, w jakim s\u0105 wykonywane pie\u015bni. Ka\u017cda z prezentowanych grup stara si\u0119 bowiem podtrzymywa\u0107 sw\u00f3j j\u0119zyk\/gwar\u0119, a tradycje \u015bpiewacze s\u0105 istotnym elementem tego przekazu.&nbsp;<\/span><\/p>\n<p><b>Pie\u015bni romskie | Prowadzenie: Teresa Mirga<\/b><\/p>\n<p><span style=\"font-weight: 400;\">Warsztaty z Teres\u0105 Mirg\u0105 w ramach Letniej Szko\u0142y Tradycji to wyj\u0105tkowa mo\u017cliwo\u015b\u0107 spotkania z kultur\u0105 i tw\u00f3rczo\u015bci\u0105 romsk\u0105. Przez kilka dni zaj\u0119\u0107 uczestnicy naucz\u0105 si\u0119 pie\u015bni wywodz\u0105cych si\u0119 z r\u00f3\u017cnych muzycznych tradycji romskich. Kolejno na warsztat zostan\u0105 wzi\u0119te pie\u015bni Rom\u00f3w Bergitka, a nast\u0119pnie Rom\u00f3w w\u0119gierskich oraz ba\u0142ka\u0144skich. Jednym z modu\u0142\u00f3w warsztat\u00f3w b\u0119dzie te\u017c zapoznanie si\u0119 z autorskim repertuarem Teresy Mirgi \u2013 tworzonym na bazie pie\u015bni tradycyjnych i korzeni, z kt\u00f3rych wywodzi si\u0119 autorka i kompozytorka utwor\u00f3w.<\/span><\/p>\n<p>Dost\u0119pno\u015b\u0107: sala na parterze<\/p>\n<p><b>Teresa Mirga&nbsp;<\/b><\/p>\n<p><span style=\"font-weight: 400;\">Romska poetka, pie\u015bniarka, gitarzystka, za\u0142o\u017cycielka i liderka zespo\u0142u Ka\u0142e Ba\u0142a (Czarne W\u0142osy). Tworzy w j\u0119zyku polskim i romskim. Pochodzi z rodziny Rom\u00f3w Karpackich od pokole\u0144 mieszkaj\u0105cej na Spiszu w Czarnej G\u00f3rze k. Bukowiny Tatrza\u0144skiej, gdzie Romowie Bergitka prowadz\u0105 osiad\u0142y tryb \u017cycia od niemal trzystu lat. Powsta\u0142y w latach 90. zesp\u00f3\u0142 Ka\u0142e Ba\u0142a, autorski projekt Teresy Mirgi, si\u0119ga do tradycji Rom\u00f3w Karpackich, ale te\u017c i grup etnograficznych zamieszkuj\u0105cych \u0142uk Karpat.<\/span><\/p>\n<hr>\n<p><b>Pie\u015bni \u015bl\u0105skie | Prowadzenie: Iwona Wyl\u0119ga\u0142a<\/b><\/p>\n<p><span style=\"font-weight: 400;\">\u015apiewanie \u015bl\u0105skich pie\u015bni to przygoda nie tylko muzyczna, ale i j\u0119zykowa. Poznaj\u0105c zar\u00f3wno \u015bpiewki nagrywane od lat 60-tych XX w., pochodz\u0105ce z archiw\u00f3w r\u00f3\u017cnych instytucji, jak i te zarejestrowane podczas spotka\u0144 z wiejskimi \u015bpiewaczkami w czerwcu 2024, b\u0119dziemy mie\u0107 okazj\u0119 do do\u015bwiadczania rozmaito\u015bci dialektu \u015bl\u0105skiego. Pojawi si\u0119 te\u017c folklor wieloj\u0119zyczny \u2013 specjalno\u015b\u0107 regionu, b\u0119d\u0105ca wizyt\u00f3wk\u0105 \u015bl\u0105skiego humoru. Opr\u00f3cz pracy nad specyficzn\u0105, bardzo przyjazn\u0105 cia\u0142u emisj\u0105 pie\u015bni, b\u0119dzie mo\u017cna zapozna\u0107 si\u0119 tak\u017ce z ich stylem oraz kontekstem wykonawczym. Za\u015bpiewamy pie\u015bni jednog\u0142osowe, ale pojawi si\u0119 te\u017c wielog\u0142os, kt\u00f3ry wr\u00f3s\u0142 w tradycj\u0119 prawie 100 lat temu. Nie zabraknie czasu na przygotowanie si\u0119 do pracy z g\u0142osem, ale tak\u017ce na to, by&nbsp;odczu\u0107, na czym polega przyjemno\u015b\u0107 tradycyjnego \u015bl\u0105skiego \u015bpiewania.<\/span><\/p>\n<p><span style=\"font-weight: 400;\">Dost\u0119pno\u015b\u0107: sala na parterze<\/span><\/p>\n<p><b>Iwona Wyl\u0119ga\u0142a<\/b><\/p>\n<p><span style=\"font-weight: 400;\">Etnolo\u017cka oraz animatorka kultury, dwukrotna stypendystka MKiDN, wyk\u0142adowczyni studi\u00f3w podyplomowych na kierunku Muzyka Tradycyjna na Akademii Muzycznej im. Karola Szymanowskiego w Katowicach. Bada, dokumentuje i popularyzuje tradycyjny \u015bpiew ludowy ze \u015al\u0105ska Opolskiego. Od 2009 r. prowadzi liczne warsztaty wokalne dla dzieci i doros\u0142ych oraz Zesp\u00f3\u0142 \u015apiewu Tradycyjnego \u201eNiez\u0142e Zi\u00f3\u0142ka\u201d. Wraz z zespo\u0142em oraz solo jest laureatk\u0105 OFKi\u015aL w Kazimierzu w 2017 r. oraz Turnieju Muzyk\u00f3w Prawdziwych w Szczecinie w 2018 r. Nagrania z za\u015bpiewanymi przez ni\u0105 pie\u015bniami stanowi\u0105 t\u0142o muzyczne wystawy sta\u0142ej w Muzeum Ziemi Prudnickiej. Pracuje z nagraniami archiwalnymi, ale jest r\u00f3wnie\u017c uczennic\u0105 wiejskich \u015bpiewaczek. Zainicjowa\u0142a spotkania \u015bpiewak\u00f3w woj. opolskiego. Od 2014 r. we wsp\u00f3\u0142pracy z instytucjami kultury i edukacji oraz organizacjami pozarz\u0105dowymi zrealizowa\u0142a wiele projekt\u00f3w edukacyjnych m.in. cykle warsztat\u00f3w, audycji radiowych oraz film\u00f3w po\u015bwi\u0119conych pie\u015bniom ze \u015al\u0105ska. W 2019 r. nagra\u0142a 12 pie\u015bni ze zbioru Juliusa Rogera w projekcie Wikimedii Polska, dla zilustrowania \u015bpiewu w lokalnym \u015bl\u0105skim stylu.<\/span><\/p>\n<hr>\n<p><b>Pie\u015bni kaszubskie | Prowadzenie : Joanna Gostkowska<\/b><\/p>\n<p><span style=\"font-weight: 400;\">Podczas warsztat\u00f3w b\u0119dziemy pracowa\u0107 nad kaszubskim repertuarem tradycyjnym \u2013 podstaw\u0105 b\u0119d\u0105 pie\u015bni wyselekcjonowane ze zbior\u00f3w fonograficznych PAN i innych, a tak\u017ce ze \u015bpiewnik\u00f3w opracowanych przez kaszubskich etnograf\u00f3w i folkloryst\u00f3w XX wieku oraz materia\u0142\u00f3w w\u0142asnych. Opr\u00f3cz nauki pie\u015bni, zaj\u0119cia b\u0119d\u0105 obejmowa\u0107 tak\u017ce prac\u0119 nad emisj\u0105 tzw. otwartego, naturalnego g\u0142osu, prac\u0119 z cia\u0142em, dykcj\u0105, impostacj\u0105, artykulacj\u0105. Porozmawiamy tak\u017ce o kontek\u015bcie historycznym, kt\u00f3ry kszta\u0142towa\u0142 kultur\u0119 tego regionu. Ponadto uczestnicy zapoznaj\u0105 si\u0119 z podstawami j\u0119zyka kaszubskiego \u2013 jego zasadami wymowy oraz pisowni\u0105.&nbsp;<\/span><\/p>\n<p><span style=\"font-weight: 400;\">Dost\u0119pno\u015b\u0107: do sali prowadz\u0105 schody<\/span><span style=\"font-weight: 400;\"><br \/>\n<\/span><\/p>\n<hr>\n<p><span style=\"font-weight: 400;\"><br \/>\n<\/span><b>Joanna Gostkowska<\/b><\/p>\n<p><span style=\"font-weight: 400;\">Wszechstronna osobowo\u015b\u0107 artystyczna, etnolog, architekt, Kaszubka, wsp\u00f3\u0142za\u0142o\u017cycielka i wiceprezes Stowarzyszenia Tr\u00f3jwiejska z Gda\u0144ska. Od ponad 15 lat zajmuje si\u0119 polsk\u0105 muzyk\u0105 tradycyjn\u0105 \u2013 jako \u015bpiewaczka, muzykantka i tancerka oraz animatorka. Ze wzgl\u0119du na swoje pochodzenie i to\u017csamo\u015b\u0107 bada oraz rekonstruuje muzyk\u0119 kaszubsk\u0105, opieraj\u0105c si\u0119 m.in. na nagraniach archiwalnych i ucz\u0105c si\u0119 od starszych, \u017cyj\u0105cych jeszcze muzykant\u00f3w. Jest prawdopodobnie jedyn\u0105 \u015bpiewaczk\u0105 m\u0142odego pokolenia, kt\u00f3ra \u015bpiewa tradycyjne pie\u015bni kaszubskie \u201ein crudo\u201d. Bra\u0142a udzia\u0142 w wielu muzycznych zespo\u0142ach i projektach, aktualnie jest \u015bpiewaczk\u0105 Akademii G\u0142os\u00f3w Tradycji (\u017ce\u0144ska grupa \u015bpiewacza) oraz za\u0142o\u017cycielk\u0105 i liderk\u0105 zespo\u0142u Dr\u00ebsz\u00eb (kaszubski folk) oraz wokalistk\u0105 projektu Kolberg T.39. Jest laureatk\u0105 kilku presti\u017cowych konkurs\u00f3w w Polsce zwi\u0105zanych z tradycyjn\u0105 muzyk\u0105, m.in. I miejsce na Turnieju Muzyk\u00f3w Prawdziwych w Filharmonii im. Mieczys\u0142awa Kar\u0142owicza w Szczecinie, II miejsce na&nbsp;53. Og\u00f3lnopolskim Festiwalu Kapel i \u015apiewak\u00f3w Ludowych w Kazimierzu Dolnym &#8211; gdzie zaprezentowa\u0142a tradycyjne pie\u015bni kaszubskie solo i prze\u0142ama\u0142a tym sposobem trwaj\u0105cy wiele dekad impas w postaci braku uczestnictwa reprezentant\u00f3w z Kaszub na tym przegl\u0105dzie. Prowadzi\u0142a wiele warsztat\u00f3w dla r\u00f3\u017cnych&nbsp;grup wiekowych i spo\u0142ecznych.<\/span><\/p>\n<hr>\n<p><b>Pie\u015bni reemigrant\u00f3w z dawnej Jugos\u0142awii | Prowadzenie: Joanna Skowro\u0144ska<\/b><\/p>\n<p><span style=\"font-weight: 400;\">Reemigranci z dawnej Jugos\u0142awii jeszcze w czasach cesarstwa austro-w\u0119gierskiego przew\u0119drowali z Galicji do Bo\u015bni i Chorwacji, by po II wojnie \u015bwiatowej znale\u017a\u0107 si\u0119 na Dolnym \u015al\u0105sku, w okolicach Boles\u0142awca. Repertuar \u015bpiewaczy i muzyczny odzwierciedla ich w\u0119dr\u00f3wk\u0119 przez r\u00f3\u017cne obszary kulturowe. Graj\u0105 zar\u00f3wno przywiezione jeszcze z Galicji mazurki, polki, jak i nauczone ju\u017c na Ba\u0142kanach&nbsp;<\/span><i><span style=\"font-weight: 400;\">kolo<\/span><\/i><span style=\"font-weight: 400;\"> czy&nbsp;<\/span><i><span style=\"font-weight: 400;\">taraban<\/span><\/i><span style=\"font-weight: 400;\">.&nbsp;<\/span><\/p>\n<p><span style=\"font-weight: 400;\">Warsztaty pie\u015bni reemigrant\u00f3w z dawnej Jugos\u0142awii oparte b\u0119d\u0105 na badaniach terenowych prowadz\u0105cej oraz do\u015bwiadczeniu praktyki \u015bpiewu na wsiach wok\u00f3\u0142 Boles\u0142awca. Poznamy najstarsze polskie ballady, za\u015bpiewamy w unisono i w wielog\u0142osie po polsku i chorwacku.&nbsp;<\/span><\/p>\n<p><span style=\"font-weight: 400;\">Pracowa\u0107 b\u0119dziemy nad emisj\u0105 g\u0142osu, wsp\u00f3\u0142brzmieniem oraz poszerzymy wiedz\u0119 o kontek\u015bcie kulturowym wykonywanego repertuaru.&nbsp;<\/span><\/p>\n<p><span style=\"font-weight: 400;\">Dost\u0119pno\u015b\u0107: do sali prowadz\u0105 schody<\/span><\/p>\n<p><b>Joanna Skowro\u0144ska<\/b><\/p>\n<p><span style=\"font-weight: 400;\">Etnolo\u017cka, \u015bpiewaczka specjalizuj\u0105ca si\u0119 w badaniu i wykonawstwie tradycyjnej muzyki z teren\u00f3w Polski (\u0141\u0119czyckie, Dolny \u015al\u0105sk), Ukrainy (Polesie) i Chorwacji&nbsp; (Posavina). Badania terenowe kszta\u0142tuj\u0105 jej dynamiczne role \u2013 od prowadzenia kompleksowych nagra\u0144 terenowych po dzia\u0142alno\u015b\u0107 warsztatow\u0105, koncertow\u0105 (Kust, Z Lasu, Kapela Remigrancka), wydawnicz\u0105 i publicystyczn\u0105. Uczennica wiejskich \u015bpiewaczek i \u015bpiewak\u00f3w. Cz\u0142onkini Fundacji Muzyka Zakorzeniona, wsp\u00f3\u0142pracowniczka Fundacji Wa\u017cka, autorka archiw\u00f3w internetowych polskiej muzyki tradycyjnej (Archiwum \u0141\u0119czyckie, Archiwum Pie\u015bni).<\/span><\/p>\n<hr>\n<p><b>Pie\u015bni \u0142emkowskie | Prowadzenie: Marta Graban-Butryn<\/b><\/p>\n<p><span style=\"font-weight: 400;\">\u0141emkowszczyzna to teren si\u0119gaj\u0105cy od Popradu po Os\u0142aw\u0119, zamieszkiwany do 1947 roku przez grup\u0119 g\u00f3rali ruskich; wchodzi\u0142 klinem mi\u0119dzy osadnictwo zachodnios\u0142owia\u0144skie \u2013 od p\u00f3\u0142nocy polskie, a&nbsp;od po\u0142udnia s\u0142owackie. Mieszka\u0144cy tych region\u00f3w Karpat wytworzyli szczeg\u00f3lnie ciekaw\u0105 kultur\u0119, w&nbsp;tym wyj\u0105tkowy folklor muzyczny \u2013 pie\u015bni, melodie i&nbsp;ta\u0144ce. W&nbsp;warstwie muzycznej, jak r\u00f3wnie\u017c s\u0142ownej odnale\u017a\u0107 mo\u017cemy wp\u0142ywy s\u0142owackie czy w\u0119gierskie, w&nbsp;szczeg\u00f3lno\u015bci we wsiach granicznych.&nbsp;<\/span><\/p>\n<p><span style=\"font-weight: 400;\">Podczas zaj\u0119\u0107 poznamy wyj\u0105tkowe przyk\u0142ady pie\u015bni, zar\u00f3wno obrz\u0119dowych, jak&nbsp; <\/span><span style=\"font-weight: 400;\"><br \/>\n<\/span><span style=\"font-weight: 400;\">i lirycznych, przy czym pochylimy si\u0119 tak\u017ce nad ich kontekstem, sytuacyjno\u015bci\u0105 oraz stron\u0105 j\u0119zykow\u0105. W pracy opiera\u0107 si\u0119 b\u0119dziemy na d\u017awi\u0119kowych materia\u0142ach archiwalnych, jak r\u00f3wnie\u017c nagraniach&nbsp; pochodz\u0105cych z bada\u0144 w\u0142asnych prowadz\u0105cej. Bardzo istotnym badawczym materia\u0142em d\u017awi\u0119kowym wykorzystywanym&nbsp; w czasie warsztat\u00f3w, b\u0119d\u0105 zapisy prof. Romana Reinfussa z lat 60-tych XX w., a zdeponowane w Archiwum Stowarzyszenia Tw\u00f3rc\u00f3w Ludowych. Si\u0119gniemy tak\u017ce po nagrania zarejestrowane na p\u0142ytach decelitowych w latach 30-tych XX w. w\u015br\u00f3d emigrant\u00f3w z \u0141emkowszczyzny przyby\u0142ych do Stan\u00f3w Zjednoczonych Ameryki P\u00f3\u0142nocnej.&nbsp;<\/span><\/p>\n<p><span style=\"font-weight: 400;\">Poznamy pie\u015bni sob\u00f3tkowe, rusalne (na Zielone \u015awi\u0105tki), ko\u0142ysanki czy przy\u015bpiewki weselne, a wst\u0119pem do tej przygody b\u0119dzie oczywi\u015bcie praca z cia\u0142em, oddechem i g\u0142osem za pomoc\u0105 przyst\u0119pnych \u0107wicze\u0144.&nbsp;<\/span><\/p>\n<p><span style=\"font-weight: 400;\">Dost\u0119pno\u015b\u0107: do sali prowadz\u0105 schody<\/span><\/p>\n<p><b>Marta Graban-Butryn<\/b><span style=\"font-weight: 400;\">&nbsp;<\/span><\/p>\n<p><span style=\"font-weight: 400;\">Etnolog, folklorystka, etnomuzykolog, absolwentka Kulturoznawstwa w UMCS (spec. folklorystyka i etnologia), stypendystka International Visegrad Fund oraz Ministra Kultury i Dziedzictwa Narodowego. Autorka artyku\u0142\u00f3w dotycz\u0105cych obrz\u0119dowo\u015bci rodzinnej \u0141emk\u00f3w, pomys\u0142odawczyni i koordynatorka projektu Lemko Archive. Od wielu lat poznaje, \u015bpiewa i gra muzyk\u0119 tradycyjn\u0105 Roztocza i \u0141emkowszczyzny. Uczestniczka wielu wypraw terenowych oraz przedsi\u0119wzi\u0119\u0107 muzycznych z udzia\u0142em wiejskich muzykant\u00f3w i \u015bpiewak\u00f3w (Szko\u0142a Suki Bi\u0142gorajskiej, Kapela Butryn\u00f3w, \u0141emkowska Wiejska Kapela \u201eUherec\u201d, Akademia Kolberga). W 2023 roku realizowa\u0142a projekt pn. \u201ePie\u015bni \u0141emk\u00f3w\u201d, kt\u00f3ry mia\u0142 na celu zachowanie najstarszych \u0142emkowskich pie\u015bni (szczeg\u00f3lnie sob\u00f3tkowych, rusalnych, pasterskich, ko\u0142ysanek, czy pie\u015bni wykonywanych na \u201eweczyrkach\u201d), jak r\u00f3wnie\u017c ich upowszechnienie w\u015br\u00f3d spo\u0142eczno\u015bci \u0142emkowskiej. W ramach projektu przeprowadzone zosta\u0142y kwerendy biblioteczne i archiwalne, badania terenowe, opracowanie i archiwizacja zebranego materia\u0142u, a tak\u017ce seria spotka\u0144\/prezentacji\/koncert\u00f3w w wybranych wsiach zamieszkiwanych obecnie przez spo\u0142eczno\u015b\u0107 \u0142emkowsk\u0105.<\/span><\/p>\n<p><strong>Organizatorem Letniej Szko\u0142y Tradycji jest Fundacja Kultura Enter. Projekt jest realizowany przy wsparciu Miasta Lublin. Wsp\u00f3\u0142praca: Warsztaty Kultury w Lublinie, Festiwal Re:tradycja \u2013 Jarmark Jagiello\u0144ski, Klasztor oo. Dominikan\u00f3w w Lublinie.<\/strong><\/p>\n<\/div><\/div><\/div><div class=\"fusion-panel panel-default panel-a67be65accf06a60d fusion-toggle-has-divider\" style=\"--awb-title-color:#75160f;\"><div class=\"panel-heading\"><h4 class=\"panel-title toggle\" id=\"toggle_a67be65accf06a60d\"><a aria-expanded=\"false\" aria-controls=\"a67be65accf06a60d\" role=\"button\" data-toggle=\"collapse\" data-parent=\"#accordion-36204-1\" data-target=\"#a67be65accf06a60d\" href=\"#a67be65accf06a60d\"><span class=\"fusion-toggle-icon-wrapper\" aria-hidden=\"true\"><i class=\"fa-fusion-box active-icon awb-icon-minus\" aria-hidden=\"true\"><\/i><i class=\"fa-fusion-box inactive-icon awb-icon-plus\" aria-hidden=\"true\"><\/i><\/span><span class=\"fusion-toggle-heading\">2023 | Obr\u00f3bka drewna<\/span><\/a><\/h4><\/div><div id=\"a67be65accf06a60d\" class=\"panel-collapse collapse \" aria-labelledby=\"toggle_a67be65accf06a60d\"><div class=\"panel-body toggle-content fusion-clearfix\">\n<p><a href=\"https:\/\/retradycja.eu\/wp-content\/uploads\/2023\/07\/fot.-Katarzyna-Anna-Kubiak-5-e1689683043229.jpg\"><img decoding=\"async\" class=\"lazyload alignnone size-full wp-image-50615\" src=\"https:\/\/retradycja.eu\/wp-content\/uploads\/2023\/07\/fot.-Katarzyna-Anna-Kubiak-5-e1689683043229.jpg\" data-orig-src=\"https:\/\/retradycja.eu\/wp-content\/uploads\/2023\/07\/fot.-Katarzyna-Anna-Kubiak-5-e1689683043229.jpg\" alt=\"Kobieta trzyma w r\u0119ce d\u0142uto i robi nieck\u0119 z drewna.\" width=\"1920\" height=\"1080\" srcset=\"data:image\/svg+xml,%3Csvg%20xmlns%3D%27http%3A%2F%2Fwww.w3.org%2F2000%2Fsvg%27%20width%3D%271920%27%20height%3D%271080%27%20viewBox%3D%270%200%201920%201080%27%3E%3Crect%20width%3D%271920%27%20height%3D%271080%27%20fill-opacity%3D%220%22%2F%3E%3C%2Fsvg%3E\" data-srcset=\"https:\/\/retradycja.eu\/wp-content\/uploads\/2023\/07\/fot.-Katarzyna-Anna-Kubiak-5-e1689683043229-200x113.jpg 200w, https:\/\/retradycja.eu\/wp-content\/uploads\/2023\/07\/fot.-Katarzyna-Anna-Kubiak-5-e1689683043229-300x169.jpg 300w, https:\/\/retradycja.eu\/wp-content\/uploads\/2023\/07\/fot.-Katarzyna-Anna-Kubiak-5-e1689683043229-400x225.jpg 400w, https:\/\/retradycja.eu\/wp-content\/uploads\/2023\/07\/fot.-Katarzyna-Anna-Kubiak-5-e1689683043229-600x338.jpg 600w, https:\/\/retradycja.eu\/wp-content\/uploads\/2023\/07\/fot.-Katarzyna-Anna-Kubiak-5-e1689683043229-768x432.jpg 768w, https:\/\/retradycja.eu\/wp-content\/uploads\/2023\/07\/fot.-Katarzyna-Anna-Kubiak-5-e1689683043229-800x450.jpg 800w, https:\/\/retradycja.eu\/wp-content\/uploads\/2023\/07\/fot.-Katarzyna-Anna-Kubiak-5-e1689683043229-1024x576.jpg 1024w, https:\/\/retradycja.eu\/wp-content\/uploads\/2023\/07\/fot.-Katarzyna-Anna-Kubiak-5-e1689683043229-1200x675.jpg 1200w, https:\/\/retradycja.eu\/wp-content\/uploads\/2023\/07\/fot.-Katarzyna-Anna-Kubiak-5-e1689683043229-1536x864.jpg 1536w, https:\/\/retradycja.eu\/wp-content\/uploads\/2023\/07\/fot.-Katarzyna-Anna-Kubiak-5-e1689683043229.jpg 1920w\" data-sizes=\"auto\" data-orig-sizes=\"(max-width: 1920px) 100vw, 1920px\" \/><\/a><\/p>\n<p><strong>Podstawy stolarki&nbsp;| Prowadzenie: <a href=\"https:\/\/retradycja.eu\/pl\/tworca\/arkadiusz-zych\/\">Arkadiusz<\/a> i <a href=\"https:\/\/retradycja.eu\/pl\/tworca\/joanna-zych\/\">Joanna Zych<\/a><\/strong><strong><br \/>\n<\/strong>Stolarstwo jest zawodem do\u015b\u0107 m\u0142odym, a jego powstanie ma \u015bcis\u0142y zwi\u0105zek z udoskonaleniem narz\u0119dzi do obr\u00f3bki drewna. Zapotrzebowanie na wyroby drewniane zar\u00f3wno w miastach, jak i na wsiach by\u0142o ogromne. Wybudowany przez cie\u015bl\u0119 dom nale\u017ca\u0142o przecie\u017c zamkn\u0105\u0107 i wyposa\u017cy\u0107. Potrzebne by\u0142y wi\u0119c okna i drzwi, a tak\u017ce meble: sto\u0142y, \u0142\u00f3\u017cka, \u0142awy, skrzynie, p\u00f3\u0142ki, kredensy itp. Wyr\u00f3b mebli wymaga\u0142 nie tylko umiej\u0119tno\u015bci, ale tak\u017ce szerokiej wiedzy dotycz\u0105cej obr\u00f3bki i konserwacji drewna. W czasie Letniej Szko\u0142y Tradycji swoj\u0105 pasj\u0105 do drewna podziel\u0105 si\u0119 Arkadiusz i Joanna Zych. Stosuj\u0105c tradycyjne techniki stolarskie (bez u\u017cycia gwo\u017adzi i kleju), uczestniczki i uczestnicy wykonaj\u0105 z drewna modrzewiowego lub sosnowego wisz\u0105c\u0105 p\u00f3\u0142k\u0119 i drewniany zydel.<\/p>\n<p><strong>&nbsp;<\/strong><strong>Snycerka podlaska | Prowadzenie: Jerzy Ostapczuk<br \/>\n<\/strong>Snycerskie zdobienia architektoniczne wymaga\u0142y od rzemie\u015blnik\u00f3w umiej\u0119tno\u015bci i precyzyjno\u015bci oraz odpowiednich narz\u0119dzi. Misternie wyko\u0144czone naro\u017cniki, patrz\u0105ce na siebie ptaki w nadokiennikach czy dekoracyjne zdobienia elewacji i szczyt\u00f3w to elementy, kt\u00f3re mo\u017cna jeszcze zobaczy\u0107 na przedwojennych, drewnianych cha\u0142upach. Te unikatowe ornamenty do\u015b\u0107 licznie zachowa\u0142y si\u0119 na podlaskich wsiach, a nawi\u0105zuj\u0105 do zdobnictwa stosowanego w rosyjskim budownictwie ludowym. Aby pozna\u0107 ciekawostki zwi\u0105zane z t\u0105 dziedzin\u0105 rzemios\u0142a, warto wzi\u0105\u0107 udzia\u0142 w warsztatach, kt\u00f3re poprowadzi Jerzy Ostapczuk. Opr\u00f3cz teorii o doborze materia\u0142u i sposobach konserwacji drewna uczestnicy i uczestniczki poznaj\u0105 narz\u0119dzia snycerskie oraz zobacz\u0105, jakie wzory mo\u017cna wykona\u0107 przy ich pomocy. Druga cz\u0119\u015b\u0107 to ju\u017c czysta praktyka. Pocz\u0105tkuj\u0105cy snycerze wytn\u0105 od wzornika tradycyjn\u0105 ozdob\u0119 nadokienn\u0105 charakterystyczn\u0105 dla p\u00f3\u0142nocnego Podlasia. Nikt nie wyjedzie z zaj\u0119\u0107 z pustymi r\u0119kami.<\/p>\n<p><strong>Naczynia drewniane | Prowadzenie: Jerzy Tarasiewicz<br \/>\n<\/strong>Zaawansowanym typem obr\u00f3bki drewna jest toczenie. Proces ten wymaga bardzo du\u017cej precyzji oraz skupienia rzemie\u015blnika. Toczenie drewna odbywa si\u0119 poprzez wprawienie w ruch obrotowy danego przedmiotu, a nast\u0119pnie skrawanie jego powierzchni w taki spos\u00f3b, aby uzyska\u0142 on kszta\u0142t bry\u0142y obrotowej. Jest to jednak jeden z p\u00f3\u017aniejszych etap\u00f3w obr\u00f3bki, poniewa\u017c wcze\u015bniej nale\u017cy przygotowa\u0107 materia\u0142, a po jego zako\u0144czeniu efekt pracy odpowiednio zabezpieczy\u0107 przed negatywnym wp\u0142ywem temperatury, wilgoci oraz czynnik\u00f3w mechanicznych. Wykonuje si\u0119 to poprzez polerowanie, gotowanie i impregnowanie np. olejem du\u0144skim. Niezb\u0119dnym narz\u0119dziem tego procesu jest tokarka do drewna. Uczestnicy i uczestniczki warsztat\u00f3w wykonaj\u0105 drewniany kubek z uchem, mo\u017adzierz (st\u0119pk\u0119), \u015bwiecznik, a tak\u017ce d\u0142uban\u0105 nieck\u0119 z drzewa osikowego. Efekty swojej pracy b\u0119d\u0105 mogli udekorowa\u0107 wed\u0142ug w\u0142asnej koncepcji.<\/p>\n<p><strong>Drzeworyt ludowy | Prowadzenie: <a href=\"https:\/\/retradycja.eu\/pl\/tworca\/jozef-lewkowicz\/\">J\u00f3zef Lewkowicz<\/a><br \/>\n<\/strong>Drzeworyt to najstarsza technika graficzna polegaj\u0105ca na wykonaniu matrycy w desce lub klocku drewnianym. Jest to d\u0142ugotrwa\u0142y i wymagaj\u0105cy nie lada precyzji proces, podczas kt\u00f3rego nale\u017cy najpierw wykona\u0107 rysunek, nast\u0119pnie wyci\u0105\u0107 albo wyd\u0142uba\u0107 t\u0142o (stworzy\u0107 tzw. jasny i ciemny drzeworyt). Zwie\u0144czeniem pracy jest odbijanie wykonanego wizerunku na kartonie. Podczas zaj\u0119\u0107 pocz\u0105tkuj\u0105cy adepci i adeptki tej sztuki zdob\u0119d\u0105 niezb\u0119dn\u0105 wiedz\u0119 na temat drzeworytu, w tym drzeworytu p\u0142azowskiego i jego ciekawej historii. Pod \u015bcis\u0142\u0105 kontrol\u0105 artysty sami wykonaj\u0105 drzeworyt wed\u0142ug w\u0142asnego pomys\u0142u. W ruch p\u00f3jd\u0105 d\u0142uta, d\u0142utka i no\u017ce. Gotowe prace b\u0119d\u0105 malowane farbami drukarskimi i odbijane na papierze.<\/p>\n<p><strong>Zabawki drewniane | Prowadzenie: <a href=\"https:\/\/retradycja.eu\/pl\/tworca\/tadeusz-lesniak\/\">Tadeusz Le\u015bniak<\/a><br \/>\n<\/strong>Drewno jest tak\u017ce surowcem, z kt\u00f3rego wykonywano wi\u0119kszo\u015b\u0107 ludowych zabawek. Nie stanowi\u0142o jednak osobnej ga\u0142\u0119zi rzemios\u0142a, lecz w wi\u0119kszo\u015bci by\u0142o produkcj\u0105 uboczn\u0105 przemys\u0142u drzewnego. Wyrabiano je najcz\u0119\u015bciej zim\u0105, kiedy ubywa\u0142o zaj\u0119\u0107 na wolnym powietrzu. Dawniej zabawki ludowe kupowano na odpustach i jarmarkach odbywaj\u0105cych si\u0119 w okolicy. Najpowszechniejsze by\u0142y konie wyst\u0119puj\u0105ce w r\u00f3\u017cnych wersjach: jako figurki stoj\u0105ce, na k\u00f3\u0142kach, z bryczk\u0105 i te najbardziej popularne \u2013 na biegunach. Wykonywano tak\u017ce figurki zwierz\u0105t (baranki, kozy, krowy, \u015bwinki) oraz r\u00f3\u017cne gatunki ptak\u00f3w (dudki, bociany, jask\u00f3\u0142ki i in.). By\u0142y te\u017c specjalne zabawki dedykowane ch\u0142opcom \u2013 taczki, wozy drabiniaste, pukawki. Dziewczynki dostawa\u0142y w\u00f3zki dla lalek, ko\u0142yski i miniaturki mebli. Najm\u0142odsi najch\u0119tniej bawili si\u0119 terkotkami, klepokami i karuzelami, czyli popularnymi zabawkami na patyku. Podczas warsztat\u00f3w pod okiem Tadeusza Le\u015bniaka b\u0119dzie mo\u017cna wykona\u0107 modele drewnianych ptaszk\u00f3w, konika na k\u00f3\u0142kach i bryczki, czyli zabawki charakterystyczne dla \u017cywieckiego o\u015brodka zabawkarskiego. W ruch p\u00f3jd\u0105 d\u0142uta, no\u017ce, wiertarki i szlifierki. Ostatni etap prac to malowanie wykonanych zabawek.&nbsp;<\/p>\n<p><strong>Organizatorem Letniej Szko\u0142y Tradycji jest Fundacja Kultura Enter. Projekt jest realizowany przy wsparciu Miasta Lublin.<\/strong><\/p>\n<p><strong>Wsp\u00f3\u0142praca: Warsztaty Kultury w Lublinie, Festiwal Re:tradycja \u2013 Jarmark Jagiello\u0144ski, Klasztor oo. Dominikan\u00f3w w Lublinie.<\/strong><\/p>\n<\/div><\/div><\/div><div class=\"fusion-panel panel-default panel-000a8d275dbeb8fc9 fusion-toggle-has-divider\" style=\"--awb-title-color:#75160f;\"><div class=\"panel-heading\"><h4 class=\"panel-title toggle\" id=\"toggle_000a8d275dbeb8fc9\"><a aria-expanded=\"false\" aria-controls=\"000a8d275dbeb8fc9\" role=\"button\" data-toggle=\"collapse\" data-parent=\"#accordion-36204-1\" data-target=\"#000a8d275dbeb8fc9\" href=\"#000a8d275dbeb8fc9\"><span class=\"fusion-toggle-icon-wrapper\" aria-hidden=\"true\"><i class=\"fa-fusion-box active-icon awb-icon-minus\" aria-hidden=\"true\"><\/i><i class=\"fa-fusion-box inactive-icon awb-icon-plus\" aria-hidden=\"true\"><\/i><\/span><span class=\"fusion-toggle-heading\">2022 | Bi\u017cuteria<\/span><\/a><\/h4><\/div><div id=\"000a8d275dbeb8fc9\" class=\"panel-collapse collapse \" aria-labelledby=\"toggle_000a8d275dbeb8fc9\"><div class=\"panel-body toggle-content fusion-clearfix\">\n<p><a href=\"https:\/\/retradycja.eu\/wp-content\/uploads\/2022\/07\/fot.-Gutek-Zegier-7-Zenon-Smigel-scaled-e1658327901366.jpg\"><img decoding=\"async\" class=\"lazyload alignnone size-full wp-image-42664\" src=\"https:\/\/retradycja.eu\/wp-content\/uploads\/2022\/07\/fot.-Gutek-Zegier-7-Zenon-Smigel-scaled-e1658327901366.jpg\" data-orig-src=\"https:\/\/retradycja.eu\/wp-content\/uploads\/2022\/07\/fot.-Gutek-Zegier-7-Zenon-Smigel-scaled-e1658327901366.jpg\" alt=\"\" width=\"1920\" height=\"1080\" srcset=\"data:image\/svg+xml,%3Csvg%20xmlns%3D%27http%3A%2F%2Fwww.w3.org%2F2000%2Fsvg%27%20width%3D%271920%27%20height%3D%271080%27%20viewBox%3D%270%200%201920%201080%27%3E%3Crect%20width%3D%271920%27%20height%3D%271080%27%20fill-opacity%3D%220%22%2F%3E%3C%2Fsvg%3E\" data-srcset=\"https:\/\/retradycja.eu\/wp-content\/uploads\/2022\/07\/fot.-Gutek-Zegier-7-Zenon-Smigel-scaled-e1658327901366-200x113.jpg 200w, https:\/\/retradycja.eu\/wp-content\/uploads\/2022\/07\/fot.-Gutek-Zegier-7-Zenon-Smigel-scaled-e1658327901366-300x169.jpg 300w, https:\/\/retradycja.eu\/wp-content\/uploads\/2022\/07\/fot.-Gutek-Zegier-7-Zenon-Smigel-scaled-e1658327901366-400x225.jpg 400w, https:\/\/retradycja.eu\/wp-content\/uploads\/2022\/07\/fot.-Gutek-Zegier-7-Zenon-Smigel-scaled-e1658327901366-600x338.jpg 600w, https:\/\/retradycja.eu\/wp-content\/uploads\/2022\/07\/fot.-Gutek-Zegier-7-Zenon-Smigel-scaled-e1658327901366-768x432.jpg 768w, https:\/\/retradycja.eu\/wp-content\/uploads\/2022\/07\/fot.-Gutek-Zegier-7-Zenon-Smigel-scaled-e1658327901366-800x450.jpg 800w, https:\/\/retradycja.eu\/wp-content\/uploads\/2022\/07\/fot.-Gutek-Zegier-7-Zenon-Smigel-scaled-e1658327901366-1024x576.jpg 1024w, https:\/\/retradycja.eu\/wp-content\/uploads\/2022\/07\/fot.-Gutek-Zegier-7-Zenon-Smigel-scaled-e1658327901366-1200x675.jpg 1200w, https:\/\/retradycja.eu\/wp-content\/uploads\/2022\/07\/fot.-Gutek-Zegier-7-Zenon-Smigel-scaled-e1658327901366-1536x864.jpg 1536w, https:\/\/retradycja.eu\/wp-content\/uploads\/2022\/07\/fot.-Gutek-Zegier-7-Zenon-Smigel-scaled-e1658327901366.jpg 1920w\" data-sizes=\"auto\" data-orig-sizes=\"(max-width: 1920px) 100vw, 1920px\" \/><\/a><\/p>\n<p>Uczestnicy pi\u0119ciu grup tematycznych poznali tajniki obr\u00f3bki materia\u0142\u00f3w potrzebnych do wykonania ludowych precjoz\u00f3w, a przede wszystkim samodzielnie wykonaj\u0105 karpack\u0105 bi\u017cuteri\u0119 koralikow\u0105, ozdoby z bursztynu i mosi\u0105dzu. Uszyli te\u017c lubelsk\u0105 gamerk\u0119 i g\u00f3ralski kapelusz oraz stworz\u0105 od podstaw weselny wianek, charakterystyczny dla ukrai\u0144skiego stroju kobiecego. Zaj\u0119cia poprowadzili uznani tw\u00f3rcy ludowi z Polski, Ukrainy i Litwy, pasjonaci i mistrzowie w swoich dziedzinach.&nbsp;<\/p>\n<p><strong>W ramach tegorocznej edycji Letniej Szko\u0142y Tradycji odby\u0142y si\u0119 nast\u0119puj\u0105ce warsztaty:<\/strong><\/p>\n<ul>\n<li>Grupa I \u2013&nbsp;<strong>Bi\u017cuteria z bursztynu<\/strong>&nbsp;| prowadzenie: <a href=\"https:\/\/retradycja.eu\/pl\/tworca\/grazyna-i-zenon-smigel\/\"><strong>Gra\u017cyna i Zenon \u015amiglowie;<\/strong><\/a><\/li>\n<li>Grupa II \u2013&nbsp;<strong>Karpacka bi\u017cuteria koralikowa<\/strong>&nbsp;| prowadzenie:<strong><a href=\"https:\/\/retradycja.eu\/pl\/tworca\/ewelina-matusiak-wyderka\/\"> Ewelina Matusiak-Wyderka;<\/a><\/strong><\/li>\n<li>Grupa III \u2013&nbsp;<strong>Nakrycia g\u0142owy<\/strong>&nbsp;| prowadzenie: Nomad Service \u2013<strong> <a href=\"https:\/\/retradycja.eu\/pl\/tworca\/agnieszka-jackowiak-i-maciej-filipczuk-nomad-service\/\">Agnieszka Jackowiak i Maciej Filipczuk<\/a>;<\/strong><\/li>\n<li>Grupa IV \u2013&nbsp;<strong>Ukrai\u0144skie wianki weselne<\/strong>&nbsp;| prowadzenie: <strong><a href=\"https:\/\/retradycja.eu\/pl\/tworca\/olena-afanasenko\/\">Olena Afanasenko<\/a><\/strong> i <strong><a href=\"https:\/\/retradycja.eu\/pl\/tworca\/olena-pochtaryova\/\">Olena Pochtaryova<\/a><\/strong>;<\/li>\n<li>Grupa V \u2013&nbsp;<strong>Litewska bi\u017cuteria z metalu<\/strong>&nbsp;| prowadzenie:<strong> <a href=\"https:\/\/retradycja.eu\/pl\/tworca\/darata-surdokaite-volungeviciene\/\">Darata Surdokait\u00e9-Volungevi\u010dien\u00e9<\/a><\/strong>.<\/li>\n<\/ul>\n<p><strong><br \/>\nGrupa I \u2013 Bi\u017cuteria z bursztynu | prowadzenie: Gra\u017cyna i Zenon \u015amiglowie<br \/>\n<\/strong>Bursztyn to kamie\u0144 niezwykle tajemniczy. O jego powstaniu kr\u0105\u017c\u0105 liczne legendy. Przypisuje si\u0119 mu wiele cudownych w\u0142a\u015bciwo\u015bci. To kamie\u0144 o barwie s\u0142o\u0144ca, magicznej sile przyci\u0105gania, pomagaj\u0105cy w zwalczaniu wielu chor\u00f3b. Najwi\u0119ksze pok\u0142ady bursztynu na terenie Polski znajduj\u0105 si\u0119 na Kurpiach w dorzeczu Narwi, w Borach Tucholskich, na Pojezierzu Kaszubskim, a tak\u017ce na Mazurach. Wytwarzano z niego bi\u017cuteri\u0119 w postaci naszyjnik\u00f3w, wisiork\u00f3w, pier\u015bcieni; drobne elementy stroj\u00f3w \u2013 guziki, klamerki do kapeluszy i pask\u00f3w, a tak\u017ce niewielkie naczynia, oprawy luster, fajki itp. Dawniej te kamienie sk\u0142adano w ko\u015bcio\u0142ach na tac\u0119 lub przeznaczano na kadzid\u0142o. Do dzi\u015b bursztynowe naszyjniki stanowi\u0105 nieod\u0142\u0105czny element \u015bwi\u0105tecznego stroju kobiecego w wielu regionach naszego kraju. Uczestnicy letnich warsztat\u00f3w na pocz\u0105tku pos\u0142uchaj\u0105 opowie\u015bci o pozyskiwaniu tego drogocennego kamienia i jego rodzajach, poznaj\u0105 etapy obr\u00f3bki, a nast\u0119pnie samodzielnie przygotuj\u0105 materia\u0142, wykonaj\u0105 w\u0142asn\u0105 bransoletk\u0119 oraz niewielkie wisiorki w postaci serduszka, symbolu s\u0142o\u0144ca i krzy\u017cyka.<\/p>\n<p>Zenon \u015amigiel pochodzi z Bor\u00f3w Tucholskich, od ponad 40 lat zajmuje si\u0119 bursztyniarstwem. Obr\u00f3bki tego surowca uczy\u0142 si\u0119 pod okiem Wies\u0142awa Gier\u0142owskiego, jednego z najd\u0142u\u017cej dzia\u0142aj\u0105cych gda\u0144skich bursztynnik\u00f3w. Obr\u00f3bka bursztynu szybko sta\u0142a si\u0119 dla pana Zenona pasj\u0105 i wype\u0142ni\u0142a ca\u0142y jego wolny czas. Od 1983 r. tw\u00f3rca nale\u017ca\u0142 do Sp\u00f3\u0142dzielni Pracy Wytw\u00f3rc\u00f3w R\u0119kodzie\u0142a Ludowego i Artystycznego w Poznaniu, dla kt\u00f3rej wykonywa\u0142 bi\u017cuteri\u0119. Z czasem w rzemios\u0142o to zaanga\u017cowa\u0142a si\u0119 tak\u017ce jego \u017cona Gra\u017cyna oraz c\u00f3rki. W po\u0142owie lat dziewi\u0119\u0107dziesi\u0105tych rodzina zacz\u0119\u0142a bra\u0107 udzia\u0142 w targach i festiwalach, podczas kt\u00f3rych nie tylko prezentowa\u0142a swoje wyroby, ale tak\u017ce przygotowywa\u0142a pokazy obr\u00f3bki bursztynu. W 2017 r. prace pana Zenona znalaz\u0142y si\u0119 na wystawie \u201eGold des Nordens\u201d w Muzeum Polskim w Rapperswil w Szwajcarii. Wyjazd ten sta\u0142 si\u0119 pretekstem do tego, by zacz\u0105\u0107 wykonywa\u0107 kopie bi\u017cuterii sprzed tysi\u0119cy lat. Bi\u017cuteria i ozdoby z bursztynu w pracowni pa\u0144stwa \u015amigl\u00f3w powstaj\u0105 przy pomocy dawnej tokarki o nap\u0119dzie no\u017cnym lub smyczkowym.<\/p>\n<p><strong>Grupa II \u2013 Karpacka bi\u017cuteria koralikowa | prowadzenie: Ewelina Matusiak-Wyderka<br \/>\n<\/strong>Karpacka bi\u017cuteria koralikowa jest wytwarzana r\u0119cznie z male\u0144kich koralik\u00f3w \u2013 od \u0141emkowszczyzny po Huculszczyzn\u0119. Najbardziej okaza\u0142\u0105 i zarazem bardzo kosztown\u0105 ozdob\u0105 s\u0105 krywulki, b\u0119d\u0105ce cz\u0119\u015bci\u0105 kobiecego stroju \u0142emkowskiego \u2013 materia\u0142 na ni\u0105 kosztowa\u0142 tyle, co po\u0142owa krowy. Krywulka to rodzaj szerokiego ko\u0142nierza, wykonana z kilku tysi\u0119cy bardzo drobnych, kolorowych koralik\u00f3w. Jej ornamentyka nawi\u0105zuje do motyw\u00f3w z haftu. Mo\u017cna zawrze\u0107 w niej wiele symboli. Romby oznaczaj\u0105 ziemi\u0119, pole orne i dobrobyt. Dominuje w niej kolor czerwony symbolizuj\u0105cy mi\u0142o\u015b\u0107, energi\u0119 oraz dobry stan. Z kolei czarna krywulka by\u0142a bi\u017cuteri\u0105 \u017ca\u0142obn\u0105, kt\u00f3r\u0105 kobieta nak\u0142ada\u0142a po \u015bmierci m\u0119\u017ca. Nale\u017cy doda\u0107, \u017ce to nie jedyna forma bi\u017cuterii wyst\u0119puj\u0105ca na tym obszarze. Mniej zamo\u017cne Bojkinie nosi\u0142y na szyi cienkie drabynki, Hucu\u0142ki troch\u0119 szersze sylianki, a Huculi \u2013 gerdany, ozdoby wk\u0142adane przez g\u0142ow\u0119, przypominaj\u0105ce zastosowaniem krawat.<\/p>\n<p>Wykonanie bi\u017cuterii koralikowej to \u017cmudna i pracoch\u0142onna technika. Ka\u017cdy koralik trzeba nawlec po kolei i przeplata\u0107 kolejne rz\u0119dy w mniej lub bardziej skomplikowane wzory, dlatego na zaj\u0119ciach powstan\u0105 drobne prace: bransoletki i niewielkie naszyjniki przypominaj\u0105ce huculskie sylianki. Uczestnicy sami dobior\u0105 kolorystyk\u0119 i wzory, zgodnie z tym, co im w duszy gra.<\/p>\n<p>Ewelina Matusiak-Wyderka pochodzi z Dolnego \u015al\u0105ska. Wiele lat temu przeprowadzi\u0142a si\u0119 na Podkarpacie i wtedy zacz\u0119\u0142a si\u0119 jej fascynacja tradycyjn\u0105 bi\u017cuteri\u0105 koralikow\u0105 z tych teren\u00f3w. W 2010 r. za\u0142o\u017cy\u0142a pracowni\u0119 artystyczn\u0105 Miodosytnia. Jest mistrzyni\u0105 w nawlekaniu koralik\u00f3w i tworzeniu tego rodzaju bi\u017cuterii, a znajomi nazywaj\u0105 j\u0105 \u201eCalineczk\u0105\u201d. Podczas studi\u00f3w na Uniwersytecie Ludowym we Wzdowie zetkn\u0119\u0142a si\u0119 z karpackim haftem krzy\u017cykowym i odkry\u0142a krywulki \u2013 naszyjniki plecione z bardzo drobnych, kolorowych koralik\u00f3w, swoj\u0105 form\u0105 przypominaj\u0105ce szeroki ko\u0142nierz. Ozdoby te, nazywane z\u0142otem Podkarpacia, dawniej nosi\u0142y \u0142emkowskie dziewcz\u0119ta. Tw\u00f3rczyni wykonuje tak\u017ce repliki tradycyjnej bi\u017cuterii noszonej przez \u0141emk\u00f3w, Bojk\u00f3w i Hucu\u0142\u00f3w. Obok bardzo czasoch\u0142onnych krywulek w jej pracowni powstaj\u0105 te\u017c sylianki, drabinki oraz gerdany. Pani Ewelina jest cz\u0142onkini\u0105 Zarz\u0105du Uniwersytetu Ludowego Rzemios\u0142a Artystycznego oraz Stowarzyszenia Tw\u00f3rc\u00f3w \u201eBres\u201d. Artystka z ogromn\u0105 pasj\u0105 tworzy dzie\u0142a oraz uczy innych. Twierdzi, \u017ce to forma medytacji.<\/p>\n<p><strong>Grupa III \u2013 Nakrycia g\u0142owy | prowadzenie: Nomad Service \u2013 Agnieszka Jackowiak i Maciej Filipczuk<br \/>\n<\/strong>Nakrycia g\u0142owy s\u0105 nieod\u0142\u0105cznym elementem stroju ludowego. Pe\u0142ni\u0105 one nie tylko funkcj\u0119 dekoracyjn\u0105, ale tak\u017ce u\u017cytkow\u0105. Tradycyjne, m\u0119skie czapki i kapelusze wiele m\u00f3wi\u0105 o regionie, grupie etnicznej, a tak\u017ce o statusie spo\u0142ecznym os\u00f3b, kt\u00f3re je nosz\u0105. Podczas warsztat\u00f3w uczestnicy samodzielnie wykonaj\u0105 g\u00f3ralski kapelusz i gamerk\u0119, poznaj\u0105c przy tym dwie r\u00f3\u017cne techniki tworzenia tych element\u00f3w stroju ludowego. Kapelusz zostanie wykonany z filcu, kt\u00f3ry najpierw trzeba b\u0119dzie odpowiednio przygotowa\u0107, rozk\u0142adaj\u0105c we\u0142n\u0119 owcz\u0105, pocieraj\u0105c i roluj\u0105c, by na koniec uformowa\u0107 kszta\u0142t i doda\u0107 ozdoby. Inspiracj\u0105 stan\u0105 si\u0119 wzory regionalne Beskidu \u015al\u0105skiego, \u017bywiecczyzny, S\u0105decczyzny, Orawy, Podhala i Spisza. Z kolei bi\u0142gorajska gamerka b\u0119dzie uszyta z we\u0142nianego sukna, nie zabraknie te\u017c przy niej charakterystycznych ozd\u00f3b w postaci pompon\u00f3w i \u0142a\u0144cuszk\u00f3w. Uczestnicy us\u0142ysz\u0105 te\u017c ciekawostki dotycz\u0105ce poszczeg\u00f3lnych nakry\u0107 g\u0142owy, poznaj\u0105 techniki w\u0142\u00f3kiennicze oraz rodzaje wykorzystywanych do tego materia\u0142\u00f3w. Prace r\u0119kodzielnicze obejm\u0105 podstawy kroju, szycie r\u0119czne, szycie na maszynie, przygotowanie szablonu do filcowania oraz filcowanie na mokro. Wykonane nakrycia g\u0142owy b\u0119d\u0105 r\u0119cznie uszyte, dopasowane do rozmiaru i \u2013 co najwa\u017cniejsze \u2013 w pe\u0142ni u\u017cytkowe.<\/p>\n<p>Agnieszka Jackowiak od 2000 roku zajmuje si\u0119 prac\u0105 edukacyjno\u2013artystyczn\u0105 w obszarze r\u0119kodzie\u0142a tradycyjnego i w\u0142\u00f3kiennictwa ludowego oraz wyrobem produkt\u00f3w tkackich i filcowych, doskonale \u0142\u0105cz\u0105c pasj\u0119 z prac\u0105. Wykonuje wyroby we\u0142niane inspirowane wzornictwem polskim i azjatyckim. Filcowania nauczy\u0142a si\u0119 na W\u0119grzech i jest jedn\u0105 z nielicznych os\u00f3b w Polsce zajmuj\u0105cych si\u0119 r\u0119cznym wykonywaniem przedmiot\u00f3w z filcu. W swojej pracy wykorzystuje naturalne surowce i nawi\u0105zuje do dawnych technik w\u0142\u00f3kienniczych: tkania i prz\u0119dzenia. Jest dwukrotn\u0105 stypendystk\u0105 Ministra Kultury w zakresie tkactwa ludowego regionu rawskiego oraz tradycji filcowania z Podlasia i Podhala. W Lublinie stworzy\u0142a Sklep \u2013Pracowni\u0119 Hobby\u2013We\u0142na, organizuje wydarzenia promuj\u0105ce rozw\u00f3j tego r\u0119kodzie\u0142a w Polsce, ch\u0119tnie prowadzi warsztaty. W 2012 roku, wraz z Maciejem Filipczukiem, rozpocz\u0119li szycie czapek. W ich pracowni powstaj\u0105 lubelskie gamerki, krakowskie magierki, maciej\u00f3wki, d\u0142ubanki i rogatywki oraz czapki inspirowane wzorami tradycyjnymi, a tak\u017ce r\u0119cznie stemplowane torby bawe\u0142niane.<\/p>\n<p><strong>Grupa IV \u2013 Ukrai\u0144skie wianki weselne | prowadzenie: Olena Afanasenko i Olena Pochtaryova<br \/>\n<\/strong>Tradycja wykonywania wiank\u00f3w weselnych z \u017cywych kwiat\u00f3w znana by\u0142a ju\u017c w staro\u017cytno\u015bci. W Ukrainie sztuczne wianki pojawi\u0142y si\u0119 pod koniec XIX wieku, staj\u0105c si\u0119 nieod\u0142\u0105cznym elementem stroju panny m\u0142odej i ukrai\u0144skiego stroju narodowego, a na tym obszarze szczeg\u00f3ln\u0105 popularno\u015bci\u0105 cieszy\u0142y si\u0119 wie\u0144ce woskowe. Ich dope\u0142nieniem by\u0142y wst\u0105\u017cki i kwiatki, kt\u00f3re przyczepiano z ty\u0142u g\u0142owy. Ka\u017cdy region posiada\u0142 swoj\u0105 odmian\u0119 wiank\u00f3w. Zwykle wykonywali je rzemie\u015blnicy lub zakonnice w klasztorach. Mo\u017cna by\u0142o je te\u017c kupi\u0107\u2026 na bazarach. Ciekawostk\u0105 jest to, \u017ce wianki nie by\u0142y przypisane tylko pannie m\u0142odej. Do ko\u015bcio\u0142a lub w \u015bwi\u0119ta nosi\u0142y je tak\u017ce niezam\u0119\u017cne dziewcz\u0119ta. Podczas wesela wianek mog\u0142a mie\u0107 tak\u017ce druhna, ale by\u0142 on mniej okaza\u0142y, ni\u017c wieniec panny m\u0142odej. Materia\u0142y wykorzystywane do wiank\u00f3w by\u0142y bardzo r\u00f3\u017cnorodne, a ich wyb\u00f3r zale\u017ca\u0142 od ceny i dost\u0119pno\u015bci na rynku. Podstawowe materia\u0142y to papier, drut, parafina, opakowania po cukierkach, folia, szklane paciorki, wi\u00f3ry drewniane, a nawet ziarna.<\/p>\n<p>Co ciekawe, ukrai\u0144skie wianki nie przypominaj\u0105 tradycyjnych wie\u0144c\u00f3w w postaci obr\u0119czy \u2013 jego podstawow\u0105 \u201ekonstrukcj\u0119\u201d stanowi\u0105 jeden lub dwa druciane \u0142uki, wok\u00f3\u0142 kt\u00f3rych komponowane s\u0105 wielobarwne i wielopoziomowe kompozycje przypominaj\u0105ce korony.<\/p>\n<p>Podczas zaj\u0119\u0107 uczestnicy poznaj\u0105 r\u00f3\u017cne formy ukrai\u0144skich wiank\u00f3w, sposoby ich wykonywania, a nast\u0119pnie sami przygotuj\u0105 materia\u0142y i stworz\u0105 w\u0142asn\u0105 kompozycj\u0119 kwiatow\u0105.<\/p>\n<p>Olena Afanasenko i Olena Pochtaryova to czerkaskie rzemie\u015blniczki wykonuj\u0105ce weselne nakrycia g\u0142owy. Ich pasj\u0105 sta\u0142y si\u0119 wianki woskowe, w Ukrainie uwa\u017cane cz\u0119sto za relikt kulturowy. Dzi\u0119ki tym m\u0142odym artystkom ta dziedzina tw\u00f3rczo\u015bci ma szans\u0119 przetrwa\u0107 pr\u00f3b\u0119 czasu. W 2020 roku stworzy\u0142y w\u0142asny projekt \u201eMotyle w g\u0142owie\u201d, w ramach kt\u00f3rego nie tylko prowadz\u0105 badania terenowe i systematyzuj\u0105 informacje o tradycyjnych wie\u0144cach weselnych regionu Czerkas, ale tak\u017ce prezentuj\u0105 dok\u0142adnie odwzorowane wie\u0144ce z przesz\u0142o\u015bci, tak\u017ce te staro\u017cytne. Kobiety ch\u0119tnie dziel\u0105 si\u0119 swoimi umiej\u0119tno\u015bciami i wiedz\u0105, uczestnicz\u0105 w festiwalach i jarmarkach. Przekazuj\u0105 kolejnym pokoleniom to, czego same nauczy\u0142y si\u0119 podczas etnograficznych wypraw.<\/p>\n<p><strong>Grupa V \u2013 Litewska bi\u017cuteria z metalu | prowadzenie: Darata Surdokait\u00e9-Volungevi\u010dien\u00e9<br \/>\n<\/strong>Tradycyjny str\u00f3j litewski wykonywany by\u0142 w domu z naturalnych materia\u0142\u00f3w. Wiele jego element\u00f3w by\u0142o przekazywanych z pokolenia na pokolenie i uwa\u017cano je za cenn\u0105 cz\u0119\u015b\u0107 posagu panny m\u0142odej. M\u0119skie i damskie stroje litewskie oferuj\u0105 r\u00f3\u017cnorodno\u015b\u0107 kolor\u00f3w i wzor\u00f3w. Litewskie dziewczyny nosz\u0105 sp\u00f3dnice w krat\u0119 i dopasowane kamizelki. Ich bluzki i fartuchy s\u0105 obszyte koronk\u0105 i haftami. Na g\u0142owach nosz\u0105 chusty lub bogato zdobione niepowtarzalne kapelusze nazywane bunkrami. Nieod\u0142\u0105cznym elementem stroju jest bi\u017cuteria wykonana z lokalnego bursztynu.<\/p>\n<p>Podczas Letniej Szko\u0142y Tradycji, w specjalnie na t\u0119 okazj\u0119 przygotowanym warsztacie jubilerskim, mi\u0142o\u015bnicy bi\u017cuterii z metalu poznaj\u0105 tajniki jej wykonywania, naucz\u0105 si\u0119 i po\u0107wicz\u0105 ci\u0119cie, kucie, lutowanie, szlifowanie oraz polerowanie. Wykonaj\u0105 mosi\u0119\u017cne pier\u015bcionki i wisiorki z ba\u0142tyckimi symbolami, replik\u0119 szesnastowiecznych kolczyk\u00f3w, a nawet kuty ba\u0142tycki top. Je\u015bli kto\u015b chcia\u0142by stworzy\u0107 srebrn\u0105 bi\u017cuteri\u0119, mo\u017ce zabra\u0107 ze sob\u0105 w\u0142asne srebro i srebrny lut. Jak zapewnia prowadz\u0105ca, po tych warsztatach ka\u017cdy uczestnik na pewno b\u0119dzie wiedzia\u0142 czy chce nadal wykonywa\u0107 bi\u017cuteri\u0119, czy te\u017c nie.<\/p>\n<p>Darata Surdokait\u00e9-Volungevi\u010dien\u00e9 tradycje ludowe przej\u0119\u0142a po swojej mamie \u2013 Bron\u00e9 Surdokien\u00e9, uznanej litewskiej tkaczce i hafciarce. Umiej\u0119tno\u015bci rozwija\u0142a tak\u017ce pod okiem innych tw\u00f3rc\u00f3w ludowych. Uko\u0144czy\u0142a Szko\u0142\u0119 Sztuki i Rzemios\u0142a w Olicie, gdzie nauczy\u0142a si\u0119 wykonywa\u0107 bi\u017cuteri\u0119 i akcesoria wykorzystywane w tradycyjnych strojach litewskich. Odtwarza tak\u017ce ozdoby plemion ba\u0142tyckich z okresu XIII \u2013XVII wieku, znane dzi\u0119ki odkryciom archeologicznym. W\u015br\u00f3d jej prac znajdziemy r\u00f3wnie\u017c wyroby wsp\u00f3\u0142czesne i inspirowane tradycyjnymi formami. Wi\u0119kszo\u015b\u0107 jej wyrob\u00f3w powstaje z mosi\u0105dzu i srebra, kt\u00f3re obrabia przy u\u017cyciu tradycyjnych narz\u0119dzi jubilerskich. Zdobione przez ni\u0105 pasy, wisiory i przypinki otrzyma\u0142y certyfikat przyznawany na Litwie produktom wpisanym na list\u0119 dziedzictwa narodowego. Tw\u00f3rczyni nale\u017cy do Stowarzyszenia Tw\u00f3rc\u00f3w Ludowych Wile\u0144szczyzny oraz Zwi\u0105zku Tw\u00f3rc\u00f3w Ludowych Litwy.<\/p>\n<p><a href=\"https:\/\/retradycja.eu\/wp-content\/uploads\/2022\/07\/letnia_szkola_belka_popr_2022-01.png\"><img decoding=\"async\" class=\"lazyload alignnone size-full wp-image-42661\" src=\"https:\/\/retradycja.eu\/wp-content\/uploads\/2022\/07\/letnia_szkola_belka_popr_2022-01.png\" data-orig-src=\"https:\/\/retradycja.eu\/wp-content\/uploads\/2022\/07\/letnia_szkola_belka_popr_2022-01.png\" alt=\"\" width=\"485\" height=\"290\" srcset=\"data:image\/svg+xml,%3Csvg%20xmlns%3D%27http%3A%2F%2Fwww.w3.org%2F2000%2Fsvg%27%20width%3D%27485%27%20height%3D%27290%27%20viewBox%3D%270%200%20485%20290%27%3E%3Crect%20width%3D%27485%27%20height%3D%27290%27%20fill-opacity%3D%220%22%2F%3E%3C%2Fsvg%3E\" data-srcset=\"https:\/\/retradycja.eu\/wp-content\/uploads\/2022\/07\/letnia_szkola_belka_popr_2022-01-200x120.png 200w, https:\/\/retradycja.eu\/wp-content\/uploads\/2022\/07\/letnia_szkola_belka_popr_2022-01-300x179.png 300w, https:\/\/retradycja.eu\/wp-content\/uploads\/2022\/07\/letnia_szkola_belka_popr_2022-01-400x239.png 400w, https:\/\/retradycja.eu\/wp-content\/uploads\/2022\/07\/letnia_szkola_belka_popr_2022-01.png 485w\" data-sizes=\"auto\" data-orig-sizes=\"(max-width: 485px) 100vw, 485px\" \/><\/a><\/p>\n<\/div><\/div><\/div><div class=\"fusion-panel panel-default panel-43d74d7043b69fcc6 fusion-toggle-has-divider\" style=\"--awb-title-color:#75160f;\"><div class=\"panel-heading\"><h4 class=\"panel-title toggle\" id=\"toggle_43d74d7043b69fcc6\"><a aria-expanded=\"false\" aria-controls=\"43d74d7043b69fcc6\" role=\"button\" data-toggle=\"collapse\" data-parent=\"#accordion-36204-1\" data-target=\"#43d74d7043b69fcc6\" href=\"#43d74d7043b69fcc6\"><span class=\"fusion-toggle-icon-wrapper\" aria-hidden=\"true\"><i class=\"fa-fusion-box active-icon awb-icon-minus\" aria-hidden=\"true\"><\/i><i class=\"fa-fusion-box inactive-icon awb-icon-plus\" aria-hidden=\"true\"><\/i><\/span><span class=\"fusion-toggle-heading\">2021 | Budowa instrument\u00f3w ludowych<\/span><\/a><\/h4><\/div><div id=\"43d74d7043b69fcc6\" class=\"panel-collapse collapse \" aria-labelledby=\"toggle_43d74d7043b69fcc6\"><div class=\"panel-body toggle-content fusion-clearfix\">\n<p><img decoding=\"async\" class=\"lazyload alignnone wp-image-50042\" src=\"https:\/\/retradycja.eu\/wp-content\/uploads\/2023\/02\/fot.-Natalia-Ogloszka-8-300x200.jpg\" data-orig-src=\"https:\/\/retradycja.eu\/wp-content\/uploads\/2023\/02\/fot.-Natalia-Ogloszka-8-300x200.jpg\" alt=\"\" width=\"659\" height=\"439\" srcset=\"data:image\/svg+xml,%3Csvg%20xmlns%3D%27http%3A%2F%2Fwww.w3.org%2F2000%2Fsvg%27%20width%3D%27659%27%20height%3D%27439%27%20viewBox%3D%270%200%20659%20439%27%3E%3Crect%20width%3D%27659%27%20height%3D%27439%27%20fill-opacity%3D%220%22%2F%3E%3C%2Fsvg%3E\" data-srcset=\"https:\/\/retradycja.eu\/wp-content\/uploads\/2023\/02\/fot.-Natalia-Ogloszka-8-200x133.jpg 200w, https:\/\/retradycja.eu\/wp-content\/uploads\/2023\/02\/fot.-Natalia-Ogloszka-8-300x200.jpg 300w, https:\/\/retradycja.eu\/wp-content\/uploads\/2023\/02\/fot.-Natalia-Ogloszka-8-391x260.jpg 391w, https:\/\/retradycja.eu\/wp-content\/uploads\/2023\/02\/fot.-Natalia-Ogloszka-8-400x267.jpg 400w, https:\/\/retradycja.eu\/wp-content\/uploads\/2023\/02\/fot.-Natalia-Ogloszka-8-600x400.jpg 600w, https:\/\/retradycja.eu\/wp-content\/uploads\/2023\/02\/fot.-Natalia-Ogloszka-8-768x512.jpg 768w, https:\/\/retradycja.eu\/wp-content\/uploads\/2023\/02\/fot.-Natalia-Ogloszka-8-800x533.jpg 800w, https:\/\/retradycja.eu\/wp-content\/uploads\/2023\/02\/fot.-Natalia-Ogloszka-8-1024x682.jpg 1024w, https:\/\/retradycja.eu\/wp-content\/uploads\/2023\/02\/fot.-Natalia-Ogloszka-8-1200x800.jpg 1200w, https:\/\/retradycja.eu\/wp-content\/uploads\/2023\/02\/fot.-Natalia-Ogloszka-8-1536x1024.jpg 1536w\" data-sizes=\"auto\" data-orig-sizes=\"(max-width: 659px) 100vw, 659px\" \/><\/p>\n<p>W 2021 roku tematyk\u0105 Letniej Szko\u0142y Tradycji by\u0142a budowa instrument\u00f3w ludowych. Tych przeznaczonych do grania melodii, jak oktawki, piszcza\u0142ki czy okaryny, jak i s\u0142u\u017c\u0105cych zabawie jednym d\u017awi\u0119kiem i rytmem \u2013 gwizdk\u00f3w oraz b\u0119benk\u00f3w. Poznali\u015bmy tajniki tworzenia instrument\u00f3w z drewna, gliny i metalu.<\/p>\n<p>Zaj\u0119cia poprowadzili znani i do\u015bwiadczeni budowniczowie, kt\u00f3rzy od lat w swoich przydomowych pracowniach wytwarzaj\u0105 r\u00f3\u017cnego typu instrumenty i narz\u0119dzia muzyczne, a tak\u017ce udoskonalaj\u0105 technik\u0119 ich wykonywania. To tak\u017ce osoby, kt\u00f3re prowadz\u0105 studium przypadk\u00f3w, dokonuj\u0105c wybor\u00f3w mi\u0119dzy zachowywaniem tradycyjnych, starodawnych metod a stosowaniem innowacyjnych rozwi\u0105za\u0144 i nowoczesnych narz\u0119dzi w procesie budowy instrument\u00f3w ludowych.<\/p>\n<p><b>W ramach tej edycji Letniej Szko\u0142y Tradycji odby\u0142y si\u0119 nast\u0119puj\u0105ce warsztaty:<\/b><\/p>\n<ul>\n<li><b>Warsztaty budowy oktawek bi\u0142gorajskich, prowadz\u0105cy: <a href=\"https:\/\/retradycja.eu\/pl\/tworca\/zbigniew-butryn\/\">Zbigniew Butryn <\/a><\/b><\/li>\n<li><b>Warsztaty budowy b\u0119benka obr\u0119czowego, prowadz\u0105ca: <a href=\"https:\/\/retradycja.eu\/pl\/tworca\/katarzyna-zedel\/\">Katarzyna Zedel<\/a><br \/>\n<\/b><\/li>\n<li><b>Warsztaty budowy ceramicznych okaryn i gwizdk\u00f3w, prowadz\u0105cy: <a href=\"https:\/\/retradycja.eu\/pl\/tworca\/grzegorz-romanczyk\/\">Grzegorz Roma\u0144czyk<\/a><br \/>\n<\/b><\/li>\n<li><b>Warsztaty budowy drewnianych instrument\u00f3w pasterskich, prowadz\u0105cy: <a href=\"https:\/\/retradycja.eu\/pl\/tworca\/marcin-blachura\/\">Marcin Blachura<\/a> i <a href=\"https:\/\/retradycja.eu\/pl\/tworca\/przemyslaw-ficek\/\">Przemys\u0142aw Ficek<\/a><\/b><\/li>\n<\/ul>\n<p><b>Grupa I \u2013 Warsztaty budowy oktawek bi\u0142gorajskich, prowadz\u0105cy: <a href=\"https:\/\/retradycja.eu\/pl\/tworca\/zbigniew-butryn\/\">Zbigniew Butryn<\/a> z Janowa Lubelskiego (Lubelskie)<\/b><\/p>\n<p>Pod kierunkiem Zbigniewa Butryna uczestnicy pracowali nad powstaniem oktawek bi\u0142gorajskich. Ca\u0142a grupa wsp\u00f3lnie budowa\u0142a jeden instrument.<\/p>\n<p>Cho\u0107 zachowane zabytki muzealne maj\u0105 r\u00f3\u017cne rozmiary (np. model znajduj\u0105cy si\u0119 w Pa\u0144stwowym Muzeum Etnograficznym w Warszawie jest wielko\u015bci skrzypiec \u201epo\u0142\u00f3wkowych\u201d), podczas warsztat\u00f3w powsta\u0142 instrument u\u017cytkowy o menzurze skrzypiec 4\/4. Instrument b\u0119dzie s\u0142u\u017cy\u0142 do dzia\u0142a\u0144 edukacyjnych. Do udzia\u0142u w warsztatach wymagana by\u0142a podstawowa umiej\u0119tno\u015b\u0107 obs\u0142ugi d\u0142ut, m\u0142otka i innych narz\u0119dzi stolarskich.<\/p>\n<p>Zbigniew Butryn \u2013 ur. w Janowie Lubelskim, gdzie mieszka do dzi\u015b; muzykant (basetla, skrzypce, suka, oktawki, gitara basowa), lutnik amator, budowniczy instrument\u00f3w tradycyjnych, w szczeg\u00f3lno\u015bci chordofon\u00f3w tzw. d\u0142ubanych (suka, skrzypce, oktawki, fidel p\u0142ocka, mazanki, basy) oraz b\u0119benk\u00f3w z brz\u0119kad\u0142ami (tzw. sitkowe) i baraban\u00f3w.<\/p>\n<p>Od 2008 roku Zbigniew Butryn wraz z synem Krzysztofem i synow\u0105 Mart\u0105 prowadzi Szko\u0142\u0119 Suki Bi\u0142gorajskiej oraz Pracowni\u0119 Instrument\u00f3w Ludowych. W 1993 roku wykona\u0142 rekonstrukcj\u0119 swojej pierwszej suki bi\u0142gorajskiej. Do poszukiwa\u0144 i rekonstrukcji zapomnianego instrumentu zainspirowa\u0142 go redaktor Polskiego Radia Marian Doma\u0144ski. Od tego czasu udoskonali\u0142 sw\u00f3j warsztat pracy przy budowie instrument\u00f3w. Swoj\u0105 wiedz\u0105 ch\u0119tnie dzieli si\u0119 z osobami zainteresowanymi nauk\u0105.<\/p>\n<p><b>Grupa II \u2013 Warsztaty budowy b\u0119benka obr\u0119czowego, zwanego r\u00f3wnie\u017c sitkowym, jednor\u0119czniakiem, b\u0119benkiem z brz\u0119kad\u0142ami, prowadz\u0105ca: <a href=\"https:\/\/retradycja.eu\/pl\/tworca\/katarzyna-zedel\/\">Katarzyna Zedel<\/a> z Paw\u0142owa (Radomskie).<\/b><\/p>\n<p>Uczestnicy poznali ca\u0142y proces budowy b\u0119benka obr\u0119czowego, na Lubelszczy\u017anie zwanego \u201esitkowym\u201d, oraz obr\u00f3bk\u0119 poszczeg\u00f3lnych element\u00f3w z drewna, metalu i sk\u00f3ry. Wszyscy uczestnicy pracowali wsp\u00f3lnie nad jednym du\u017cym egzemplarzem, kt\u00f3ry s\u0142u\u017cy dzi\u015b do cel\u00f3w edukacyjnych, a ponadto ka\u017cdy wykona\u0142 w\u0142asny b\u0119benek o ma\u0142ych rozmiarach. W zale\u017cno\u015bci od zdolno\u015bci uczestnik\u00f3w i dost\u0119pnego czasu, mo\u017cna by\u0142o wykona\u0107 r\u00f3wnie\u017c drewniane zabawki muzyczne, inspirowane dzie\u0142ami rze\u017abiarza Jana Puka z Trze\u015bni. Do udzia\u0142u w warsztatach wymagana by\u0142a podstawowa umiej\u0119tno\u015b\u0107 obs\u0142ugi wyrzynarki, szlifierki k\u0105towej, m\u0142otka i innych narz\u0119dzi stolarskich.<\/p>\n<p>Katarzyna Zedel \u2013 mieszkanka okolic Szyd\u0142owca, muzykantka, \u015bpiewaczka i tancerka, a tak\u017ce tw\u00f3rczyni instrument\u00f3w tradycyjnych (b\u0119benki, barabany, suka, mazanki, zabawki muzyczne). Do\u015bwiadczenie w budowie instrument\u00f3w zdobywa\u0142a m.in. u Piotra Sikory z Ku\u017anicy k. Przysuchy \u2013 mistrza wykonuj\u0105cego b\u0119benki, basy, skrzypce, smyczki i futera\u0142y. W latach 2012-2020 pracowa\u0142a jako specjalista ds. zbior\u00f3w w Muzeum Ludowych Instrument\u00f3w Muzycznych w Szyd\u0142owcu.<\/p>\n<p><b>Grupa III \u2013 Warsztaty budowy ceramicznych okaryn i gwizdk\u00f3w, prowadz\u0105cy: <a href=\"https:\/\/retradycja.eu\/pl\/tworca\/grzegorz-romanczyk\/\">Grzegorz Roma\u0144czyk<\/a> z Piotrkowic (Ma\u0142opolska)<\/b><\/p>\n<p>Uczestnicy warsztatu zapoznali si\u0119 z ca\u0142ym procesem budowy gwizdk\u00f3w i okaryn. Pierwsz\u0105 wa\u017cn\u0105 czynno\u015bci\u0105 przed zbudowaniem instrument\u00f3w by\u0142o wylanie i obr\u00f3bka ich form, kt\u00f3rych mo\u017cna u\u017cywa\u0107 wielokrotnie. Uczestnicy zdobyli wiedz\u0119 o obr\u00f3bce (czyszczenie, kucie) tych glinianych wyrob\u00f3w, a tak\u017ce wiedz\u0119 na temat procesu wypalania. Do udzia\u0142u w warsztatach nie by\u0142a wymagana specjalistyczna wiedza, jednak uczestnicy musieli liczy\u0107 si\u0119 z faktem, \u017ce jest to \u201ebrudna i mokra robota\u201d.<\/p>\n<p>Grzegorz Roma\u0144czyk \u2013 tw\u00f3rca ceramicznych okaryn i \u0107wierkaj\u0105cych ptaszk\u00f3w. Pochodzi ze znanej ze swojej tw\u00f3rczo\u015bci rodziny Roma\u0144czyk\u00f3w, kt\u00f3ra od kilku pokole\u0144 zajmuje si\u0119 ceramik\u0105 \u2013 tradycj\u0119 t\u0119 zapocz\u0105tkowa\u0142a jego prababcia, a przej\u0119li nast\u0119pnie jej synowie i ich potomkowie.<\/p>\n<p><b>Grupa IV \u2013 Warsztaty budowy drewnianych instrument\u00f3w pasterskich: gwizdk\u00f3w, piszcza\u0142ek wielkopostnych (bez otwor\u00f3w palcowych), fujarek pasterskich (z otworami palcowymi), dwojnicy, prowadz\u0105cy: <a href=\"https:\/\/retradycja.eu\/pl\/tworca\/marcin-blachura\/\">Marcin Blachura<\/a> z \u017bywca i <a href=\"https:\/\/retradycja.eu\/pl\/tworca\/przemyslaw-ficek\/\">Przemys\u0142aw Ficek<\/a> z Jele\u015bni (Beskid \u017bywiecki)<\/b><\/p>\n<p>Celem warsztat\u00f3w by\u0142a nauka poszczeg\u00f3lnych etap\u00f3w i metod oraz w\u0142asnor\u0119czne wykonanie tradycyjnych instrument\u00f3w d\u0119tych z czarnego bzu. Uczestnicy wykonywali gwizdki o prostych formach, piszcza\u0142ki wielkopostne (bez otwor\u00f3w palcowych) oraz w miar\u0119 umiej\u0119tno\u015bci i mo\u017cliwo\u015bci czasowych piszcza\u0142ki 6-otworowe (fujarki). Nauka zako\u0144czona by\u0142a \u015bwi\u0119towaniem sukces\u00f3w tw\u00f3rczych i praktyk\u0105 muzyczn\u0105 na zbudowanych instrumentach.<\/p>\n<p>Do udzia\u0142u w warsztatach nie by\u0142a wymagana specjalistyczna wiedza, jednak uczestnicy musieli posiada\u0107 podstawow\u0105 umiej\u0119tno\u015b\u0107 operowania d\u0142utami i no\u017cykami.<\/p>\n<p>Przemys\u0142aw Ficek z Jele\u015bni i Marcin Blachura z \u017bywca \u2013 tw\u00f3rcy instrument\u00f3w tradycyjnych, m.in. piszcza\u0142ek pasterskich i wielkopostnych, fujarek, dwojnic i gwizdk\u00f3w, ale tak\u017ce gajd beskidzkich i dud \u017cywieckich (spos\u00f3b wytwarzania dud i umiej\u0119tno\u015b\u0107 gry na nich s\u0105 wpisane na Krajow\u0105 List\u0119 Niematerialnego Dziedzictwa Kulturowego). Graj\u0105c na stworzonych przez siebie instrumentach kontynuuj\u0105 muzyczne tradycje Beskidu \u017bywieckiego.<\/p>\n<p><b>Organizatorzy: Fundacja Kultura Enter w partnerstwie z Warsztatami Kultury w Lublinie<\/b><\/p>\n<p>Fundacja Kultura Enter, Jarmark Jagiello\u0144ski, Warsztaty Kultury, Lublin Miasto Inspiracji<\/p>\n<p>Partnerzy: Dominikanie Lublin<\/p>\n<p>Patroni medialni: TVP Kultura, TVP Polonia, Polskie Radio Lublin, Weranda Country, Sielskie \u017bycie, Kultura Enter, Kraina Bugu, travel.lovePoland, MuzykaTradycyjna.PL, KulturaLudowa.pl, Onet<\/p>\n<p>Jarmark Jagiello\u0144ski 20-22 sierpnia 2021<\/p>\n<p><img decoding=\"async\" class=\"lazyload alignnone wp-image-50045\" src=\"https:\/\/retradycja.eu\/wp-content\/uploads\/2023\/02\/belka-lst-01-01bez-kropek.jpg-300x181.webp\" data-orig-src=\"https:\/\/retradycja.eu\/wp-content\/uploads\/2023\/02\/belka-lst-01-01bez-kropek.jpg-300x181.webp\" alt=\"\" width=\"573\" height=\"346\" srcset=\"data:image\/svg+xml,%3Csvg%20xmlns%3D%27http%3A%2F%2Fwww.w3.org%2F2000%2Fsvg%27%20width%3D%27573%27%20height%3D%27346%27%20viewBox%3D%270%200%20573%20346%27%3E%3Crect%20width%3D%27573%27%20height%3D%27346%27%20fill-opacity%3D%220%22%2F%3E%3C%2Fsvg%3E\" data-srcset=\"https:\/\/retradycja.eu\/wp-content\/uploads\/2023\/02\/belka-lst-01-01bez-kropek.jpg-200x121.webp 200w, https:\/\/retradycja.eu\/wp-content\/uploads\/2023\/02\/belka-lst-01-01bez-kropek.jpg-300x181.webp 300w, https:\/\/retradycja.eu\/wp-content\/uploads\/2023\/02\/belka-lst-01-01bez-kropek.jpg-400x241.webp 400w, https:\/\/retradycja.eu\/wp-content\/uploads\/2023\/02\/belka-lst-01-01bez-kropek.jpg-600x362.webp 600w, https:\/\/retradycja.eu\/wp-content\/uploads\/2023\/02\/belka-lst-01-01bez-kropek.jpg-768x463.webp 768w, https:\/\/retradycja.eu\/wp-content\/uploads\/2023\/02\/belka-lst-01-01bez-kropek.jpg-800x483.webp 800w, https:\/\/retradycja.eu\/wp-content\/uploads\/2023\/02\/belka-lst-01-01bez-kropek.jpg.webp 857w\" data-sizes=\"auto\" data-orig-sizes=\"(max-width: 573px) 100vw, 573px\" \/><\/p>\n<\/div><\/div><\/div><div class=\"fusion-panel panel-default panel-0d058ff0588fbf2f4 fusion-toggle-has-divider\"><div class=\"panel-heading\"><h4 class=\"panel-title toggle\" id=\"toggle_0d058ff0588fbf2f4\"><a aria-expanded=\"false\" aria-controls=\"0d058ff0588fbf2f4\" role=\"button\" data-toggle=\"collapse\" data-parent=\"#accordion-36204-1\" data-target=\"#0d058ff0588fbf2f4\" href=\"#0d058ff0588fbf2f4\"><span class=\"fusion-toggle-icon-wrapper\" aria-hidden=\"true\"><i class=\"fa-fusion-box active-icon awb-icon-minus\" aria-hidden=\"true\"><\/i><i class=\"fa-fusion-box inactive-icon awb-icon-plus\" aria-hidden=\"true\"><\/i><\/span><span class=\"fusion-toggle-heading\">2020 | Zielarstwo<\/span><\/a><\/h4><\/div><div id=\"0d058ff0588fbf2f4\" class=\"panel-collapse collapse \" aria-labelledby=\"toggle_0d058ff0588fbf2f4\"><div class=\"panel-body toggle-content fusion-clearfix\">\n<p><img decoding=\"async\" class=\"lazyload alignnone size-full wp-image-35389\" src=\"https:\/\/retradycja.eu\/wp-content\/uploads\/2020\/08\/fot.-Jakub-Bodys-10-e1596711946593.jpg\" data-orig-src=\"https:\/\/retradycja.eu\/wp-content\/uploads\/2020\/08\/fot.-Jakub-Bodys-10-e1596711946593.jpg\" alt=\"\" width=\"1920\" height=\"1080\" srcset=\"data:image\/svg+xml,%3Csvg%20xmlns%3D%27http%3A%2F%2Fwww.w3.org%2F2000%2Fsvg%27%20width%3D%271920%27%20height%3D%271080%27%20viewBox%3D%270%200%201920%201080%27%3E%3Crect%20width%3D%271920%27%20height%3D%271080%27%20fill-opacity%3D%220%22%2F%3E%3C%2Fsvg%3E\" data-srcset=\"https:\/\/retradycja.eu\/wp-content\/uploads\/2020\/08\/fot.-Jakub-Bodys-10-e1596711946593-200x113.jpg 200w, https:\/\/retradycja.eu\/wp-content\/uploads\/2020\/08\/fot.-Jakub-Bodys-10-e1596711946593-300x169.jpg 300w, https:\/\/retradycja.eu\/wp-content\/uploads\/2020\/08\/fot.-Jakub-Bodys-10-e1596711946593-400x225.jpg 400w, https:\/\/retradycja.eu\/wp-content\/uploads\/2020\/08\/fot.-Jakub-Bodys-10-e1596711946593-600x338.jpg 600w, https:\/\/retradycja.eu\/wp-content\/uploads\/2020\/08\/fot.-Jakub-Bodys-10-e1596711946593-768x432.jpg 768w, https:\/\/retradycja.eu\/wp-content\/uploads\/2020\/08\/fot.-Jakub-Bodys-10-e1596711946593-1024x576.jpg 1024w, https:\/\/retradycja.eu\/wp-content\/uploads\/2020\/08\/fot.-Jakub-Bodys-10-e1596711946593-1536x864.jpg 1536w, https:\/\/retradycja.eu\/wp-content\/uploads\/2020\/08\/fot.-Jakub-Bodys-10-e1596711946593.jpg 1920w\" data-sizes=\"auto\" data-orig-sizes=\"(max-width: 1920px) 100vw, 1920px\" \/><\/p>\n<p>Zio\u0142a towarzysz\u0105 cz\u0142owiekowi od wiek\u00f3w jako po\u017cywienie, lekarstwo, kosmetyk czy ozdoba. Sama przyroda hojnie obdarza nas ro\u015blinami, kt\u00f3rym my sami nadajemy potem r\u00f3\u017cnorakie funkcje. Zio\u0142a kojarz\u0105 si\u0119 nam te\u017c jako nieod\u0142\u0105czny krajobraz wsi. Chocia\u017c kwietne, pachn\u0105ce ogrody w ostatnich latach by\u0142y cz\u0119sto zast\u0119powane \u0142atwymi do koszenia trawnikami, to na szcz\u0119\u015bcie i dla nas, i dla przyrody, kwietne \u0142\u0105ki, pachn\u0105ce mi\u0119t\u0105 oraz rumiankiem rabaty staj\u0105 si\u0119 na powr\u00f3t modne i po\u017c\u0105dane \u2013 nie tylko na wsiach, ale i w miastach.<\/p>\n<p>Tematy zaj\u0119\u0107 Letniej Szko\u0142y Tradycji 2020 dotyczy\u0142y tradycyjnego zastosowania zi\u00f3\u0142 w gospodarstwie domowym, uprawie ro\u015blin, w kuchni, zio\u0142olecznictwie, obrz\u0119dowo\u015bci i rzemio\u015ble<span style=\"color: var(--body_typography-color); font-family: var(--body_typography-font-family); font-size: var(--body_typography-font-size); font-style: var(--body_typography-font-style,normal); font-weight: var(--body_typography-font-weight); letter-spacing: var(--body_typography-letter-spacing);\">.<\/span><\/p>\n<p>Warsztaty odbywaj\u0105ce si\u0119 w dniach 20-23 sierpnia 2020 r. zosta\u0142y poprzedzone badaniami terenowymi, w ramach kt\u00f3rych odwiedzili\u015bmy 5 mistrz\u00f3w tradycji. Rozmawiali\u015bmy z nimi na tematy dotycz\u0105ce r\u00f3\u017cnorodnego zastosowania zi\u00f3\u0142 w obrz\u0119dowo\u015bci, rzemio\u015ble, lecznictwie czy uprawie. Zach\u0119camy do zapoznania si\u0119 z wywiadami:<\/p>\n<ul>\n<li><a href=\"https:\/\/retradycja.eu\/pl\/tworca\/anastazja-sidor\/\"><b>Anastazja Sidor<\/b>,<\/a> Pu\u0144sk, woj. podlaskie &#8211; Rola zi\u00f3\u0142 w obrz\u0119dowo\u015bci rodzinnej, dorocznej i zwi\u0105zanej z ni\u0105 plastyce obrz\u0119dowej<\/li>\n<li><a href=\"https:\/\/retradycja.eu\/pl\/tworca\/danuta-radulska\/\"><b>Danuta Radulska<\/b>,<\/a> Wasil\u00f3wka, woj. podlaskie &#8211; Wykorzystanie zi\u00f3\u0142 w pracy rzemie\u015blniczej &#8211; naturalne farbowanie tkanin<\/li>\n<li><b><a href=\"https:\/\/retradycja.eu\/pl\/tworca\/biruta-raglis\/\">Biruta Raglis<\/a>,<\/b> woj. podlaskie &#8211; Zio\u0142olecznictwo<\/li>\n<li><a href=\"https:\/\/retradycja.eu\/pl\/tworca\/renata-ploskon\/\"><b>Renata P\u0142osko\u0144<\/b><\/a>, Gorajec, woj. podkarpackie &#8211; Wykorzystanie zi\u00f3\u0142 w ogrodzie\/rolnictwie<\/li>\n<li><a href=\"https:\/\/retradycja.eu\/pl\/tworca\/zbigniew-blizinski\/\"><b>Zbigniew Blizi\u0144sk<\/b><strong>i<\/strong>,<\/a> Gorajec, woj. podkarpackie &#8211; Uprawa zi\u00f3\u0142, ich zbi\u00f3r, przetwarzanie i zastosowanie<\/li>\n<\/ul>\n<p><strong>Organizatorem Letniej Szko\u0142y Tradycji jest Fundacja Kultura Enter. Projekt dofinansowano ze \u015brodk\u00f3w Ministra Kultury i Dziedzictwa Narodowego oraz przy wsparciu Miasta Lublin.<\/strong><\/p>\n<p>***<\/p>\n<p><strong>Plan Zaj\u0119\u0107:<\/strong><\/p>\n<p><strong>20 sierpnia, do wyboru 11.00 lub 14.00\u2013 dla wszystkich<br \/>\n<\/strong>Zaj\u0119cia wst\u0119pne w Ogrodzie Botanicznym UMCS w Lublinie. Zaj\u0119cia prowadzone przez mgr in\u017c. Dorot\u0119 Misiurek b\u0119d\u0105 stanowi\u0142y og\u00f3lne wprowadzenie do tematyki zi\u00f3\u0142. Zaj\u0119cia obowi\u0105zkowe dla wszystkich uczestnik\u00f3w Letniej Szko\u0142y Tradycji.<\/p>\n<p><strong>21- 23 sierpnia, godz. 10.00-14.00<\/strong><\/p>\n<p><strong>I grupa \u2013 Zio\u0142a w rzemio\u015ble, barwienie tkanin<\/strong> (prowadz\u0105ca: Olka Bystry)<br \/>\n<b><br \/>\nOlka Bystry<\/b> \u2013 uko\u0144czy\u0142a ASP w \u0141odzi na Wydziale Tkaniny i Ubioru. Kocha przyrod\u0119 oraz w\u0119dr\u00f3wki po lasach i \u0142\u0105kach w poszukiwaniu zi\u00f3\u0142, z kt\u00f3rych mo\u017ce przyrz\u0105dzi\u0107 w\u0142asn\u0105 herbatk\u0119 czy wykorzysta\u0107 je w pracy artystycznej. Zajmuje si\u0119 farbowaniem tkanin za pomoc\u0105 ro\u015blin barwierskich. Projektuje i tworzy tkaniny artystyczne oraz u\u017cytkowe. Swoj\u0105 pracowni\u0119 prowadzi w \u0141odzi, ale podr\u00f3\u017cuje po Polsce, prowadz\u0105c warsztaty po\u015bwi\u0119cone ro\u015blinom barwierskim.<\/p>\n<p><em>Kiedy\u015b, podczas zg\u0142\u0119biania dawnych technik druku na tkaninach, odkry\u0142am magi\u0119 ro\u015blin barwierskich i zafascynowa\u0142am si\u0119 naturalnym farbowaniem. W tej chwili jest to moje g\u0142\u00f3wne zaj\u0119cie. Systematycznie zg\u0142\u0119biam wiedz\u0119, buduj\u0119 pr\u00f3bnik \u2013 palet\u0119 kolor\u00f3w dost\u0119pnych w naturze, prowadz\u0119 warsztaty edukacyjne i artystyczne. W 2019 roku napisa\u0142am ksi\u0105\u017ck\u0119 o naturalnym farbowaniu \u2013 to pierwsza, kolorowa polskoj\u0119zyczna pozycja na ten temat w XXI wieku. <\/em><a href=\"https:\/\/dzikiebarwy.com\/\"><em>https:\/\/dzikiebarwy.com\/ <\/em><\/a>Podczas realizowanego warsztatu poznamy ro\u015bliny barwierskie rosn\u0105ce na polskich \u0142\u0105kach i polach. Poznamy zastosowanie ro\u015blin i sposoby barwienia naturalnego. Podczas warsztat\u00f3w nie zabraknie dzia\u0142a\u0144 praktycznych.<br \/>\n<strong>Gdzie: <\/strong>Warsztaty Kultury w Lublinie, ul. Grodzka 7, sala warsztatowa przy patio.<\/p>\n<p><strong>Grupy II i III <\/strong>\u2013 <strong>Zio\u0142olecznictwo <\/strong>(prowadz\u0105cy: Zbigniew Blizi\u0144ski) i <strong>Zio\u0142a w gospodarstwie i ogrodzie<\/strong> \u2013 (prowadz\u0105ca: Renata P\u0142osko\u0144)<br \/>\n<b><br \/>\nZbigniew Blizi\u0144ski<\/b> \u2013 zbieracz zi\u00f3\u0142. Mieszka w Gorajcu na Roztoczu Wschodnim. Pierwsze informacje na temat zi\u00f3\u0142 uzyska\u0142 od babci. Pan Zbigniew przez ca\u0142y rok zawodowo zajmuje si\u0119 zbieraniem zi\u00f3\u0142. Gorajec i jego okolice to teren wyj\u0105tkowy pod wzgl\u0119dem przyrodniczym i kulturowym, a spacer z panem Zbigniewem po okolicznych lasach i \u0142\u0105kach zamienia si\u0119 w niezwyk\u0142\u0105 podr\u00f3\u017c po krainie pe\u0142nej zi\u00f3\u0142 i opowie\u015bci o nich. Podczas warsztat\u00f3w poznamy lecznicze w\u0142a\u015bciwo\u015bci zi\u00f3\u0142. Dowiemy si\u0119, kt\u00f3re ro\u015bliny pomog\u0105 nam na poszczeg\u00f3lne dolegliwo\u015bci, w jaki spos\u00f3b zbiera\u0107 zio\u0142a, suszy\u0107 je i przechowywa\u0107.<br \/>\n<b><br \/>\nRanata P\u0142osko\u0144<\/b> \u2013 urodzona w Przeworsku na Pog\u00f3rzu Rzeszowskim, od 2000 roku mieszka w okolicach Gorajca na Roztoczu. Pasj\u0105 pani Renty s\u0105 ro\u015bliny, zio\u0142a, naturalne uprawy i ogrodnictwo. Jej wiedza podparta jest tradycyjnym przekazem ustnym, literatur\u0105, udzia\u0142em w warsztatach i panelach dyskusyjnych po\u015bwi\u0119conych wykorzystaniu zi\u00f3\u0142. Pani Renata stara si\u0119 wykorzystywa\u0107 uprawiane zio\u0142a zar\u00f3wno spo\u017cywczo, jak i jako materia\u0142 do tworzenia naturalnych kosmetyk\u00f3w, oct\u00f3w, soli i innych wyrob\u00f3w, kt\u00f3re znajduj\u0105 zastosowanie w gospodarstwie domowym. Podczas warsztat\u00f3w pani Renata skupi si\u0119 przede wszystkim na zastosowaniu zi\u00f3\u0142 jako \u015brodka ochrony ro\u015blin, wp\u0142ywie zi\u00f3\u0142 na uprawy przydomowe, a tak\u017ce ich zastosowaniu w gospodarstwie domowym (sprz\u0105tanie, produkcja oct\u00f3w, soli zio\u0142owych).<br \/>\n<strong>Gdzie: <\/strong>Klasztor oo. Dominikan\u00f3w, ul. Z\u0142ota 9, Aula klasztoru<\/p>\n<p><strong>IV grupa <\/strong>\u2013 <strong>Zio\u0142a w obrz\u0119dowo\u015bci<\/strong>(prowadz\u0105ca: Anastazja Sidor)<br \/>\nPani <b>Anastazja Sidor<\/b> swoj\u0105 wiedz\u0119 wynios\u0142a cz\u0119\u015bciowo z domu, ale tak\u017ce z w\u0142asnych obserwacji i aktywnego poznawania najbli\u017cszego otoczenia, jak r\u00f3wnie\u017c w toku edukacji etnograficznej. Zio\u0142a sta\u0142y si\u0119 jej pasj\u0105, kt\u00f3r\u0105 poprzez realizowane warsztaty dzieli si\u0119 z innymi. Pani Anastazja opiera si\u0119 g\u0142\u00f3wnie na tradycji litewskiej grupy Dzuk\u00f3w, zamieszkuj\u0105cych okolice Pu\u0144ska na Suwalszczy\u017anie.<br \/>\nPodczas warsztat\u00f3w poznamy zastosowanie zi\u00f3\u0142 w obrz\u0119dowo\u015bci rodzinnej i dorocznej, poznamy znaczenie poszczeg\u00f3lnych zi\u00f3\u0142 w tradycji okolic Pu\u0144ska, gdzie tradycje polskie przeplataj\u0105 si\u0119 z litewskimi.<br \/>\n<strong>Gdzie: <\/strong>Klasztor oo. Dominikan\u00f3w, ul. Z\u0142ota 9, Sala Unii<\/p>\n<p><strong>V grupa <\/strong>\u2013 <strong>Uprawa i zbi\u00f3r zi\u00f3\u0142<\/strong> (prowadz\u0105ca: mgr in\u017c. Dorota Misiurek)<br \/>\n<b><br \/>\nmgr in\u017c. Dorota Misiurek<\/b> \u2013 absolwentka Uniwersytetu Przyrodniczego w Lublinie. Uko\u0144czy\u0142a studia na kierunku Ogrodnictwo, specjalizacja Tereny Zieleni. Od 2012 roku pracuje w Ogrodzie Botanicznym UMCS na stanowisku specjalisty. Prowadzi niezwykle ciekaw\u0105 kolekcj\u0119 ro\u015blin u\u017cytkowych, gdzie zgromadzonych jest ponad 700 gatunk\u00f3w ro\u015blin leczniczych, miododajnych, w\u0142\u00f3knodajnych, barwierskich, olejkodajnych, owocowych, warzywnych oraz przyprawowych. Zajmuje si\u0119 r\u00f3wnie\u017c kolekcj\u0105 dalii oraz wymian\u0105 nasion i ro\u015blin mi\u0119dzy Ogrodami Botanicznymi z Europy, Azji, Ameryki P\u00f3\u0142nocnej i Ameryki Po\u0142udniowej.<\/p>\n<p>Podczas warsztat\u00f3w zapoznali\u015bmy si\u0119 zar\u00f3wno z upraw\u0105 zi\u00f3\u0142 w domu i ogrodzie, allelopati\u0105 ro\u015blin, zasadami uprawy, rodzajami gleby, jak i zastosowaniem zi\u00f3\u0142 w kuchni i ochronie zdrowia. Nie zabrak\u0142o te\u017c pracy praktycznej, takiej jak przesadzanie ro\u015blin, pozyskiwanie sadzonek i nasion, ukorzenianie ro\u015blin.<br \/>\n<strong>Gdzie: <\/strong>Teren Ogrodu Botanicznego UMCS w Lublinie (wej\u015bcie od ul. Willowej)<\/p>\n<p><strong><br \/>\n<img decoding=\"async\" class=\"lazyload alignnone wp-image-35717 size-fusion-200\" src=\"data:image\/svg+xml,%3Csvg%20xmlns%3D%27http%3A%2F%2Fwww.w3.org%2F2000%2Fsvg%27%20width%3D%27200%27%20height%3D%27123%27%20viewBox%3D%270%200%20200%20123%27%3E%3Crect%20width%3D%27200%27%20height%3D%27123%27%20fill-opacity%3D%220%22%2F%3E%3C%2Fsvg%3E\" data-orig-src=\"https:\/\/retradycja.eu\/wp-content\/uploads\/2020\/08\/sponsor-strona-jj-15-200x123.png\" alt=\"\" width=\"200\" height=\"123\"><\/strong><\/p>\n<\/div><\/div><\/div><div class=\"fusion-panel panel-default panel-439d60f8b03ee0f5d fusion-toggle-has-divider\"><div class=\"panel-heading\"><h4 class=\"panel-title toggle\" id=\"toggle_439d60f8b03ee0f5d\"><a aria-expanded=\"false\" aria-controls=\"439d60f8b03ee0f5d\" role=\"button\" data-toggle=\"collapse\" data-parent=\"#accordion-36204-1\" data-target=\"#439d60f8b03ee0f5d\" href=\"#439d60f8b03ee0f5d\"><span class=\"fusion-toggle-icon-wrapper\" aria-hidden=\"true\"><i class=\"fa-fusion-box active-icon awb-icon-minus\" aria-hidden=\"true\"><\/i><i class=\"fa-fusion-box inactive-icon awb-icon-plus\" aria-hidden=\"true\"><\/i><\/span><span class=\"fusion-toggle-heading\">2019 | Pszczelarstwo<\/span><\/a><\/h4><\/div><div id=\"439d60f8b03ee0f5d\" class=\"panel-collapse collapse \" aria-labelledby=\"toggle_439d60f8b03ee0f5d\"><div class=\"panel-body toggle-content fusion-clearfix\">\n<p><iframe class=\"lazyload fusion-hidden\" data-privacy-type=\"youtube\" src=\"data:image\/svg+xml,%3Csvg%20xmlns%3D%27http%3A%2F%2Fwww.w3.org%2F2000%2Fsvg%27%20width%3D%27560%27%20height%3D%27315%27%20viewBox%3D%270%200%20560%20315%27%3E%3Crect%20width%3D%27560%27%20height%3D%27315%27%20fill-opacity%3D%220%22%2F%3E%3C%2Fsvg%3E\" data-orig-src=\"\" id=\"player_1\" title=\"YouTube video player\" data-privacy-src=\"https:\/\/www.youtube.com\/embed\/G6dxTbnPv90?enablejsapi=1&amp;wmode=opaque\" width=\"560\" height=\"315\" frameborder=\"0\" allowfullscreen=\"allowfullscreen\"><\/iframe><div class=\"fusion-privacy-placeholder\" style=\"width:560px; height:315px;\" data-privacy-type=\"youtube\"><div class=\"fusion-privacy-placeholder-content\"><div class=\"fusion-privacy-label\">For privacy reasons YouTube needs your permission to be loaded.<\/div><a href=\"\" data-privacy-type=\"youtube\" class=\"fusion-button button-default fusion-button-default-size button fusion-privacy-consent\">Wyra\u017cam zgod\u0119<\/a><\/div><\/div><\/p>\n<p>Letnia Szko\u0142a ma na celu przybli\u017cy\u0107 Pa\u0144stwu \u015bwiat pszcz\u00f3\u0142, zapozna\u0107 z r\u00f3\u017cnymi sposobami prowadzenia pasieki, z tradycjami, jakie s\u0105 z tym zwi\u0105zane, a tak\u017ce nowymi mo\u017cliwo\u015bciami i rozwi\u0105zaniami w hodowli i ochronie pszcz\u00f3\u0142.<\/p>\n<p>Pszczo\u0142y od wiek\u00f3w interesowa\u0142y cz\u0142owieka, kt\u00f3ry odkrywa\u0142 kolejne niezwyk\u0142e zwyczaje i w\u0142a\u015bciwo\u015bci tych ma\u0142ych owad\u00f3w. Nie tylko gospodarka, jak\u0105 prowadz\u0105 pszczo\u0142y w \u015bwiecie przyrody, ale tak\u017ce ich wp\u0142yw na rozw\u00f3j kultury ludzkiej i szczeg\u00f3lne miejsce, jakie w tej kulturze zajmuj\u0105, zachwycaj\u0105 i s\u0105 nieocenione. Wiedza spo\u0142ecze\u0144stwa na temat potrzeby ochrony pszcz\u00f3\u0142 wzrasta, jednak dalej mamy w tej dziedzinie wiele do zrobienia. Poznajmy pszczo\u0142y, tradycje pszczelarskie, bartnicze i dowiedzmy si\u0119, co musimy i mo\u017cemy zrobi\u0107 dla pszcz\u00f3\u0142.<\/p>\n<p>W ramach Letniej Szko\u0142y Pszczelarstwa zorganizowali\u015bmy <strong>wst\u0119pne zaj\u0119cia og\u00f3lne prowadzone w pasiece miejskiej<\/strong>, a tak\u017ce 4 grupy warsztatowe po\u015bwi\u0119cone r\u00f3\u017cnym zagadnieniom dotycz\u0105cym pszczelarstwa:<\/p>\n<p><strong>Grupa I \u2013 Budowa k\u0142\u00f3d bartnych<br \/>\n<\/strong><strong>Grupa II \u2013 Wyplatanie s\u0142omianych k\u00f3szek<br \/>\n<\/strong><strong>Grupa III \u2013 Budowa uli TBH<br \/>\n<\/strong><strong>Grupa IV \u2013 Przetwarzanie produkt\u00f3w pszczelich<\/strong><\/p>\n<p>Uzupe\u0142nieniem programu Letniej Szko\u0142y Pszczelarstwa by\u0142o spotkanie otwarte podsumowuj\u0105ce prace wszystkich grup warsztatowych.<\/p>\n<p><span style=\"color: var(--body_typography-color); font-family: var(--body_typography-font-family); font-size: var(--body_typography-font-size); font-style: var(--body_typography-font-style,normal); font-weight: var(--body_typography-font-weight); letter-spacing: var(--body_typography-letter-spacing);\">Program warsztat\u00f3w<\/span><\/p>\n<p><b>Pasieka \u2013 zaj\u0119cia dla wszystkich uczestnik\u00f3w Letniej Szko\u0142y<\/b><\/p>\n<p>Podczas warsztat\u00f3w uczestnicy poznaj\u0105 podstawowe zagadnienia zwi\u0105zane z hodowl\u0105 pszcz\u00f3\u0142, r\u00f3\u017cne rodzaje uli \u2013 od form tradycyjnych po wsp\u00f3\u0142czesne rozwi\u0105zania, odwiedz\u0105 zaplecze techniczne miejskiej pasieki, spr\u00f3buj\u0105 miejskiego miodu. Przedstawiony zostanie tak\u017ce temat symbolicznego znaczenia pszczo\u0142y w dziejach cz\u0142owieka.<\/p>\n<p>Prowadzenie: <strong>Marcin Sudzi\u0144ski<\/strong>, absolwent Pa\u0144stwowego Technikum Pszczelarskiego w Pszczelej Woli, animator kultury, kulturoznawca, fotograf. Prowadzi pracowni\u0119 klasycznej fotografii w Centrum Kultury w Lublinie. Za\u0142o\u017cyciel i opiekun Miejskiej Pasieki Artystycznej znajduj\u0105cej si\u0119 na Centrum Spotkania Kultur w Lublinie.<\/p>\n<p><strong>15 sierpnia (godziny do wyboru)<br \/>\n<\/strong>I warsztat godz. 12.00 \u2013 15.00<br \/>\nII warsztat godz. 16.00 \u2013 19.00<\/p>\n<p><b>Grupa I \u2013 Budowa k\u0142\u00f3d bartnych<br \/>\n<\/b><\/p>\n<p><span style=\"color: var(--body_typography-color); font-family: var(--body_typography-font-family); font-size: 14.4px; font-style: var(--body_typography-font-style,normal); font-weight: var(--body_typography-font-weight); letter-spacing: var(--body_typography-letter-spacing); line-height: 25.95px;\" data-fusion-font=\"true\">Bartnictwo to pierwotna forma pszczelarstwa polegaj\u0105ca na przygotowywaniu w terenie le\u015bnym specjalnych \u201edziupli\u201d (barci) dla pszcz\u00f3\u0142. Podczas warsztat\u00f3w uczestnicy poznaj\u0105 zar\u00f3wno rzemios\u0142o bartnicze, jak i historie oraz tradycje zwi\u0105zan\u0105 z t\u0105 dziedzin\u0105.<\/span><\/p>\n<p>Uczestnicy pracuj\u0105c w parach przy u\u017cyciu pi\u0142y motorowej i tradycyjnych narz\u0119dzi, wykonaj\u0105 w pniu sosnowym o wysoko\u015bci 150 cm k\u0142od\u0119 bartn\u0105. Prace b\u0119d\u0105 prowadzone pod nadzorem 2 do\u015bwiadczonych bartnik\u00f3w. Opr\u00f3cz wykonania k\u0142ody prowadz\u0105cy wraz z uczestnikami zamontuj\u0105 jedn\u0105 z k\u0142\u00f3d na drzewie. Uczestnicy dowiedz\u0105 si\u0119, jak wybra\u0107 odpowiednie miejsce do powieszenia k\u0142ody, jak wabi\u0107 roje do za\u0142o\u017conych barci oraz poznaj\u0105 historie bartnictwa.<\/p>\n<p>Prowadzenie: <strong>Piotr Pi\u0142asiewicz<\/strong> (Bractwo Bartne, www.bartnictwo.com), spo\u0142ecznik, bartnik, wsp\u00f3\u0142tw\u00f3rca Bractwa Bartnego, propagator historii polskiego bartnictwa. Wyk\u0142adowca krajowych i zagranicznych seminari\u00f3w po\u015bwi\u0119conych \u017cyciu pszcz\u00f3\u0142 w naturalnym \u015brodowisku. Organizuje i prowadzi liczne warsztaty bartnicze w kraju i za granic\u0105.<\/p>\n<p><strong>16, 17, 18 sierpnia,<\/strong> godz. 11.00 \u2013 15.00<\/p>\n<p><b>Grupa II \u2013 Wyplatanie uli s\u0142omianych \u2013 k\u00f3szek<br \/>\n<\/b>K\u00f3szki to rodzaj ula, zazwyczaj w kszta\u0142cie dzwonu, wykonany z plecionej s\u0142omy i ustawiany na odr\u0119bnym pod\u0142o\u017cu, kt\u00f3re r\u00f3wnocze\u015bnie stanowi zamkni\u0119cie dna. Warsztaty poprowadzi <strong>Miko\u0142aj Pietruczuk<\/strong>, plecionkarz, rzemie\u015blnik z Hajn\u00f3wki. Pan Miko\u0142aj zacz\u0105\u0142 szy\u0107 kosze w wieku 15 lat. Pocz\u0105tkowo pomaga\u0142 swojemu ojcu, ale w szybkim czasie rozpocz\u0105\u0142 sam wyplata\u0107 kosze, tacki i r\u00f3\u017cnego rodzaju formy wykorzystywane niegdy\u015b w gospodarstwie, a dzi\u015b stanowi\u0105ce g\u0142\u00f3wnie elementy wystroju wn\u0119trz czy ogrod\u00f3w. Pan Miko\u0142aj znany jako doskona\u0142y fachowiec wykonuje ule s\u0142omiane \u2013 k\u00f3szki na zam\u00f3wienie pszczelarzy.<br \/>\nProwadzenie: <strong>Miko\u0142aj Pietruczuk<br \/>\n<\/strong><strong>16, 17, 18 sierpnia,<\/strong> godz. 11.00 \u2013 15.00<\/p>\n<p><b>Grupa III \u2013 Budowa uli TBH<br \/>\n<\/b>G\u0142\u00f3wnym celem warsztat\u00f3w jest zaznajomienie uczestnik\u00f3w z biologi\u0105 rodziny pszczelej oraz z naturalnymi, nieinwazyjnymi sposobami gospodarowania pszczo\u0142ami. Ponadto podczas warsztat\u00f3w ka\u017cdy uczestnik samodzielnie zmontuje drewniany ul bezramkowy z przygotowanych wcze\u015bniej prefabrykat\u00f3w. B\u0119dzie to ul typu TBH (ang. Top Bar Hive), czyli le\u017cak snozowy. Podczas warsztat\u00f3w uczestnicy przyswoj\u0105 niezb\u0119dne podstawy pracy stolarskiej oraz zwi\u0105zane z ni\u0105 zasady bezpiecze\u0144stwa. Om\u00f3wione te\u017c zostan\u0105 inne rodzaje uli bezramkowych, znaczenie bior\u00f3\u017cnorodno\u015bci dla \u017cycia owad\u00f3w zapylaj\u0105cych oraz ekologiczne sposoby leczenia pszcz\u00f3\u0142.<\/p>\n<p>Prowadzenie: <strong>Jacek Wiczy\u0144ski<\/strong>, absolwent Pa\u0144stwowego Technikum Pszczelarskiego w Pszczelej Woli, muzyk, filozof, mi\u0142o\u015bnik i entuzjasta pszcz\u00f3\u0142. Zajmuje si\u0119 niekonwencjonalnymi metodami hodowli pszcz\u00f3\u0142, w kt\u00f3rej g\u0142\u00f3wny nacisk k\u0142adzie na obserwacj\u0119 koegzystencji tego owada ze \u015brodowiskiem naturalnym. Jego dzia\u0142ania nie s\u0105 nastawione na profity p\u0142yn\u0105ce z hodowli, cho\u0107 najcenniejszym surowcem pozyskiwanym przez niego jest czysty pszczeli wosk wykorzystywany najcz\u0119\u015bciej do cel\u00f3w leczniczych i piel\u0119gnacyjnych. Trzyma pszczo\u0142y w w\u0142asnor\u0119cznie zrobionych korpusowych ulach snozowych w pradolinie Noteci.<br \/>\n<strong>16, 17, 18 sierpnia<\/strong>, godz. 11.00 \u2013 15.00<\/p>\n<p><b>Grupa IV \u2013 Przetwarzanie produkt\u00f3w pszczelich<br \/>\n<\/b>Do naszych dzia\u0142a\u0144 wykorzystamy dwa produkty pszczele: mi\u00f3d i propolis. Zastosujemy mi\u00f3d w bardziej i mniej tradycyjnych przepisach na ciastka, napoje bezalkoholowe, nalewki i inne przysmaki. Z propolisu przygotujemy ekstrakt etanolowy i nalewk\u0119 oraz ma\u015b\u0107 na jego bazie. Takie preparaty znajduj\u0105 zastosowanie w apiterapii.<\/p>\n<p>Prowadzenie:<strong> El\u017cbieta Gajowiak<\/strong>, absolwentka Politechniki \u015al\u0105skiej, wieloletni praktyk w dziedzinie chemii i technologii produkt\u00f3w pszczelich, nauczycielka Pa\u0144stwowego Technikum Pszczelarskiego w Pszczelej Woli. Wyk\u0142adowca dla grup pszczelarzy na terenie ca\u0142ej Polski w dziedzinie hodowli pszcz\u00f3\u0142. Zebra\u0142a wiele ciekawych przepis\u00f3w kulinarnych, robi\u0105c na ich bazie oryginalne wypieki, nalewki i miody pitne.<br \/>\n<strong>16, 17, 18 sierpnia<\/strong>, godz. 11.00 \u2013 15.00<\/p>\n<p><span lang=\"en-US\"><b>Spotkanie otwarte \u2013 Be with bee\/ be thanks bee<br \/>\n<\/b><\/span>Spotkanie otwarte, podczas kt\u00f3rego prowadz\u0105cy warsztaty przedstawili swoj\u0105 dziedzin\u0119 dzia\u0142alno\u015bci zwi\u0105zan\u0105 z pszczelarstwem. Poznali\u015bmy dzia\u0142alno\u015b\u0107 Bractwa Bartnego z Augustowa, budow\u0119 i zasady hodowli pszcz\u00f3\u0142 w ulach TBH czy k\u00f3szkach . O niezwyk\u0142ych \u015bwiecie pszcz\u00f3\u0142, pszczo\u0142ach w kulturze i sztuce, w\u0142a\u015bciwo\u015bciach produkt\u00f3w pszczelich opowiedzieli <strong>Marcin Sudzi\u0144ski i El\u017cbieta Gajowiak<\/strong>.<br \/>\n<strong>Katarzyna Jagie\u0142\u0142o<\/strong> z Greenpeace Polska opowiedzia\u0142a o dzia\u0142aniach, jakie podejmowane s\u0105 w kwestii ochrony pszcz\u00f3\u0142 i popularyzacji wiedzy na ich temat.<br \/>\n<b>Podczas spotkania przedstawimy efekty Letniej Szko\u0142y Pszczelarstwa.<br \/>\n<\/b>Nie zabrak\u0142o tak\u017ce degustacji r\u00f3\u017cnego rodzaju miod\u00f3w i produkt\u00f3w pochodnych.<br \/>\n<strong>18 sierpnia<\/strong>, godz. 15.00, Aula Klasztoru OO. Dominikan\u00f3w w Lublinie<\/p>\n<\/div><\/div><\/div><div class=\"fusion-panel panel-default panel-64ac808de95c171f3 fusion-toggle-has-divider\"><div class=\"panel-heading\"><h4 class=\"panel-title toggle\" id=\"toggle_64ac808de95c171f3\"><a aria-expanded=\"false\" aria-controls=\"64ac808de95c171f3\" role=\"button\" data-toggle=\"collapse\" data-parent=\"#accordion-36204-1\" data-target=\"#64ac808de95c171f3\" href=\"#64ac808de95c171f3\"><span class=\"fusion-toggle-icon-wrapper\" aria-hidden=\"true\"><i class=\"fa-fusion-box active-icon awb-icon-minus\" aria-hidden=\"true\"><\/i><i class=\"fa-fusion-box inactive-icon awb-icon-plus\" aria-hidden=\"true\"><\/i><\/span><span class=\"fusion-toggle-heading\">2018 | Koronkarstwo<\/span><\/a><\/h4><\/div><div id=\"64ac808de95c171f3\" class=\"panel-collapse collapse \" aria-labelledby=\"toggle_64ac808de95c171f3\"><div class=\"panel-body toggle-content fusion-clearfix\">\n<p><a href=\"https:\/\/retradycja.eu\/wp-content\/uploads\/2020\/08\/gutekzegier-7671-scaled.jpg\"><img decoding=\"async\" class=\"lazyload alignnone size-large wp-image-1743\" src=\"https:\/\/retradycja.eu\/wp-content\/uploads\/2020\/08\/gutekzegier-7671-1024x683.jpg\" data-orig-src=\"https:\/\/retradycja.eu\/wp-content\/uploads\/2020\/08\/gutekzegier-7671-1024x683.jpg\" alt=\"\" width=\"1024\" height=\"683\" srcset=\"data:image\/svg+xml,%3Csvg%20xmlns%3D%27http%3A%2F%2Fwww.w3.org%2F2000%2Fsvg%27%20width%3D%271024%27%20height%3D%27683%27%20viewBox%3D%270%200%201024%20683%27%3E%3Crect%20width%3D%271024%27%20height%3D%27683%27%20fill-opacity%3D%220%22%2F%3E%3C%2Fsvg%3E\" data-srcset=\"https:\/\/retradycja.eu\/wp-content\/uploads\/2020\/08\/gutekzegier-7671-200x133.jpg 200w, https:\/\/retradycja.eu\/wp-content\/uploads\/2020\/08\/gutekzegier-7671-300x200.jpg 300w, https:\/\/retradycja.eu\/wp-content\/uploads\/2020\/08\/gutekzegier-7671-391x260.jpg 391w, https:\/\/retradycja.eu\/wp-content\/uploads\/2020\/08\/gutekzegier-7671-400x267.jpg 400w, https:\/\/retradycja.eu\/wp-content\/uploads\/2020\/08\/gutekzegier-7671-600x400.jpg 600w, https:\/\/retradycja.eu\/wp-content\/uploads\/2020\/08\/gutekzegier-7671-768x512.jpg 768w, https:\/\/retradycja.eu\/wp-content\/uploads\/2020\/08\/gutekzegier-7671-1024x683.jpg 1024w, https:\/\/retradycja.eu\/wp-content\/uploads\/2020\/08\/gutekzegier-7671-1536x1024.jpg 1536w\" data-sizes=\"auto\" data-orig-sizes=\"(max-width: 1024px) 100vw, 1024px\" \/><\/a><\/p>\n<p>Koronka, kt\u00f3rej pocz\u0105tki mog\u0105 si\u0119ga\u0107 nawet staro\u017cytno\u015bci, ze wzgl\u0119du na swoj\u0105 dekoracyjno\u015b\u0107 zyska\u0142a popularno\u015b\u0107 zar\u00f3wno w europejskiej sztuce sakralnej, jak i \u015bwieckiej, dworskiej. Z czasem koronka zacz\u0119\u0142a pojawia\u0107 si\u0119 tak\u017ce na wsiach \u2013 nie tylko jako ozdoba wn\u0119trz mieszkalnych, ale tak\u017ce element stroj\u00f3w od\u015bwi\u0119tnych, a w niekt\u00f3rych miejscach tak\u017ce codziennych. Wiadomo, \u017ce pojawia\u0142a si\u0119, w zale\u017cno\u015bci od regionu,<br \/>\nju\u017c w XIX wieku lub w pierwszych dziesi\u0119cioleciach XX wieku. Zdarza\u0142o si\u0119, \u017ce du\u017c\u0105 rol\u0119 w upowszechnianiu koronkarstwa odgrywa\u0142y szko\u0142y. Na prowadzonych w niekt\u00f3rych z nich zaj\u0119ciach z rob\u00f3tek r\u0119cznych dziewcz\u0119ta uczy\u0142y si\u0119 wykonywa\u0107 koronk\u0119. Podobn\u0105 rol\u0119 spe\u0142nia\u0142y te\u017c kursy prowadzone przez siostry zakonne. Powstawa\u0142y tak\u017ce odr\u0119bne szko\u0142y po\u015bwi\u0119cone wy\u0142\u0105cznie koronkarstwu, do kt\u00f3rych ucz\u0119szcza\u0142y dziewcz\u0119ta z okolicznych wsi. Z czasem umiej\u0119tno\u015bci te zaczyna\u0142y by\u0107 przekazywane z pokolenia na pokolenie lub w obr\u0119bie os\u00f3b mieszkaj\u0105cych w najbli\u017cszym s\u0105siedztwie, daj\u0105c pocz\u0105tek o\u015brodkom koronkarskim, kt\u00f3re znamy dzisiaj.<\/p>\n<p>Pod wsp\u00f3lnym has\u0142em \u201ekoronka\u201d kryje si\u0119 wiele zr\u00f3\u017cnicowanych technik. W\u015br\u00f3d nich znale\u017a\u0107 mo\u017cemy nie tylko wyroby szyde\u0142kowe wykonywane r\u00f3\u017cnymi rodzajami \u015bcieg\u00f3w, ale tak\u017ce m.in. koronki klockowe czy cz\u00f3\u0142enkowe. Ka\u017cda z technik pozwala na uzyskanie innych efekt\u00f3w,<br \/>\nkt\u00f3re razem z regionalnym zr\u00f3\u017cnicowaniem wzornictwa czy zastosowa\u0144 koronki tworz\u0105 bogactwo polskich tradycji koronkarskich.<\/p>\n<p><strong>Badania Terenowe: <\/strong><\/p>\n<p>Warsztaty, kt\u00f3re odby\u0142y si\u0119 w dniach 16-19 sierpnia 2018, zosta\u0142y poprzedzone badaniami terenowymi, w ramach kt\u00f3rych odwiedzili\u015bmy 5 mistrz\u00f3w tradycji. Z rozmow\u0105 z ka\u017cdym z nich mo\u017cna zapozna\u0107 si\u0119 poni\u017cej:<\/p>\n<ul>\n<li><a href=\"https:\/\/retradycja.eu\/pl\/tworca\/eugenia-wieczorek\/\">Eugenia Wieczorek z Jarocina<\/a><\/li>\n<li><a href=\"https:\/\/retradycja.eu\/pl\/tworca\/czeslawa-lewandowska\/\">Czes\u0142awa Lewandowska z Ostro\u0142\u0119ki<\/a><\/li>\n<li><a href=\"https:\/\/retradycja.eu\/pl\/tworca\/zuzanna-ptak\/\">Zuzanna Ptak z Koniakowa<\/a><\/li>\n<li><a href=\"https:\/\/retradycja.eu\/pl\/tworca\/irena-sapiejka\/\">Irena Sapiejka z Sieradza<\/a><\/li>\n<li><a href=\"https:\/\/retradycja.eu\/pl\/tworca\/magdalena-cieciwa\/\">Magdalena Ci\u0119ciwa z Marcinkowic<\/a><\/li>\n<\/ul>\n<p>W ramach Letniej Szkole Koronkarstwa mieli Pa\u0144stwo mo\u017cliwo\u015b\u0107 zapozna\u0107 si\u0119 z jedn\u0105 z pi\u0119ciu tradycji, kt\u00f3re rozwin\u0119\u0142y si\u0119 na terenie naszego kraju. Prowadz\u0105ce, do\u015bwiadczone tw\u00f3rczynie ludowe, podczas czterodniowych zaj\u0119\u0107 podzieli\u0142y si\u0119 z uczestnikami warsztat\u00f3w swoim do\u015bwiadczeniem i umiej\u0119tno\u015bciami wyrobu koronek.<\/p>\n<p>Nauczycielkami tymi by\u0142y:<\/p>\n<ul>\n<li>Eugenia Wieczorek (Jarocin) \u2013 koronka cz\u00f3\u0142enkowa (frywolitka);<\/li>\n<li>Czes\u0142awa Lewandowska (Ostro\u0142\u0119ka) \u2013 kurpiowska koronka szyde\u0142kowa \u015bciegiem siatkowym;<\/li>\n<li>Mariola Wojtas (Koniak\u00f3w) \u2013 koniakowska koronka szyde\u0142kowa;<\/li>\n<li>Irena Sapiejka (Sieradz) \u2013 sieradzka koronka szyde\u0142kowa \u015bciegiem siatkowym;<\/li>\n<li>Magdalena Ci\u0119ciwa (Marcinkowice) \u2013 zakopia\u0144ska koronka klockowa;<\/li>\n<\/ul>\n<p>Przy zapisie uczestnik mia\u0142a do wyboru jedn\u0105 z pi\u0119ciu powy\u017cszych grup warsztatowych.<\/p>\n<p>Podczas Letniej Szko\u0142y zar\u00f3wno uczestnicy warsztat\u00f3w, jak i tw\u00f3rczynie ludowe wzi\u0119\u0142y tak\u017ce udzia\u0142 w dodatkowych zaj\u0119ciach prowadzonych przez Urszul\u0119 Kulczy\u0144sk\u0105, projektantk\u0119 ubra\u0144 i tw\u00f3rczyni\u0119 marki Cocoon.<\/p>\n<p>Godziny zaj\u0119\u0107 Letniej Szko\u0142y Koronkarstwa<br \/>\nWarsztaty prowadzone przez tw\u00f3rczynie ludowe:<br \/>\nCzwartek (16.08) \u2013 godz. 14.00-18.00<br \/>\nPi\u0105tek (17.08) \u2013 godz. 14.00-18.00<br \/>\nSobota (18.08) \u2013 godz. 11.00-15.00<\/p>\n<p>Warsztaty prowadzone przez Urszul\u0119 Kulczy\u0144sk\u0105:<br \/>\nNiedziela (19.08) \u2013 godz. 10.00-13.00, 14.00-17.00<br \/>\nMiejsce odbywania si\u0119 warsztat\u00f3w: Aula Klasztoru o.o. Dominikan\u00f3w w Lublinie, ul. Z\u0142ota 9.<\/p>\n<p>Warsztaty Urszuli Kuczy\u0144skiej pt. \u201eTradycyjna koronka i jej wykorzystanie we wsp\u00f3\u0142czesnym projektowaniu mody\u201d<br \/>\nb\u0119d\u0105 zawiera\u0142y cz\u0119\u015b\u0107 teoretyczn\u0105 i praktyczn\u0105.<\/p>\n<p>Na pierwsz\u0105 cz\u0119\u015b\u0107 sk\u0142ada\u0107 si\u0119 b\u0119d\u0105:<\/p>\n<ul>\n<li>Kr\u00f3tki film prezentuj\u0105cy, w jaki spos\u00f3b najwi\u0119ksi projektanci i \u015bwiatowe domy mody wykorzystuj\u0105<br \/>\nkoronk\u0119 w tworzeniu kolekcji i kreowaniu mody.<\/li>\n<li>Zapoznanie ze sposobami i technikami zdobienia z wykorzystaniem tradycyjnej koronki<br \/>\npo\u0142\u0105czonej z koronk\u0105 wsp\u00f3\u0142czesn\u0105, haftem, zdobienia koralikami, cekinami i innymi elementami dekoracyjnym.<\/li>\n<\/ul>\n<p>W cz\u0119\u015bci praktycznej uczestnicy pod okiem projektantki poznaj\u0105 r\u00f3\u017cne techniki zdobnicze. Ka\u017cdy z uczestnik\u00f3w uszyje bluzk\u0119 z baskink\u0105 \/hiszpank\u0119\/ \u2013 bluzk\u0119 z szerokimi marszczonymi r\u0119kawkami wg przygotowanych i udost\u0119pnionych na warsztatach form z przezroczystego, transparentnego tiulu oraz ozdobi j\u0105, wykorzystuj\u0105c r\u00f3\u017cne techniki zdobnicze.<br \/>\nWykorzystane do tego celu zostan\u0105: koronka tradycyjna i wsp\u00f3\u0142czesna, a tak\u017ce inne elementy dekoracyjne takie jak koraliki per\u0142y, cekiny itp.<\/p>\n<p>Urszula Kulczy\u0144ska jest projektantk\u0105 i krawieckim samoukiem, chocia\u017c podstaw uczy\u0142a si\u0119 od swojej babci i ciotki. Uko\u0144czy\u0142a Pa\u0144stwowe Liceum Sztuk Plastycznych w Lublinie (kierunek \u2013 tkanina artystyczna) oraz studia w Instytucie Sztuk Pi\u0119knych UMCS (kierunek \u2013 malarstwo), a tak\u017ce studia podyplomowe ze wzornictwa przemys\u0142owego. Projektuje odk\u0105d pami\u0119ta. Po studiach pracowa\u0142a jako projektant du\u017cej marki odzie\u017cowej, a po pewnym czasie za\u0142o\u017cy\u0142a w\u0142asn\u0105 \u2013 Cocoon. Szyje w\u0142asne kolekcje oraz realizuje zam\u00f3wienia indywidualne.<\/p>\n<\/div><\/div><\/div><div class=\"fusion-panel panel-default panel-3cac4f8c7ad09b2c9 fusion-toggle-has-divider\"><div class=\"panel-heading\"><h4 class=\"panel-title toggle\" id=\"toggle_3cac4f8c7ad09b2c9\"><a aria-expanded=\"false\" aria-controls=\"3cac4f8c7ad09b2c9\" role=\"button\" data-toggle=\"collapse\" data-parent=\"#accordion-36204-1\" data-target=\"#3cac4f8c7ad09b2c9\" href=\"#3cac4f8c7ad09b2c9\"><span class=\"fusion-toggle-icon-wrapper\" aria-hidden=\"true\"><i class=\"fa-fusion-box active-icon awb-icon-minus\" aria-hidden=\"true\"><\/i><i class=\"fa-fusion-box inactive-icon awb-icon-plus\" aria-hidden=\"true\"><\/i><\/span><span class=\"fusion-toggle-heading\">2017 | Pisankarstwo<\/span><\/a><\/h4><\/div><div id=\"3cac4f8c7ad09b2c9\" class=\"panel-collapse collapse \" aria-labelledby=\"toggle_3cac4f8c7ad09b2c9\"><div class=\"panel-body toggle-content fusion-clearfix\">\n<p><a href=\"https:\/\/retradycja.eu\/wp-content\/uploads\/2020\/08\/JJ2012_T.Bylina447-scaled.jpg\"><img decoding=\"async\" class=\"lazyload alignnone wp-image-584 size-large\" src=\"https:\/\/retradycja.eu\/wp-content\/uploads\/2020\/08\/JJ2012_T.Bylina447-1024x683.jpg\" data-orig-src=\"https:\/\/retradycja.eu\/wp-content\/uploads\/2020\/08\/JJ2012_T.Bylina447-1024x683.jpg\" alt=\"\" width=\"1024\" height=\"683\" srcset=\"data:image\/svg+xml,%3Csvg%20xmlns%3D%27http%3A%2F%2Fwww.w3.org%2F2000%2Fsvg%27%20width%3D%271024%27%20height%3D%27683%27%20viewBox%3D%270%200%201024%20683%27%3E%3Crect%20width%3D%271024%27%20height%3D%27683%27%20fill-opacity%3D%220%22%2F%3E%3C%2Fsvg%3E\" data-srcset=\"https:\/\/retradycja.eu\/wp-content\/uploads\/2020\/08\/JJ2012_T.Bylina447-200x133.jpg 200w, https:\/\/retradycja.eu\/wp-content\/uploads\/2020\/08\/JJ2012_T.Bylina447-300x200.jpg 300w, https:\/\/retradycja.eu\/wp-content\/uploads\/2020\/08\/JJ2012_T.Bylina447-391x260.jpg 391w, https:\/\/retradycja.eu\/wp-content\/uploads\/2020\/08\/JJ2012_T.Bylina447-400x267.jpg 400w, https:\/\/retradycja.eu\/wp-content\/uploads\/2020\/08\/JJ2012_T.Bylina447-600x400.jpg 600w, https:\/\/retradycja.eu\/wp-content\/uploads\/2020\/08\/JJ2012_T.Bylina447-768x512.jpg 768w, https:\/\/retradycja.eu\/wp-content\/uploads\/2020\/08\/JJ2012_T.Bylina447-1024x683.jpg 1024w, https:\/\/retradycja.eu\/wp-content\/uploads\/2020\/08\/JJ2012_T.Bylina447-1536x1024.jpg 1536w\" data-sizes=\"auto\" data-orig-sizes=\"(max-width: 1024px) 100vw, 1024px\" \/><\/a><\/p>\n<p>Zwyczaj ozdabiania jaj si\u0119gaj\u0105cy dawnych czas\u00f3w, przetrwa\u0142 do dnia dzisiejszego. Zdobienie jaj, g\u0142\u00f3wnie w okresie poprzedzaj\u0105cym \u015bwi\u0119ta Wielkanocy, zwyk\u0142o nazywa\u0107 si\u0119 tworzeniem pisanek, bez wzgl\u0119du na spos\u00f3b ich wykonania. Elementy dekoracyjne, jakie mo\u017cna spotka\u0107 na jajku, si\u0119gaj\u0105 tradycji przedchrze\u015bcija\u0144skich. Ka\u017cdy element, forma czy nawet sam kolor zabarwienia jajka posiada\u0142 swoje znaczenie i symbolik\u0119. Niezale\u017cnie jednak od tych czynnik\u00f3w, jajko pozostaje symbolem odradzaj\u0105cego si\u0119 \u017cycia, cho\u0107 funkcji magicznych jajka jest o wiele wi\u0119cej.<\/p>\n<p>Zaj\u0119cia prowadzone w ramach Letniej Szko\u0142y poprzedzone zosta\u0142y badaniami terenowymi &#8211; wizytami u mistrz\u00f3w pisankarstwa, kt\u00f3rzy opowiedzieli nam o r\u00f3\u017cnorodnych tradycjach swoich region\u00f3w:<\/p>\n<ul>\n<li><a href=\"https:\/\/retradycja.eu\/pl\/tworca\/krystyna-ciesluk\/\">Krystyna Cie\u015bluk z Lipska<\/a><\/li>\n<li><a href=\"https:\/\/retradycja.eu\/pl\/tworca\/halina-witkowska\/\">Halina Witkowska z Leman<\/a><\/li>\n<li><a href=\"https:\/\/retradycja.eu\/pl\/tworca\/gertruda-kleman\/\">Gertruda Kleman z Opola<\/a><\/li>\n<li><a href=\"https:\/\/retradycja.eu\/pl\/tworca\/maria-kieleczawa\/\">Maria Kieleczawa z Wroc\u0142awia<\/a><\/li>\n<li><a href=\"https:\/\/retradycja.eu\/pl\/tworca\/roman-proszynski\/\">Roman Pr\u00f3szy\u0144ski z Terpentyny<\/a><\/li>\n<\/ul>\n<p>Uczestnicy Letniej Szko\u0142y Pisankarstwa podczas warsztat\u00f3w poznali tajniki zdobienia jajek pi\u0119ciu wybranych region\u00f3w Polski. Ka\u017cdy z nauczycieli prowadz\u0105cych pom\u00f3g\u0142 odkry\u0107 sposoby dekorowania jajka, uwzgl\u0119dniaj\u0105c technik\u0119, jaka dominuje w regionie, z kt\u00f3rego on sam pochodzi. Nauczycielami bylinast\u0119puj\u0105cy tw\u00f3rcy ludowi:<\/p>\n<ul>\n<li>Ewa Skowysz Mucha (Lipsk) \u2013 pisanka lipska (metoda batikowa) \u2013 Pani Krystynie Cie\u015bluk, kt\u00f3ra pierwotnie mia\u0142a poprowadzi\u0107 te warsztaty \u017cyczymy szybkiego powrotu do zdrowia.<\/li>\n<li>Halina Witkowska (Kurpie Bia\u0142e) \u2013 pisanka z sitowia (oklejanka)<\/li>\n<li>Gertruda Kleman (Opole) \u2013 kroszonka (metoda rytownicza)<\/li>\n<li>Maria Kieleczawa (Wroc\u0142aw) \u2013 pisanka \u0142emkowska i huculska (metoda batkowa)<\/li>\n<li>Roman Pr\u00f3szy\u0144ski (Terpentyna) \u2013 pisanka lubelska (metoda batikowa)<\/li>\n<\/ul>\n<p>Letnia Szko\u0142a Pisankarstwa opr\u00f3cz zaj\u0119\u0107 podstawowych, zosta\u0142a wzbogacona o warsztat skierowany zar\u00f3wno do uczestnik\u00f3w zaj\u0119\u0107, jak do prowadz\u0105cych warsztaty tw\u00f3rc\u00f3w. W ramach zaj\u0119\u0107 z dr Ann\u0105 Szwaj\u0105 z ASP w Krakowie, zaprezentowano mo\u017cliwo\u015bci wykorzystania wiedzy tradycyjnej w nowym wzornictwie i w przemys\u0142ach kreatywnych.<\/p>\n<p>Warsztaty prowadzone przez Ann\u0119 Szwaj\u0119, przy wsparciu technologicznym El\u017cbiety Wierdak, mia\u0142y na celu pokazanie, jak tradycyjn\u0105 technik\u0119 batikowania, znan\u0105 ze zdobienia wielkanocnych pisanek, mo\u017cna przenie\u015b\u0107 na przedmioty u\u017cytkowe, gdzie pod\u0142o\u017cem s\u0105 tkaniny czy obiekty drewniane. Uczestnicy w ci\u0105gu trzech godzin zaprojektowali wz\u00f3r i przeprowadzili proces barwienia na batystowych chustach, aby m\u00f3c pozna\u0107 podstawy tej techniki, zapozna\u0107 si\u0119 z jej zasadami i potrzebnymi narz\u0119dziami.<\/p>\n<p>Warsztaty wsparte by\u0142y wyk\u0142adem teoretycznym, kt\u00f3ry wzbogaci\u0142 wiedz\u0119 praktyczn\u0105 o histori\u0119 tej techniki, a w szczeg\u00f3lno\u015bci dotyczy\u0142 grupy artyst\u00f3w i rzemie\u015blnik\u00f3w dzia\u0142aj\u0105cych pod szyldem \u201eWarsztat\u00f3w Krakowskich\u201d w latach 1913-1926. To w ramach dzia\u0142alno\u015bci tej grupy powsta\u0142y jedne z najpi\u0119kniejszych batik\u00f3w, stanowi\u0105cych cz\u0119\u015b\u0107 naszego materialnego dziedzictwa kulturowego.<\/p>\n<p>Anna Szwaja \u2013 absolwentka Wydzia\u0142u Form Przemys\u0142owych Akademii Sztuk Pi\u0119knych im. Jana Matejki w Krakowie. Od uko\u0144czenia studi\u00f3w w 2004 roku pracuje na macierzystym Wydziale prowadz\u0105c Pracowni\u0119 Projektowania Alternatywnego, gdzie w programie kszta\u0142cenia student\u00f3w k\u0142adzie si\u0119 szczeg\u00f3lny nacisk na dzia\u0142ania zr\u00f3wnowa\u017cone oraz na czerpanie inspiracji z polskiej kultury ludowej. Od obrony doktoratu w 2015 roku pracuje na stanowisku adiunkta. Poza dydaktyk\u0105 zajmuje si\u0119 projektowaniem w zakresie grafiki i produktu, fotografi\u0105 oraz organizacj\u0105 i kuratorstwem wystaw o tematyce designu.<\/p>\n<p>Grupa I \u2013 Kroszonka (metoda rytownicza) i pisanka lubelska (metoda batikowa)<br \/>\n<span style=\"color: var(--body_typography-color); font-family: var(--body_typography-font-family); font-size: var(--body_typography-font-size); font-style: var(--body_typography-font-style,normal); font-weight: var(--body_typography-font-weight); letter-spacing: var(--body_typography-letter-spacing);\">12.08 \u2013 godz. 11.00-15.00 \u2013 prow. Gertruda Kleman<br \/>\n<\/span><span style=\"color: var(--body_typography-color); font-family: var(--body_typography-font-family); font-size: var(--body_typography-font-size); font-style: var(--body_typography-font-style,normal); font-weight: var(--body_typography-font-weight); letter-spacing: var(--body_typography-letter-spacing);\">13.08 \u2013 godz. 11.00-13.00 \u2013 prow. Gertruda Kleman i godz. 13.00-15.00 \u2013 prow. Roman Pr\u00f3szy\u0144ski<br \/>\n<\/span><span style=\"color: var(--body_typography-color); font-family: var(--body_typography-font-family); font-size: var(--body_typography-font-size); font-style: var(--body_typography-font-style,normal); font-weight: var(--body_typography-font-weight); letter-spacing: var(--body_typography-letter-spacing);\">14.08 \u2013 godz. 11.00-15.00 \u2013 prow. Roman Pr\u00f3szy\u0144ski<\/span><\/p>\n<p>Grupa II \u2013 Pisanka lubelska (metoda batikowa) i pisanka z sitowia (oklejanka)<br \/>\n<span style=\"color: var(--body_typography-color); font-family: var(--body_typography-font-family); font-size: var(--body_typography-font-size); font-style: var(--body_typography-font-style,normal); font-weight: var(--body_typography-font-weight); letter-spacing: var(--body_typography-letter-spacing);\">12.08 \u2013 godz. 11.00-15.00 \u2013 prow. Roman Pr\u00f3szy\u0144ski<br \/>\n<\/span><span style=\"color: var(--body_typography-color); font-family: var(--body_typography-font-family); font-size: var(--body_typography-font-size); font-style: var(--body_typography-font-style,normal); font-weight: var(--body_typography-font-weight); letter-spacing: var(--body_typography-letter-spacing);\">13.08 \u2013 godz. 11.00-13.00 \u2013 prow. Roman Pr\u00f3szy\u0144ski i godz. 13.00-15.00 \u2013 prow. Halina Witkowska<br \/>\n<\/span><span style=\"color: var(--body_typography-color); font-family: var(--body_typography-font-family); font-size: var(--body_typography-font-size); font-style: var(--body_typography-font-style,normal); font-weight: var(--body_typography-font-weight); letter-spacing: var(--body_typography-letter-spacing);\">14.08 \u2013 godz. 11.00-15.00 \u2013 prow. Halina Witkowska<\/span><\/p>\n<p>Grupa III \u2013 Pisanka z sitowia (oklejanka) i pisanka lipska (metoda batikowa)<br \/>\n<span style=\"color: var(--body_typography-color); font-family: var(--body_typography-font-family); font-size: var(--body_typography-font-size); font-style: var(--body_typography-font-style,normal); font-weight: var(--body_typography-font-weight); letter-spacing: var(--body_typography-letter-spacing);\">12.08 \u2013 godz. 11.00-15.00 \u2013 prow. Halina Witkowska<br \/>\n<\/span><span style=\"color: var(--body_typography-color); font-family: var(--body_typography-font-family); font-size: var(--body_typography-font-size); font-style: var(--body_typography-font-style,normal); font-weight: var(--body_typography-font-weight); letter-spacing: var(--body_typography-letter-spacing);\">13.08 \u2013 godz. 11.00-13.00 \u2013 prow. Halina Witkowska i godz. 13.00-15.00 \u2013 prow. Krystyna Cie\u015bluk<br \/>\n<\/span><span style=\"color: var(--body_typography-color); font-family: var(--body_typography-font-family); font-size: var(--body_typography-font-size); font-style: var(--body_typography-font-style,normal); font-weight: var(--body_typography-font-weight); letter-spacing: var(--body_typography-letter-spacing);\">14.08 \u2013 godz. 11.00-15.00 \u2013 prow. Ewa Skowysz (w zast\u0119pstwie za Krystyn\u0119 Cie\u015bluk)<\/span><\/p>\n<p>Grupa IV \u2013 Pisanka lipska (metoda batikowa) i pisanka \u0142emkowska i huculska (metoda batkowa)<br \/>\n<span style=\"color: var(--body_typography-color); font-family: var(--body_typography-font-family); font-size: var(--body_typography-font-size); font-style: var(--body_typography-font-style,normal); font-weight: var(--body_typography-font-weight); letter-spacing: var(--body_typography-letter-spacing);\">12.08 \u2013 godz. 11.00-15.00 \u2013 prow. Ewa Skowysz (w zast\u0119pstwie za Krystyn\u0119 Cie\u015bluk)<br \/>\n<\/span><span style=\"color: var(--body_typography-color); font-family: var(--body_typography-font-family); font-size: var(--body_typography-font-size); font-style: var(--body_typography-font-style,normal); font-weight: var(--body_typography-font-weight); letter-spacing: var(--body_typography-letter-spacing);\">13.08 \u2013 godz. 11.00-13.00 \u2013 prow. Ewa Skowysz (w zast\u0119pstwie za Krystyn\u0119 Cie\u015bluk) i godz. 13.00-15.00 \u2013 prow. Maria Kieleczawa<br \/>\n<\/span><span style=\"color: var(--body_typography-color); font-family: var(--body_typography-font-family); font-size: var(--body_typography-font-size); font-style: var(--body_typography-font-style,normal); font-weight: var(--body_typography-font-weight); letter-spacing: var(--body_typography-letter-spacing);\">14.08 \u2013 godz. 11.00-15.00 \u2013 prow. Maria Kieleczawa<\/span><\/p>\n<p>Grupa V \u2013 Pisanka \u0142emkowska i huculska (metoda batkowa) i kroszonka (metoda rytownicza)<br \/>\n<span style=\"color: var(--body_typography-color); font-family: var(--body_typography-font-family); font-size: var(--body_typography-font-size); font-style: var(--body_typography-font-style,normal); font-weight: var(--body_typography-font-weight); letter-spacing: var(--body_typography-letter-spacing);\">12.08 \u2013 godz. 11.00-15.00 \u2013 prow. Maria Kieleczawa<br \/>\n<\/span><span style=\"color: var(--body_typography-color); font-family: var(--body_typography-font-family); font-size: var(--body_typography-font-size); font-style: var(--body_typography-font-style,normal); font-weight: var(--body_typography-font-weight); letter-spacing: var(--body_typography-letter-spacing);\">13.08 \u2013 godz. 11.00-13.00 \u2013 prow. Maria Kieleczawa i godz. 13.00-15.00 \u2013 prow. Gertruda Kleman<br \/>\n<\/span><span style=\"color: var(--body_typography-color); font-family: var(--body_typography-font-family); font-size: var(--body_typography-font-size); font-style: var(--body_typography-font-style,normal); font-weight: var(--body_typography-font-weight); letter-spacing: var(--body_typography-letter-spacing);\">14.08 \u2013 godz. 11.00-15.00 \u2013 prow. Gertruda Kleman<\/span><\/p>\n<p>Uwaga! W warsztatach z Ann\u0105 Szwaj\u0105 i El\u017cbiet\u0105 Wierdak (15 sierpnia, w godz. 10:00-13:00 i 14:00-17:00) bior\u0105 udzia\u0142 wszyscy zapisani uczestnicy Letniej Szko\u0142y Pisankarstwa.<\/p>\n<p>Miejsce odbywania si\u0119 warsztat\u00f3w: Aula Klasztoru o.o. Dominikan\u00f3w w Lublinie, ul. Z\u0142ota 9.<\/p>\n<p>Udzia\u0142 w warsztatach jest bezp\u0142atny.<\/p>\n<p>Warsztaty skierowane s\u0105 do os\u00f3b powy\u017cej 15 roku \u017cycia.<\/p>\n<\/div><\/div><\/div><div class=\"fusion-panel panel-default panel-4a9e4ae52789eace7 fusion-toggle-has-divider\"><div class=\"panel-heading\"><h4 class=\"panel-title toggle\" id=\"toggle_4a9e4ae52789eace7\"><a aria-expanded=\"false\" aria-controls=\"4a9e4ae52789eace7\" role=\"button\" data-toggle=\"collapse\" data-parent=\"#accordion-36204-1\" data-target=\"#4a9e4ae52789eace7\" href=\"#4a9e4ae52789eace7\"><span class=\"fusion-toggle-icon-wrapper\" aria-hidden=\"true\"><i class=\"fa-fusion-box active-icon awb-icon-minus\" aria-hidden=\"true\"><\/i><i class=\"fa-fusion-box inactive-icon awb-icon-plus\" aria-hidden=\"true\"><\/i><\/span><span class=\"fusion-toggle-heading\">2016 | Haft Tradycyjny<\/span><\/a><\/h4><\/div><div id=\"4a9e4ae52789eace7\" class=\"panel-collapse collapse \" aria-labelledby=\"toggle_4a9e4ae52789eace7\"><div class=\"panel-body toggle-content fusion-clearfix\">\n<p><a href=\"https:\/\/retradycja.eu\/wp-content\/uploads\/2020\/08\/Witkowska-fot-M.-Pietrusza-9-scaled.jpg\"><img decoding=\"async\" class=\"lazyload alignnone wp-image-2540 size-large\" src=\"https:\/\/retradycja.eu\/wp-content\/uploads\/2020\/08\/Witkowska-fot-M.-Pietrusza-9-1024x681.jpg\" data-orig-src=\"https:\/\/retradycja.eu\/wp-content\/uploads\/2020\/08\/Witkowska-fot-M.-Pietrusza-9-1024x681.jpg\" alt=\"\" width=\"1024\" height=\"681\" srcset=\"data:image\/svg+xml,%3Csvg%20xmlns%3D%27http%3A%2F%2Fwww.w3.org%2F2000%2Fsvg%27%20width%3D%271024%27%20height%3D%27681%27%20viewBox%3D%270%200%201024%20681%27%3E%3Crect%20width%3D%271024%27%20height%3D%27681%27%20fill-opacity%3D%220%22%2F%3E%3C%2Fsvg%3E\" data-srcset=\"https:\/\/retradycja.eu\/wp-content\/uploads\/2020\/08\/Witkowska-fot-M.-Pietrusza-9-200x133.jpg 200w, https:\/\/retradycja.eu\/wp-content\/uploads\/2020\/08\/Witkowska-fot-M.-Pietrusza-9-300x200.jpg 300w, https:\/\/retradycja.eu\/wp-content\/uploads\/2020\/08\/Witkowska-fot-M.-Pietrusza-9-391x260.jpg 391w, https:\/\/retradycja.eu\/wp-content\/uploads\/2020\/08\/Witkowska-fot-M.-Pietrusza-9-400x266.jpg 400w, https:\/\/retradycja.eu\/wp-content\/uploads\/2020\/08\/Witkowska-fot-M.-Pietrusza-9-600x399.jpg 600w, https:\/\/retradycja.eu\/wp-content\/uploads\/2020\/08\/Witkowska-fot-M.-Pietrusza-9-768x511.jpg 768w, https:\/\/retradycja.eu\/wp-content\/uploads\/2020\/08\/Witkowska-fot-M.-Pietrusza-9-1024x681.jpg 1024w, https:\/\/retradycja.eu\/wp-content\/uploads\/2020\/08\/Witkowska-fot-M.-Pietrusza-9-1536x1022.jpg 1536w\" data-sizes=\"auto\" data-orig-sizes=\"(max-width: 1024px) 100vw, 1024px\" \/><\/a><\/p>\n<p>Hafciarstwo jest jedn\u0105 z niewielu form tw\u00f3rczo\u015bci ludowej tak szeroko praktykowan\u0105 w r\u00f3\u017cnych regionach Polski. Haft w kulturze ludowej by\u0142 wykorzystywany g\u0142\u00f3wnie jako element dekoracyjny. Ozdabiano nim serwety, obrusy, bie\u017cniki, wykorzystuj\u0105c bogactwo motyw\u00f3w, kolor\u00f3w i technik. Po dzie\u0144 dzisiejszy haft pojawia si\u0119 jako element dekoracyjny w stroju ludowym. Zdobienia i r\u00f3\u017cnorodno\u015b\u0107 haftu obserwowa\u0107 mo\u017cna w pracach hafciarek z r\u00f3\u017cnych zak\u0105tk\u00f3w Polski. Ka\u017cdy z region\u00f3w posiada typow\u0105 dla siebie kolorystyk\u0119, motywy i technik\u0119 wykonania.<\/p>\n<p>Zaj\u0119cia Letniej Szko\u0142y Haftu Tradycyjnego poprzedzi\u0142y nadania terenowe, w ramach kt\u00f3ych odwiedzili\u015bmy pracownie 5 mistrzy\u0144 haftu. Zapraszamy do zapoznania si\u0119 z zapisem rozm\u00f3w z tw\u00f3rczyniami ludowymi:<\/p>\n<ul>\n<li><a href=\"https:\/\/retradycja.eu\/pl\/tworca\/halina-witkowska\/\"><span style=\"color: var(--body_typography-color); font-family: var(--body_typography-font-family); font-size: 14.4px; font-style: var(--body_typography-font-style,normal); font-weight: var(--body_typography-font-weight); letter-spacing: var(--body_typography-letter-spacing);\" data-fusion-font=\"true\">Halina Witkowska z Leman<\/span><\/a><\/li>\n<li><a href=\"https:\/\/retradycja.eu\/pl\/tworca\/bernadetta-reglinska\/\">Bernadetta Regli\u0144ska z \u017bukowa<\/a><\/li>\n<li><a href=\"https:\/\/retradycja.eu\/pl\/tworca\/marianna-dobrowolska\/\">Marianna Dobrowolska z Michalinowa Tr\u0105bczy\u0144skiego<\/a><\/li>\n<li><a href=\"https:\/\/retradycja.eu\/pl\/tworca\/zofia-pacan\/\">Zofia Pacan z Bielowic<\/a><\/li>\n<li><a href=\"https:\/\/retradycja.eu\/pl\/tworca\/bogumila-wojcik\/\">Bogumi\u0142a W\u00f3jcik z Olszanki<\/a><\/li>\n<\/ul>\n<p>Uczestnicy Letniej Szko\u0142y Haftu Tradycyjnego na warsztatach poznali tajniki haftu pi\u0119ciu wybranych region\u00f3w Polski. Ka\u017cda z Pa\u0144 prowadz\u0105cych pomog\u0142a odkry\u0107 techniki haftu r\u0119cznego, w kt\u00f3rym podstawowymi narz\u0119dziami jest ig\u0142a i ni\u0107. By\u0142y to:<\/p>\n<ul>\n<li>Halina Witkowska \u2013 haft Kurpii Bia\u0142ych<\/li>\n<li>Danuta Niechwiadowicz \u2013 haft kaszubski (szko\u0142a \u017cukowska)<\/li>\n<li>Marianna Dobrowolska \u2013 snutka wielkopolska (goli\u0144ska)<\/li>\n<li>Zofia Pacan \u2013 haft opoczy\u0144ski<\/li>\n<li>Bogumi\u0142a W\u00f3jcik \u2013 haft krzczonowski<\/li>\n<\/ul>\n<\/div><\/div><\/div><div class=\"fusion-panel panel-default panel-d3ac3e0171bdc0f47 fusion-toggle-has-divider\"><div class=\"panel-heading\"><h4 class=\"panel-title toggle\" id=\"toggle_d3ac3e0171bdc0f47\"><a aria-expanded=\"false\" aria-controls=\"d3ac3e0171bdc0f47\" role=\"button\" data-toggle=\"collapse\" data-parent=\"#accordion-36204-1\" data-target=\"#d3ac3e0171bdc0f47\" href=\"#d3ac3e0171bdc0f47\"><span class=\"fusion-toggle-icon-wrapper\" aria-hidden=\"true\"><i class=\"fa-fusion-box active-icon awb-icon-minus\" aria-hidden=\"true\"><\/i><i class=\"fa-fusion-box inactive-icon awb-icon-plus\" aria-hidden=\"true\"><\/i><\/span><span class=\"fusion-toggle-heading\">2015 | Paj\u0105ki ludowe<\/span><\/a><\/h4><\/div><div id=\"d3ac3e0171bdc0f47\" class=\"panel-collapse collapse \" aria-labelledby=\"toggle_d3ac3e0171bdc0f47\"><div class=\"panel-body toggle-content fusion-clearfix\">\n<p><a href=\"https:\/\/retradycja.eu\/wp-content\/uploads\/2020\/08\/gutekzegier-6732-scaled.jpg\"><img decoding=\"async\" class=\"lazyload alignnone wp-image-1475 size-large\" src=\"https:\/\/retradycja.eu\/wp-content\/uploads\/2020\/08\/gutekzegier-6732-1024x683.jpg\" data-orig-src=\"https:\/\/retradycja.eu\/wp-content\/uploads\/2020\/08\/gutekzegier-6732-1024x683.jpg\" alt=\"\" width=\"1024\" height=\"683\" srcset=\"data:image\/svg+xml,%3Csvg%20xmlns%3D%27http%3A%2F%2Fwww.w3.org%2F2000%2Fsvg%27%20width%3D%271024%27%20height%3D%27683%27%20viewBox%3D%270%200%201024%20683%27%3E%3Crect%20width%3D%271024%27%20height%3D%27683%27%20fill-opacity%3D%220%22%2F%3E%3C%2Fsvg%3E\" data-srcset=\"https:\/\/retradycja.eu\/wp-content\/uploads\/2020\/08\/gutekzegier-6732-200x133.jpg 200w, https:\/\/retradycja.eu\/wp-content\/uploads\/2020\/08\/gutekzegier-6732-300x200.jpg 300w, https:\/\/retradycja.eu\/wp-content\/uploads\/2020\/08\/gutekzegier-6732-391x260.jpg 391w, https:\/\/retradycja.eu\/wp-content\/uploads\/2020\/08\/gutekzegier-6732-400x267.jpg 400w, https:\/\/retradycja.eu\/wp-content\/uploads\/2020\/08\/gutekzegier-6732-600x400.jpg 600w, https:\/\/retradycja.eu\/wp-content\/uploads\/2020\/08\/gutekzegier-6732-768x512.jpg 768w, https:\/\/retradycja.eu\/wp-content\/uploads\/2020\/08\/gutekzegier-6732-1024x683.jpg 1024w, https:\/\/retradycja.eu\/wp-content\/uploads\/2020\/08\/gutekzegier-6732-1536x1024.jpg 1536w\" data-sizes=\"auto\" data-orig-sizes=\"(max-width: 1024px) 100vw, 1024px\" \/><\/a><\/p>\n<p>Tak wielkiego bogactwa ozd\u00f3b powa\u0142y wiejskiej chat jak w Polsce, nie ma w \u017cadnym innym kraju. W\u015br\u00f3d nich warto zwr\u00f3ci\u0107 uwag\u0119 na paj\u0105ka \u2013 tradycyjn\u0105 ludow\u0105 ozdob\u0119 wn\u0119trz mieszkalnych. Zawieszany pod sufitem w sercu domu symbolizowa\u0142 urodzaj i szcz\u0119\u015bcie. Mia\u0142 te\u017c bardzo wa\u017cne zadanie odp\u0119dzania z\u0142ych duch\u00f3w. Poniewa\u017c w pobli\u017cu paj\u0105ka nie mo\u017cna si\u0119 k\u0142\u00f3ci\u0107, by\u0142 te\u017c nieformalnym stra\u017cnikiem spokoju i harmonii. To w\u0142a\u015bnie pod nim spotykano si\u0119, modlono i rozmawiano.<\/p>\n<p>W ramach przygotowa\u0144 do Letniej Szko\u0142y, odwiedzili\u015bmy 5 mistrzy\u0144 i mistrz\u00f3w tworzenia tradycyjnych paj\u0105k\u00f3w. Dokumentacja bada\u0144 terenowych to zdj\u0119cia, nagrania i wywiady z nast\u0119puj\u0105cymi tw\u00f3rcami:<\/p>\n<ul>\n<li><a href=\"https:\/\/retradycja.eu\/pl\/tworca\/elzbieta-prusarczyk\/\">El\u017cbieta Prusaczyk z Tatar<\/a><\/li>\n<li><a href=\"https:\/\/retradycja.eu\/pl\/tworca\/beata-rokicka\/\">Beata Rokicka z Nieborowa<\/a><\/li>\n<li><a href=\"https:\/\/retradycja.eu\/pl\/tworca\/boguslawa-drzewiecka\/\">Bogus\u0142awa Drzewiecka z Drzewiec<\/a><\/li>\n<li><a href=\"https:\/\/retradycja.eu\/pl\/tworca\/elzbieta-pokora-domanska\/\">El\u017cbieta Pokora-Doma\u0144ska z Opoczna<\/a><\/li>\n<li><a href=\"https:\/\/retradycja.eu\/pl\/tworca\/malgorzata-i-tomasz-krajewscy\/\">Tomasz Krajewski z Niemiec<\/a><\/li>\n<\/ul>\n<p>Uczestnicy Letniej Szko\u0142y Rzemios\u0142a Tradycyjnego poznali na warsztatach sposoby wykonywania paj\u0105k\u00f3w, czyli ludowej ozdoby wn\u0119trz mieszkalnych wieszanej na \u015brodku izby &#8211; ich rodzaje i zastosowanie oraz regiony wyst\u0119powania. Niekt\u00f3re formy paj\u0105k\u00f3w przypomina\u0142y \u015bwieczniki, \u017cyrandole, ozdoby spotykane w ko\u015bcio\u0142ach i dworach. Uczestnicy warsztat\u00f3w poznali paj\u0105ki wykonywane ze s\u0142omy, grochu, bibu\u0142y, w\u0142\u00f3czki, kolorowych materia\u0142\u00f3w.<\/p>\n<p>Prowadz\u0105cymi warsztaty byli:<\/p>\n<p>Czes\u0142awa Kaczy\u0144ska (Kurpie) \u2013 paj\u0105k z grochem\/fasol\u0105 (czwartek-niedziela)<br \/>\nTomasz Krajewski (Lubelszczyzna) \u2013 paj\u0105k ze s\u0142omek i bibu\u0142y, pi\u00f3rek (czwartek-niedziela)<br \/>\nBeata Rokicka (\u0141owicz) \u2013 paj\u0105ki tarczowe z tarcz\u0105 ni\u0107mi oplecion\u0105 (czwartek-niedziela)<br \/>\nEl\u017cbieta Pokora-Doma\u0144ska (Opoczno) \u2013 paj\u0105ki ze s\u0142omy i bibu\u0142ek (czwartek-niedziela)<br \/>\nRaisa Ramanienia (Bia\u0142oru\u015b\/Polesie) \u2013 paj\u0105ki ze s\u0142omy (pi\u0105tek-niedziela)<br \/>\nMaria Kravchuk (Ukraina) \u2013 paj\u0105ki ze s\u0142omy (pi\u0105tek-niedziela)<\/p>\n<\/div><\/div><\/div><div class=\"fusion-panel panel-default panel-568af93aaac66ab1e fusion-toggle-has-divider\"><div class=\"panel-heading\"><h4 class=\"panel-title toggle\" id=\"toggle_568af93aaac66ab1e\"><a aria-expanded=\"false\" aria-controls=\"568af93aaac66ab1e\" role=\"button\" data-toggle=\"collapse\" data-parent=\"#accordion-36204-1\" data-target=\"#568af93aaac66ab1e\" href=\"#568af93aaac66ab1e\"><span class=\"fusion-toggle-icon-wrapper\" aria-hidden=\"true\"><i class=\"fa-fusion-box active-icon awb-icon-minus\" aria-hidden=\"true\"><\/i><i class=\"fa-fusion-box inactive-icon awb-icon-plus\" aria-hidden=\"true\"><\/i><\/span><span class=\"fusion-toggle-heading\">2014 | Wycinankarstwo<\/span><\/a><\/h4><\/div><div id=\"568af93aaac66ab1e\" class=\"panel-collapse collapse \" aria-labelledby=\"toggle_568af93aaac66ab1e\"><div class=\"panel-body toggle-content fusion-clearfix\">\n<p><a href=\"https:\/\/retradycja.eu\/wp-content\/uploads\/2020\/08\/MG_3862-scaled.jpg\"><img decoding=\"async\" class=\"lazyload alignnone size-large wp-image-1560\" src=\"https:\/\/retradycja.eu\/wp-content\/uploads\/2020\/08\/MG_3862-1024x683.jpg\" data-orig-src=\"https:\/\/retradycja.eu\/wp-content\/uploads\/2020\/08\/MG_3862-1024x683.jpg\" alt=\"\" width=\"1024\" height=\"683\" srcset=\"data:image\/svg+xml,%3Csvg%20xmlns%3D%27http%3A%2F%2Fwww.w3.org%2F2000%2Fsvg%27%20width%3D%271024%27%20height%3D%27683%27%20viewBox%3D%270%200%201024%20683%27%3E%3Crect%20width%3D%271024%27%20height%3D%27683%27%20fill-opacity%3D%220%22%2F%3E%3C%2Fsvg%3E\" data-srcset=\"https:\/\/retradycja.eu\/wp-content\/uploads\/2020\/08\/MG_3862-200x133.jpg 200w, https:\/\/retradycja.eu\/wp-content\/uploads\/2020\/08\/MG_3862-300x200.jpg 300w, https:\/\/retradycja.eu\/wp-content\/uploads\/2020\/08\/MG_3862-391x260.jpg 391w, https:\/\/retradycja.eu\/wp-content\/uploads\/2020\/08\/MG_3862-400x267.jpg 400w, https:\/\/retradycja.eu\/wp-content\/uploads\/2020\/08\/MG_3862-600x400.jpg 600w, https:\/\/retradycja.eu\/wp-content\/uploads\/2020\/08\/MG_3862-768x512.jpg 768w, https:\/\/retradycja.eu\/wp-content\/uploads\/2020\/08\/MG_3862-1024x683.jpg 1024w, https:\/\/retradycja.eu\/wp-content\/uploads\/2020\/08\/MG_3862-1536x1024.jpg 1536w\" data-sizes=\"auto\" data-orig-sizes=\"(max-width: 1024px) 100vw, 1024px\" \/><\/a><br \/>\nPierwsze wycinanki pojawi\u0142y si\u0119 w gospodarstwie domowym jako element wystroju wn\u0119trza izby. Wycinane z bia\u0142ego lub kolorowego papieru ozdoby przybiera\u0142y r\u00f3\u017cnego rodzaju formy. Wycinanki by\u0142y cz\u0119st\u0105 ozdob\u0105 okien, pe\u0142ni\u0105c funkcje ozdobnych firanek, lustra zdobiono wycinank\u0105 zwan\u0105 koron\u0105, a na ramach obraz\u00f3w zaczepiano wycinanki zwane kokardami. Na pocz\u0105tku XIX wieku wycinanki wzbudzi\u0142y zainteresowanie mieszka\u0144c\u00f3w miasta. Przyszed\u0142 czas, kiedy wycinanka sta\u0142a si\u0119 towarem produkowanym na sprzeda\u017c do miast, a jej pierwotne przeznaczenie stawa\u0142o si\u0119 rzadziej spotykane. Wycinanki pe\u0142ni\u0105ce funkcj\u0119 ozdobn\u0105 by\u0142y wyrazem zdolno\u015bci artystycznych i upodoba\u0144 estetycznych ludno\u015bci wiejskiej. Niekt\u00f3re kszta\u0142ty powsta\u0142e w wyniku prostych naci\u0119\u0107 i ich powt\u00f3rze\u0144 tworzy\u0142y formy geometryczne, symetryczne wzgl\u0119dem siebie, inne odbiega\u0142y od tego wzorca. Wycinanki zadziwia\u0142y kunsztem wykonania, niezwykle delikatne, z wieloma wzorami stawa\u0142y si\u0119 a\u017curowym dzie\u0142em.<\/p>\n<p>W Polsce mo\u017cemy wyr\u00f3\u017cni\u0107 kilkana\u015bcie rodzaj\u00f3w wycinanek. Wycinanki mo\u017cemy podzieli\u0107 ze wzgl\u0119du na region pochodzenia (np. \u0142owicka, lubelska, sieradzka), rodzaj wycinanki (np. na \u015bcian\u0119, na belk\u0119, do ramy obraz\u00f3w), technik\u0119 wykonania (z jednego arkusza papieru, naklejana z wielu wyci\u0119tych element\u00f3w, sk\u0142adanie papieru i wycinanie formy symetrycznej), typy wycinanek (jedno lub wielobarwne), rodzaje ukazanych motyw\u00f3w (np. geometryczny, ro\u015blinny).<\/p>\n<p>Wi\u0119cej na temat tradycji wycinankarskich dowiecie si\u0119 zapoznaj\u0105c si\u0119 z wynikami bada\u0144 terenowych, kt\u00f3re poprzedzi\u0142y organizacj\u0119 warsztat\u00f3w w ramach Letniej Szko\u0142y. Odwiedzili\u015bmy nast\u0119puj\u0105cych tw\u00f3rc\u00f3w:<\/p>\n<ul>\n<li><a href=\"https:\/\/retradycja.eu\/pl\/tworca\/czeslawa-kaczynska\/\">Czes\u0142awa Kaczy\u0144ska z Dylewa<\/a><\/li>\n<li><a href=\"https:\/\/retradycja.eu\/pl\/tworca\/henryka-lus\/\">Henryka Lus z \u0141owicza<\/a><\/li>\n<li><a href=\"https:\/\/retradycja.eu\/pl\/tworca\/maria-glen\/\">Maria Gle\u0144 z Krasnegostawu<\/a><\/li>\n<li><a href=\"https:\/\/retradycja.eu\/pl\/tworca\/roman-proszynski\/\">Roman Pr\u00f3szy\u0144ski z Dzierzkowic<\/a><\/li>\n<li><a href=\"https:\/\/retradycja.eu\/pl\/tworca\/wieslawa-wojda\/\">Wies\u0142awa Wojda z \u0141owicza<\/a><\/li>\n<\/ul>\n<p>Podczas warsztat\u00f3w Letniej Szko\u0142y zaj\u0119cia poprowadzili natomiast:<\/p>\n<p>Kazimiera Balcerzak \u2013 wycinanka sieradzka<br \/>\nWies\u0142awa Wojda \u2013 wycinanka \u0142owicka<br \/>\nCzes\u0142awa Kaczy\u0144ska \u2013 wycinanka kurpiowska<br \/>\nRoman Pr\u00f3szy\u0144ski \u2013 wycinanka lubelska<br \/>\nAgata Szepe \u2013 wycinanka \u017cydowska<\/p>\n<\/div><\/div><\/div><div class=\"fusion-panel panel-default panel-218b4471df00e3f7c fusion-toggle-has-divider\"><div class=\"panel-heading\"><h4 class=\"panel-title toggle\" id=\"toggle_218b4471df00e3f7c\"><a aria-expanded=\"false\" aria-controls=\"218b4471df00e3f7c\" role=\"button\" data-toggle=\"collapse\" data-parent=\"#accordion-36204-1\" data-target=\"#218b4471df00e3f7c\" href=\"#218b4471df00e3f7c\"><span class=\"fusion-toggle-icon-wrapper\" aria-hidden=\"true\"><i class=\"fa-fusion-box active-icon awb-icon-minus\" aria-hidden=\"true\"><\/i><i class=\"fa-fusion-box inactive-icon awb-icon-plus\" aria-hidden=\"true\"><\/i><\/span><span class=\"fusion-toggle-heading\">2013 | Zabawkarstwo<\/span><\/a><\/h4><\/div><div id=\"218b4471df00e3f7c\" class=\"panel-collapse collapse \" aria-labelledby=\"toggle_218b4471df00e3f7c\"><div class=\"panel-body toggle-content fusion-clearfix\">\n<p><a href=\"https:\/\/retradycja.eu\/wp-content\/uploads\/2020\/08\/gutekzegier-5770-scaled.jpg\"><img decoding=\"async\" class=\"lazyload alignnone size-large wp-image-1360\" src=\"https:\/\/retradycja.eu\/wp-content\/uploads\/2020\/08\/gutekzegier-5770-1024x683.jpg\" data-orig-src=\"https:\/\/retradycja.eu\/wp-content\/uploads\/2020\/08\/gutekzegier-5770-1024x683.jpg\" alt=\"\" width=\"1024\" height=\"683\" srcset=\"data:image\/svg+xml,%3Csvg%20xmlns%3D%27http%3A%2F%2Fwww.w3.org%2F2000%2Fsvg%27%20width%3D%271024%27%20height%3D%27683%27%20viewBox%3D%270%200%201024%20683%27%3E%3Crect%20width%3D%271024%27%20height%3D%27683%27%20fill-opacity%3D%220%22%2F%3E%3C%2Fsvg%3E\" data-srcset=\"https:\/\/retradycja.eu\/wp-content\/uploads\/2020\/08\/gutekzegier-5770-200x133.jpg 200w, https:\/\/retradycja.eu\/wp-content\/uploads\/2020\/08\/gutekzegier-5770-300x200.jpg 300w, https:\/\/retradycja.eu\/wp-content\/uploads\/2020\/08\/gutekzegier-5770-391x260.jpg 391w, https:\/\/retradycja.eu\/wp-content\/uploads\/2020\/08\/gutekzegier-5770-400x267.jpg 400w, https:\/\/retradycja.eu\/wp-content\/uploads\/2020\/08\/gutekzegier-5770-600x400.jpg 600w, https:\/\/retradycja.eu\/wp-content\/uploads\/2020\/08\/gutekzegier-5770-768x512.jpg 768w, https:\/\/retradycja.eu\/wp-content\/uploads\/2020\/08\/gutekzegier-5770-1024x683.jpg 1024w, https:\/\/retradycja.eu\/wp-content\/uploads\/2020\/08\/gutekzegier-5770-1536x1024.jpg 1536w\" data-sizes=\"auto\" data-orig-sizes=\"(max-width: 1024px) 100vw, 1024px\" \/><\/a><\/p>\n<p>Kolejna ods\u0142ona Letniej Szko\u0142y Rzemios\u0142a po\u015bwi\u0119cona jest zabawkarstwu. Zabawki s\u0105 obecne na ca\u0142ej kuli ziemskiej. Towarzysz\u0105 cz\u0142owiekowi od zarania dziej\u00f3w, bez wzgl\u0119du na pochodzenie i s\u0105 \u2013 podobnie jak muzyka czy sztuka \u2013 czym\u015b wsp\u00f3lnym, uniwersalnym, ponadczasowym. Badania archeologiczne pokazuj\u0105, \u017ce dzieci ju\u017c od IX wieku przed nasz\u0105 er\u0105 bawi\u0142y si\u0119 glinianymi grzechotkami, w\u00f3zkami, konikami, wiaderkami itp. Wed\u0142ug apokryf\u00f3w, Jezus Chrystus bawi\u0142 si\u0119 glinianymi ptaszkami. Zabawa jest potrzeb\u0105 szczeg\u00f3ln\u0105, dotyczy ka\u017cdego, niezale\u017cnie od wieku, ale dla najm\u0142odszych ma wyj\u0105tkowe znaczenie, gdy\u017c obok ludyczno\u015bci ma tak\u017ce wymiar edukacyjny, rozwojowy. Zabawa dzieci od wiek\u00f3w polega bowiem tak\u017ce na na\u015bladowaniu czynno\u015bci, kt\u00f3re wykonuj\u0105 doro\u015bli, socjalizuje je, przygotowuje do pe\u0142nienia podstawowych funkcji spo\u0142ecznych. St\u0105d w\u015br\u00f3d zabawek miniaturowe naczynia kuchenne dla dziewczynek, narz\u0119dzia dla ch\u0142opc\u00f3w, a tak\u017ce lalki, ko\u0142yski, bryczki, koniki etc. Dzieci na wsi otrzymywa\u0142y zabawki bardzo rzadko. Wynika\u0142o to zar\u00f3wno z braku pieni\u0119dzy, jak i braku r\u0105k do pracy w gospodarstwie. Dzieci wiejskie bardzo wcze\u015bnie zaczyna\u0142y bowiem pomaga\u0107 w gospodarstwie. Ju\u017c jako 5-latki pas\u0142y g\u0119si, nieco starsze owce, kozy czy krowy. Cz\u0119sto zabawki wykonywa\u0142y same dzieci. Wystarczy\u0142 kij drewniany, siano, s\u0142oma, stare szmatki, by zrobi\u0107 lalk\u0119:<\/p>\n[\u2026] Kupi\u0142em, se kupi\u0142 konia za dwa grosa<br \/>\nJakiego? \u2013 \u0142ebskiego z kija brzozowego<br \/>\nSiode\u0142ko do tego z wiechcia grochowego:<br \/>\nUzdeczk\u0119 do tego z \u0142yka wierzbowego. [\u2026]\n<div>\n<p>Bardziej skomplikowane zabawki robili doro\u015bli, najcz\u0119\u015bciej dziadkowie, b\u0105d\u017a kupowano zabawki robione przez rzemie\u015blnik\u00f3w. Zabawkami obdarowywano najcz\u0119\u015bciej przy okazji \u015bwi\u0105t Bo\u017cego Narodzenia, kolejn\u0105 okazj\u0105 by\u0142 odpust albo jarmark odbywaj\u0105cy si\u0119 w pobliskiej miejscowo\u015bci. S\u0105 zabawki proste, bywaj\u0105 o skomplikowanej konstrukcji, zdobione bogato, b\u0105d\u017a te\u017c bardzo oszcz\u0119dnie albo wcale. Zabawki robione by\u0142y z naturalnych surowc\u00f3w, g\u0142\u00f3wnie z drewna, tak\u017ce z gliny i s\u0142omy.<\/p>\n<p>O tradycji wykonywania zabawek opowiedzieli nam tw\u00f3rcy, kt\u00f3rzy od lat zajmuj\u0105 si\u0119 kontynuacj\u0105 zabawkarskich zwyczaj\u00f3w rodzinnych i regionalnych. W ramach bada\u0144 terenowych spotkali\u015bmy si\u0119 z nast\u0119puj\u0105cymi rzemie\u015blnikami:<\/p>\n<ul>\n<li><a href=\"https:\/\/retradycja.eu\/pl\/tworca\/wlodzimierz-ciszek\/\">W\u0142odzimierz Ciszek z Ostojowa<\/a><\/li>\n<li><a href=\"https:\/\/retradycja.eu\/pl\/tworca\/helena-kolodziej\/\">Helena Ko\u0142odziej z Wielkolasu<\/a><\/li>\n<li><a href=\"https:\/\/retradycja.eu\/pl\/tworca\/anna-i-rajmund-kicman\/\">Anna i Rajmund Kicman z Leokadii<\/a><\/li>\n<li><a href=\"https:\/\/retradycja.eu\/pl\/tworca\/tadeusz-lesniak\/\">Tadeusz Le\u015bniak i Renata Chudzik ze Stryszawy<\/a><\/li>\n<li><a href=\"https:\/\/retradycja.eu\/pl\/tworca\/jozef-i-karol-lasik\/\">J\u00f3zef i Karol Lasik ze Stryszawy<\/a><\/li>\n<li><a href=\"https:\/\/retradycja.eu\/pl\/tworca\/jan-puk\/\">Jan Puk z Trze\u015bni<\/a><\/li>\n<\/ul>\n<p><span style=\"color: var(--body_typography-color); font-family: var(--body_typography-font-family); font-size: 14.4px; font-style: var(--body_typography-font-style,normal); font-weight: var(--body_typography-font-weight); letter-spacing: var(--body_typography-letter-spacing);\" data-fusion-font=\"true\">Jednym z najpopularniejszych temat\u00f3w zabawek drewnianych jest ko\u0144. Wyst\u0119puje w wielu wersjach: du\u017ce i ma\u0142e figurki konia, z je\u017ad\u017acem, b\u0105d\u017a bez, ko\u0144 na k\u00f3\u0142kach, na biegunach, z bryczk\u0105 (tu cz\u0119sto wyst\u0119puje para koni). Cz\u0119stym motywem s\u0105 tak\u017ce inne figurki zoomorficzne: baranki, kr\u00f3wki i r\u00f3\u017cne gatunki ptaszk\u00f3w. Dla ch\u0142opc\u00f3w robiono r\u00f3wnie\u017c taczki, czy w\u00f3zki podobne do woz\u00f3w drabiniastych u\u017cywanych w gospodarstwie. Dla dziewczynek wybierano raczej ko\u0142yski dla lalek, czy miniaturowe mebelki. Do wyrobu w\u00f3zk\u00f3w, taczek i konik\u00f3w u\u017cywano najch\u0119tniej drewna osikowego, a tak\u017ce lipowego sosnowego czy \u015bwierkowego. W miar\u0119 rozwoju technicznego i gospodarczego obok drewnianych konik\u00f3w zacz\u0119\u0142y si\u0119 tak\u017ce pojawia\u0107 bardziej wsp\u00f3\u0142czesne formy takie jak samochody, a nawet samoloty, wci\u0105\u017c jeszcze jednak nale\u017ca\u0142y do rzadko\u015bci. W\u015br\u00f3d drewnianych zabawek dla najm\u0142odszych popularne by\u0142y tak zwane \u201ezabawki na patyku\u201d: najprostsze k\u00f3\u0142ka do toczenia po drodze, karuzelki z ta\u0144cz\u0105cymi parami, \u017cywieckimi \u201egwariatami\u201d, dziobi\u0105ce kurki, czy ptaki klaskaj\u0105ce skrzyd\u0142ami.<\/span><\/p>\n<p>R\u00f3wnie powszechnym surowcem by\u0142a glina. Nie by\u0142o mowy o targu, czy odpu\u015bcie bez glinianych gwizdk\u00f3w. Obok garncarskich stragan\u00f3w zbiera\u0142 si\u0119 zawsze t\u0142um dziatwy, przywo\u0142anej g\u0142osem glinianych ptaszk\u00f3w, konik\u00f3w, kogucik\u00f3w etc., a wraz z nimi rodzice za\u0142atwiaj\u0105cy swoje sprawunki. I tak obok garnc\u00f3w, dzban\u00f3w, dwojak\u00f3w, odnale\u017a\u0107 mo\u017cna gwizdki i miniaturowe formy naczynek, przeznaczonych do zabawy. Mapa glinianego zabawkarstwa pokrywa si\u0119 w pewnej cz\u0119\u015bci z garncarstwem w og\u00f3le. Najwa\u017cniejszymi o\u015brodkami by\u0142y m.in.: Medynia G\u0142ogowska na Podkarpaciu, \u0141\u0105\u017cek Garncarski, Urz\u0119d\u00f3w, Paw\u0142\u00f3w na Lubelszczy\u017anie, I\u0142\u017ca na Wy\u017cynie Kieleckiej, czy Rabka na po\u0142udniu Polski. Zabawkarstwo gliniane stanowi\u0142o raczej produkcj\u0119 uboczn\u0105 przy wyrobie naczy\u0144, raczej hobbystyczn\u0105, tak\u0105 dla odpoczynku. \/ Marta Graban Butryn<\/p>\n<p>Letnia Szko\u0142a Zabawkarstwa<\/p>\n<p>Projekt Letniej Szko\u0142y Zabawkarstwa sk\u0142ada\u0142si\u0119 z dw\u00f3ch g\u0142\u00f3wnych modu\u0142\u00f3w: warsztat\u00f3w mistrzowskich oraz wystawy. G\u0142\u00f3wnym za\u0142o\u017ceniem by\u0142o zachowanie i promocja, a tak\u017ce kontynuowanie tradycji zabawkarskich.<\/p>\n<p>W programie:<\/p>\n<p>&#8211; 4-dniowe warsztaty zabawkarstwa skierowane do student\u00f3w i uczni\u00f3w kierunk\u00f3w artystycznych i szk\u00f3\u0142 plastycznych, a tak\u017ce do animator\u00f3w i instruktor\u00f3w z ca\u0142ej Polski oraz os\u00f3b zainteresowanych zabawkarstwem;<\/p>\n<p>&#8211; wystawa \u201ePrzyjaciele bujanego konika\u201d, prezentuj\u0105ca r\u00f3\u017cnorodne wzory i formy zabawki ludowej. Zaprezentowane zostan\u0105 zabawki z Polski, Ukrainy i S\u0142owacji.<\/p>\n<p>Warsztaty w ramach Letniej Szko\u0142y Zabawkarstwa sk\u0142ada\u0142y si\u0119 z trzech etap\u00f3w:<br \/>\nI etapem pracy by\u0142o poznanie metod wykonywania zabawek w zale\u017cno\u015bci od wykorzystywanego materia\u0142u (s\u0142oma, drewno, glina) oraz g\u0142\u00f3wnych etap\u00f3w pracy zwi\u0105zanych z konkretnym tworzywem.<br \/>\nII etap to prezentacja wzor\u00f3w zdobie\u0144, form zabawek z r\u00f3\u017cnych region\u00f3w Polski, Ukrainy i S\u0142owacji.<br \/>\nIII etap to praca praktyczna. Ka\u017cdy z uczestnik\u00f3w wykona\u0142 zabawki od podstaw oraz z element\u00f3w wcze\u015bniej przygotowanych przez tw\u00f3rc\u00f3w prowadz\u0105cych warsztaty.<br \/>\nNa przestrzeni lat technika wykonania zabawek nieco si\u0119 unowocze\u015bni\u0142a. Opr\u00f3cz no\u017cy, d\u0142ut i o\u015bnik\u00f3w dzi\u015b u\u017cywa si\u0119 r\u00f3wnie\u017c nowoczesnych wyrzynarek i pi\u0142, a stosowane dawniej farby olejne zast\u0105pi\u0142y akryle. W dalszym ci\u0105gu potrzebna jest jednak wprawa, cierpliwo\u015b\u0107 i zmys\u0142 artystyczny rzemie\u015blnika, kt\u00f3rych nie zast\u0105pi najnowocze\u015bniejsza maszyna.<\/p>\n<p>Warsztaty poprowadzili tw\u00f3rcy: Tadeusz Le\u015bniak , J\u00f3zef Lasik i Karol Lasik , Ostap Sojka i Oksana Kohut, Miloslav Jaro\u0161. Zrealizowano przy pomocy finansowej Miasta Lublin.<\/p>\n<p>INFORMACJA O PROWADZ\u0104CYCH:<\/p>\n<p>TADEUSZ LE\u015aNIAK (Polska)<\/p>\n<p>Pracy w drewnie nauczy\u0142 si\u0119 od rodzic\u00f3w Emilii i Edwarda Le\u015bniak\u00f3w, znanych i cenionych tw\u00f3rc\u00f3w ludowych. Dzi\u0119ki temu od dzieci\u0144stwa Pan Tadeusz mia\u0142 kontakt z zabawk\u0105 drewnian\u0105, rze\u017ab\u0105. Pan Le\u015bniak rze\u017abi przede wszystkim ptaszki. Du\u017ce, ma\u0142e, w kolorach i rozmiarach takich jak spotykamy w przyrodzie, ptaki rajskie, zawieszane na choink\u0119, na \u015bcian\u0119, prezentowane na ga\u0142\u0105zkach lub gniazdkach. Zabawki wykonywane przez Pana Le\u015bniaka to g\u0142\u00f3wnie stryszawskie koniki, bryczki i \u201eklepoki\u201d (ptaszki na kijku machaj\u0105ce skrzyd\u0142ami). Na co dzie\u0144 pracuje w Gminnym O\u015brodku Kultury w Stryszawie, gdzie prowadzi liczne pokazy i warsztaty. Pan Tadeusz swoje prace prezentowa\u0142 na konkursach i wystawach w kraju (w Warszawie, Krakowie, Zakopanem, Bielsku-Bia\u0142ej) i za granic\u0105 (m.in. w Belgii, Hiszpanii, Francji). Bierze udzia\u0142 w targach tw\u00f3rczo\u015bci ludowej dziel\u0105c si\u0119 swoj\u0105 pasj\u0105 dzie\u0107mi i doros\u0142ymi. Jest cz\u0142onkiem Stowarzyszenia Tw\u00f3rc\u00f3w Ludowych.<\/p>\n<p>J\u00d3ZEF LASIK (Polska)<\/p>\n<p>Tw\u00f3rca ludowy, rze\u017abiarz i zabawkarz. Swoje pierwsze prace \u2013 drewniane \u017co\u0142nierzyki \u2013 wykona\u0142 w wieku 9 \u2013 10 lat, ale prawdziwa przygoda z zabawk\u0105 i rze\u017ab\u0105 rozpocz\u0119\u0142a si\u0119 po \u015blubie Pana J\u00f3zefa z c\u00f3rk\u0105 J\u00f3zefa Mentla \u2013 znanego tw\u00f3rcy ludowego, kt\u00f3ry wykonywa\u0142 pi\u0119kne drewniane, barwnie malowane ptaszki. Pan J\u00f3zef swoje prace wykonuje przede wszystkim w drewnie lipowym i sosnowym. Tworzy rze\u017aby o tematyce religijnej i \u015bwieckiej. Za jedn\u0105 z jego specjalno\u015bci uchodz\u0105 m.in. szopki betlejemskie. Z zabawek wykonuje g\u0142\u00f3wnie koniki, ale tak\u017ce zabawki ruchome \u2013 chodz\u0105ce po pochylni kurki czy inne zwierz\u0105tka, bociany machaj\u0105ce skrzyd\u0142ami. Pan J\u00f3zef swoj\u0105 wiedz\u0119 przekazuje synowi Karolowi, kt\u00f3ry wsp\u00f3lnie z ojcem odwiedza jarmarki, prowadzi warsztaty i pokazy, w ten spos\u00f3b podtrzymuj\u0105c rodzinn\u0105 tradycj\u0119.<\/p>\n<p>Pan Lasik bra\u0142 udzia\u0142 w licznych konkursach i wystawach w kraju i za granic\u0105, jest cz\u0142onkiem Stowarzyszenia Tw\u00f3rc\u00f3w Ludowych. Pan Tadeusz Le\u015bniak i J\u00f3zef Lasik s\u0105 zwi\u0105zani z Gminnym O\u015brodkiem Kultury w Stryszawie, gdzie pr\u0119\u017cnie dzia\u0142a Beskidzkie Centrum Zabawki Drewnianej. Jest to O\u015brodek, w kt\u00f3rym mo\u017cna pozna\u0107 histori\u0119 zabawkarstwa, zobaczy\u0107 stare fotografie, wzory zabawek, pozna\u0107 historie artyst\u00f3w, kt\u00f3rzy od pokole\u0144 zajmuj\u0105 si\u0119 zabawkarstwem. Oferta edukacyjna jest bardzo szeroka i dotyczy tak\u017ce innych dziedzin rzemios\u0142a tradycyjnego i sztuki ludowej. Od 1997 roku organizowane jest coroczne \u015awi\u0119to Zabawki Ludowej. Ide\u0105 \u015awi\u0119ta jest kszta\u0142towanie poczucia wi\u0119zi dzieci i m\u0142odzie\u017cy ze \u015brodowiskiem, tradycj\u0105 rodzinn\u0105, regionaln\u0105 i narodow\u0105. Corocznie tematem \u015awi\u0119ta jest inna zabawka, np. wozy, bryczki i karetki, samoloty i samochody. Barwny korow\u00f3d, koncerty, konkursy dotycz\u0105ce zabawki tradycyjnej, kiermasz sztuki ludowej i r\u0119kodzie\u0142a artystycznego, regionalne potrawy ka\u017cdego roku przyci\u0105gaj\u0105 do Stryszawy mi\u0142o\u015bnik\u00f3w zabawkarstwa i folkloru.<\/p>\n<p>OKSANA KOHUT I OSTAP SOJKA (Ukraina)<\/p>\n<p>Rodze\u0144stwo cioteczne. Obydwoje pochodz\u0105 z miasteczka Jan\u00f3w (jaworowski rejon, obw\u00f3d lwowski), kt\u00f3re jeszcze do lat 80-tych XX wieku by\u0142o o\u015brodkiem zabawkarskim o ponad 200-letnich tradycjach, jednym z najwa\u017cniejszych na Ukrainie. Oksana i Ostap od wielu lat pracuj\u0105 nad odrodzeniem jaworowskiego zabawkarstwa, traktuj\u0105c to zar\u00f3wno w spos\u00f3b naukowy, jak i sentymentalny. \u201eMy, podobnie jak ca\u0142e pokolenia dzieci, wyro\u015bli\u015bmy razem z tymi zabawkami. Starsi tw\u00f3rcy odchodzili zabieraj\u0105c t\u0119 pi\u0119kn\u0105 tradycj\u0119 ze sob\u0105, a nowi sprowadzili tradycyjn\u0105 zabawk\u0119 do roli kiczowatej pami\u0105tki\u201d \u2013 tak m\u00f3wi\u0105 o inspiracjach do podj\u0119cia tego wyj\u0105tkowego rzemios\u0142a. W swojej pracy wzoruj\u0105 si\u0119 na najstarszych eksponatach, znajduj\u0105cych si\u0119 w zbiorach Muzeum Narodowego im. A. Szeptyckiego we Lwowie, Muzeum Etnograficznego, czy prywatnych kolekcjach. Pan Ostap przygotowuje formy zabawek, Pani Oksana zdobi je pi\u0119knymi ornamentami. W\u015br\u00f3d wykonywanych przez nich zabawek odnale\u017a\u0107 mo\u017cemy koniki, cz\u0119sto z wozami, czy bryczkami, ptaki klaskaj\u0105ce skrzyd\u0142ami, miniaturowe instrumenty oraz ca\u0142y szereg karuzelek z hu\u015btawkami, ta\u0144cz\u0105cymi parami, korowodami etc.<\/p>\n<p>Jaworowskie zabawki wykonywane by\u0142y g\u0142\u00f3wnie z drewna osikowego, kt\u00f3re wed\u0142ug wiary ludu ma odgania\u0107 z\u0142e moce. Zdobi je pi\u0119kny tradycyjny ornament tzw. verbivka \u2013 wszystkie zdobienia (kwiaty, listeczki) \u2013 wykonywane s\u0105 w formie wierzbowych ga\u0142\u0105zek. W jaworowskich zabawkach dominuj\u0105 kolory: zielony (symbolizuj\u0105cy ziele\u0144 traw i li\u015bci) i czerwony (kolor dojrza\u0142ych owoc\u00f3w). Na pocz\u0105tku XX wieku do trzech wymienionych barw do\u0142\u0105czy\u0142 kolor \u017c\u00f3\u0142ty (symbolizuj\u0105cy s\u0142o\u0144ce). U\u017cywane niegdy\u015b naturalne barwniki zamieniono obecnie na farby akrylowe.<\/p>\n<p>MILOSLAV JARO\u0160 (S\u0142owacja)<\/p>\n<p>Pochodzi z okoli\u0107 \u017diliny. Zajmuj\u0119 si\u0119 rze\u017ab\u0105, a tak\u017ce malarstwem na szkle. Nale\u017cy do \u00dastredia \u013eudovej umeleckej v\u00fdroby, organizacji skupiaj\u0105cej najwybitniejszych tw\u00f3rc\u00f3w ludowych z ca\u0142ej S\u0142owacji. W jego tw\u00f3rczo\u015bci najcz\u0119\u015bciej pojawiaj\u0105 si\u0119 prace inspirowane ludow\u0105 zabawk\u0105: konie, ptaszki, owieczki, laleczki etc. Interesuje si\u0119 tak\u017ce innymi dziedzinami tw\u00f3rczo\u015bci ludowej i etnologi\u0105 w og\u00f3le, nie tylko w zakresie kultury materialnej. Inspiracji poszukuje w skansenach, kt\u00f3rych na terenie S\u0142owacji jest wiele, muzeach, a tak\u017ce w etnograficznej literaturze. \u201eChc\u0119 w swojej pracy wydoby\u0107 z kawa\u0142ka drewna to co widzia\u0142em, o czym czyta\u0142em. Gdy mi si\u0119 w spos\u00f3b szczeg\u00f3lny spodoba jaka\u015b fotografia starej zabawki robi\u0119 j\u0105, nadaj\u0105c jej now\u0105 form\u0119 i wygl\u0105d, ale zachowuj\u0105c jej istot\u0119.\u201d W swojej pracy d\u0105\u017cy, by zbli\u017cy\u0107 si\u0119 do tego co w skansenach i muzeach znajduje si\u0119 w gablotach, do prostoty, a jednocze\u015bnie mistrzostwa dawnych, bezimiennych tw\u00f3rc\u00f3w: \u201eKiedy\u015b ludzie znali materia\u0142, wiedzieli jakie drewno u\u017cy\u0107 do czego, ju\u017c na pocz\u0105tku procesu tw\u00f3rczego wiedzieli, co z danego kawa\u0142ka drewna wyjdzie. Mistrzostwo, a zarazem bezgraniczna prostota. Tego szukam, to pr\u00f3buj\u0119 osi\u0105gn\u0105\u0107.\u201d Do prac wykorzystuje r\u00f3\u017cne gatunki drewna, gotowe formy gruntuje i maluje farbami akrylowymi. W tym ostatnim etapie pomaga mu ma\u0142\u017conka Katar\u00edna Jaro\u0161ova.<\/p>\n<p>WYSTAWA \u201ePRZYJACIELE BUJANEGO KONIKA\u201d<br \/>\nWystawa zaprezentowa\u0142a r\u00f3\u017cne formy tradycyjnych zabawek pochodz\u0105cych z poszczeg\u00f3lnych region\u00f3w Polski, a tak\u017ce Ukrainy, Bia\u0142orusi i S\u0142owacji. Znalaz\u0142y si\u0119 na niej zabawki drewniane, gliniane oraz te wykonane ze s\u0142omy, skrawk\u00f3w materia\u0142u czy innych dost\u0119pnych na dawnej wsi materia\u0142\u00f3w. Zaprezentowane prace pokaza\u0142y r\u00f3\u017cnorodno\u015b\u0107 form, bogactwo wzor\u00f3w, materia\u0142y i techniki z jakich robione by\u0142y i nadal s\u0105 zabawki. Na wystawie obok eksponat\u00f3w muzealnych znalaz\u0142y si\u0119 prace wykonane przez wsp\u00f3\u0142cze\u015bnie dzia\u0142aj\u0105cych tw\u00f3rc\u00f3w \u2013 uczestnik\u00f3w Jarmarku Jagiello\u0144skiego oraz prowadz\u0105cych warsztaty w ramach Letniej Szko\u0142y Zabawkarstwa Ludowego. Zobaczyli\u015bmy prace m.in. legendarnych zabawkarzy \u2013 Stanis\u0142awa Naroga z \u017bo\u0142yni, Teodora Bieguna z \u017bywca, W\u0142adys\u0142awa i Ludwiki Klimasar\u00f3w ze Stryszawy, a tak\u017ce Jana Puka, Oksany Kohut i Ostapa Sojki, Miloslava Jarosa i wielu innych. Prezentowane na wystawie prace pochodz\u0105 ze zbior\u00f3w Regionalnego O\u015brodka Kultury w Bielsku-Bia\u0142ej, Stowarzyszenia Tw\u00f3rc\u00f3w Ludowych, os\u00f3b prywatnych oraz bezpo\u015brednio od autor\u00f3w.<\/p>\n<\/div>\n<\/div><\/div><\/div><div class=\"fusion-panel panel-default panel-9929cd82616b22f46 fusion-toggle-has-divider\"><div class=\"panel-heading\"><h4 class=\"panel-title toggle\" id=\"toggle_9929cd82616b22f46\"><a aria-expanded=\"false\" aria-controls=\"9929cd82616b22f46\" role=\"button\" data-toggle=\"collapse\" data-parent=\"#accordion-36204-1\" data-target=\"#9929cd82616b22f46\" href=\"#9929cd82616b22f46\"><span class=\"fusion-toggle-icon-wrapper\" aria-hidden=\"true\"><i class=\"fa-fusion-box active-icon awb-icon-minus\" aria-hidden=\"true\"><\/i><i class=\"fa-fusion-box inactive-icon awb-icon-plus\" aria-hidden=\"true\"><\/i><\/span><span class=\"fusion-toggle-heading\">2012 | Plecionkarstwo<\/span><\/a><\/h4><\/div><div id=\"9929cd82616b22f46\" class=\"panel-collapse collapse \" aria-labelledby=\"toggle_9929cd82616b22f46\"><div class=\"panel-body toggle-content fusion-clearfix\">\n<p><a href=\"https:\/\/retradycja.eu\/wp-content\/uploads\/2020\/08\/gutekzegier-4643-scaled.jpg\"><img decoding=\"async\" class=\"lazyload alignnone size-large wp-image-344\" src=\"https:\/\/retradycja.eu\/wp-content\/uploads\/2020\/08\/gutekzegier-4643-1024x683.jpg\" data-orig-src=\"https:\/\/retradycja.eu\/wp-content\/uploads\/2020\/08\/gutekzegier-4643-1024x683.jpg\" alt=\"\" width=\"1024\" height=\"683\" srcset=\"data:image\/svg+xml,%3Csvg%20xmlns%3D%27http%3A%2F%2Fwww.w3.org%2F2000%2Fsvg%27%20width%3D%271024%27%20height%3D%27683%27%20viewBox%3D%270%200%201024%20683%27%3E%3Crect%20width%3D%271024%27%20height%3D%27683%27%20fill-opacity%3D%220%22%2F%3E%3C%2Fsvg%3E\" data-srcset=\"https:\/\/retradycja.eu\/wp-content\/uploads\/2020\/08\/gutekzegier-4643-200x133.jpg 200w, https:\/\/retradycja.eu\/wp-content\/uploads\/2020\/08\/gutekzegier-4643-300x200.jpg 300w, https:\/\/retradycja.eu\/wp-content\/uploads\/2020\/08\/gutekzegier-4643-391x260.jpg 391w, https:\/\/retradycja.eu\/wp-content\/uploads\/2020\/08\/gutekzegier-4643-400x267.jpg 400w, https:\/\/retradycja.eu\/wp-content\/uploads\/2020\/08\/gutekzegier-4643-600x400.jpg 600w, https:\/\/retradycja.eu\/wp-content\/uploads\/2020\/08\/gutekzegier-4643-768x512.jpg 768w, https:\/\/retradycja.eu\/wp-content\/uploads\/2020\/08\/gutekzegier-4643-1024x683.jpg 1024w, https:\/\/retradycja.eu\/wp-content\/uploads\/2020\/08\/gutekzegier-4643-1536x1024.jpg 1536w\" data-sizes=\"auto\" data-orig-sizes=\"(max-width: 1024px) 100vw, 1024px\" \/><\/a><\/p>\n<p>Projekt sk\u0142ada si\u0119 z dw\u00f3ch g\u0142\u00f3wnych modu\u0142\u00f3w: warsztat\u00f3w mistrzowskich oraz wystawy, kt\u00f3rych g\u0142\u00f3wnym za\u0142o\u017ceniem jest zachowanie i promocja, a tak\u017ce kontynuowanie tradycji plecionkarskich.<\/p>\n<p>3 \u2013 dniowe warsztaty poprowadz\u0105 tw\u00f3rcy ludowi, kt\u00f3rzy zaprezentuj\u0105 techniki wyplatania oraz wzory wyrob\u00f3w z r\u00f3\u017cnych region\u00f3w, z uwzgl\u0119dnieniem wykorzystywanego materia\u0142u. Uczestnicy poznaj\u0105 rodzaje splot\u00f3w, sposoby pozyskiwania surowc\u00f3w, a tak\u017ce metody przygotowania materia\u0142\u00f3w do wyplotu. Kolejny etap pracy warsztatowej zak\u0142ada praktyczn\u0105 nauk\u0119 wyplatania z wikliny, rogo\u017cyny i s\u0142omy pod nadzorem tw\u00f3rc\u00f3w zajmuj\u0105cych si\u0119 danym rodzajem plecionkarstwa. Warsztaty poprowadz\u0105 tw\u00f3rcy ludowi z najwa\u017cniejszych o\u015brodk\u00f3w plecionkarstwa w Polsce, a tak\u017ce z Ukrainy:<\/p>\n<p>Ryszard Machowski (wiklina) pochodzi z Rudnika nad Sanem, plecionkarstwem zajmuje si\u0119 od dzieci\u0144stwa, rodzice przekazali mu sztuk\u0119 wyplatania tradycyjnych wyrob\u00f3w u\u017cytkowych, z czasem zacz\u0105\u0142 wyplata\u0107 wsp\u00f3\u0142czesne artystyczne formy przestrzenne. Bierze udzia\u0142 w plenerach artystycznych, prowadzi liczne warsztaty i pokazy plecionkarskie.\u2019<\/p>\n<p>Grzegorz Gordat (wiklina) \u2013 uko\u0144czy\u0142 technikum ekonomiczne w Pionkach, a nast\u0119pnie zdoby\u0142 uprawnienia instruktorskie z wikliniarstwa po specjalistycznym kursie w Stowarzyszeniu Akademia \u0141ucznica. Jest cz\u0142onkiem StowarzyszeniaTw\u00f3rc\u00f3w Ludowych i kozienickiej Grupy Tw\u00f3rczej Wena. Wyplata\u0107 zacz\u0105\u0142 dzi\u0119ki wujkowi, kt\u00f3ry wyplata\u0142 tradycyjne kosze z wikliny. W plecionkarstwie g\u0142\u00f3wnie interesuj\u0105 go wzory tradycyjne, kt\u00f3re niekiedy stara si\u0119 unowocze\u015bnia\u0107, by dostosowa\u0107 si\u0119 do zapotrzebowania i wymog\u00f3w rynkowych.<\/p>\n<p>Stefania Suchora (rogo\u017cyna) \u2013 mieszka w Stojeszynie Drugim. Zajmuje si\u0119 wyplataniem z rogo\u017cyny (zwanej te\u017c tatarakiem) koszyk\u00f3w, kapeluszy, kapci, podstawek. Materia\u0142 do wyplatania pozyskuje sama, ro\u015bnie nieopodal jej gospodarstwa. Pani Stefania prowadzi warsztaty i pokazy. Bra\u0142a udzia\u0142 w wystawach m.in W Muzeum Kultury Ludowej w Kolbuszowej, Muzeum Wsi Lubelskiej. W 2011 roku na Jarmarku Jagiello\u0144skim w Lublinie otrzyma\u0142a wyr\u00f3\u017cnienie w konkursie na \u201eTw\u00f3rc\u0119 Jarmarku Jagiello\u0144skiego 2011 r.\u201d<\/p>\n<p>Maria Kravchuk (s\u0142oma) \u2013 mistrzyni plecionkarstwa z Ukrainy. Laureatka wielu nagr\u00f3d, uczestniczka wystaw indywidualnych i zbiorowych zar\u00f3wno na Ukrainie jak i poza jej granicami. Ze s\u0142omy wyplata ozdoby, wianki, stroje, kwiaty. Jej prace charakteryzuj\u0105 si\u0119 wysokim poziomem wykonania, niezwyk\u0142\u0105 delikatno\u015bci\u0105 i wyobra\u017ania tw\u00f3rcz\u0105. Tradycje plecionkarskie przekazuje podczas licznych warsztat\u00f3w i pokaz\u00f3w.<\/p>\n<p>Wystawa \u201eNiech si\u0119 plecie!\u201d<\/p>\n<p>Wystawa \u201eNiech si\u0119 plecie!\u201d jest efektem realizacji cyklu projekt\u00f3w badawczych Stowarzyszenia Serfenta dotycz\u0105cych dokumentacji i popularyzacji plecionkarstwa jako dziedziny tradycyjnego rzemios\u0142a. Dzia\u0142ania w tym kierunku rozpocz\u0119li\u015bmy w 2009 roku projektem \u201ePlecionkarskim szlakiem Wis\u0142y\u201d, kt\u00f3ry zako\u0144czy\u0142 si\u0119 sukcesem na wielu p\u0142aszczyznach. Przede wszystkim okaza\u0142o si\u0119, \u017ce plecionkarstwo w Polsce to wci\u0105\u017c \u017cywy i barwny element kulturowego krajobrazu.<\/p>\n<p>Przemieszczaj\u0105c si\u0119 szlakiem Wis\u0142y, a obecnie na terenie ca\u0142ego kraju i poza jego granicami, przebywamy tysi\u0105ce kilometr\u00f3w i w ka\u017cdym odwiedzanym regionie spotykamy osoby trudni\u0105ce si\u0119 tym r\u0119kodzie\u0142em. Jednym z g\u0142\u00f3wnych cel\u00f3w prowadzonych dzia\u0142a\u0144 s\u0105 praktyczne umiej\u0119tno\u015bci, kt\u00f3re zdobywamy w terenie. Sam \u201eteren\u201d ju\u017c dawno rozr\u00f3s\u0142 si\u0119 do rozmiar\u00f3w, kt\u00f3re wci\u0105\u017c nas zaskakuj\u0105.<\/p>\n<p>Okazuje si\u0119, \u017ce plecionkarstwo nie musi jednoznacznie kojarzy\u0107 si\u0119 z gin\u0105cym zawodem, od\u0142o\u017conym na p\u00f3\u0142k\u0119 z napisem \u201ezbadane i zamkni\u0119te\u201d. Jest wr\u0119cz nieporozumieniem pisanie o nim w czasie przesz\u0142ym, co wci\u0105\u017c ma miejsce! Nie tylko mo\u017cna spotka\u0107 wielu aktywnych tw\u00f3rc\u00f3w, ale ta dziedzina r\u0119kodzie\u0142a wci\u0105\u017c si\u0119 rozwija i zmienia, swobodnie traktuj\u0105c kanony i wymogi zarezerwowane dla tradycyjnego poj\u0119cia \u201eplecionki\u201d. Wsp\u00f3\u0142cze\u015bni plecionkarze tworz\u0105 nowe wzory i formy, si\u0119gaj\u0105 po materia\u0142y bardzo cz\u0119sto sztuczne, po prostu takie, kt\u00f3re s\u0105 dost\u0119pne i osi\u0105galne. Plecionkarstwo zdoby\u0142o ju\u017c dawno \u201esalony\u201d plecionymi meblami, natomiast aktualnie prze\u017cywa renesans w galeriach sztuki na ca\u0142ym \u015bwiecie. Tym samym przesta\u0142o by\u0107 prza\u015bne i rustykalne, a plecione wyroby s\u0105 prezentowane jako dzie\u0142a sztuki, zawsze jednostkowe i r\u0119cznie wykonane. Nie ma mo\u017cliwo\u015bci by w tej dziedzinie cz\u0142owieka zast\u0105pi\u0142a maszyna.<\/p>\n<p>Wystawa \u201eNiech si\u0119 plecie!\u201d prezentuje dorobek zar\u00f3wno tradycyjnych tw\u00f3rc\u00f3w ludowych, reprezentant\u00f3w plecionkarskiego rzemios\u0142a, jak i wsp\u00f3\u0142czesnych artyst\u00f3w i designer\u00f3w pos\u0142uguj\u0105cych si\u0119 plecionk\u0105 i materia\u0142em plecionkarskim jako niezwykle wdzi\u0119cznymi formami wyrazu. Opr\u00f3cz ukazania pi\u0119kna i r\u00f3\u017cnorodno\u015bci r\u0119cznie wykonanych wyrob\u00f3w, tw\u00f3rcom wystawy zale\u017ca\u0142o na przedstawieniu samego cz\u0142owieka \u2013 jako autora prezentowanych dzie\u0142. St\u0105d portrety plecionkarzy z fragmentami ich oryginalnych wypowiedzi. Du\u017cy akcent zosta\u0142 po\u0142o\u017cony r\u00f3wnie\u017c na kontekst spo\u0142eczny plecionkarstwa jako zawodu. Poznajemy zatem nie tylko jego pi\u0119kno, ale tak\u017ce t\u0142o ekonomiczne. Autorzy zdj\u0119\u0107: Paulina Adamska-Malesza, Magdalena Kokora, Krystian Pisowicz, Natalia Wenclik-Olszewska, Anna Zelech Kuratorki wystawy: Paulina Adamska-Malesza, Anna Falkiewicz, Anna Kr\u0119\u017celok<\/p>\n<\/div><\/div><\/div><div class=\"fusion-panel panel-default panel-356e3d5d4a5d48b13 fusion-toggle-has-divider\"><div class=\"panel-heading\"><h4 class=\"panel-title toggle\" id=\"toggle_356e3d5d4a5d48b13\"><a aria-expanded=\"false\" aria-controls=\"356e3d5d4a5d48b13\" role=\"button\" data-toggle=\"collapse\" data-parent=\"#accordion-36204-1\" data-target=\"#356e3d5d4a5d48b13\" href=\"#356e3d5d4a5d48b13\"><span class=\"fusion-toggle-icon-wrapper\" aria-hidden=\"true\"><i class=\"fa-fusion-box active-icon awb-icon-minus\" aria-hidden=\"true\"><\/i><i class=\"fa-fusion-box inactive-icon awb-icon-plus\" aria-hidden=\"true\"><\/i><\/span><span class=\"fusion-toggle-heading\">2011 | Tkactwo Ludowe<\/span><\/a><\/h4><\/div><div id=\"356e3d5d4a5d48b13\" class=\"panel-collapse collapse \" aria-labelledby=\"toggle_356e3d5d4a5d48b13\"><div class=\"panel-body toggle-content fusion-clearfix\">\n<p><a href=\"https:\/\/retradycja.eu\/wp-content\/uploads\/2020\/08\/Tomasz-Bylina-21-2.jpg\"><img decoding=\"async\" class=\"lazyload alignnone size-large wp-image-969\" src=\"https:\/\/retradycja.eu\/wp-content\/uploads\/2020\/08\/Tomasz-Bylina-21-2-1024x682.jpg\" data-orig-src=\"https:\/\/retradycja.eu\/wp-content\/uploads\/2020\/08\/Tomasz-Bylina-21-2-1024x682.jpg\" alt=\"\" width=\"1024\" height=\"682\" srcset=\"data:image\/svg+xml,%3Csvg%20xmlns%3D%27http%3A%2F%2Fwww.w3.org%2F2000%2Fsvg%27%20width%3D%271024%27%20height%3D%27682%27%20viewBox%3D%270%200%201024%20682%27%3E%3Crect%20width%3D%271024%27%20height%3D%27682%27%20fill-opacity%3D%220%22%2F%3E%3C%2Fsvg%3E\" data-srcset=\"https:\/\/retradycja.eu\/wp-content\/uploads\/2020\/08\/Tomasz-Bylina-21-2-200x133.jpg 200w, https:\/\/retradycja.eu\/wp-content\/uploads\/2020\/08\/Tomasz-Bylina-21-2-300x200.jpg 300w, https:\/\/retradycja.eu\/wp-content\/uploads\/2020\/08\/Tomasz-Bylina-21-2-391x260.jpg 391w, https:\/\/retradycja.eu\/wp-content\/uploads\/2020\/08\/Tomasz-Bylina-21-2-400x267.jpg 400w, https:\/\/retradycja.eu\/wp-content\/uploads\/2020\/08\/Tomasz-Bylina-21-2-600x400.jpg 600w, https:\/\/retradycja.eu\/wp-content\/uploads\/2020\/08\/Tomasz-Bylina-21-2-768x512.jpg 768w, https:\/\/retradycja.eu\/wp-content\/uploads\/2020\/08\/Tomasz-Bylina-21-2-1024x682.jpg 1024w, https:\/\/retradycja.eu\/wp-content\/uploads\/2020\/08\/Tomasz-Bylina-21-2-1536x1024.jpg 1536w\" data-sizes=\"auto\" data-orig-sizes=\"(max-width: 1024px) 100vw, 1024px\" \/><\/a><\/p>\n<p>Tkactwo, jedno z najstarszych rzemios\u0142, by\u0142o do niedawna zaj\u0119ciem powszechnym, przekazywanym z pokolenia na pokolenie. Dzi\u015b tylko nieliczni tw\u00f3rcy kultywuj\u0105 tradycyjne wzornictwo, metody i techniki tkackie. Letnia Szko\u0142a Tkactwa Ludowego to projekt maj\u0105cy na celu wspieranie dzia\u0142a\u0144 na rzecz zachowania gin\u0105cych tradycji i popularyzacji kultury tradycyjnej. Projekt sk\u0142ada\u0142 si\u0119 z dw\u00f3ch komplementarnych element\u00f3w: 4-dniowych warsztat\u00f3w tkactwa oraz modu\u0142u wystawienniczego.<\/p>\n<p><strong>Warsztaty<\/strong><\/p>\n<p>Warsztaty tkactwa adresowane by\u0142y do uczni\u00f3w szk\u00f3\u0142 plastycznych, student\u00f3w kierunk\u00f3w artystycznych, os\u00f3b amatorsko zajmuj\u0105cych si\u0119 tkactwem oraz instruktor\u00f3w z ca\u0142ej Polski. Zakres warsztat\u00f3w obejmowa\u0142 teoretyczne podstawy dotycz\u0105ce rodzaj\u00f3w i sposobu przygotowania materia\u0142\u00f3w, budowy warsztatu tkackiego poziomego oraz funkcji narz\u0119dzi prz\u0119dzalniczych. Uczestnicy mieli mo\u017cliwo\u015b\u0107 samodzielnej pracy przy ko\u0142owrotku, a tak\u017ce przygotowania osnowy na snowadle. W kolejnych etapach uczestnicy poprzez praktyczn\u0105 nauk\u0119 tkania na krosnach i ramach tkackich poznawali r\u00f3\u017cnorodne techniki oraz tradycyjne wzory regionalne tkactwa jedno- i dwuosnowowego. Zaj\u0119cia prowadzone by\u0142y przez tw\u00f3rczynie ludowe z najwa\u017cniejszych o\u015brodk\u00f3w tkactwa w Polsce i na Bia\u0142orusi: Janin\u0119 Furtak, J\u00f3zef\u0119 Furtak, Nadziej\u0119 Grycuk, Alicj\u0119 Kochanowsk\u0105, Mari\u0119 Krawczy\u0144sk\u0105, Krystyn\u0119 Nakonieczn\u0105 oraz Zofi\u0119 Trzcionkowsk\u0105.<\/p>\n<p>Wystawy<\/p>\n<p>\u201eFolklove\u201d, Joanna Zemanek.<\/p>\n<p>12- 18 sierpnia 2011<\/p>\n<p>Galeria Gardzienice, ul. Grodzka 5A, Lublin<br \/>\nWystawa wsp\u00f3\u0142czesnej tkaniny artystycznej inspirowanej sztuk\u0105 ludow\u0105.<\/p>\n<p>Lublin Jarmark Jagiellonski 2011Joanna Zemanek urodzona w 1979 r. w \u0141\u0119kach w wojew\u00f3dztwie ma\u0142opolskim. W 2005r. Uzyska\u0142a podw\u00f3jny dyplom z Malarstwa i Tkaniny Artystycznej na Akademii Sztuk Pi\u0119knych w Krakowie. Od 2004r. asystentka na Wydziale Malarstwa w Katedrze Interdyscyplinarnej w Pracowni Tkaniny Artystycznej Prof. Lilli Kulki, oraz na Kierunku Wzornictwo w Wy\u017cszej Szkole Technicznej w Katowicach. Na wystawie zaprezentowane zostan\u0105 trzy projekty artystki: Folklove \u2013 od kt\u00f3rego nazw\u0119 bierze wystawa, \u0141emkowskie Jeruzalem oraz najnowszy cykl \u2013 Gdyby Marilyn Monroe by\u0142a Polk\u0105. Artystka nawi\u0105zuje do wzor\u00f3w kultury tradycyjnej, \u017ar\u00f3d\u0142em inspiracji s\u0105 hafty ludowych stroj\u00f3w, wzory pater, nadruk\u00f3w, bogata kolorystyka. W swoich pracach stosuje bawe\u0142niany materia\u0142 zwany \u201eTybetem\u201d, p\u00f3\u0142fabrykaty r\u0119kawic robotniczych, pastele czy wielkoformatowe wydruki.<\/p>\n<p>\u201eMi\u0119dzy w\u0105tkiem a osnow\u0105. Tkactwo tradycyjne\u201d<\/p>\n<p>12 -14 sierpnia 2011<\/p>\n<p>Stowarzyszenie Tw\u00f3rc\u00f3w Ludowych, ul. Grodzka 14, Lublin<\/p>\n<p>fot. M.MyczkowskiNa wystawie zaprezentowa\u0142y swoje prace tw\u00f3rczynie ludowe z Polski, Ukrainy i Bia\u0142orusi : Janina Furtak, J\u00f3zefa Furtak, Nadzeja Grycuk, Alicja Kochanowska, Walentyna Kolinko, Hanna Kopylchuk, Maria Krawczynskaja, Krystyna Nakonieczna oraz Zofia Trzcionkowska. S\u0105 to jedne z najbardziej uznawanych tw\u00f3rczy\u0144 ludowych zajmuj\u0105cych si\u0119 tkactwem r\u0119cznym, laureatki wielu nagr\u00f3d i wyr\u00f3\u017cnie\u0144, kt\u00f3rych prace znajduj\u0105 si\u0119 w licznych muzeach, galeriach i prywatnych kolekcjach. Wystawa ma na celu prezentacj\u0119 r\u00f3\u017cnorodno\u015bci tkanin wykonywanych tradycyjnymi metodami, bogactwa wzor\u00f3w, kolorystki, technik wykonania, a tak\u017ce ukazania r\u00f3\u017cnic i podobie\u0144stw prac pochodz\u0105cych z r\u00f3\u017cnych region\u00f3w Polski, Bia\u0142orusi i Ukrainy. Elementem ekspozycji by\u0142a projekcja filmu Agnieszki Jackowiak \u201eTkactwo na warsztacie\u201d przybli\u017caj\u0105ca praktyki tkackie Mazowsza Rawskiego.<\/p>\n<p>Opisy tw\u00f3rczy\u0144:<\/p>\n<p>Alicja Kochanowska<br \/>\nPochodzi z Janowa, woj. podlaskie. Zajmuje si\u0119 bardzo rzadk\u0105 dziedzin\u0105 tw\u00f3rczo\u015bci \u2013 tkactwem dwuosnowowym. Techniki tej nauczy\u0142a si\u0119 od matki, a obecnie sama przekazuje tradycj\u0119 m\u0142odszym pokoleniom prowadz\u0105c warsztaty i pokazy tkactwa . Pani Alicja tka dywany i makaty o tradycyjnych wzorach, jej prace eksponowane s\u0105 w muzeach w ca\u0142ym kraju. Pracownia tkacka Pani Alicji znajduje si\u0119 na Szlaku Tradycyjnego R\u0119kodzie\u0142a Ludowego Podlasia.<\/p>\n<p>Nadzeja Grycuk<br \/>\nurodzi\u0142a si\u0119 w 1942 roku we wsi Paszuki na Bia\u0142orusi. Zajmuje si\u0119 tkactwem dwuosnowowym, kt\u00f3rego nauczy\u0142a si\u0119 od mieszka\u0144c\u00f3w wsi. Bierze udzia\u0142 w krajowych i mi\u0119dzynarodowych wystawach i konkursach. Prowadzi k\u00f3\u0142ko tkactwa w miejscowo\u015bci Padbe\u0142a, gdzie uczy m\u0142odzie\u017c tradycyjnych technik tkackich.<\/p>\n<p>Maria Krawczynskaja<br \/>\nurodzi\u0142a si\u0119 w 1951 roku w miejscowo\u015bci Lachowcy (Bia\u0142oru\u015b). Tkactwa nauczy\u0142a si\u0119 od Nadzieji Grycuk, od tamtego czasu doskonali technik\u0119 czerpi\u0105c z tradycyjnych, charakterystycznych dla regionu wzor\u00f3w. Jest dyrektork\u0105 Domu Kultury we wsi Padbe\u0142a, gdzie od 2000 roku organizuje k\u00f3\u0142ko tkactwa podw\u00f3jnego.<br \/>\nUczestniczy w licznych regionalnych i mi\u0119dzynarodowych wystawach.<\/p>\n<p>J\u00f3zefa Furtak<br \/>\nMieszka w Ba\u0142towie, gm \u017byrzyn. Tkactwem zajmuje si\u0119 od 1949 roku. Wykonuje tradycyjne pasiaki: chodniki, bie\u017cniki, zapaski. Swoje prace wykonuje z kolorowych skrawk\u00f3w szmatek lub z we\u0142ny. Jest laureatk\u0105 wielu nagr\u00f3d i wyr\u00f3\u017cnie\u0144 w dziedzinie tw\u00f3rczo\u015bci ludowej.<\/p>\n<p>Zofia Trzcionkowska<br \/>\nNale\u017cy do Stowarzyszenia Tw\u00f3rc\u00f3w Ludowych. Od ponad 40 lat tka lniane p\u0142\u00f3tna, chodniki, kilimy i zapaski. Stosuje tradycyjne techniki i zestawienia kolorystyczne. Tw\u00f3rczyni aktywnie w\u0142\u0105cza si\u0119 w edukacj\u0119 regionaln\u0105 dzieci i m\u0142odzie\u017cy, uczestniczy w pokazach, targach i konkursach. Za wieloletni\u0105 dzia\u0142alno\u015b\u0107 na rzecz kultywowania tradycji zosta\u0142a uhonorowana licznymi nagrodami i dyplomami.<\/p>\n<p>Hanna Kopylchuk<br \/>\npochodzi z Ukrainy, mistrzyni tkactwa znana na ca\u0142ej Huculszczy\u017anie. Bierze udzia\u0142 w licznych jarmarkach i targach sztuki ludowej. Na jej krosnach powstaj\u0105 najcz\u0119\u015bciej li\u017cniki \u2013 ciep\u0142e, w\u0142ochate i wzorzyste koce tkane z we\u0142nianej prz\u0119dzy.<\/p>\n<p>Janina Furtak<br \/>\nPochodzi ze wsi Ba\u0142t\u00f3w w wojew\u00f3dztwie lubelskim. Tkactwem trudni si\u0119 od najm\u0142odszych lat. Sama sieje len, z kt\u00f3rego powstaje p\u0142\u00f3tno na odzie\u017c, fartuchy, obrusy. Z resztek materia\u0142\u00f3w tworzy tradycyjne, wielobarwne chodniki. Jest laureatk\u0105 wielu nagr\u00f3d i wyr\u00f3\u017cnie\u0144 za wieloletnie zaanga\u017cowanie w dzia\u0142alno\u015b\u0107 na rzecz upowszechniania kultury ludowej.<\/p>\n<p>Krystyna Nakonieczna<br \/>\nUrodzona w 1937 roku w Zagrodach, gm. \u017byrzyn. Tw\u00f3rczo\u015bci\u0105 ludow\u0105 zajmuje si\u0119 od dzieci\u0144stwa \u2013 podstawowych technik tkackich nauczy\u0142a j\u0105 mama. Dzi\u015b jest jedn\u0105 z najbardziej cenionych tkaczek w regionie, a swoje umiej\u0119tno\u015bci przekazuje dalej prowadz\u0105c liczne warsztaty dla dzieci i m\u0142odzie\u017cy szkolnej m. in w Izbie Regionalnego Tkactwa Ludowego w Borysowie. Poza tkactwem zajmuje si\u0119 r\u00f3wnie\u017c wyplataniem rogo\u017cynowych koszy i plastyk\u0105 obrz\u0119dow\u0105.<\/p>\n<p>Walentyna Kolinko<br \/>\nUrodzi\u0142a si\u0119 w 1957 roku, pochodzi z ukrai\u0144skiej wsi Reszetyliwka w obwodzie po\u0142tawskim. Tkactwem zajmuje si\u0119 od 27 lat, jej nauczycielk\u0105 by\u0142a mistrzyni tkactwa \u2013 Nadia Babinko. Wykonuje kilimy i gobeliny o wielobarwnych, kwiecistych wzorach. Bierze udzia\u0142 w jarmarkach, wystawach i konkursach zar\u00f3wno na Ukrainie jak i poza jej granicami.<\/p>\n<p>Badania Terenowe<br \/>\nXIX konkurs tkactwa dwuosnowowego \u201eZaj\u0119cia kobiety wiejskiej na Podlasiu\u201d \u2013 Jan\u00f3w 2011<\/p>\n<p>Wywiad: bracia J\u00f3zef i Micha\u0142 Trawnicki oraz pani\u0105 Danuta \u015aliwi\u0144ska<br \/>\nWywiad: tkaczki Krystyna Nakonieczna i Janina Furtak<br \/>\nWywiad: Danuta Radulska<br \/>\nWywiad: Zofia Trzcionkowska i J\u00f3zefa Furtak<\/p>\n<\/div><\/div><\/div><div class=\"fusion-panel panel-default panel-95665a85783649e52 fusion-toggle-has-divider\"><div class=\"panel-heading\"><h4 class=\"panel-title toggle\" id=\"toggle_95665a85783649e52\"><a aria-expanded=\"false\" aria-controls=\"95665a85783649e52\" role=\"button\" data-toggle=\"collapse\" data-parent=\"#accordion-36204-1\" data-target=\"#95665a85783649e52\" href=\"#95665a85783649e52\"><span class=\"fusion-toggle-icon-wrapper\" aria-hidden=\"true\"><i class=\"fa-fusion-box active-icon awb-icon-minus\" aria-hidden=\"true\"><\/i><i class=\"fa-fusion-box inactive-icon awb-icon-plus\" aria-hidden=\"true\"><\/i><\/span><span class=\"fusion-toggle-heading\">2010 | Rze\u017aba Ludowa<\/span><\/a><\/h4><\/div><div id=\"95665a85783649e52\" class=\"panel-collapse collapse \" aria-labelledby=\"toggle_95665a85783649e52\"><div class=\"panel-body toggle-content fusion-clearfix\">\n<div class=\"video-shortcode\"><iframe class=\"lazyload fusion-hidden\" data-privacy-type=\"youtube\" src=\"data:image\/svg+xml,%3Csvg%20xmlns%3D%27http%3A%2F%2Fwww.w3.org%2F2000%2Fsvg%27%20width%3D%271778%27%20height%3D%271000%27%20viewBox%3D%270%200%201778%201000%27%3E%3Crect%20width%3D%271778%27%20height%3D%271000%27%20fill-opacity%3D%220%22%2F%3E%3C%2Fsvg%3E\" data-orig-src=\"\" title=\"Letnia Szko\u0142a Rze\u017aby Ludowej - Jarmark Jagiello\u0144ski 2010\" width=\"1778\" height=\"1000\" data-privacy-src=\"https:\/\/www.youtube.com\/embed\/2JjhwqPGgV8?feature=oembed\" frameborder=\"0\" allow=\"accelerometer; autoplay; clipboard-write; encrypted-media; gyroscope; picture-in-picture\" allowfullscreen><\/iframe><\/p>\n<div class=\"fusion-privacy-placeholder\" style=\"width:1778px; height:1000px;\" data-privacy-type=\"youtube\">\n<div class=\"fusion-privacy-placeholder-content\">\n<div class=\"fusion-privacy-label\">For privacy reasons YouTube needs your permission to be loaded.<\/div>\n<p><a href=\"\" data-privacy-type=\"youtube\" class=\"fusion-button button-default fusion-button-default-size button fusion-privacy-consent\">Wyra\u017cam zgod\u0119<\/a><\/div>\n<\/div>\n<\/div>\n<p>W dniach 10-14 sierpnia 2010, w ramach Letniej Szko\u0142y Rze\u017aby Ludowej odby\u0142y si\u0119 warsztaty rze\u017abiarskie adresowane do uczni\u00f3w szk\u00f3\u0142 plastycznych, student\u00f3w kierunk\u00f3w artystycznych, os\u00f3b amatorsko zajmuj\u0105cych si\u0119 rze\u017ab\u0105 oraz instruktor\u00f3w z ca\u0142ej Polski. Zaj\u0119cia obejmowa\u0142y podstawy teorii oraz praktyczn\u0105 nauk\u0119 rze\u017aby d\u0142utem w drewnie lipowym (rze\u017aba, p\u0142askorze\u017aba), a tak\u017ce kurs polichromowania.<\/p>\n<p>Warsztaty poprowadzili tw\u00f3rcy ludowi: Mieczys\u0142aw Gaja, Anna Pado\u0142, Waldemar Styperek i Mieczys\u0142aw Zawadzki. Go\u015bcinnie obok tw\u00f3rc\u00f3w z Polski, swoje umiej\u0119tno\u015bci zaprezentowa\u0142 Iwan Supru\u0144czyk z Bia\u0142orusi, kt\u00f3ry w dniach 12-14 sierpnia poprowadzi\u0142 warsztaty rze\u017aby wykonywanej przy u\u017cyciu siekiery. Warsztatom towarzyszy\u0142a wystawa rze\u017aby ludowej.<\/p>\n<p>Projekt zrealizowano ze \u015brodk\u00f3w Ministra Kultury i Dziedzictwa Narodowego oraz Miasta Lublin.<\/p>\n<p>Sylwetki tw\u00f3rc\u00f3w:<\/p>\n<p>Mieczys\u0142aw Zawadzki<br \/>\nPochodzi z \u0141ukowa. Rze\u017aby w drewnie nauczy\u0142 si\u0119 sam, wzoruj\u0105c si\u0119 na pracach tw\u00f3rc\u00f3w ludowych. Z czasem wypracowa\u0142 sw\u00f3j indywidualny, rozpoznawalny styl. Tworzy dzie\u0142a bardzo r\u00f3\u017cnorodne, od pojedynczych form po z\u0142o\u017cone wielopostaciowe sceny. Zajmuje si\u0119 tak\u017ce p\u0142askorze\u017ab\u0105. Jest czo\u0142owym przedstawicielem \u0141ukowskiego O\u015brodka Rze\u017abiarskiego. Realizuje program \u201eGin\u0105ce Zawody\u201d ucz\u0105c m\u0142odych adept\u00f3w sztuki rze\u017abiarskiej. Uczestniczy\u0142 w licznych wystawach i targach m.in.: w Hanowerze, Berlinie, Pary\u017cu, Debreczynie, Sztokholmie. Wielokrotny laureat konkurs\u00f3w: \u201eSztuka Ludowa Po\u0142udniowego Podlasia\u201d, \u201ePrzegl\u0105d R\u0119kodzie\u0142a Lubelszczyzny\u201d, \u201eA to polskie w\u0142a\u015bnie\u201d. Otrzyma\u0142 szereg nagr\u00f3d i odznacze\u0144 za wk\u0142ad w upowszechnianie kultury ludowej.<\/p>\n<p>Waldemar Styperek<br \/>\nUrodzony w 1949 roku, mieszka w Rudzie ko\u0142o Grudzi\u0105dza. Od 1993 Cz\u0142onek Zarz\u0105du G\u0142\u00f3wnego Stowarzyszenia Tw\u00f3rc\u00f3w Ludowych w dziedzinie rze\u017aby. Wykonuje prace o tematyce sakralnej \u2013 wizerunki Chrystusa Frasobliwego, szopki bo\u017conarodzeniowe, a tak\u017ce sceny z \u017cycia polskiej wsi. S\u0142ynie przede wszystkim ze swoich polichromowanych anio\u0142k\u00f3w. Jego styl cechuje prostota, oszcz\u0119dna ornamentyka oraz wyrazista kolorystyka. Jest laureatem wielu nagr\u00f3d i wyr\u00f3\u017cnie\u0144, a jego prace znajduj\u0105 si\u0119 w licznych kolekcjach zar\u00f3wno w kraju, jak i za granic\u0105.<\/p>\n<p>Iwan Supru\u0144czyk<br \/>\nUrodzony w 1942 roku w bia\u0142oruskiej wiosce Tereblicze.<br \/>\nSwoje prace tworzy wy\u0142\u0105cznie przy u\u017cyciu siekiery. Rze\u017abi w olbrzymich klocach drewna r\u00f3\u017cnych gatunk\u00f3w, czasem bezpo\u015brednio w lesie. Jego ulubionym tematem jest folklor i s\u0142owia\u0144ska mitologia. Tworzy sylwetki bo\u017ck\u00f3w, bab, dziad\u00f3w, a tak\u017ce rze\u017aby o tematyce sakralnej. Zajmuje si\u0119 r\u00f3wnie\u017c grafik\u0105. W miejscowo\u015bci Tereblicze za\u0142o\u017cy\u0142 Muzeum Etnograficzne, gdzie znajduje si\u0119 wi\u0119kszo\u015b\u0107 jego prac, a tak\u017ce zbi\u00f3r tradycyjnych narz\u0119dzi u\u017cywanych przy pracy w pobliskich wioskach.<\/p>\n<p>Anna Pado\u0142<br \/>\nPochodzi z Paszyna. Sztuki rze\u017abiarskiej nauczy\u0142a si\u0119 od wujka \u2013 Stanis\u0142awa Por\u0119by oraz innych znanych tw\u00f3rc\u00f3w z o\u015brodka paszy\u0144skiego. Rze\u017abi przede wszystkim w drewnie lipowym, a swoje prace pokrywa bogat\u0105 polichromi\u0105. Najcz\u0119\u015bciej tworzy prace o tematyce sakralnej: figury Chrystusa, anio\u0142y, postacie \u015bwi\u0119tych. Przez lata wypracowa\u0142a sw\u00f3j indywidualny, konsekwentny styl. Tworzone przez ni\u0105 postacie maj\u0105 zazwyczaj wielkie, spogl\u0105daj\u0105ce w d\u00f3\u0142 oczy z charakterystycznym mocno zarysowanym konturem.<\/p>\n<p>Mieczys\u0142aw Gaja<br \/>\nRze\u017ab\u0105 zajmuje si\u0119 od 1976 roku. Jest wybitnym przedstawicielem \u0141ukowskiego O\u015brodka Rze\u017aby Ludowej, gdzie prowadzi zaj\u0119cia dla uzdolnionej m\u0142odzie\u017cy szkolnej. Swoje rze\u017aby wykonuje w jednym bloku drewna \u2013 zar\u00f3wno pojedyncze figury, jak i z\u0142o\u017cone, kilkuplanowe kompozycje. Podejmuje tematyk\u0119 sakraln\u0105 i \u015bwieck\u0105. Rze\u017aby dekoruje motywami ro\u015blinnymi i zwierz\u0119cymi oraz bogat\u0105 polichromi\u0105. Jest laureatem presti\u017cowej nagrody im. Stanis\u0142awa Wyspia\u0144skiego i nagrody Ministra Kultury. Za ca\u0142okszta\u0142t tw\u00f3rczo\u015bci zosta\u0142 odznaczony Srebrnym Krzy\u017cem Zas\u0142ugi przez Prezydenta RP.<\/p>\n<p><a href=\"https:\/\/retradycja.eu\/wp-content\/uploads\/2020\/08\/sponsor-strona-jj-15.png\"><img decoding=\"async\" class=\"lazyload alignnone size-full wp-image-35717\" src=\"data:image\/svg+xml,%3Csvg%20xmlns%3D%27http%3A%2F%2Fwww.w3.org%2F2000%2Fsvg%27%20width%3D%27251%27%20height%3D%27154%27%20viewBox%3D%270%200%20251%20154%27%3E%3Crect%20width%3D%27251%27%20height%3D%27154%27%20fill-opacity%3D%220%22%2F%3E%3C%2Fsvg%3E\" data-orig-src=\"https:\/\/retradycja.eu\/wp-content\/uploads\/2020\/08\/sponsor-strona-jj-15.png\" alt=\"\" width=\"251\" height=\"154\"><\/a><\/p>\n<\/div><\/div><\/div><div class=\"fusion-panel panel-default panel-81a00d7ffd0f1924e fusion-toggle-has-divider\"><div class=\"panel-heading\"><h4 class=\"panel-title toggle\" id=\"toggle_81a00d7ffd0f1924e\"><a aria-expanded=\"false\" aria-controls=\"81a00d7ffd0f1924e\" role=\"button\" data-toggle=\"collapse\" data-parent=\"#accordion-36204-1\" data-target=\"#81a00d7ffd0f1924e\" href=\"#81a00d7ffd0f1924e\"><span class=\"fusion-toggle-icon-wrapper\" aria-hidden=\"true\"><i class=\"fa-fusion-box active-icon awb-icon-minus\" aria-hidden=\"true\"><\/i><i class=\"fa-fusion-box inactive-icon awb-icon-plus\" aria-hidden=\"true\"><\/i><\/span><span class=\"fusion-toggle-heading\">2009 | Ceramika Ludowa <\/span><\/a><\/h4><\/div><div id=\"81a00d7ffd0f1924e\" class=\"panel-collapse collapse \" aria-labelledby=\"toggle_81a00d7ffd0f1924e\"><div class=\"panel-body toggle-content fusion-clearfix\">\n<p><a href=\"https:\/\/retradycja.eu\/wp-content\/uploads\/2020\/08\/mg_1340-scaled.jpg\"><img decoding=\"async\" class=\"lazyload alignnone size-large wp-image-633\" src=\"https:\/\/retradycja.eu\/wp-content\/uploads\/2020\/08\/mg_1340-1024x683.jpg\" data-orig-src=\"https:\/\/retradycja.eu\/wp-content\/uploads\/2020\/08\/mg_1340-1024x683.jpg\" alt=\"\" width=\"1024\" height=\"683\" srcset=\"data:image\/svg+xml,%3Csvg%20xmlns%3D%27http%3A%2F%2Fwww.w3.org%2F2000%2Fsvg%27%20width%3D%271024%27%20height%3D%27683%27%20viewBox%3D%270%200%201024%20683%27%3E%3Crect%20width%3D%271024%27%20height%3D%27683%27%20fill-opacity%3D%220%22%2F%3E%3C%2Fsvg%3E\" data-srcset=\"https:\/\/retradycja.eu\/wp-content\/uploads\/2020\/08\/mg_1340-200x133.jpg 200w, https:\/\/retradycja.eu\/wp-content\/uploads\/2020\/08\/mg_1340-300x200.jpg 300w, https:\/\/retradycja.eu\/wp-content\/uploads\/2020\/08\/mg_1340-391x260.jpg 391w, https:\/\/retradycja.eu\/wp-content\/uploads\/2020\/08\/mg_1340-400x267.jpg 400w, https:\/\/retradycja.eu\/wp-content\/uploads\/2020\/08\/mg_1340-600x400.jpg 600w, https:\/\/retradycja.eu\/wp-content\/uploads\/2020\/08\/mg_1340-768x512.jpg 768w, https:\/\/retradycja.eu\/wp-content\/uploads\/2020\/08\/mg_1340-1024x683.jpg 1024w, https:\/\/retradycja.eu\/wp-content\/uploads\/2020\/08\/mg_1340-1536x1024.jpg 1536w\" data-sizes=\"auto\" data-orig-sizes=\"(max-width: 1024px) 100vw, 1024px\" \/><\/a><\/p>\n<p>Letnia Szko\u0142a Ceramiki Ludowej by\u0142 to cykl dzia\u0142a\u0144, kt\u00f3re odby\u0142y si\u0119 w 2009r. Na jej program sk\u0142ada\u0142y si\u0119 zar\u00f3wno zaj\u0119cia praktyczne jak i teoretyczne, kt\u00f3re zosta\u0142y poprowadzone przez tw\u00f3rc\u00f3w ludowych z najwa\u017cniejszych o\u015brodk\u00f3w ceramicznych w Polsce (m.in. z Czarnej Wsi Ko\u015bcielnej, Paw\u0142owa, Ostrowca \u015awi\u0119tokrzyskiego, Bolimowa czy \u0141\u0105\u017cka Ordynackiego).&nbsp;Zaj\u0119cia obejmowa\u0142y nast\u0119puj\u0105ce obszary tematyczne zwi\u0105zane z polsk\u0105 ceramik\u0105 ludow\u0105:<\/p>\n<p>Ceramik\u0119 siw\u0105, tzw. siwaki&nbsp;\u2013 naczynia glinianie, kt\u00f3re podczas wypalania nabieraj\u0105 ciemnego, srebrzystego zabarwienia.<br \/>\nCeramik\u0119 nieglazurowan\u0105, tzw. zgrzebn\u0105 i glazurowan\u0105 szkliwem bezbarwnym lub kolorowym&nbsp;\u2013 kt\u00f3rej tradycje si\u0119gaj\u0105 \u015bredniowiecza.<br \/>\nP\u00f3\u0142majolik\u0119, mezzamajolik\u0119 i p\u00f3\u0142fajans&nbsp;\u2013 wyroby wykonane ze zwyk\u0142ej gliny, pokrywane bia\u0142\u0105 polew\u0105 i przejrzystym szkliwem oraz dekorowane, a nast\u0119pnie wypalane.<\/p>\n<p>Warsztaty poprowadzili mistrzowie ceramiki ludowej tacy jak Piotr Skiba, Pawe\u0142 Aftewicz, Jaros\u0142aw Rodak, czy Adam \u017belazko. Go\u015bcinnie obok mistrz\u00f3w ceramicznych z Polski, zaj\u0119cia poprowadzi\u0142\u0105 mistrzyni ceramiki huculskiej z Ukrainy Walentyna D\u017curaniuk. Efekty pracy powsta\u0142e w trakcie warsztat\u00f3w zosta\u0142y zaprezentowane podczas Jarmarku Jagiello\u0144skiego, gdzie odby\u0142y si\u0119 r\u00f3wnie\u017c pokazy mistrzowskie i otwarte warsztaty skierowane do szerokiego grona odbiorc\u00f3w. &nbsp;Celem Szko\u0142y Ceramiki jest zachowanie i przekazanie tradycji wyrobu i zdobienia ceramiki ludowej. Zaj\u0119cia skierowane by\u0142y do student\u00f3w i uczni\u00f3w kierunk\u00f3w artystycznych i szk\u00f3\u0142 plastycznych, a tak\u017ce animator\u00f3w i instruktor\u00f3w z ca\u0142ej Polski.<\/p>\n<p>Potrzeba ochrony i przekazu tradycji wyrobu i zdobienia polskiej ceramiki ludowej jest tym pilniejsza, i\u017c na przestrzeni ostatnich 50 lat z kilkuset o\u015brodk\u00f3w ceramicznych w kraju osta\u0142o si\u0119 tylko kilkadziesi\u0105t, a na pocz\u0105tku naszego stulecia ich liczba skurczy\u0142a si\u0119 jeszcze bardziej.&nbsp;Przekazywane z pokolenia na pokolenie rodzinne tradycje wyrobu ceramiki zanikaj\u0105 wraz z odchodzeniem starszego pokolenia i niech\u0119tnie s\u0105 kultywowane przez m\u0142odych. Dlatego te\u017c niezwykle istotne jest wypracowanie alternatywnego sposobu przekazywania gin\u0105cych tradycji poszczeg\u00f3lnych o\u015brodk\u00f3w ceramicznych.<\/p>\n<p><strong>Zrealizowano ze \u015brodk\u00f3w Ministra Kultury i Dziedzictwa Narodowego oraz Miasta Lublin<\/strong><\/p>\n<p><strong>Badania Terenowe:&nbsp;<\/strong><\/p>\n<ul>\n<li>Youtube:&nbsp;<a href=\"https:\/\/www.youtube.com\/watch?v=IBiUenij7Us\">Letnia Szko\u0142a Ceramiki Ludowej \u2013 S\u0142awomir \u017bo\u0142nacz \u2013 Paw\u0142\u00f3w<\/a><\/li>\n<li>Youtube: &nbsp;<a href=\"https:\/\/www.youtube.com\/watch?v=7ghDCu-v9Xk\">Letnia Szko\u0142a Ceramiki Ludowej \u2013 Piotr Skiba \u2013 Jadwisin<\/a><\/li>\n<li>Youtube:&nbsp;<a href=\"https:\/\/www.youtube.com\/watch?v=vt5zQAxF7kM\">Letnia Szko\u0142a Ceramiki Ludowej \u2013 Pawe\u0142 Piechowski \u2013 Czarna Wie\u015b Ko\u015bcielna<\/a><\/li>\n<li>Youtube:&nbsp;<a href=\"https:\/\/www.youtube.com\/watch?v=08x6e8Coo04\">Letnia Szko\u0142a Ceramiki Ludowej \u2013 Jan Kudrewicz \u2013 Czarna Wie\u015b Ko\u015bcielna<\/a><\/li>\n<li>Youtube:&nbsp;<a href=\"https:\/\/www.youtube.com\/watch?v=NcygrCa3hIY\">Letnia Szko\u0142a Ceramiki Ludowej \u2013 Stanis\u0142aw Mosiej \u2013 Czarna Wie\u015b Ko\u015bcielna<\/a><\/li>\n<li>Youtube:&nbsp;<a href=\"https:\/\/www.youtube.com\/watch?v=TFID8UQW6Dc\">Letnia Szko\u0142a Ceramiki Ludowej \u2013 Cezary i Zygfryd Gajewscy \u2013 Urz\u0119d\u00f3w<\/a><\/li>\n<li>Youtube:&nbsp;<a href=\"https:\/\/www.youtube.com\/watch?v=sDtLQBHugOA\">Letnia Szko\u0142a Ceramiki Ludowej \u2013 Konopczy\u0144ski, Aftewiczowie \u2013 Bolim\u00f3w<\/a><\/li>\n<li>Youtube:&nbsp;<a href=\"https:\/\/www.youtube.com\/watch?v=BWFHDPQXHKM\">Letnia Szko\u0142a Ceramiki Ludowej \u2013 Adam \u017belazko \u2013 \u0141\u0105\u017cek Garncarski<\/a><\/li>\n<li>Youtube:&nbsp;<a href=\"https:\/\/www.youtube.com\/watch?v=BWFHDPQXHKM\">Letnia Szko\u0142a Ceramiki Ludowej \u2013 Jan Jurek \u2013 Pogwizd\u00f3w<\/a><\/li>\n<li>Youtube:&nbsp;<a href=\"https:\/\/www.youtube.com\/watch?v=udfCAwJ_MK0\">Letnia Szko\u0142a Ceramiki Ludowej \u2013 W\u0142adys\u0142aw Kitowski \u2013 Sud\u00f3\u0142<\/a><\/li>\n<li>Youtube:&nbsp;<a href=\"https:\/\/www.youtube.com\/watch?v=EqPgdoaivDY\">Letnia Szko\u0142a Ceramiki Ludowej \u2013 Henryk Paw\u0142owski \u2013 \u0141\u0105\u017cek Garncarski<\/a><\/li>\n<\/ul>\n<\/div><\/div><\/div><\/div><\/div><\/div><\/div><div class=\"fusion-layout-column fusion_builder_column fusion-builder-column-3 fusion_builder_column_1_2 1_2 fusion-flex-column\" style=\"--awb-padding-top:5%;--awb-bg-size:cover;--awb-width-large:50%;--awb-margin-top-large:0px;--awb-spacing-right-large:3.84%;--awb-margin-bottom-large:20px;--awb-spacing-left-large:3.84%;--awb-width-medium:50%;--awb-spacing-right-medium:3.84%;--awb-spacing-left-medium:3.84%;--awb-width-small:100%;--awb-spacing-right-small:1.92%;--awb-spacing-left-small:1.92%;\"><div class=\"fusion-column-wrapper fusion-column-has-shadow fusion-flex-justify-content-flex-start fusion-content-layout-column\"><\/div><\/div><\/div><\/div><\/p>\n","protected":false},"excerpt":{"rendered":"","protected":false},"author":1,"featured_media":0,"parent":0,"menu_order":0,"comment_status":"closed","ping_status":"closed","template":"","meta":{"_acf_changed":false,"ngg_post_thumbnail":0,"footnotes":""},"acf":[],"yoast_head":"<!-- This site is optimized with the Yoast SEO plugin v22.2 - https:\/\/yoast.com\/wordpress\/plugins\/seo\/ -->\n<title>Letnia Szko\u0142a Tradycji<\/title>\n<meta name=\"description\" content=\"program specjalistycznych i rozbudowanych warsztat\u00f3w dla os\u00f3b zainteresowanych tradycyjnym rzemios\u0142em i sztuk\u0105 ludow\u0105.\" \/>\n<meta name=\"robots\" content=\"index, follow, max-snippet:-1, max-image-preview:large, max-video-preview:-1\" \/>\n<link rel=\"canonical\" href=\"https:\/\/retradycja.eu\/pl\/letnia-szkola-tradycji\/\" \/>\n<meta property=\"og:locale\" content=\"pl_PL\" \/>\n<meta property=\"og:type\" content=\"article\" \/>\n<meta property=\"og:title\" content=\"Letnia Szko\u0142a Tradycji\" \/>\n<meta property=\"og:description\" content=\"program specjalistycznych i rozbudowanych warsztat\u00f3w dla os\u00f3b zainteresowanych tradycyjnym rzemios\u0142em i sztuk\u0105 ludow\u0105.\" \/>\n<meta property=\"og:url\" content=\"https:\/\/retradycja.eu\/pl\/letnia-szkola-tradycji\/\" \/>\n<meta property=\"og:site_name\" content=\"Festiwal Re:tradycja - Jarmark Jagiello\u0144ski\" \/>\n<meta property=\"article:publisher\" content=\"https:\/\/www.facebook.com\/retradycja\" \/>\n<meta property=\"article:modified_time\" content=\"2025-09-08T09:51:25+00:00\" \/>\n<meta property=\"og:image\" content=\"https:\/\/retradycja.eu\/wp-content\/uploads\/2023\/07\/fot.-Katarzyna-Anna-Kubiak-5-e1689683043229.jpg\" \/>\n<meta name=\"twitter:card\" content=\"summary_large_image\" \/>\n<meta name=\"twitter:label1\" content=\"Szacowany czas czytania\" \/>\n\t<meta name=\"twitter:data1\" content=\"63 minuty\" \/>\n<script type=\"application\/ld+json\" class=\"yoast-schema-graph\">{\"@context\":\"https:\/\/schema.org\",\"@graph\":[{\"@type\":\"WebPage\",\"@id\":\"https:\/\/retradycja.eu\/pl\/letnia-szkola-tradycji\/\",\"url\":\"https:\/\/retradycja.eu\/pl\/letnia-szkola-tradycji\/\",\"name\":\"Letnia Szko\u0142a Tradycji\",\"isPartOf\":{\"@id\":\"https:\/\/retradycja.eu\/pl\/#website\"},\"primaryImageOfPage\":{\"@id\":\"https:\/\/retradycja.eu\/pl\/letnia-szkola-tradycji\/#primaryimage\"},\"image\":{\"@id\":\"https:\/\/retradycja.eu\/pl\/letnia-szkola-tradycji\/#primaryimage\"},\"thumbnailUrl\":\"https:\/\/retradycja.eu\/wp-content\/uploads\/2023\/07\/fot.-Katarzyna-Anna-Kubiak-5-e1689683043229.jpg\",\"datePublished\":\"2020-10-01T14:32:49+00:00\",\"dateModified\":\"2025-09-08T09:51:25+00:00\",\"description\":\"program specjalistycznych i rozbudowanych warsztat\u00f3w dla os\u00f3b zainteresowanych tradycyjnym rzemios\u0142em i sztuk\u0105 ludow\u0105.\",\"breadcrumb\":{\"@id\":\"https:\/\/retradycja.eu\/pl\/letnia-szkola-tradycji\/#breadcrumb\"},\"inLanguage\":\"pl-PL\",\"potentialAction\":[{\"@type\":\"ReadAction\",\"target\":[\"https:\/\/retradycja.eu\/pl\/letnia-szkola-tradycji\/\"]}]},{\"@type\":\"ImageObject\",\"inLanguage\":\"pl-PL\",\"@id\":\"https:\/\/retradycja.eu\/pl\/letnia-szkola-tradycji\/#primaryimage\",\"url\":\"https:\/\/retradycja.eu\/wp-content\/uploads\/2023\/07\/fot.-Katarzyna-Anna-Kubiak-5-e1689683043229.jpg\",\"contentUrl\":\"https:\/\/retradycja.eu\/wp-content\/uploads\/2023\/07\/fot.-Katarzyna-Anna-Kubiak-5-e1689683043229.jpg\"},{\"@type\":\"BreadcrumbList\",\"@id\":\"https:\/\/retradycja.eu\/pl\/letnia-szkola-tradycji\/#breadcrumb\",\"itemListElement\":[{\"@type\":\"ListItem\",\"position\":1,\"name\":\"Strona g\u0142\u00f3wna\",\"item\":\"https:\/\/retradycja.eu\/pl\/\"},{\"@type\":\"ListItem\",\"position\":2,\"name\":\"Letnia Szko\u0142a Tradycji\"}]},{\"@type\":\"WebSite\",\"@id\":\"https:\/\/retradycja.eu\/pl\/#website\",\"url\":\"https:\/\/retradycja.eu\/pl\/\",\"name\":\"Festiwal Re:tradycja - Jarmark Jagiello\u0144ski\",\"description\":\" Lublin, Stare Miasto\",\"publisher\":{\"@id\":\"https:\/\/retradycja.eu\/pl\/#organization\"},\"potentialAction\":[{\"@type\":\"SearchAction\",\"target\":{\"@type\":\"EntryPoint\",\"urlTemplate\":\"https:\/\/retradycja.eu\/pl\/?s={search_term_string}\"},\"query-input\":\"required name=search_term_string\"}],\"inLanguage\":\"pl-PL\"},{\"@type\":\"Organization\",\"@id\":\"https:\/\/retradycja.eu\/pl\/#organization\",\"name\":\"Warsztaty Kultury w Lublinie\",\"url\":\"https:\/\/retradycja.eu\/pl\/\",\"logo\":{\"@type\":\"ImageObject\",\"inLanguage\":\"pl-PL\",\"@id\":\"https:\/\/retradycja.eu\/pl\/#\/schema\/logo\/image\/\",\"url\":\"https:\/\/retradycja.eu\/wp-content\/uploads\/2022\/06\/logo_retradycje-01.png\",\"contentUrl\":\"https:\/\/retradycja.eu\/wp-content\/uploads\/2022\/06\/logo_retradycje-01.png\",\"width\":332,\"height\":63,\"caption\":\"Warsztaty Kultury w Lublinie\"},\"image\":{\"@id\":\"https:\/\/retradycja.eu\/pl\/#\/schema\/logo\/image\/\"},\"sameAs\":[\"https:\/\/www.facebook.com\/retradycja\",\"https:\/\/www.instagram.com\/retradycja_jarmarkjagiellonski\/\",\"https:\/\/www.youtube.com\/user\/JarmarkJagiellonski\"]}]}<\/script>\n<!-- \/ Yoast SEO plugin. -->","yoast_head_json":{"title":"Letnia Szko\u0142a Tradycji","description":"program specjalistycznych i rozbudowanych warsztat\u00f3w dla os\u00f3b zainteresowanych tradycyjnym rzemios\u0142em i sztuk\u0105 ludow\u0105.","robots":{"index":"index","follow":"follow","max-snippet":"max-snippet:-1","max-image-preview":"max-image-preview:large","max-video-preview":"max-video-preview:-1"},"canonical":"https:\/\/retradycja.eu\/pl\/letnia-szkola-tradycji\/","og_locale":"pl_PL","og_type":"article","og_title":"Letnia Szko\u0142a Tradycji","og_description":"program specjalistycznych i rozbudowanych warsztat\u00f3w dla os\u00f3b zainteresowanych tradycyjnym rzemios\u0142em i sztuk\u0105 ludow\u0105.","og_url":"https:\/\/retradycja.eu\/pl\/letnia-szkola-tradycji\/","og_site_name":"Festiwal Re:tradycja - Jarmark Jagiello\u0144ski","article_publisher":"https:\/\/www.facebook.com\/retradycja","article_modified_time":"2025-09-08T09:51:25+00:00","og_image":[{"url":"https:\/\/retradycja.eu\/wp-content\/uploads\/2023\/07\/fot.-Katarzyna-Anna-Kubiak-5-e1689683043229.jpg"}],"twitter_card":"summary_large_image","twitter_misc":{"Szacowany czas czytania":"63 minuty"},"schema":{"@context":"https:\/\/schema.org","@graph":[{"@type":"WebPage","@id":"https:\/\/retradycja.eu\/pl\/letnia-szkola-tradycji\/","url":"https:\/\/retradycja.eu\/pl\/letnia-szkola-tradycji\/","name":"Letnia Szko\u0142a Tradycji","isPartOf":{"@id":"https:\/\/retradycja.eu\/pl\/#website"},"primaryImageOfPage":{"@id":"https:\/\/retradycja.eu\/pl\/letnia-szkola-tradycji\/#primaryimage"},"image":{"@id":"https:\/\/retradycja.eu\/pl\/letnia-szkola-tradycji\/#primaryimage"},"thumbnailUrl":"https:\/\/retradycja.eu\/wp-content\/uploads\/2023\/07\/fot.-Katarzyna-Anna-Kubiak-5-e1689683043229.jpg","datePublished":"2020-10-01T14:32:49+00:00","dateModified":"2025-09-08T09:51:25+00:00","description":"program specjalistycznych i rozbudowanych warsztat\u00f3w dla os\u00f3b zainteresowanych tradycyjnym rzemios\u0142em i sztuk\u0105 ludow\u0105.","breadcrumb":{"@id":"https:\/\/retradycja.eu\/pl\/letnia-szkola-tradycji\/#breadcrumb"},"inLanguage":"pl-PL","potentialAction":[{"@type":"ReadAction","target":["https:\/\/retradycja.eu\/pl\/letnia-szkola-tradycji\/"]}]},{"@type":"ImageObject","inLanguage":"pl-PL","@id":"https:\/\/retradycja.eu\/pl\/letnia-szkola-tradycji\/#primaryimage","url":"https:\/\/retradycja.eu\/wp-content\/uploads\/2023\/07\/fot.-Katarzyna-Anna-Kubiak-5-e1689683043229.jpg","contentUrl":"https:\/\/retradycja.eu\/wp-content\/uploads\/2023\/07\/fot.-Katarzyna-Anna-Kubiak-5-e1689683043229.jpg"},{"@type":"BreadcrumbList","@id":"https:\/\/retradycja.eu\/pl\/letnia-szkola-tradycji\/#breadcrumb","itemListElement":[{"@type":"ListItem","position":1,"name":"Strona g\u0142\u00f3wna","item":"https:\/\/retradycja.eu\/pl\/"},{"@type":"ListItem","position":2,"name":"Letnia Szko\u0142a Tradycji"}]},{"@type":"WebSite","@id":"https:\/\/retradycja.eu\/pl\/#website","url":"https:\/\/retradycja.eu\/pl\/","name":"Festiwal Re:tradycja - Jarmark Jagiello\u0144ski","description":" Lublin, Stare Miasto","publisher":{"@id":"https:\/\/retradycja.eu\/pl\/#organization"},"potentialAction":[{"@type":"SearchAction","target":{"@type":"EntryPoint","urlTemplate":"https:\/\/retradycja.eu\/pl\/?s={search_term_string}"},"query-input":"required name=search_term_string"}],"inLanguage":"pl-PL"},{"@type":"Organization","@id":"https:\/\/retradycja.eu\/pl\/#organization","name":"Warsztaty Kultury w Lublinie","url":"https:\/\/retradycja.eu\/pl\/","logo":{"@type":"ImageObject","inLanguage":"pl-PL","@id":"https:\/\/retradycja.eu\/pl\/#\/schema\/logo\/image\/","url":"https:\/\/retradycja.eu\/wp-content\/uploads\/2022\/06\/logo_retradycje-01.png","contentUrl":"https:\/\/retradycja.eu\/wp-content\/uploads\/2022\/06\/logo_retradycje-01.png","width":332,"height":63,"caption":"Warsztaty Kultury w Lublinie"},"image":{"@id":"https:\/\/retradycja.eu\/pl\/#\/schema\/logo\/image\/"},"sameAs":["https:\/\/www.facebook.com\/retradycja","https:\/\/www.instagram.com\/retradycja_jarmarkjagiellonski\/","https:\/\/www.youtube.com\/user\/JarmarkJagiellonski"]}]}},"_links":{"self":[{"href":"https:\/\/retradycja.eu\/pl\/wp-json\/wp\/v2\/pages\/36204"}],"collection":[{"href":"https:\/\/retradycja.eu\/pl\/wp-json\/wp\/v2\/pages"}],"about":[{"href":"https:\/\/retradycja.eu\/pl\/wp-json\/wp\/v2\/types\/page"}],"author":[{"embeddable":true,"href":"https:\/\/retradycja.eu\/pl\/wp-json\/wp\/v2\/users\/1"}],"replies":[{"embeddable":true,"href":"https:\/\/retradycja.eu\/pl\/wp-json\/wp\/v2\/comments?post=36204"}],"version-history":[{"count":93,"href":"https:\/\/retradycja.eu\/pl\/wp-json\/wp\/v2\/pages\/36204\/revisions"}],"predecessor-version":[{"id":57577,"href":"https:\/\/retradycja.eu\/pl\/wp-json\/wp\/v2\/pages\/36204\/revisions\/57577"}],"wp:attachment":[{"href":"https:\/\/retradycja.eu\/pl\/wp-json\/wp\/v2\/media?parent=36204"}],"curies":[{"name":"wp","href":"https:\/\/api.w.org\/{rel}","templated":true}]}}