{"id":56795,"date":"2025-07-16T11:00:32","date_gmt":"2025-07-16T09:00:32","guid":{"rendered":"https:\/\/retradycja.eu\/?post_type=mec-events&#038;p=56795"},"modified":"2025-08-22T11:25:24","modified_gmt":"2025-08-22T09:25:24","slug":"potancowka-ralla-fin-zemerwa-pol-wedrowna-orkiestra-gimplow-pol-diabubu-pol","status":"publish","type":"mec-events","link":"https:\/\/retradycja.eu\/pl\/events\/potancowka-ralla-fin-zemerwa-pol-wedrowna-orkiestra-gimplow-pol-diabubu-pol\/","title":{"rendered":"Pota\u0144c\u00f3wka | R\u00e4ll\u00e4 (FIN); \u017bemerwa (POL); W\u0119drowna Orkiestra Gimpl\u00f3w (POL); Diabubu (POL)"},"content":{"rendered":"<h2><b>Opis<\/b><\/h2>\n<p><span style=\"font-weight: 400;\">Koncert PoMore TanzOrkiestra p\u0142ynnie wprowadzi nas w sobotni wiecz\u00f3r pota\u0144c\u00f3wkowy, w czasie kt\u00f3rego odwiedzimy bardzo r\u00f3\u017cne regiony muzyczne. Pierwszym z nich b\u0119d\u0105 zachodnie zak\u0105tki Finlandii, kt\u00f3re poznamy dzi\u0119ki grupie <\/span><b>R\u00e4ll\u00e4<\/b><span style=\"font-weight: 400;\">. Za spraw\u0105 jej muzyk\u00f3w us\u0142yszymy melodie tradycyjne dla teren\u00f3w skupionych wok\u00f3\u0142 miasta Oulu le\u017c\u0105cego nad Zatok\u0105 Botnick\u0105. W\u015br\u00f3d popularnych ta\u0144c\u00f3w fi\u0144skich, kt\u00f3re b\u0119dziemy mogli tego wieczoru zata\u0144czy\u0107, znajd\u0105 si\u0119 m.in. schottis i polska.<\/span><\/p>\n<p><span style=\"font-weight: 400;\">Stamt\u0105d przeniesiemy si\u0119 do Studziw\u00f3d, z kt\u00f3rych wywodzi si\u0119 studio folkloru <\/span><b>\u017bemerwa<\/b><span style=\"font-weight: 400;\">. Grupa \u015bpiewa, gra i odtwarza ta\u0144ce, kt\u00f3re na przestrzeni ponad 20 lat funkcjonowania studia by\u0142y zbierane w\u015br\u00f3d podlaskich Bia\u0142orusin\u00f3w zamieszkuj\u0105cych tereny dzisiejszych powiat\u00f3w bielskiego, hajnowskiego i siemiatyckiego. Melodie grane przez kapel\u0119 pozwol\u0105 nam na taniec w parach, tr\u00f3jkach oraz korowodach.<\/span><\/p>\n<p><span style=\"font-weight: 400;\">Nast\u0119pnie spotkamy si\u0119 z <\/span><b>W\u0119drown\u0105 Orkiestr\u0105 Gimpl\u00f3w<\/b><span style=\"font-weight: 400;\">, kt\u00f3ra w swoim d\u0119to-skrzypcowym sk\u0142adzie dwukrotnie (w 2024 i 2025) przemierza\u0142a tras\u0119 rozpi\u0119t\u0105 mi\u0119dzy miasteczkami i wioskami wschodniej Lubelszczyzny. Pomara\u0144czowy Autosan i rozk\u0142adany co wiecz\u00f3r drewniany parkiet sta\u0142y si\u0119 znakami rozpoznawczymi orkiestry inspiruj\u0105cej si\u0119 takimi lokalnymi sk\u0142adami jak Kapela Bednarzy z Nowej Wsi, kapele z Dzier\u0105\u017cni i Majdanu G\u00f3rnego czy kapela Kimaka z Woli Gr\u00f3deckiej.&nbsp;<\/span><\/p>\n<p><span style=\"font-weight: 400;\">Chwil\u0119 p\u00f3\u017aniej us\u0142yszymy kapel\u0119 <\/span><b>Diabubu<\/b><span style=\"font-weight: 400;\">, kt\u00f3ra skupia si\u0119 na repertuarze pogranicza \u0142owicko-\u0142\u0119czyckiego i okolic \u0141odzi. Harmonia trzyrz\u0119dowa, skrzypce i baraban b\u0119d\u0105 wygrywa\u0107 dla nas mazurki, oberki, kujawiaki, kujony i kujawiony, polki, tanga i fokstrociki, w tym melodie \u017cydowskie. Cho\u0107 Diabubu zamyka sobotni\u0105 pota\u0144c\u00f3wk\u0119, ich wyst\u0119p nie pozwoli nam na zmniejszenie tempa czy chocia\u017c chwilowy odpoczynek od ta\u0144ca!&nbsp;<\/span><\/p>\n<h2><b>Informacje praktyczne<\/b><\/h2>\n<p><span style=\"font-weight: 400;\">Kiedy: 23 sierpnia (sobota), godz. 20.30\u20131.00<\/span><\/p>\n<p><span style=\"font-weight: 400;\">Gdzie: Scena Festiwalu, B\u0142onia pod Zamkiem<\/span><\/p>\n<p><span style=\"font-weight: 400;\">Wst\u0119p wolny&nbsp;<\/span><\/p>\n<div class=\"fusion-widget fusion-widget-element fusion-widget-area fusion-content-widget-area wpWidget-1 wp_widget_media_video\" style=\"--awb-fusion-border-size:0px;--awb-fusion-border-style:solid;\"><div class=\"widget widget_media_video\"><noscript class=\"fusion-hidden\" data-privacy-video=\"true\" data-privacy-type=\"youtube\"><div style=\"width:100%;\" class=\"wp-video\"><!--[if lt IE 9]><script>document.createElement('video');<\/script><![endif]-->\n<video class=\"wp-video-shortcode\" id=\"video-56795-1\" preload=\"metadata\" controls=\"controls\"><source type=\"video\/youtube\" src=\"https:\/\/www.youtube.com\/watch?v=8q94Pzx-KPc&#038;_=1\" \/><a href=\"https:\/\/www.youtube.com\/watch?v=8q94Pzx-KPc\">https:\/\/www.youtube.com\/watch?v=8q94Pzx-KPc<\/a><\/video><\/div><\/noscript><div class=\"fusion-privacy-placeholder\"  data-privacy-type=\"youtube\"><div class=\"fusion-privacy-placeholder-content\"><div class=\"fusion-privacy-label\">For privacy reasons YouTube needs your permission to be loaded.<\/div><a href=\"\" data-privacy-type=\"youtube\" class=\"fusion-button button-default fusion-button-default-size button fusion-privacy-consent\">Wyra\u017cam zgod\u0119<\/a><\/div><\/div><\/div><\/div>\n<p>&nbsp;<\/p>\n<div class=\"fusion-widget fusion-widget-element fusion-widget-area fusion-content-widget-area wpWidget-2 wp_widget_media_video\" style=\"--awb-fusion-border-size:0px;--awb-fusion-border-style:solid;\"><div class=\"widget widget_media_video\"><div style=\"width:100%;\" class=\"wp-video\"><video class=\"wp-video-shortcode\" id=\"video-56795-2\" preload=\"metadata\" controls=\"controls\"><source type=\"video\/youtube\" src=\"https:\/\/youtu.be\/0w6zxQvevQs?_=2\" \/><a href=\"https:\/\/youtu.be\/0w6zxQvevQs\">https:\/\/youtu.be\/0w6zxQvevQs<\/a><\/video><\/div><\/div><\/div>\n<p>&nbsp;<\/p>\n<div class=\"fusion-widget fusion-widget-element fusion-widget-area fusion-content-widget-area wpWidget-3 wp_widget_media_video\" style=\"--awb-fusion-border-size:0px;--awb-fusion-border-style:solid;\"><div class=\"widget widget_media_video\"><div style=\"width:100%;\" class=\"wp-video\"><video class=\"wp-video-shortcode\" id=\"video-56795-3\" preload=\"metadata\" controls=\"controls\"><source type=\"video\/youtube\" src=\"https:\/\/youtu.be\/Md2zx6MmHNE?_=3\" \/><a href=\"https:\/\/youtu.be\/Md2zx6MmHNE\">https:\/\/youtu.be\/Md2zx6MmHNE<\/a><\/video><\/div><\/div><\/div>\n<p>&nbsp;<\/p>\n<div class=\"fusion-widget fusion-widget-element fusion-widget-area fusion-content-widget-area wpWidget-4 wp_widget_media_video\" style=\"--awb-fusion-border-size:0px;--awb-fusion-border-style:solid;\"><div class=\"widget widget_media_video\"><div style=\"width:100%;\" class=\"wp-video\"><video class=\"wp-video-shortcode\" id=\"video-56795-4\" preload=\"metadata\" controls=\"controls\"><source type=\"video\/youtube\" src=\"https:\/\/youtu.be\/EKwKmi_rO6w?_=4\" \/><a href=\"https:\/\/youtu.be\/EKwKmi_rO6w\">https:\/\/youtu.be\/EKwKmi_rO6w<\/a><\/video><\/div><\/div><\/div>\n<h2>Dost\u0119pno\u015b\u0107<\/h2>\n<p>nier\u00f3wny teren trawiasty&nbsp;<\/p>\n<p>nieutwardzana droga gruntowa<\/p>\n<p><a href=\"https:\/\/retradycja.eu\/wp-content\/uploads\/2025\/06\/ikonki_wozek_32.webp\"><img decoding=\"async\" class=\"lazyload alignnone size-full wp-image-56586\" src=\"data:image\/svg+xml,%3Csvg%20xmlns%3D%27http%3A%2F%2Fwww.w3.org%2F2000%2Fsvg%27%20width%3D%2727%27%20height%3D%2732%27%20viewBox%3D%270%200%2027%2032%27%3E%3Crect%20width%3D%2727%27%20height%3D%2732%27%20fill-opacity%3D%220%22%2F%3E%3C%2Fsvg%3E\" data-orig-src=\"https:\/\/retradycja.eu\/wp-content\/uploads\/2025\/06\/ikonki_wozek_32.webp\" alt=\"ikonka w\u00f3zkowicza\" width=\"27\" height=\"32\"><\/a> podjazd dla w\u00f3zk\u00f3w<\/p>\n<p>Zapytaj o dost\u0119pno\u015b\u0107: https:\/\/forms.gle\/h9h1Pymro8BPd3hi9<\/p>\n","protected":false},"excerpt":{"rendered":"<p>Opis Koncert PoMore TanzOrkiestra p\u0142ynnie wprowadzi nas w sobotni wiecz\u00f3r pota\u0144c\u00f3wkowy, w czasie kt\u00f3rego odwiedzimy bardzo r\u00f3\u017cne regiony muzyczne. Pierwszym [&hellip;]<\/p>\n","protected":false},"author":5,"featured_media":0,"comment_status":"closed","ping_status":"closed","template":"","meta":{"_acf_changed":false,"ngg_post_thumbnail":0},"tags":[],"pora_dnia":[],"kategoria_wydarzenia":[],"dostepnosc":[379],"mec_category":[73],"acf":[],"yoast_head":"<!-- This site is optimized with the Yoast SEO plugin v22.2 - https:\/\/yoast.com\/wordpress\/plugins\/seo\/ -->\n<title>Pota\u0144c\u00f3wka | R\u00e4ll\u00e4 (FIN); \u017bemerwa (POL); W\u0119drowna Orkiestra Gimpl\u00f3w (POL); Diabubu (POL) - Festiwal Re:tradycja - Jarmark Jagiello\u0144ski<\/title>\n<meta name=\"robots\" content=\"index, follow, max-snippet:-1, max-image-preview:large, max-video-preview:-1\" \/>\n<link rel=\"canonical\" href=\"https:\/\/retradycja.eu\/pl\/events\/potancowka-ralla-fin-zemerwa-pol-wedrowna-orkiestra-gimplow-pol-diabubu-pol\/\" \/>\n<meta property=\"og:locale\" content=\"pl_PL\" \/>\n<meta property=\"og:type\" content=\"article\" \/>\n<meta property=\"og:title\" content=\"Pota\u0144c\u00f3wka | R\u00e4ll\u00e4 (FIN); \u017bemerwa (POL); W\u0119drowna Orkiestra Gimpl\u00f3w (POL); Diabubu (POL) - Festiwal Re:tradycja - Jarmark Jagiello\u0144ski\" \/>\n<meta property=\"og:description\" content=\"Opis Koncert PoMore TanzOrkiestra p\u0142ynnie wprowadzi nas w sobotni wiecz\u00f3r pota\u0144c\u00f3wkowy, w czasie kt\u00f3rego odwiedzimy bardzo r\u00f3\u017cne regiony muzyczne. Pierwszym [&hellip;]\" \/>\n<meta property=\"og:url\" content=\"https:\/\/retradycja.eu\/pl\/events\/potancowka-ralla-fin-zemerwa-pol-wedrowna-orkiestra-gimplow-pol-diabubu-pol\/\" \/>\n<meta property=\"og:site_name\" content=\"Festiwal Re:tradycja - Jarmark Jagiello\u0144ski\" \/>\n<meta property=\"article:publisher\" content=\"https:\/\/www.facebook.com\/retradycja\" \/>\n<meta property=\"article:modified_time\" content=\"2025-08-22T09:25:24+00:00\" \/>\n<meta property=\"og:image\" content=\"https:\/\/retradycja.eu\/wp-content\/uploads\/2025\/06\/ikonki_wozek_32.webp\" \/>\n<meta name=\"twitter:card\" content=\"summary_large_image\" \/>\n<meta name=\"twitter:label1\" content=\"Szacowany czas czytania\" \/>\n\t<meta name=\"twitter:data1\" content=\"2 minuty\" \/>\n<script type=\"application\/ld+json\" class=\"yoast-schema-graph\">{\"@context\":\"https:\/\/schema.org\",\"@graph\":[{\"@type\":\"WebPage\",\"@id\":\"https:\/\/retradycja.eu\/pl\/events\/potancowka-ralla-fin-zemerwa-pol-wedrowna-orkiestra-gimplow-pol-diabubu-pol\/\",\"url\":\"https:\/\/retradycja.eu\/pl\/events\/potancowka-ralla-fin-zemerwa-pol-wedrowna-orkiestra-gimplow-pol-diabubu-pol\/\",\"name\":\"Pota\u0144c\u00f3wka | R\u00e4ll\u00e4 (FIN); \u017bemerwa (POL); W\u0119drowna Orkiestra Gimpl\u00f3w (POL); Diabubu (POL) - Festiwal Re:tradycja - Jarmark Jagiello\u0144ski\",\"isPartOf\":{\"@id\":\"https:\/\/retradycja.eu\/pl\/#website\"},\"primaryImageOfPage\":{\"@id\":\"https:\/\/retradycja.eu\/pl\/events\/potancowka-ralla-fin-zemerwa-pol-wedrowna-orkiestra-gimplow-pol-diabubu-pol\/#primaryimage\"},\"image\":{\"@id\":\"https:\/\/retradycja.eu\/pl\/events\/potancowka-ralla-fin-zemerwa-pol-wedrowna-orkiestra-gimplow-pol-diabubu-pol\/#primaryimage\"},\"thumbnailUrl\":\"https:\/\/retradycja.eu\/wp-content\/uploads\/2025\/06\/ikonki_wozek_32.webp\",\"datePublished\":\"2025-07-16T09:00:32+00:00\",\"dateModified\":\"2025-08-22T09:25:24+00:00\",\"breadcrumb\":{\"@id\":\"https:\/\/retradycja.eu\/pl\/events\/potancowka-ralla-fin-zemerwa-pol-wedrowna-orkiestra-gimplow-pol-diabubu-pol\/#breadcrumb\"},\"inLanguage\":\"pl-PL\",\"potentialAction\":[{\"@type\":\"ReadAction\",\"target\":[\"https:\/\/retradycja.eu\/pl\/events\/potancowka-ralla-fin-zemerwa-pol-wedrowna-orkiestra-gimplow-pol-diabubu-pol\/\"]}]},{\"@type\":\"ImageObject\",\"inLanguage\":\"pl-PL\",\"@id\":\"https:\/\/retradycja.eu\/pl\/events\/potancowka-ralla-fin-zemerwa-pol-wedrowna-orkiestra-gimplow-pol-diabubu-pol\/#primaryimage\",\"url\":\"https:\/\/retradycja.eu\/wp-content\/uploads\/2025\/06\/ikonki_wozek_32.webp\",\"contentUrl\":\"https:\/\/retradycja.eu\/wp-content\/uploads\/2025\/06\/ikonki_wozek_32.webp\"},{\"@type\":\"BreadcrumbList\",\"@id\":\"https:\/\/retradycja.eu\/pl\/events\/potancowka-ralla-fin-zemerwa-pol-wedrowna-orkiestra-gimplow-pol-diabubu-pol\/#breadcrumb\",\"itemListElement\":[{\"@type\":\"ListItem\",\"position\":1,\"name\":\"Strona g\u0142\u00f3wna\",\"item\":\"https:\/\/retradycja.eu\/pl\/\"},{\"@type\":\"ListItem\",\"position\":2,\"name\":\"Wydarzenia\",\"item\":\"https:\/\/retradycja.eu\/pl\/wydarzenia\/\"},{\"@type\":\"ListItem\",\"position\":3,\"name\":\"Pota\u0144c\u00f3wka | R\u00e4ll\u00e4 (FIN); \u017bemerwa (POL); W\u0119drowna Orkiestra Gimpl\u00f3w (POL); Diabubu (POL)\"}]},{\"@type\":\"WebSite\",\"@id\":\"https:\/\/retradycja.eu\/pl\/#website\",\"url\":\"https:\/\/retradycja.eu\/pl\/\",\"name\":\"Festiwal Re:tradycja - Jarmark Jagiello\u0144ski\",\"description\":\" Lublin, Stare Miasto\",\"publisher\":{\"@id\":\"https:\/\/retradycja.eu\/pl\/#organization\"},\"potentialAction\":[{\"@type\":\"SearchAction\",\"target\":{\"@type\":\"EntryPoint\",\"urlTemplate\":\"https:\/\/retradycja.eu\/pl\/?s={search_term_string}\"},\"query-input\":\"required name=search_term_string\"}],\"inLanguage\":\"pl-PL\"},{\"@type\":\"Organization\",\"@id\":\"https:\/\/retradycja.eu\/pl\/#organization\",\"name\":\"Warsztaty Kultury w Lublinie\",\"url\":\"https:\/\/retradycja.eu\/pl\/\",\"logo\":{\"@type\":\"ImageObject\",\"inLanguage\":\"pl-PL\",\"@id\":\"https:\/\/retradycja.eu\/pl\/#\/schema\/logo\/image\/\",\"url\":\"https:\/\/retradycja.eu\/wp-content\/uploads\/2022\/06\/logo_retradycje-01.png\",\"contentUrl\":\"https:\/\/retradycja.eu\/wp-content\/uploads\/2022\/06\/logo_retradycje-01.png\",\"width\":332,\"height\":63,\"caption\":\"Warsztaty Kultury w Lublinie\"},\"image\":{\"@id\":\"https:\/\/retradycja.eu\/pl\/#\/schema\/logo\/image\/\"},\"sameAs\":[\"https:\/\/www.facebook.com\/retradycja\",\"https:\/\/www.instagram.com\/retradycja_jarmarkjagiellonski\/\",\"https:\/\/www.youtube.com\/user\/JarmarkJagiellonski\"]}]}<\/script>\n<!-- \/ Yoast SEO plugin. -->","yoast_head_json":{"title":"Pota\u0144c\u00f3wka | R\u00e4ll\u00e4 (FIN); \u017bemerwa (POL); W\u0119drowna Orkiestra Gimpl\u00f3w (POL); Diabubu (POL) - Festiwal Re:tradycja - Jarmark Jagiello\u0144ski","robots":{"index":"index","follow":"follow","max-snippet":"max-snippet:-1","max-image-preview":"max-image-preview:large","max-video-preview":"max-video-preview:-1"},"canonical":"https:\/\/retradycja.eu\/pl\/events\/potancowka-ralla-fin-zemerwa-pol-wedrowna-orkiestra-gimplow-pol-diabubu-pol\/","og_locale":"pl_PL","og_type":"article","og_title":"Pota\u0144c\u00f3wka | R\u00e4ll\u00e4 (FIN); \u017bemerwa (POL); W\u0119drowna Orkiestra Gimpl\u00f3w (POL); Diabubu (POL) - Festiwal Re:tradycja - Jarmark Jagiello\u0144ski","og_description":"Opis Koncert PoMore TanzOrkiestra p\u0142ynnie wprowadzi nas w sobotni wiecz\u00f3r pota\u0144c\u00f3wkowy, w czasie kt\u00f3rego odwiedzimy bardzo r\u00f3\u017cne regiony muzyczne. Pierwszym [&hellip;]","og_url":"https:\/\/retradycja.eu\/pl\/events\/potancowka-ralla-fin-zemerwa-pol-wedrowna-orkiestra-gimplow-pol-diabubu-pol\/","og_site_name":"Festiwal Re:tradycja - Jarmark Jagiello\u0144ski","article_publisher":"https:\/\/www.facebook.com\/retradycja","article_modified_time":"2025-08-22T09:25:24+00:00","og_image":[{"url":"https:\/\/retradycja.eu\/wp-content\/uploads\/2025\/06\/ikonki_wozek_32.webp"}],"twitter_card":"summary_large_image","twitter_misc":{"Szacowany czas czytania":"2 minuty"},"schema":{"@context":"https:\/\/schema.org","@graph":[{"@type":"WebPage","@id":"https:\/\/retradycja.eu\/pl\/events\/potancowka-ralla-fin-zemerwa-pol-wedrowna-orkiestra-gimplow-pol-diabubu-pol\/","url":"https:\/\/retradycja.eu\/pl\/events\/potancowka-ralla-fin-zemerwa-pol-wedrowna-orkiestra-gimplow-pol-diabubu-pol\/","name":"Pota\u0144c\u00f3wka | R\u00e4ll\u00e4 (FIN); \u017bemerwa (POL); W\u0119drowna Orkiestra Gimpl\u00f3w (POL); Diabubu (POL) - Festiwal Re:tradycja - Jarmark Jagiello\u0144ski","isPartOf":{"@id":"https:\/\/retradycja.eu\/pl\/#website"},"primaryImageOfPage":{"@id":"https:\/\/retradycja.eu\/pl\/events\/potancowka-ralla-fin-zemerwa-pol-wedrowna-orkiestra-gimplow-pol-diabubu-pol\/#primaryimage"},"image":{"@id":"https:\/\/retradycja.eu\/pl\/events\/potancowka-ralla-fin-zemerwa-pol-wedrowna-orkiestra-gimplow-pol-diabubu-pol\/#primaryimage"},"thumbnailUrl":"https:\/\/retradycja.eu\/wp-content\/uploads\/2025\/06\/ikonki_wozek_32.webp","datePublished":"2025-07-16T09:00:32+00:00","dateModified":"2025-08-22T09:25:24+00:00","breadcrumb":{"@id":"https:\/\/retradycja.eu\/pl\/events\/potancowka-ralla-fin-zemerwa-pol-wedrowna-orkiestra-gimplow-pol-diabubu-pol\/#breadcrumb"},"inLanguage":"pl-PL","potentialAction":[{"@type":"ReadAction","target":["https:\/\/retradycja.eu\/pl\/events\/potancowka-ralla-fin-zemerwa-pol-wedrowna-orkiestra-gimplow-pol-diabubu-pol\/"]}]},{"@type":"ImageObject","inLanguage":"pl-PL","@id":"https:\/\/retradycja.eu\/pl\/events\/potancowka-ralla-fin-zemerwa-pol-wedrowna-orkiestra-gimplow-pol-diabubu-pol\/#primaryimage","url":"https:\/\/retradycja.eu\/wp-content\/uploads\/2025\/06\/ikonki_wozek_32.webp","contentUrl":"https:\/\/retradycja.eu\/wp-content\/uploads\/2025\/06\/ikonki_wozek_32.webp"},{"@type":"BreadcrumbList","@id":"https:\/\/retradycja.eu\/pl\/events\/potancowka-ralla-fin-zemerwa-pol-wedrowna-orkiestra-gimplow-pol-diabubu-pol\/#breadcrumb","itemListElement":[{"@type":"ListItem","position":1,"name":"Strona g\u0142\u00f3wna","item":"https:\/\/retradycja.eu\/pl\/"},{"@type":"ListItem","position":2,"name":"Wydarzenia","item":"https:\/\/retradycja.eu\/pl\/wydarzenia\/"},{"@type":"ListItem","position":3,"name":"Pota\u0144c\u00f3wka | R\u00e4ll\u00e4 (FIN); \u017bemerwa (POL); W\u0119drowna Orkiestra Gimpl\u00f3w (POL); Diabubu (POL)"}]},{"@type":"WebSite","@id":"https:\/\/retradycja.eu\/pl\/#website","url":"https:\/\/retradycja.eu\/pl\/","name":"Festiwal Re:tradycja - Jarmark Jagiello\u0144ski","description":" Lublin, Stare Miasto","publisher":{"@id":"https:\/\/retradycja.eu\/pl\/#organization"},"potentialAction":[{"@type":"SearchAction","target":{"@type":"EntryPoint","urlTemplate":"https:\/\/retradycja.eu\/pl\/?s={search_term_string}"},"query-input":"required name=search_term_string"}],"inLanguage":"pl-PL"},{"@type":"Organization","@id":"https:\/\/retradycja.eu\/pl\/#organization","name":"Warsztaty Kultury w Lublinie","url":"https:\/\/retradycja.eu\/pl\/","logo":{"@type":"ImageObject","inLanguage":"pl-PL","@id":"https:\/\/retradycja.eu\/pl\/#\/schema\/logo\/image\/","url":"https:\/\/retradycja.eu\/wp-content\/uploads\/2022\/06\/logo_retradycje-01.png","contentUrl":"https:\/\/retradycja.eu\/wp-content\/uploads\/2022\/06\/logo_retradycje-01.png","width":332,"height":63,"caption":"Warsztaty Kultury w Lublinie"},"image":{"@id":"https:\/\/retradycja.eu\/pl\/#\/schema\/logo\/image\/"},"sameAs":["https:\/\/www.facebook.com\/retradycja","https:\/\/www.instagram.com\/retradycja_jarmarkjagiellonski\/","https:\/\/www.youtube.com\/user\/JarmarkJagiellonski"]}]}},"_links":{"self":[{"href":"https:\/\/retradycja.eu\/pl\/wp-json\/wp\/v2\/mec-events\/56795"}],"collection":[{"href":"https:\/\/retradycja.eu\/pl\/wp-json\/wp\/v2\/mec-events"}],"about":[{"href":"https:\/\/retradycja.eu\/pl\/wp-json\/wp\/v2\/types\/mec-events"}],"author":[{"embeddable":true,"href":"https:\/\/retradycja.eu\/pl\/wp-json\/wp\/v2\/users\/5"}],"replies":[{"embeddable":true,"href":"https:\/\/retradycja.eu\/pl\/wp-json\/wp\/v2\/comments?post=56795"}],"wp:attachment":[{"href":"https:\/\/retradycja.eu\/pl\/wp-json\/wp\/v2\/media?parent=56795"}],"wp:term":[{"taxonomy":"post_tag","embeddable":true,"href":"https:\/\/retradycja.eu\/pl\/wp-json\/wp\/v2\/tags?post=56795"},{"taxonomy":"pora_dnia","embeddable":true,"href":"https:\/\/retradycja.eu\/pl\/wp-json\/wp\/v2\/pora_dnia?post=56795"},{"taxonomy":"kategoria_wydarzenia","embeddable":true,"href":"https:\/\/retradycja.eu\/pl\/wp-json\/wp\/v2\/kategoria_wydarzenia?post=56795"},{"taxonomy":"dostepnosc","embeddable":true,"href":"https:\/\/retradycja.eu\/pl\/wp-json\/wp\/v2\/dostepnosc?post=56795"},{"taxonomy":"mec_category","embeddable":true,"href":"https:\/\/retradycja.eu\/pl\/wp-json\/wp\/v2\/mec_category?post=56795"}],"curies":[{"name":"wp","href":"https:\/\/api.w.org\/{rel}","templated":true}]}}