{"id":51133,"date":"2023-08-07T14:58:14","date_gmt":"2023-08-07T12:58:14","guid":{"rendered":"https:\/\/retradycja.eu\/?post_type=mec-events&#038;p=51133"},"modified":"2023-08-16T12:43:08","modified_gmt":"2023-08-16T10:43:08","slug":"kino-retradycji-rozmowy-przy-wycinaniu-lasu-rez-stanislaw-tym","status":"publish","type":"mec-events","link":"https:\/\/retradycja.eu\/pl\/events\/kino-retradycji-rozmowy-przy-wycinaniu-lasu-rez-stanislaw-tym\/","title":{"rendered":"Kino Re:tradycji | Rozmowy przy wycinaniu lasu, re\u017c. Stanis\u0142aw Tym"},"content":{"rendered":"<h2>Opis<\/h2>\n<p><span style=\"font-weight: 400;\">\u201eRozmowy przy wycinaniu lasu\u201d to spektakl Teatru Telewizji w re\u017cyserii Stanis\u0142awa Tyma. Z przymru\u017ceniem oka obserwujemy tu rozmowy i opowie\u015bci g\u0142\u00f3wnych bohater\u00f3w, drwali i pracownik\u00f3w le\u015bnych. Kultowe od wielu lat dialogi o \u017cyciu i marzeniach przyjmujemy ze \u015bmiechem, odnajduj\u0105c w nich refleksje odnosz\u0105ce si\u0119 r\u00f3wnie\u017c do obecnej rzeczywisto\u015bci.&nbsp;&nbsp;<\/span><\/p>\n<p><span style=\"font-weight: 400;\">Rzemie\u015blniczym tematem przewodnim tegorocznego Festiwalu jest obr\u00f3bka drewna, wi\u0119c niech seans ten stanie si\u0119 pretekstem do wsp\u00f3lnego powrotu do licz\u0105cej sobie ju\u017c 25 lat produkcji.&nbsp;<\/span><\/p>\n<p><span style=\"font-weight: 400;\">Czas: 98 min<\/span><\/p>\n<p><span style=\"font-weight: 400;\">Autor: Stanis\u0142aw Tym<\/span><\/p>\n<p><span style=\"font-weight: 400;\">Re\u017cyseria: Stanis\u0142aw Tym<\/span><\/p>\n<p><span style=\"font-weight: 400;\">Scenografia: Zbigniew Pro\u0144czyk<\/span><\/p>\n<p><span style=\"font-weight: 400;\">Muzyka: Jerzy Derfel<\/span><\/p>\n<p><span style=\"font-weight: 400;\">Zdj\u0119cia: Andrzej Szulkowski<\/span><\/p>\n<p>&nbsp;<\/p>\n<p><strong>Obsada<\/strong><\/p>\n<p><span style=\"font-weight: 400;\">Janusz Gajos &#8211; Bimber<\/span><\/p>\n<p><span style=\"font-weight: 400;\">Pawe\u0142 Burczyk &#8211; Dunlop<\/span><\/p>\n<p><span style=\"font-weight: 400;\">Bogus\u0142aw Sochnacki &#8211; Macuga<\/span><\/p>\n<p><span style=\"font-weight: 400;\">Tomasz Sapryk &#8211; Zyzol<\/span><\/p>\n<p><span style=\"font-weight: 400;\">Jan Kobuszewski &#8211; Siekierowy<\/span><\/p>\n<p><span style=\"font-weight: 400;\">Jerzy Turek &#8211; Gajowy<\/span><\/p>\n<p><span style=\"font-weight: 400;\">Dorota Nowakowska &#8211; Ethalia<\/span><\/p>\n<p><span style=\"font-weight: 400;\">W\u0142adys\u0142aw Kowalski &#8211; Alex<\/span><\/p>\n<p><span style=\"font-weight: 400;\">Gustaw Holoubek &#8211; Ekspert<\/span><\/p>\n<p><span style=\"font-weight: 400;\">Maciej Englert &#8211; Ekspert<\/span><\/p>\n<p><span style=\"font-weight: 400;\">Krzysztof Rudzi\u0144ski &#8211; Ekspert<\/span><\/p>\n<p><span style=\"font-weight: 400;\">Stanis\u0142aw Tym &#8211; Kierowca<\/span><\/p>\n<p>&nbsp;<\/p>\n<h2><b>Informacje praktyczne<\/b><\/h2>\n<p><span style=\"font-weight: 400;\">Kiedy: 20 sierpnia, godz. 17.00\u201318.40<\/span><\/p>\n<p><span style=\"font-weight: 400;\">Gdzie: Warsztaty Kultury w Lublinie, Grodzka 5a, sala widowiskowa \u2013 II pi\u0119tro<\/span><\/p>\n<p><span style=\"font-weight: 400;\">Wst\u0119p wolny<\/span><\/p>\n<p>&nbsp;<\/p>\n","protected":false},"excerpt":{"rendered":"<p>Opis \u201eRozmowy przy wycinaniu lasu\u201d to spektakl Teatru Telewizji w re\u017cyserii Stanis\u0142awa Tyma. Z przymru\u017ceniem oka obserwujemy tu rozmowy i [&hellip;]<\/p>\n","protected":false},"author":5,"featured_media":0,"comment_status":"closed","ping_status":"closed","template":"","meta":{"_acf_changed":false,"ngg_post_thumbnail":0},"tags":[],"pora_dnia":[],"kategoria_wydarzenia":[],"dostepnosc":[],"mec_category":[74],"acf":[],"yoast_head":"<!-- This site is optimized with the Yoast SEO plugin v22.2 - https:\/\/yoast.com\/wordpress\/plugins\/seo\/ -->\n<title>Rozmowy przy wycinaniu lasu, re\u017c. Stanis\u0142aw Tym<\/title>\n<meta name=\"description\" content=\"Z przymru\u017ceniem oka obserwujemy tu rozmowy i opowie\u015bci g\u0142\u00f3wnych bohater\u00f3w, drwali i pracownik\u00f3w le\u015bnych.\" \/>\n<meta name=\"robots\" content=\"index, follow, max-snippet:-1, max-image-preview:large, max-video-preview:-1\" \/>\n<link rel=\"canonical\" href=\"https:\/\/retradycja.eu\/pl\/wydarzenia\/kino-retradycji-rozmowy-przy-wycinaniu-lasu-rez-stanislaw-tym\/\" \/>\n<meta property=\"og:locale\" content=\"pl_PL\" \/>\n<meta property=\"og:type\" content=\"article\" \/>\n<meta property=\"og:title\" content=\"Rozmowy przy wycinaniu lasu, re\u017c. Stanis\u0142aw Tym\" \/>\n<meta property=\"og:description\" content=\"Z przymru\u017ceniem oka obserwujemy tu rozmowy i opowie\u015bci g\u0142\u00f3wnych bohater\u00f3w, drwali i pracownik\u00f3w le\u015bnych.\" \/>\n<meta property=\"og:url\" content=\"https:\/\/retradycja.eu\/pl\/wydarzenia\/kino-retradycji-rozmowy-przy-wycinaniu-lasu-rez-stanislaw-tym\/\" \/>\n<meta property=\"og:site_name\" content=\"Festiwal Re:tradycja - Jarmark Jagiello\u0144ski\" \/>\n<meta property=\"article:publisher\" content=\"https:\/\/www.facebook.com\/retradycja\" \/>\n<meta property=\"article:modified_time\" content=\"2023-08-16T10:43:08+00:00\" \/>\n<meta name=\"twitter:card\" content=\"summary_large_image\" \/>\n<meta name=\"twitter:label1\" content=\"Szacowany czas czytania\" \/>\n\t<meta name=\"twitter:data1\" content=\"1 minuta\" \/>\n<script type=\"application\/ld+json\" class=\"yoast-schema-graph\">{\"@context\":\"https:\/\/schema.org\",\"@graph\":[{\"@type\":\"WebPage\",\"@id\":\"https:\/\/retradycja.eu\/pl\/wydarzenia\/kino-retradycji-rozmowy-przy-wycinaniu-lasu-rez-stanislaw-tym\/\",\"url\":\"https:\/\/retradycja.eu\/pl\/wydarzenia\/kino-retradycji-rozmowy-przy-wycinaniu-lasu-rez-stanislaw-tym\/\",\"name\":\"Rozmowy przy wycinaniu lasu, re\u017c. Stanis\u0142aw Tym\",\"isPartOf\":{\"@id\":\"https:\/\/retradycja.eu\/pl\/#website\"},\"datePublished\":\"2023-08-07T12:58:14+00:00\",\"dateModified\":\"2023-08-16T10:43:08+00:00\",\"description\":\"Z przymru\u017ceniem oka obserwujemy tu rozmowy i opowie\u015bci g\u0142\u00f3wnych bohater\u00f3w, drwali i pracownik\u00f3w le\u015bnych.\",\"breadcrumb\":{\"@id\":\"https:\/\/retradycja.eu\/pl\/wydarzenia\/kino-retradycji-rozmowy-przy-wycinaniu-lasu-rez-stanislaw-tym\/#breadcrumb\"},\"inLanguage\":\"pl-PL\",\"potentialAction\":[{\"@type\":\"ReadAction\",\"target\":[\"https:\/\/retradycja.eu\/pl\/wydarzenia\/kino-retradycji-rozmowy-przy-wycinaniu-lasu-rez-stanislaw-tym\/\"]}]},{\"@type\":\"BreadcrumbList\",\"@id\":\"https:\/\/retradycja.eu\/pl\/wydarzenia\/kino-retradycji-rozmowy-przy-wycinaniu-lasu-rez-stanislaw-tym\/#breadcrumb\",\"itemListElement\":[{\"@type\":\"ListItem\",\"position\":1,\"name\":\"Strona g\u0142\u00f3wna\",\"item\":\"https:\/\/retradycja.eu\/pl\/\"},{\"@type\":\"ListItem\",\"position\":2,\"name\":\"Wydarzenia\",\"item\":\"https:\/\/retradycja.eu\/pl\/wydarzenia\/\"},{\"@type\":\"ListItem\",\"position\":3,\"name\":\"Kino Re:tradycji | Rozmowy przy wycinaniu lasu, re\u017c. Stanis\u0142aw Tym\"}]},{\"@type\":\"WebSite\",\"@id\":\"https:\/\/retradycja.eu\/pl\/#website\",\"url\":\"https:\/\/retradycja.eu\/pl\/\",\"name\":\"Festiwal Re:tradycja - Jarmark Jagiello\u0144ski\",\"description\":\" Lublin, Stare Miasto\",\"publisher\":{\"@id\":\"https:\/\/retradycja.eu\/pl\/#organization\"},\"potentialAction\":[{\"@type\":\"SearchAction\",\"target\":{\"@type\":\"EntryPoint\",\"urlTemplate\":\"https:\/\/retradycja.eu\/pl\/?s={search_term_string}\"},\"query-input\":\"required name=search_term_string\"}],\"inLanguage\":\"pl-PL\"},{\"@type\":\"Organization\",\"@id\":\"https:\/\/retradycja.eu\/pl\/#organization\",\"name\":\"Warsztaty Kultury w Lublinie\",\"url\":\"https:\/\/retradycja.eu\/pl\/\",\"logo\":{\"@type\":\"ImageObject\",\"inLanguage\":\"pl-PL\",\"@id\":\"https:\/\/retradycja.eu\/pl\/#\/schema\/logo\/image\/\",\"url\":\"https:\/\/retradycja.eu\/wp-content\/uploads\/2022\/06\/logo_retradycje-01.png\",\"contentUrl\":\"https:\/\/retradycja.eu\/wp-content\/uploads\/2022\/06\/logo_retradycje-01.png\",\"width\":332,\"height\":63,\"caption\":\"Warsztaty Kultury w Lublinie\"},\"image\":{\"@id\":\"https:\/\/retradycja.eu\/pl\/#\/schema\/logo\/image\/\"},\"sameAs\":[\"https:\/\/www.facebook.com\/retradycja\",\"https:\/\/www.instagram.com\/retradycja_jarmarkjagiellonski\/\",\"https:\/\/www.youtube.com\/user\/JarmarkJagiellonski\"]}]}<\/script>\n<!-- \/ Yoast SEO plugin. -->","yoast_head_json":{"title":"Rozmowy przy wycinaniu lasu, re\u017c. Stanis\u0142aw Tym","description":"Z przymru\u017ceniem oka obserwujemy tu rozmowy i opowie\u015bci g\u0142\u00f3wnych bohater\u00f3w, drwali i pracownik\u00f3w le\u015bnych.","robots":{"index":"index","follow":"follow","max-snippet":"max-snippet:-1","max-image-preview":"max-image-preview:large","max-video-preview":"max-video-preview:-1"},"canonical":"https:\/\/retradycja.eu\/pl\/wydarzenia\/kino-retradycji-rozmowy-przy-wycinaniu-lasu-rez-stanislaw-tym\/","og_locale":"pl_PL","og_type":"article","og_title":"Rozmowy przy wycinaniu lasu, re\u017c. Stanis\u0142aw Tym","og_description":"Z przymru\u017ceniem oka obserwujemy tu rozmowy i opowie\u015bci g\u0142\u00f3wnych bohater\u00f3w, drwali i pracownik\u00f3w le\u015bnych.","og_url":"https:\/\/retradycja.eu\/pl\/wydarzenia\/kino-retradycji-rozmowy-przy-wycinaniu-lasu-rez-stanislaw-tym\/","og_site_name":"Festiwal Re:tradycja - Jarmark Jagiello\u0144ski","article_publisher":"https:\/\/www.facebook.com\/retradycja","article_modified_time":"2023-08-16T10:43:08+00:00","twitter_card":"summary_large_image","twitter_misc":{"Szacowany czas czytania":"1 minuta"},"schema":{"@context":"https:\/\/schema.org","@graph":[{"@type":"WebPage","@id":"https:\/\/retradycja.eu\/pl\/wydarzenia\/kino-retradycji-rozmowy-przy-wycinaniu-lasu-rez-stanislaw-tym\/","url":"https:\/\/retradycja.eu\/pl\/wydarzenia\/kino-retradycji-rozmowy-przy-wycinaniu-lasu-rez-stanislaw-tym\/","name":"Rozmowy przy wycinaniu lasu, re\u017c. Stanis\u0142aw Tym","isPartOf":{"@id":"https:\/\/retradycja.eu\/pl\/#website"},"datePublished":"2023-08-07T12:58:14+00:00","dateModified":"2023-08-16T10:43:08+00:00","description":"Z przymru\u017ceniem oka obserwujemy tu rozmowy i opowie\u015bci g\u0142\u00f3wnych bohater\u00f3w, drwali i pracownik\u00f3w le\u015bnych.","breadcrumb":{"@id":"https:\/\/retradycja.eu\/pl\/wydarzenia\/kino-retradycji-rozmowy-przy-wycinaniu-lasu-rez-stanislaw-tym\/#breadcrumb"},"inLanguage":"pl-PL","potentialAction":[{"@type":"ReadAction","target":["https:\/\/retradycja.eu\/pl\/wydarzenia\/kino-retradycji-rozmowy-przy-wycinaniu-lasu-rez-stanislaw-tym\/"]}]},{"@type":"BreadcrumbList","@id":"https:\/\/retradycja.eu\/pl\/wydarzenia\/kino-retradycji-rozmowy-przy-wycinaniu-lasu-rez-stanislaw-tym\/#breadcrumb","itemListElement":[{"@type":"ListItem","position":1,"name":"Strona g\u0142\u00f3wna","item":"https:\/\/retradycja.eu\/pl\/"},{"@type":"ListItem","position":2,"name":"Wydarzenia","item":"https:\/\/retradycja.eu\/pl\/wydarzenia\/"},{"@type":"ListItem","position":3,"name":"Kino Re:tradycji | Rozmowy przy wycinaniu lasu, re\u017c. Stanis\u0142aw Tym"}]},{"@type":"WebSite","@id":"https:\/\/retradycja.eu\/pl\/#website","url":"https:\/\/retradycja.eu\/pl\/","name":"Festiwal Re:tradycja - Jarmark Jagiello\u0144ski","description":" Lublin, Stare Miasto","publisher":{"@id":"https:\/\/retradycja.eu\/pl\/#organization"},"potentialAction":[{"@type":"SearchAction","target":{"@type":"EntryPoint","urlTemplate":"https:\/\/retradycja.eu\/pl\/?s={search_term_string}"},"query-input":"required name=search_term_string"}],"inLanguage":"pl-PL"},{"@type":"Organization","@id":"https:\/\/retradycja.eu\/pl\/#organization","name":"Warsztaty Kultury w Lublinie","url":"https:\/\/retradycja.eu\/pl\/","logo":{"@type":"ImageObject","inLanguage":"pl-PL","@id":"https:\/\/retradycja.eu\/pl\/#\/schema\/logo\/image\/","url":"https:\/\/retradycja.eu\/wp-content\/uploads\/2022\/06\/logo_retradycje-01.png","contentUrl":"https:\/\/retradycja.eu\/wp-content\/uploads\/2022\/06\/logo_retradycje-01.png","width":332,"height":63,"caption":"Warsztaty Kultury w Lublinie"},"image":{"@id":"https:\/\/retradycja.eu\/pl\/#\/schema\/logo\/image\/"},"sameAs":["https:\/\/www.facebook.com\/retradycja","https:\/\/www.instagram.com\/retradycja_jarmarkjagiellonski\/","https:\/\/www.youtube.com\/user\/JarmarkJagiellonski"]}]}},"_links":{"self":[{"href":"https:\/\/retradycja.eu\/pl\/wp-json\/wp\/v2\/mec-events\/51133"}],"collection":[{"href":"https:\/\/retradycja.eu\/pl\/wp-json\/wp\/v2\/mec-events"}],"about":[{"href":"https:\/\/retradycja.eu\/pl\/wp-json\/wp\/v2\/types\/mec-events"}],"author":[{"embeddable":true,"href":"https:\/\/retradycja.eu\/pl\/wp-json\/wp\/v2\/users\/5"}],"replies":[{"embeddable":true,"href":"https:\/\/retradycja.eu\/pl\/wp-json\/wp\/v2\/comments?post=51133"}],"wp:attachment":[{"href":"https:\/\/retradycja.eu\/pl\/wp-json\/wp\/v2\/media?parent=51133"}],"wp:term":[{"taxonomy":"post_tag","embeddable":true,"href":"https:\/\/retradycja.eu\/pl\/wp-json\/wp\/v2\/tags?post=51133"},{"taxonomy":"pora_dnia","embeddable":true,"href":"https:\/\/retradycja.eu\/pl\/wp-json\/wp\/v2\/pora_dnia?post=51133"},{"taxonomy":"kategoria_wydarzenia","embeddable":true,"href":"https:\/\/retradycja.eu\/pl\/wp-json\/wp\/v2\/kategoria_wydarzenia?post=51133"},{"taxonomy":"dostepnosc","embeddable":true,"href":"https:\/\/retradycja.eu\/pl\/wp-json\/wp\/v2\/dostepnosc?post=51133"},{"taxonomy":"mec_category","embeddable":true,"href":"https:\/\/retradycja.eu\/pl\/wp-json\/wp\/v2\/mec_category?post=51133"}],"curies":[{"name":"wp","href":"https:\/\/api.w.org\/{rel}","templated":true}]}}