{"id":54583,"date":"2024-07-06T13:12:24","date_gmt":"2024-07-06T11:12:24","guid":{"rendered":"https:\/\/retradycja.eu\/?post_type=artysta&#038;p=54583"},"modified":"2024-08-01T13:03:07","modified_gmt":"2024-08-01T11:03:07","slug":"dresze-pol","status":"publish","type":"artysta","link":"https:\/\/retradycja.eu\/pl\/artysta\/dresze-pol\/","title":{"rendered":"Dr\u00ebsz\u00eb | POL"},"content":{"rendered":"\n<p>Dr\u00ebsz\u00eb (w j. kaszubskim \u2013 przyjaciele) to tr\u00f3jmiejska grupa przyjaci\u00f3\u0142 wywodz\u0105cych si\u0119 ze \u015brodowiska muzyki folkowej, tradycyjnej i jazzowej.<\/p>\n\n\n\n<p>Repertuar zespo\u0142u stanowi\u0105 aran\u017cacje kaszubskich pie\u015bni tradycyjnych pozyskanych z materia\u0142\u00f3w fonograficznych, starych \u015bpiewnik\u00f3w i bada\u0144 terenowych. Utwory te s\u0105 wykonywane z poszanowaniem i wiernym zachowaniem oryginalnej warstwy tekstowej oraz melodii. W swoim repertuarze zesp\u00f3\u0142 posiada tak\u017ce autorskie aran\u017cacje pie\u015bni o \u015bwi\u0119tych z XIX-wiecznego \u201e\u015apiewnika Pelpli\u0144skiego\u201d na warianty melodii popularnych niegdy\u015b na Pomorzu.<\/p>\n\n\n\n<p>Liderk\u0105 i solistk\u0105 grupy jest Joanna Gostkowska \u2013 wszechstronna osobowo\u015b\u0107 artystyczna, Kaszubka, kt\u00f3ra od ponad dekady zajmuje si\u0119 rekonstrukcj\u0105 tradycyjnych kaszubskich pie\u015bni i melodii, maj\u0105ca na swoim koncie g\u0142\u00f3wne nagrody w konkursach i festiwalach zwi\u0105zanych z muzyk\u0105 tradycyjn\u0105 w Polsce. Zesp\u00f3\u0142 tworzy r\u00f3wnie\u017c: akordeonista Micha\u0142 Mantaj zwi\u0105zany z muzyk\u0105 folkow\u0105 oraz rockow\u0105; lutnik i multiinstrumentalista Hubert Po\u0142oniewicz graj\u0105cy na barabanie oraz g\u0119\u015blach gda\u0144skich, kt\u00f3re odtworzy\u0142 na podstawie artefaktu z XIII w.; pochodz\u0105cy z Jastarni saksofonista, klarnecista i improwizator Jakub Klemensiewicz.<\/p>\n\n\n\n<p>Celem grupy jest odczarowanie utartego wizerunku kaszubskiej muzyki ludowej, kt\u00f3r\u0105 reprezentuj\u0105 g\u0142\u00f3wnie zespo\u0142y folklorystyczne, przywr\u00f3cenie jej prawdziwego znaczenia i rangi. Wa\u017cne jest tu te\u017c ocalenie od zapomnienia dawnych kaszubskich muzykant\u00f3w i ich muzyki poprzez uwydatnienie tego, co w melodiach i pie\u015bniach najpi\u0119kniejsze i uniwersalne.<\/p>\n\n\n\n<p>Zesp\u00f3\u0142 jest m.in. finalist\u0105 konkursu Nowa Tradycja 2022 \u2013 Festiwalu Muzyki Folkowej Polskiego Radia oraz otrzyma\u0142 nagrod\u0119 w konkursie Cassubia Canat 2023.<\/p>\n\n\n\n<p>Sk\u0142ad:<\/p>\n\n\n\n<p>Joanna Gostkowska \u2013 \u015bpiew, g\u0119\u015ble gda\u0144skie<br>Micha\u0142 Mantaj \u2013 akordeon<br>Hubert Po\u0142oniewicz \u2013 baraban, g\u0119\u015ble gda\u0144skie, perkusjonalia<br>Jakub Klemensiewicz \u2013 saksofon, klarnet<\/p>\n\n\n\n<p>\u00a0fot. Piotr Baczewski<\/p>\n\n\n\n<figure class=\"wp-block-embed is-type-video is-provider-youtube wp-block-embed-youtube wp-embed-aspect-16-9 wp-has-aspect-ratio\"><div class=\"wp-block-embed__wrapper\">\n<div class=\"video-shortcode\"><iframe data-privacy-type=\"youtube\" src=\"\" class=\"fusion-hidden lazyload\" title=\"Dr\u00ebsz\u00eb - S\u00ebwy G\u00f2\u0142\u0105beczek\" width=\"1778\" height=\"1000\" data-privacy-src=\"https:\/\/www.youtube.com\/embed\/Vf9dkDkATRc?feature=oembed\" data-orig-src=\"https:\/\/www.youtube.com\/embed\/Vf9dkDkATRc?feature=oembed\" frameborder=\"0\" allow=\"accelerometer; autoplay; clipboard-write; encrypted-media; gyroscope; picture-in-picture; web-share\" referrerpolicy=\"strict-origin-when-cross-origin\" allowfullscreen><\/iframe><div class=\"fusion-privacy-placeholder\" style=\"width:1778px; height:1000px;\" data-privacy-type=\"youtube\"><div class=\"fusion-privacy-placeholder-content\"><div class=\"fusion-privacy-label\">For privacy reasons YouTube needs your permission to be loaded.<\/div><a href=\"\" data-privacy-type=\"youtube\" class=\"fusion-button button-default fusion-button-default-size button fusion-privacy-consent\">Wyra\u017cam zgod\u0119<\/a><\/div><\/div><\/div>\n<\/div><\/figure>\n","protected":false},"featured_media":54584,"template":"","meta":{"_acf_changed":true,"ngg_post_thumbnail":0},"kategoria_wydarzenia":[],"edycja":[320],"acf":[],"yoast_head":"<!-- This site is optimized with the Yoast SEO plugin v22.2 - https:\/\/yoast.com\/wordpress\/plugins\/seo\/ -->\n<title>Dr\u00ebsz\u00eb | POL<\/title>\n<meta name=\"description\" content=\"Dr\u00ebsz\u00eb (w j. kaszubskim \u2013 przyjaciele) to tr\u00f3jmiejska grupa przyjaci\u00f3\u0142 wywodz\u0105cych si\u0119 ze \u015brodowiska muzyki folkowej, tradycyjnej i jazzowej.\" \/>\n<meta name=\"robots\" content=\"index, follow, max-snippet:-1, max-image-preview:large, max-video-preview:-1\" \/>\n<link rel=\"canonical\" href=\"https:\/\/retradycja.eu\/pl\/artysta\/dresze-pol\/\" \/>\n<meta property=\"og:locale\" content=\"pl_PL\" \/>\n<meta property=\"og:type\" content=\"article\" \/>\n<meta property=\"og:title\" content=\"Dr\u00ebsz\u00eb | POL\" \/>\n<meta property=\"og:description\" content=\"Dr\u00ebsz\u00eb (w j. kaszubskim \u2013 przyjaciele) to tr\u00f3jmiejska grupa przyjaci\u00f3\u0142 wywodz\u0105cych si\u0119 ze \u015brodowiska muzyki folkowej, tradycyjnej i jazzowej.\" \/>\n<meta property=\"og:url\" content=\"https:\/\/retradycja.eu\/pl\/artysta\/dresze-pol\/\" \/>\n<meta property=\"og:site_name\" content=\"Festiwal Re:tradycja - Jarmark Jagiello\u0144ski\" \/>\n<meta property=\"article:publisher\" content=\"https:\/\/www.facebook.com\/retradycja\" \/>\n<meta property=\"article:modified_time\" content=\"2024-08-01T11:03:07+00:00\" \/>\n<meta property=\"og:image\" content=\"https:\/\/retradycja.eu\/wp-content\/uploads\/2024\/07\/fot.-P.-Baczewski.jpg\" \/>\n\t<meta property=\"og:image:width\" content=\"1920\" \/>\n\t<meta property=\"og:image:height\" content=\"1282\" \/>\n\t<meta property=\"og:image:type\" content=\"image\/jpeg\" \/>\n<meta name=\"twitter:card\" content=\"summary_large_image\" \/>\n<meta name=\"twitter:label1\" content=\"Szacowany czas czytania\" \/>\n\t<meta name=\"twitter:data1\" content=\"2 minuty\" \/>\n<script type=\"application\/ld+json\" class=\"yoast-schema-graph\">{\"@context\":\"https:\/\/schema.org\",\"@graph\":[{\"@type\":\"WebPage\",\"@id\":\"https:\/\/retradycja.eu\/pl\/artysta\/dresze-pol\/\",\"url\":\"https:\/\/retradycja.eu\/pl\/artysta\/dresze-pol\/\",\"name\":\"Dr\u00ebsz\u00eb | POL\",\"isPartOf\":{\"@id\":\"https:\/\/retradycja.eu\/pl\/#website\"},\"primaryImageOfPage\":{\"@id\":\"https:\/\/retradycja.eu\/pl\/artysta\/dresze-pol\/#primaryimage\"},\"image\":{\"@id\":\"https:\/\/retradycja.eu\/pl\/artysta\/dresze-pol\/#primaryimage\"},\"thumbnailUrl\":\"https:\/\/retradycja.eu\/wp-content\/uploads\/2024\/07\/fot.-P.-Baczewski.jpg\",\"datePublished\":\"2024-07-06T11:12:24+00:00\",\"dateModified\":\"2024-08-01T11:03:07+00:00\",\"description\":\"Dr\u00ebsz\u00eb (w j. kaszubskim \u2013 przyjaciele) to tr\u00f3jmiejska grupa przyjaci\u00f3\u0142 wywodz\u0105cych si\u0119 ze \u015brodowiska muzyki folkowej, tradycyjnej i jazzowej.\",\"breadcrumb\":{\"@id\":\"https:\/\/retradycja.eu\/pl\/artysta\/dresze-pol\/#breadcrumb\"},\"inLanguage\":\"pl-PL\",\"potentialAction\":[{\"@type\":\"ReadAction\",\"target\":[\"https:\/\/retradycja.eu\/pl\/artysta\/dresze-pol\/\"]}]},{\"@type\":\"ImageObject\",\"inLanguage\":\"pl-PL\",\"@id\":\"https:\/\/retradycja.eu\/pl\/artysta\/dresze-pol\/#primaryimage\",\"url\":\"https:\/\/retradycja.eu\/wp-content\/uploads\/2024\/07\/fot.-P.-Baczewski.jpg\",\"contentUrl\":\"https:\/\/retradycja.eu\/wp-content\/uploads\/2024\/07\/fot.-P.-Baczewski.jpg\",\"width\":1920,\"height\":1282,\"caption\":\"fot. P.Baczewski\"},{\"@type\":\"BreadcrumbList\",\"@id\":\"https:\/\/retradycja.eu\/pl\/artysta\/dresze-pol\/#breadcrumb\",\"itemListElement\":[{\"@type\":\"ListItem\",\"position\":1,\"name\":\"Strona g\u0142\u00f3wna\",\"item\":\"https:\/\/retradycja.eu\/pl\/\"},{\"@type\":\"ListItem\",\"position\":2,\"name\":\"Dr\u00ebsz\u00eb | POL\"}]},{\"@type\":\"WebSite\",\"@id\":\"https:\/\/retradycja.eu\/pl\/#website\",\"url\":\"https:\/\/retradycja.eu\/pl\/\",\"name\":\"Festiwal Re:tradycja - Jarmark Jagiello\u0144ski\",\"description\":\" Lublin, Stare Miasto\",\"publisher\":{\"@id\":\"https:\/\/retradycja.eu\/pl\/#organization\"},\"potentialAction\":[{\"@type\":\"SearchAction\",\"target\":{\"@type\":\"EntryPoint\",\"urlTemplate\":\"https:\/\/retradycja.eu\/pl\/?s={search_term_string}\"},\"query-input\":\"required name=search_term_string\"}],\"inLanguage\":\"pl-PL\"},{\"@type\":\"Organization\",\"@id\":\"https:\/\/retradycja.eu\/pl\/#organization\",\"name\":\"Warsztaty Kultury w Lublinie\",\"url\":\"https:\/\/retradycja.eu\/pl\/\",\"logo\":{\"@type\":\"ImageObject\",\"inLanguage\":\"pl-PL\",\"@id\":\"https:\/\/retradycja.eu\/pl\/#\/schema\/logo\/image\/\",\"url\":\"https:\/\/retradycja.eu\/wp-content\/uploads\/2022\/06\/logo_retradycje-01.png\",\"contentUrl\":\"https:\/\/retradycja.eu\/wp-content\/uploads\/2022\/06\/logo_retradycje-01.png\",\"width\":332,\"height\":63,\"caption\":\"Warsztaty Kultury w Lublinie\"},\"image\":{\"@id\":\"https:\/\/retradycja.eu\/pl\/#\/schema\/logo\/image\/\"},\"sameAs\":[\"https:\/\/www.facebook.com\/retradycja\",\"https:\/\/www.instagram.com\/retradycja_jarmarkjagiellonski\/\",\"https:\/\/www.youtube.com\/user\/JarmarkJagiellonski\"]}]}<\/script>\n<!-- \/ Yoast SEO plugin. -->","yoast_head_json":{"title":"Dr\u00ebsz\u00eb | POL","description":"Dr\u00ebsz\u00eb (w j. kaszubskim \u2013 przyjaciele) to tr\u00f3jmiejska grupa przyjaci\u00f3\u0142 wywodz\u0105cych si\u0119 ze \u015brodowiska muzyki folkowej, tradycyjnej i jazzowej.","robots":{"index":"index","follow":"follow","max-snippet":"max-snippet:-1","max-image-preview":"max-image-preview:large","max-video-preview":"max-video-preview:-1"},"canonical":"https:\/\/retradycja.eu\/pl\/artysta\/dresze-pol\/","og_locale":"pl_PL","og_type":"article","og_title":"Dr\u00ebsz\u00eb | POL","og_description":"Dr\u00ebsz\u00eb (w j. kaszubskim \u2013 przyjaciele) to tr\u00f3jmiejska grupa przyjaci\u00f3\u0142 wywodz\u0105cych si\u0119 ze \u015brodowiska muzyki folkowej, tradycyjnej i jazzowej.","og_url":"https:\/\/retradycja.eu\/pl\/artysta\/dresze-pol\/","og_site_name":"Festiwal Re:tradycja - Jarmark Jagiello\u0144ski","article_publisher":"https:\/\/www.facebook.com\/retradycja","article_modified_time":"2024-08-01T11:03:07+00:00","og_image":[{"width":1920,"height":1282,"url":"https:\/\/retradycja.eu\/wp-content\/uploads\/2024\/07\/fot.-P.-Baczewski.jpg","type":"image\/jpeg"}],"twitter_card":"summary_large_image","twitter_misc":{"Szacowany czas czytania":"2 minuty"},"schema":{"@context":"https:\/\/schema.org","@graph":[{"@type":"WebPage","@id":"https:\/\/retradycja.eu\/pl\/artysta\/dresze-pol\/","url":"https:\/\/retradycja.eu\/pl\/artysta\/dresze-pol\/","name":"Dr\u00ebsz\u00eb | POL","isPartOf":{"@id":"https:\/\/retradycja.eu\/pl\/#website"},"primaryImageOfPage":{"@id":"https:\/\/retradycja.eu\/pl\/artysta\/dresze-pol\/#primaryimage"},"image":{"@id":"https:\/\/retradycja.eu\/pl\/artysta\/dresze-pol\/#primaryimage"},"thumbnailUrl":"https:\/\/retradycja.eu\/wp-content\/uploads\/2024\/07\/fot.-P.-Baczewski.jpg","datePublished":"2024-07-06T11:12:24+00:00","dateModified":"2024-08-01T11:03:07+00:00","description":"Dr\u00ebsz\u00eb (w j. kaszubskim \u2013 przyjaciele) to tr\u00f3jmiejska grupa przyjaci\u00f3\u0142 wywodz\u0105cych si\u0119 ze \u015brodowiska muzyki folkowej, tradycyjnej i jazzowej.","breadcrumb":{"@id":"https:\/\/retradycja.eu\/pl\/artysta\/dresze-pol\/#breadcrumb"},"inLanguage":"pl-PL","potentialAction":[{"@type":"ReadAction","target":["https:\/\/retradycja.eu\/pl\/artysta\/dresze-pol\/"]}]},{"@type":"ImageObject","inLanguage":"pl-PL","@id":"https:\/\/retradycja.eu\/pl\/artysta\/dresze-pol\/#primaryimage","url":"https:\/\/retradycja.eu\/wp-content\/uploads\/2024\/07\/fot.-P.-Baczewski.jpg","contentUrl":"https:\/\/retradycja.eu\/wp-content\/uploads\/2024\/07\/fot.-P.-Baczewski.jpg","width":1920,"height":1282,"caption":"fot. P.Baczewski"},{"@type":"BreadcrumbList","@id":"https:\/\/retradycja.eu\/pl\/artysta\/dresze-pol\/#breadcrumb","itemListElement":[{"@type":"ListItem","position":1,"name":"Strona g\u0142\u00f3wna","item":"https:\/\/retradycja.eu\/pl\/"},{"@type":"ListItem","position":2,"name":"Dr\u00ebsz\u00eb | POL"}]},{"@type":"WebSite","@id":"https:\/\/retradycja.eu\/pl\/#website","url":"https:\/\/retradycja.eu\/pl\/","name":"Festiwal Re:tradycja - Jarmark Jagiello\u0144ski","description":" Lublin, Stare Miasto","publisher":{"@id":"https:\/\/retradycja.eu\/pl\/#organization"},"potentialAction":[{"@type":"SearchAction","target":{"@type":"EntryPoint","urlTemplate":"https:\/\/retradycja.eu\/pl\/?s={search_term_string}"},"query-input":"required name=search_term_string"}],"inLanguage":"pl-PL"},{"@type":"Organization","@id":"https:\/\/retradycja.eu\/pl\/#organization","name":"Warsztaty Kultury w Lublinie","url":"https:\/\/retradycja.eu\/pl\/","logo":{"@type":"ImageObject","inLanguage":"pl-PL","@id":"https:\/\/retradycja.eu\/pl\/#\/schema\/logo\/image\/","url":"https:\/\/retradycja.eu\/wp-content\/uploads\/2022\/06\/logo_retradycje-01.png","contentUrl":"https:\/\/retradycja.eu\/wp-content\/uploads\/2022\/06\/logo_retradycje-01.png","width":332,"height":63,"caption":"Warsztaty Kultury w Lublinie"},"image":{"@id":"https:\/\/retradycja.eu\/pl\/#\/schema\/logo\/image\/"},"sameAs":["https:\/\/www.facebook.com\/retradycja","https:\/\/www.instagram.com\/retradycja_jarmarkjagiellonski\/","https:\/\/www.youtube.com\/user\/JarmarkJagiellonski"]}]}},"_links":{"self":[{"href":"https:\/\/retradycja.eu\/pl\/wp-json\/wp\/v2\/artysta\/54583"}],"collection":[{"href":"https:\/\/retradycja.eu\/pl\/wp-json\/wp\/v2\/artysta"}],"about":[{"href":"https:\/\/retradycja.eu\/pl\/wp-json\/wp\/v2\/types\/artysta"}],"wp:featuredmedia":[{"embeddable":true,"href":"https:\/\/retradycja.eu\/pl\/wp-json\/wp\/v2\/media\/54584"}],"wp:attachment":[{"href":"https:\/\/retradycja.eu\/pl\/wp-json\/wp\/v2\/media?parent=54583"}],"wp:term":[{"taxonomy":"kategoria_wydarzenia","embeddable":true,"href":"https:\/\/retradycja.eu\/pl\/wp-json\/wp\/v2\/kategoria_wydarzenia?post=54583"},{"taxonomy":"edycja","embeddable":true,"href":"https:\/\/retradycja.eu\/pl\/wp-json\/wp\/v2\/edycja?post=54583"}],"curies":[{"name":"wp","href":"https:\/\/api.w.org\/{rel}","templated":true}]}}