{"id":50595,"date":"2023-07-18T12:54:48","date_gmt":"2023-07-18T10:54:48","guid":{"rendered":"https:\/\/retradycja.eu\/?post_type=artysta&#038;p=50595"},"modified":"2024-07-31T10:12:18","modified_gmt":"2024-07-31T08:12:18","slug":"andrzej-zygadlo","status":"publish","type":"artysta","link":"https:\/\/retradycja.eu\/pl\/artysta\/andrzej-zygadlo\/","title":{"rendered":"Andrzej \u017bygad\u0142o"},"content":{"rendered":"\n<p>Urodzony w 1988 roku w Przeworsku. Absolwent Liceum Plastycznego w Jaros\u0142awiu. W latach 2008\u20132018 studiowa\u0142 na wydzia\u0142ach Malarstwa oraz Konserwacji i Restauracji Dzie\u0142 Sztuki w krakowskiej ASP. Dyplom z malarstwa realizowany w pracowni prof. Leszka Misiaka obroni\u0142 w 2014 roku. Dyplom z konserwacji malarstwa pod opiek\u0105 promotora dr hab. Marty Lempart-Geratowskiej obroni\u0142 w 2018 roku. Pola tw\u00f3rczo\u015bci: malarstwo, rysunek, grafika. Zajmuje si\u0119 r\u00f3wnie\u017c: dokumentacj\u0105, badaniami i konserwacj\u0105 zabytk\u00f3w, histori\u0105 sztuki (ze szczeg\u00f3lnym uwzgl\u0119dnieniem drewnianej architektury cerkiewnej) oraz ikonografi\u0105 zabytk\u00f3w architektury Polski po\u0142udniowo-wschodniej. Autor licznych artyku\u0142\u00f3w o charakterze naukowym i popularnonaukowym. Stypendysta Ministra Kultury i Dziedzictwa Narodowego w roku akademickim 2011\/2012 oraz Ministra Nauki i Szkolnictwa Wy\u017cszego w roku akademickim 2013\/2014. Od 2016 roku wraz z Damianem Nowakiem, Ireneuszem Marciszukiem(\u2d15) i Katarzyn\u0105 Tur-Marciszuk tworzy \u201eCyfrowe Archiwum Jerzego Tura i Barbary Tondos\u201d, a od 2020 roku \u201eCyfrowe Archiwum Augusta Boche\u0144skiego\u201d. Bra\u0142 udzia\u0142 w licznych wystawach zbiorowych i indywidualnych. Jego prace znajduj\u0105 si\u0119 m.in. w zbiorach: Muzeum Narodowego w Gda\u0144sku, Biblioteki K\u00f3rnickiej PAN w K\u00f3rniku, Muzeum Karykatury im. Eryka Lipi\u0144skiego w Warszawie, a tak\u017ce w prywatnych kolekcjach w kraju i za granic\u0105. W latach 2013\u20132016 by\u0142 cz\u0142onkiem zarz\u0105du Stowarzyszenia Magurycz, w latach 2014\u20132018 by\u0142 wiceprezesem Stowarzyszenia Razem dla Bia\u0142obok. W latach 2009\u20132014 prowadzi\u0142 kompleksowe monograficzne badania nad tw\u00f3rczo\u015bci\u0105 Kajetana Wawrzy\u0144ca Kielisi\u0144skiego. Od 2013 roku rokrocznie organizuje obozy inwentaryzacyjno-badawcze na terenie wojew\u00f3dztwa podkarpackiego.&nbsp;<\/p>\n","protected":false},"featured_media":0,"template":"","meta":{"_acf_changed":true,"ngg_post_thumbnail":0},"kategoria_wydarzenia":[],"edycja":[294],"acf":[],"yoast_head":"<!-- This site is optimized with the Yoast SEO plugin v22.2 - https:\/\/yoast.com\/wordpress\/plugins\/seo\/ -->\n<title>Andrzej \u017bygad\u0142o<\/title>\n<meta name=\"description\" content=\"Biogram prowadz\u0105cego spotkanie Drewniana architektura w Nadsaniu na tle s\u0105siednich region\u00f3w\" \/>\n<meta name=\"robots\" content=\"index, follow, max-snippet:-1, max-image-preview:large, max-video-preview:-1\" \/>\n<link rel=\"canonical\" href=\"https:\/\/retradycja.eu\/pl\/artysta\/andrzej-zygadlo\/\" \/>\n<meta property=\"og:locale\" content=\"pl_PL\" \/>\n<meta property=\"og:type\" content=\"article\" \/>\n<meta property=\"og:title\" content=\"Andrzej \u017bygad\u0142o\" \/>\n<meta property=\"og:description\" content=\"Biogram prowadz\u0105cego spotkanie Drewniana architektura w Nadsaniu na tle s\u0105siednich region\u00f3w\" \/>\n<meta property=\"og:url\" content=\"https:\/\/retradycja.eu\/pl\/artysta\/andrzej-zygadlo\/\" \/>\n<meta property=\"og:site_name\" content=\"Festiwal Re:tradycja - Jarmark Jagiello\u0144ski\" \/>\n<meta property=\"article:publisher\" content=\"https:\/\/www.facebook.com\/retradycja\" \/>\n<meta property=\"article:modified_time\" content=\"2024-07-31T08:12:18+00:00\" \/>\n<meta name=\"twitter:card\" content=\"summary_large_image\" \/>\n<meta name=\"twitter:label1\" content=\"Szacowany czas czytania\" \/>\n\t<meta name=\"twitter:data1\" content=\"2 minuty\" \/>\n<script type=\"application\/ld+json\" class=\"yoast-schema-graph\">{\"@context\":\"https:\/\/schema.org\",\"@graph\":[{\"@type\":\"WebPage\",\"@id\":\"https:\/\/retradycja.eu\/pl\/artysta\/andrzej-zygadlo\/\",\"url\":\"https:\/\/retradycja.eu\/pl\/artysta\/andrzej-zygadlo\/\",\"name\":\"Andrzej \u017bygad\u0142o\",\"isPartOf\":{\"@id\":\"https:\/\/retradycja.eu\/pl\/#website\"},\"datePublished\":\"2023-07-18T10:54:48+00:00\",\"dateModified\":\"2024-07-31T08:12:18+00:00\",\"description\":\"Biogram prowadz\u0105cego spotkanie Drewniana architektura w Nadsaniu na tle s\u0105siednich region\u00f3w\",\"breadcrumb\":{\"@id\":\"https:\/\/retradycja.eu\/pl\/artysta\/andrzej-zygadlo\/#breadcrumb\"},\"inLanguage\":\"pl-PL\",\"potentialAction\":[{\"@type\":\"ReadAction\",\"target\":[\"https:\/\/retradycja.eu\/pl\/artysta\/andrzej-zygadlo\/\"]}]},{\"@type\":\"BreadcrumbList\",\"@id\":\"https:\/\/retradycja.eu\/pl\/artysta\/andrzej-zygadlo\/#breadcrumb\",\"itemListElement\":[{\"@type\":\"ListItem\",\"position\":1,\"name\":\"Strona g\u0142\u00f3wna\",\"item\":\"https:\/\/retradycja.eu\/pl\/\"},{\"@type\":\"ListItem\",\"position\":2,\"name\":\"Andrzej \u017bygad\u0142o\"}]},{\"@type\":\"WebSite\",\"@id\":\"https:\/\/retradycja.eu\/pl\/#website\",\"url\":\"https:\/\/retradycja.eu\/pl\/\",\"name\":\"Festiwal Re:tradycja - Jarmark Jagiello\u0144ski\",\"description\":\" Lublin, Stare Miasto\",\"publisher\":{\"@id\":\"https:\/\/retradycja.eu\/pl\/#organization\"},\"potentialAction\":[{\"@type\":\"SearchAction\",\"target\":{\"@type\":\"EntryPoint\",\"urlTemplate\":\"https:\/\/retradycja.eu\/pl\/?s={search_term_string}\"},\"query-input\":\"required name=search_term_string\"}],\"inLanguage\":\"pl-PL\"},{\"@type\":\"Organization\",\"@id\":\"https:\/\/retradycja.eu\/pl\/#organization\",\"name\":\"Warsztaty Kultury w Lublinie\",\"url\":\"https:\/\/retradycja.eu\/pl\/\",\"logo\":{\"@type\":\"ImageObject\",\"inLanguage\":\"pl-PL\",\"@id\":\"https:\/\/retradycja.eu\/pl\/#\/schema\/logo\/image\/\",\"url\":\"https:\/\/retradycja.eu\/wp-content\/uploads\/2022\/06\/logo_retradycje-01.png\",\"contentUrl\":\"https:\/\/retradycja.eu\/wp-content\/uploads\/2022\/06\/logo_retradycje-01.png\",\"width\":332,\"height\":63,\"caption\":\"Warsztaty Kultury w Lublinie\"},\"image\":{\"@id\":\"https:\/\/retradycja.eu\/pl\/#\/schema\/logo\/image\/\"},\"sameAs\":[\"https:\/\/www.facebook.com\/retradycja\",\"https:\/\/www.instagram.com\/retradycja_jarmarkjagiellonski\/\",\"https:\/\/www.youtube.com\/user\/JarmarkJagiellonski\"]}]}<\/script>\n<!-- \/ Yoast SEO plugin. -->","yoast_head_json":{"title":"Andrzej \u017bygad\u0142o","description":"Biogram prowadz\u0105cego spotkanie Drewniana architektura w Nadsaniu na tle s\u0105siednich region\u00f3w","robots":{"index":"index","follow":"follow","max-snippet":"max-snippet:-1","max-image-preview":"max-image-preview:large","max-video-preview":"max-video-preview:-1"},"canonical":"https:\/\/retradycja.eu\/pl\/artysta\/andrzej-zygadlo\/","og_locale":"pl_PL","og_type":"article","og_title":"Andrzej \u017bygad\u0142o","og_description":"Biogram prowadz\u0105cego spotkanie Drewniana architektura w Nadsaniu na tle s\u0105siednich region\u00f3w","og_url":"https:\/\/retradycja.eu\/pl\/artysta\/andrzej-zygadlo\/","og_site_name":"Festiwal Re:tradycja - Jarmark Jagiello\u0144ski","article_publisher":"https:\/\/www.facebook.com\/retradycja","article_modified_time":"2024-07-31T08:12:18+00:00","twitter_card":"summary_large_image","twitter_misc":{"Szacowany czas czytania":"2 minuty"},"schema":{"@context":"https:\/\/schema.org","@graph":[{"@type":"WebPage","@id":"https:\/\/retradycja.eu\/pl\/artysta\/andrzej-zygadlo\/","url":"https:\/\/retradycja.eu\/pl\/artysta\/andrzej-zygadlo\/","name":"Andrzej \u017bygad\u0142o","isPartOf":{"@id":"https:\/\/retradycja.eu\/pl\/#website"},"datePublished":"2023-07-18T10:54:48+00:00","dateModified":"2024-07-31T08:12:18+00:00","description":"Biogram prowadz\u0105cego spotkanie Drewniana architektura w Nadsaniu na tle s\u0105siednich region\u00f3w","breadcrumb":{"@id":"https:\/\/retradycja.eu\/pl\/artysta\/andrzej-zygadlo\/#breadcrumb"},"inLanguage":"pl-PL","potentialAction":[{"@type":"ReadAction","target":["https:\/\/retradycja.eu\/pl\/artysta\/andrzej-zygadlo\/"]}]},{"@type":"BreadcrumbList","@id":"https:\/\/retradycja.eu\/pl\/artysta\/andrzej-zygadlo\/#breadcrumb","itemListElement":[{"@type":"ListItem","position":1,"name":"Strona g\u0142\u00f3wna","item":"https:\/\/retradycja.eu\/pl\/"},{"@type":"ListItem","position":2,"name":"Andrzej \u017bygad\u0142o"}]},{"@type":"WebSite","@id":"https:\/\/retradycja.eu\/pl\/#website","url":"https:\/\/retradycja.eu\/pl\/","name":"Festiwal Re:tradycja - Jarmark Jagiello\u0144ski","description":" Lublin, Stare Miasto","publisher":{"@id":"https:\/\/retradycja.eu\/pl\/#organization"},"potentialAction":[{"@type":"SearchAction","target":{"@type":"EntryPoint","urlTemplate":"https:\/\/retradycja.eu\/pl\/?s={search_term_string}"},"query-input":"required name=search_term_string"}],"inLanguage":"pl-PL"},{"@type":"Organization","@id":"https:\/\/retradycja.eu\/pl\/#organization","name":"Warsztaty Kultury w Lublinie","url":"https:\/\/retradycja.eu\/pl\/","logo":{"@type":"ImageObject","inLanguage":"pl-PL","@id":"https:\/\/retradycja.eu\/pl\/#\/schema\/logo\/image\/","url":"https:\/\/retradycja.eu\/wp-content\/uploads\/2022\/06\/logo_retradycje-01.png","contentUrl":"https:\/\/retradycja.eu\/wp-content\/uploads\/2022\/06\/logo_retradycje-01.png","width":332,"height":63,"caption":"Warsztaty Kultury w Lublinie"},"image":{"@id":"https:\/\/retradycja.eu\/pl\/#\/schema\/logo\/image\/"},"sameAs":["https:\/\/www.facebook.com\/retradycja","https:\/\/www.instagram.com\/retradycja_jarmarkjagiellonski\/","https:\/\/www.youtube.com\/user\/JarmarkJagiellonski"]}]}},"_links":{"self":[{"href":"https:\/\/retradycja.eu\/pl\/wp-json\/wp\/v2\/artysta\/50595"}],"collection":[{"href":"https:\/\/retradycja.eu\/pl\/wp-json\/wp\/v2\/artysta"}],"about":[{"href":"https:\/\/retradycja.eu\/pl\/wp-json\/wp\/v2\/types\/artysta"}],"wp:attachment":[{"href":"https:\/\/retradycja.eu\/pl\/wp-json\/wp\/v2\/media?parent=50595"}],"wp:term":[{"taxonomy":"kategoria_wydarzenia","embeddable":true,"href":"https:\/\/retradycja.eu\/pl\/wp-json\/wp\/v2\/kategoria_wydarzenia?post=50595"},{"taxonomy":"edycja","embeddable":true,"href":"https:\/\/retradycja.eu\/pl\/wp-json\/wp\/v2\/edycja?post=50595"}],"curies":[{"name":"wp","href":"https:\/\/api.w.org\/{rel}","templated":true}]}}