{"id":4500,"date":"2019-07-15T00:00:00","date_gmt":"2019-07-14T22:00:00","guid":{"rendered":"https:\/\/retradycja.eu\/artysta\/katarzyna-groniec\/"},"modified":"2024-07-31T15:28:44","modified_gmt":"2024-07-31T13:28:44","slug":"katarzyna-groniec","status":"publish","type":"artysta","link":"https:\/\/retradycja.eu\/pl\/artysta\/katarzyna-groniec\/","title":{"rendered":"Katarzyna Groniec"},"content":{"rendered":"<p>Laureatka g\u0142\u00f3wnej nagrody Festiwalu M\u0142odych Talent\u00f3w w Poznaniu (1988); debiutowa\u0142a rol\u0105 Anki w musicalu \u201eMetro\u201d w Teatrze Dramatycznym (1991). W 1997 roku na Festiwalu Piosenki Aktorskiej zdoby\u0142a Grand Prix i Nagrod\u0119 Dziennikarzy, gdzie za\u015bpiewa\u0142a \u201eZdemaskowanie piosenki\u201d Hemara oraz \u201eAmsterdam\u201d Brela.<\/p>\n<p>W kwietniu 2008 roku Katarzyna Groniec otrzyma\u0142a <strong><em>dyplom mistrzostwa im. Aleksandra Bardiniego<\/em><\/strong> \u2013 za wybitne osi\u0105gni\u0119cia artystyczne w dziedzinie piosenki aktorskiej.<\/p>\n<p>Wyj\u0105tkowa wokalistka i osobowo\u015b\u0107 polskiej sceny. Niekiedy ca\u0142y teatralny zesp\u00f3\u0142 nie jest w stanie dostarczy\u0107 tylu emocji i tak umiej\u0119tnie przenie\u015b\u0107 s\u0142uchaczy w \u015bwiat o kt\u00f3rym opowiada. A opowiada niezwykle przejmuj\u0105co i wiarygodnie, dzi\u0119ki czemu po chwili ka\u017cdy przenosi si\u0119 w \u015bwiat kreowany s\u0142owem i melodi\u0105. Jej wyst\u0119py to przejmuj\u0105ce spektakle, a widzowie od pocz\u0105tku czuj\u0105 realistyczno\u015b\u0107 wszystkich historii. Towarzysz\u0105cy artystce muzycy w idealny spos\u00f3b dozuj\u0105 emocje buduj\u0105c niepowtarzalny nastr\u00f3j.<\/p>\n<p>Wa\u017cniejsze spektakle teatralne:<\/p>\n<ul>\n<li>Nie opuszczaj mnie\u2026 \u2013 re\u017c. Janusz J\u00f3zefowicz<\/li>\n<li>Trzy razy Piaf \u2013 re\u017c. Artur Barci\u015b<\/li>\n<li>Piotru\u015b Pan \u2013 re\u017c. Janusz J\u00f3zefowicz<\/li>\n<li>Opera za trzy grosze \u2013 re\u017c. Wojciech Ko\u015bcielniak<\/li>\n<li>Cohen \u2013 re\u017c. Krzysztof Zaleski<\/li>\n<li>Mandarynki i pomara\u0144cze \u2013 re\u017c. Wojciech Ko\u015bcielniak<\/li>\n<li>Tango Operita: Szare kwiaty \u2013 re\u017c. Roman Ko\u0142akowski<\/li>\n<li>Bagdad Cafe \u2013 re\u017c. Krystyna Janda<\/li>\n<\/ul>\n<p>Role telewizyjne:<\/p>\n<ul>\n<li>Wrota Europy \u2013 re\u017c. Jerzy W\u00f3jcik<\/li>\n<li>Przybysz z Narbony \u2013 re\u017c. Julian Stryjkowski<\/li>\n<li>Kram z piosenkami \u2013 re\u017c. Leon Schiller<\/li>\n<li>Wieczory i poranki \u2013 re\u017c. Pawe\u0142 Mossakowski<\/li>\n<\/ul>\n<p>Biografia:<\/p>\n<p>Urodzi\u0142am si\u0119 22.02.1972 w Zabrzu. W dzieci\u0144stwie by\u0142o mi troch\u0119 przykro, \u017ce w dacie moich urodzin dominuj\u0105 dw\u00f3jki. Szybko zacz\u0119\u0142am m\u00f3wi\u0107, ale nie chcia\u0142o mi si\u0119 chodzi\u0107. \u017beby mnie sprowokowa\u0107 do wysi\u0142ku k\u0142adziono zabawki troch\u0119 dalej ni\u017c na wyci\u0105gniecie r\u0119ki. Bawi\u0142am si\u0119 palcami. Zadebiutowa\u0142am na komunii siostry maj\u0105c 1,5 roku. Ku og\u00f3lnej konsternacji Mazurkiem D\u0105browskiego. Potem zajmowa\u0142am si\u0119 \u015bpiewaniem piosenek nawet kiedy b\u0142agano mnie \u017cebym przesta\u0142a. Jako nastolatka je\u017adzi\u0142am na warsztaty dla wokalist\u00f3w jazzowych, gdzie by\u0142am postrachem kadry wybitnych instrumentalist\u00f3w. Jazz kojarzy\u0142 mi si\u0119 wy\u0142\u0105cznie z przyciskiem w czarno-bia\u0142ym telewizorze na kt\u00f3rym by\u0142o napisane \u2013 jazz. Na wszelki wypadek tata nie pozwala\u0142 mi go dotyka\u0107. W 1988 roku Piotr Hajduk i ja wykonali\u015bmy w duecie standard jazzowy \u201eMy Funny Valentine\u201d na Festiwalu M\u0142odych Talent\u00f3w w Poznaniu i wygrali\u015bmy. W 1991 roku za\u015bpiewa\u0142am g\u0142\u00f3wn\u0105 rol\u0119 Anki w pierwszym polskim musicalu \u201eMetro\u201d. Tym sposobem przez kolejnych 9 lat by\u0142am zwi\u0105zana z tandemem J\u00f3zefowicz-Stok\u0142osa bior\u0105c udzia\u0142 we wszystkich produkcjach wychodz\u0105cych spod ich r\u0119ki w Teatrze Studio-Buffo. Szczeg\u00f3lnym sentymentem darz\u0119 \u201eNie opuszczaj mnie\u2026\u201d , \u201eTyle mi\u0142o\u015bci\u201d i \u201ePrze\u017cyj to sam\u201d. Piosenkami pochodz\u0105cymi z tych spektakli wygra\u0142am 18 PPA w 1997 roku \u015bpiewaj\u0105c \u201eAmsterdam\u201d Jacquesa Brela i \u201eZdemaskowanie piosenki\u201d Mariana Hemara lepiej znan\u0105 pod tytu\u0142em \u201eTaka mala\u201d. Zdoby\u0142am Grand Prix, czyli samoch\u00f3d cinquecento, Pierwsz\u0105 Nagrod\u0119, Nagrod\u0119 Dziennikarzy i Nagrod\u0119 Prezydenta Miasta Gdynia. We Wroc\u0142awiu. Troch\u0119 dziwne. To by\u0142 mosi\u0119\u017cny dzwonek jaki jeszcze czasem mo\u017cna spotka\u0107 w niekt\u00f3rych sklepach, wieszcz\u0105cy \u2013 uwaga klient wchodzi. Samoch\u00f3d sprzeda\u0142am. Dzwonek zagin\u0105\u0142 podczas przeprowadzki. Napisa\u0142am wszystkie te Nagrody wielk\u0105 liter\u0105, bo je szanuj\u0119. W tym samym roku dosta\u0142am takie co\u015b na kt\u00f3rym jest napisane Indywidualno\u015b\u0107 Roku. Od pierwszego programu TVP. Potem \u015bpiewa\u0142am, \u015bpiewa\u0142am, \u015bpiewa\u0142am i nic nie dostawa\u0142am a\u017c tu nagle w 2007 roku dosta\u0142am nagrod\u0119, kt\u00f3ra si\u0119 nazywa \u201ePrometeusz\u201d. A w 2008 Dyplom Mistrzowski im. Aleksandra Bardiniego. To moja najwi\u0119ksza nagroda. Zajmuje p\u00f3\u0142 parapetu. Po odej\u015bciu z Buffo zagra\u0142am w Ateneum w \u201eTrzy razy Piaf\u201d, w Romie w \u201ePiotrusiu Panie\u201d i \u201eCohenie\u201d, we wroc\u0142awskim Capitolu w \u201eOperze za trzy grosze\u201d, w Polonii w \u201eBagdad Cafe\u201d. W niezliczonej ilo\u015bci koncert\u00f3w i gal jako jeden z Podmiot\u00f3w Wykonawczych. Z wielkiej litery przez szacunek dla innych. Zdarzy\u0142y mi si\u0119 r\u00f3wnie\u017c teatry telewizji: \u201ePrzybysz z Narbony\u201d, \u201eKram z piosenkami\u201d, \u201eWieczory i poranki\u201d a nawet jeden film! \u201eWrota Europy\u201d.<\/p>\n<p>Nagra\u0142am kilka p\u0142yt:<\/p>\n<p>W 2000 roku \u201eM\u0119\u017cczy\u017ani\u201d<\/p>\n<p>W 2002 roku \u201ePoste restante\u201d<\/p>\n<p>W 2004 roku \u201eEmigrantka\u201d<\/p>\n<p>W 2007 roku \u201ePrzypadki\u201d<\/p>\n<p>W 2008 roku \u201eNa \u017cywo\u201d<\/p>\n<p>W 2009 roku \u201eListy Julii\u201d<\/p>\n<p>W 2011 roku \u201ePin-Up Princess\u201d<\/p>\n<p>W 2014 roku \u201eWisz\u0105ce Ogrody\u201d<\/p>\n<p>W 2015 roku \u201eZOO\u201d z piosenkami Agnieszki Osieckiej<\/p>\n<p>W 2018 roku \u201eAch!\u201d<\/p>\n<p>Dzi\u0119kuj\u0119 za uwag\u0119,<\/p>\n<p>Katarzyna Groniec<\/p>\n<p>Nagrody i wyr\u00f3\u017cnienia:<\/p>\n<p>1988 \u2013 Laureatka g\u0142\u00f3wnej nagrody Festiwalu M\u0142odych Talent\u00f3w w Poznaniu,<\/p>\n<p>1997 \u2013 Laureatka Grand Prix i Nagrody Dziennikarzy na Festiwalu Piosenki Aktorskiej,<\/p>\n<p>2000 \u2013 nominacja do Fryderyk\u00f3w w kategorii fonograficzny debiut roku, album roku poezja \u015bpiewana,<\/p>\n<p>2002 \u2013 nominacja do Fryderyk\u00f3w w kategorii piosenka poetycka za album \u201ePoste restante\u201d,<\/p>\n<p>2004 \u2013 nominacja do Fryderyk\u00f3w w kategorii piosenka poetycka za album \u201eEmigrantka\u201d,<\/p>\n<p>2007 \u2013 Laureatka Prometeusza w dow\u00f3d uznania odwagi tworzenia i kreatywno\u015bci artystycznej,<\/p>\n<p>2008 \u2013 nominacja do Fryderyk\u00f3w w kategorii piosenka poetycka za album \u201ePrzypadki\u201d,<\/p>\n<p>2008 \u2013 Dyplom Mistrzostwa im. Aleksandra Bardiniego \u2013 za wybitne osi\u0105gni\u0119cia artystyczne w dziedzinie piosenki aktorskiej,<\/p>\n<p>2009 \u2013 nominacja do Fryderyk\u00f3w w kategorii piosenka poetycka za album \u201eNa \u017cywo\u201d,<\/p>\n<p>2012 \u2013 nominacja do Fryderyk\u00f3w w kategorii piosenka poetycka i najlepsza oprawa albumu \u2013 &nbsp;za album \u201ePin-Up Princess\u201d,<\/p>\n<p>2019 \u2013 nominacja do Fryderyk\u00f3w w kategorii muzyka poetycka za album \u201eAch!\u201d<\/p>\n<p>fot. Szymon Szcze\u015bniak<\/p>\n","protected":false},"featured_media":0,"template":"","meta":{"_acf_changed":true,"ngg_post_thumbnail":0},"kategoria_wydarzenia":[],"edycja":[31],"acf":[],"yoast_head":"<!-- This site is optimized with the Yoast SEO plugin v22.2 - https:\/\/yoast.com\/wordpress\/plugins\/seo\/ -->\n<title>Katarzyna Groniec<\/title>\n<meta name=\"description\" content=\"Wyj\u0105tkowa wokalistka i osobowo\u015b\u0107 polskiej sceny. Niekiedy ca\u0142y teatralny zesp\u00f3\u0142 nie jest w stanie dostarczy\u0107 tylu emocji.\" \/>\n<meta name=\"robots\" content=\"index, follow, max-snippet:-1, max-image-preview:large, max-video-preview:-1\" \/>\n<link rel=\"canonical\" href=\"https:\/\/retradycja.eu\/pl\/artysta\/katarzyna-groniec\/\" \/>\n<meta property=\"og:locale\" content=\"pl_PL\" \/>\n<meta property=\"og:type\" content=\"article\" \/>\n<meta property=\"og:title\" content=\"Katarzyna Groniec\" \/>\n<meta property=\"og:description\" content=\"Wyj\u0105tkowa wokalistka i osobowo\u015b\u0107 polskiej sceny. Niekiedy ca\u0142y teatralny zesp\u00f3\u0142 nie jest w stanie dostarczy\u0107 tylu emocji.\" \/>\n<meta property=\"og:url\" content=\"https:\/\/retradycja.eu\/pl\/artysta\/katarzyna-groniec\/\" \/>\n<meta property=\"og:site_name\" content=\"Festiwal Re:tradycja - Jarmark Jagiello\u0144ski\" \/>\n<meta property=\"article:publisher\" content=\"https:\/\/www.facebook.com\/retradycja\" \/>\n<meta property=\"article:modified_time\" content=\"2024-07-31T13:28:44+00:00\" \/>\n<meta name=\"twitter:card\" content=\"summary_large_image\" \/>\n<meta name=\"twitter:label1\" content=\"Szacowany czas czytania\" \/>\n\t<meta name=\"twitter:data1\" content=\"5 minut\" \/>\n<script type=\"application\/ld+json\" class=\"yoast-schema-graph\">{\"@context\":\"https:\/\/schema.org\",\"@graph\":[{\"@type\":\"WebPage\",\"@id\":\"https:\/\/retradycja.eu\/pl\/artysta\/katarzyna-groniec\/\",\"url\":\"https:\/\/retradycja.eu\/pl\/artysta\/katarzyna-groniec\/\",\"name\":\"Katarzyna Groniec\",\"isPartOf\":{\"@id\":\"https:\/\/retradycja.eu\/pl\/#website\"},\"datePublished\":\"2019-07-14T22:00:00+00:00\",\"dateModified\":\"2024-07-31T13:28:44+00:00\",\"description\":\"Wyj\u0105tkowa wokalistka i osobowo\u015b\u0107 polskiej sceny. Niekiedy ca\u0142y teatralny zesp\u00f3\u0142 nie jest w stanie dostarczy\u0107 tylu emocji.\",\"breadcrumb\":{\"@id\":\"https:\/\/retradycja.eu\/pl\/artysta\/katarzyna-groniec\/#breadcrumb\"},\"inLanguage\":\"pl-PL\",\"potentialAction\":[{\"@type\":\"ReadAction\",\"target\":[\"https:\/\/retradycja.eu\/pl\/artysta\/katarzyna-groniec\/\"]}]},{\"@type\":\"BreadcrumbList\",\"@id\":\"https:\/\/retradycja.eu\/pl\/artysta\/katarzyna-groniec\/#breadcrumb\",\"itemListElement\":[{\"@type\":\"ListItem\",\"position\":1,\"name\":\"Strona g\u0142\u00f3wna\",\"item\":\"https:\/\/retradycja.eu\/pl\/\"},{\"@type\":\"ListItem\",\"position\":2,\"name\":\"Katarzyna Groniec\"}]},{\"@type\":\"WebSite\",\"@id\":\"https:\/\/retradycja.eu\/pl\/#website\",\"url\":\"https:\/\/retradycja.eu\/pl\/\",\"name\":\"Festiwal Re:tradycja - Jarmark Jagiello\u0144ski\",\"description\":\" Lublin, Stare Miasto\",\"publisher\":{\"@id\":\"https:\/\/retradycja.eu\/pl\/#organization\"},\"potentialAction\":[{\"@type\":\"SearchAction\",\"target\":{\"@type\":\"EntryPoint\",\"urlTemplate\":\"https:\/\/retradycja.eu\/pl\/?s={search_term_string}\"},\"query-input\":\"required name=search_term_string\"}],\"inLanguage\":\"pl-PL\"},{\"@type\":\"Organization\",\"@id\":\"https:\/\/retradycja.eu\/pl\/#organization\",\"name\":\"Warsztaty Kultury w Lublinie\",\"url\":\"https:\/\/retradycja.eu\/pl\/\",\"logo\":{\"@type\":\"ImageObject\",\"inLanguage\":\"pl-PL\",\"@id\":\"https:\/\/retradycja.eu\/pl\/#\/schema\/logo\/image\/\",\"url\":\"https:\/\/retradycja.eu\/wp-content\/uploads\/2022\/06\/logo_retradycje-01.png\",\"contentUrl\":\"https:\/\/retradycja.eu\/wp-content\/uploads\/2022\/06\/logo_retradycje-01.png\",\"width\":332,\"height\":63,\"caption\":\"Warsztaty Kultury w Lublinie\"},\"image\":{\"@id\":\"https:\/\/retradycja.eu\/pl\/#\/schema\/logo\/image\/\"},\"sameAs\":[\"https:\/\/www.facebook.com\/retradycja\",\"https:\/\/www.instagram.com\/retradycja_jarmarkjagiellonski\/\",\"https:\/\/www.youtube.com\/user\/JarmarkJagiellonski\"]}]}<\/script>\n<!-- \/ Yoast SEO plugin. -->","yoast_head_json":{"title":"Katarzyna Groniec","description":"Wyj\u0105tkowa wokalistka i osobowo\u015b\u0107 polskiej sceny. Niekiedy ca\u0142y teatralny zesp\u00f3\u0142 nie jest w stanie dostarczy\u0107 tylu emocji.","robots":{"index":"index","follow":"follow","max-snippet":"max-snippet:-1","max-image-preview":"max-image-preview:large","max-video-preview":"max-video-preview:-1"},"canonical":"https:\/\/retradycja.eu\/pl\/artysta\/katarzyna-groniec\/","og_locale":"pl_PL","og_type":"article","og_title":"Katarzyna Groniec","og_description":"Wyj\u0105tkowa wokalistka i osobowo\u015b\u0107 polskiej sceny. Niekiedy ca\u0142y teatralny zesp\u00f3\u0142 nie jest w stanie dostarczy\u0107 tylu emocji.","og_url":"https:\/\/retradycja.eu\/pl\/artysta\/katarzyna-groniec\/","og_site_name":"Festiwal Re:tradycja - Jarmark Jagiello\u0144ski","article_publisher":"https:\/\/www.facebook.com\/retradycja","article_modified_time":"2024-07-31T13:28:44+00:00","twitter_card":"summary_large_image","twitter_misc":{"Szacowany czas czytania":"5 minut"},"schema":{"@context":"https:\/\/schema.org","@graph":[{"@type":"WebPage","@id":"https:\/\/retradycja.eu\/pl\/artysta\/katarzyna-groniec\/","url":"https:\/\/retradycja.eu\/pl\/artysta\/katarzyna-groniec\/","name":"Katarzyna Groniec","isPartOf":{"@id":"https:\/\/retradycja.eu\/pl\/#website"},"datePublished":"2019-07-14T22:00:00+00:00","dateModified":"2024-07-31T13:28:44+00:00","description":"Wyj\u0105tkowa wokalistka i osobowo\u015b\u0107 polskiej sceny. Niekiedy ca\u0142y teatralny zesp\u00f3\u0142 nie jest w stanie dostarczy\u0107 tylu emocji.","breadcrumb":{"@id":"https:\/\/retradycja.eu\/pl\/artysta\/katarzyna-groniec\/#breadcrumb"},"inLanguage":"pl-PL","potentialAction":[{"@type":"ReadAction","target":["https:\/\/retradycja.eu\/pl\/artysta\/katarzyna-groniec\/"]}]},{"@type":"BreadcrumbList","@id":"https:\/\/retradycja.eu\/pl\/artysta\/katarzyna-groniec\/#breadcrumb","itemListElement":[{"@type":"ListItem","position":1,"name":"Strona g\u0142\u00f3wna","item":"https:\/\/retradycja.eu\/pl\/"},{"@type":"ListItem","position":2,"name":"Katarzyna Groniec"}]},{"@type":"WebSite","@id":"https:\/\/retradycja.eu\/pl\/#website","url":"https:\/\/retradycja.eu\/pl\/","name":"Festiwal Re:tradycja - Jarmark Jagiello\u0144ski","description":" Lublin, Stare Miasto","publisher":{"@id":"https:\/\/retradycja.eu\/pl\/#organization"},"potentialAction":[{"@type":"SearchAction","target":{"@type":"EntryPoint","urlTemplate":"https:\/\/retradycja.eu\/pl\/?s={search_term_string}"},"query-input":"required name=search_term_string"}],"inLanguage":"pl-PL"},{"@type":"Organization","@id":"https:\/\/retradycja.eu\/pl\/#organization","name":"Warsztaty Kultury w Lublinie","url":"https:\/\/retradycja.eu\/pl\/","logo":{"@type":"ImageObject","inLanguage":"pl-PL","@id":"https:\/\/retradycja.eu\/pl\/#\/schema\/logo\/image\/","url":"https:\/\/retradycja.eu\/wp-content\/uploads\/2022\/06\/logo_retradycje-01.png","contentUrl":"https:\/\/retradycja.eu\/wp-content\/uploads\/2022\/06\/logo_retradycje-01.png","width":332,"height":63,"caption":"Warsztaty Kultury w Lublinie"},"image":{"@id":"https:\/\/retradycja.eu\/pl\/#\/schema\/logo\/image\/"},"sameAs":["https:\/\/www.facebook.com\/retradycja","https:\/\/www.instagram.com\/retradycja_jarmarkjagiellonski\/","https:\/\/www.youtube.com\/user\/JarmarkJagiellonski"]}]}},"_links":{"self":[{"href":"https:\/\/retradycja.eu\/pl\/wp-json\/wp\/v2\/artysta\/4500"}],"collection":[{"href":"https:\/\/retradycja.eu\/pl\/wp-json\/wp\/v2\/artysta"}],"about":[{"href":"https:\/\/retradycja.eu\/pl\/wp-json\/wp\/v2\/types\/artysta"}],"wp:attachment":[{"href":"https:\/\/retradycja.eu\/pl\/wp-json\/wp\/v2\/media?parent=4500"}],"wp:term":[{"taxonomy":"kategoria_wydarzenia","embeddable":true,"href":"https:\/\/retradycja.eu\/pl\/wp-json\/wp\/v2\/kategoria_wydarzenia?post=4500"},{"taxonomy":"edycja","embeddable":true,"href":"https:\/\/retradycja.eu\/pl\/wp-json\/wp\/v2\/edycja?post=4500"}],"curies":[{"name":"wp","href":"https:\/\/api.w.org\/{rel}","templated":true}]}}