{"id":39915,"date":"2021-04-21T12:43:23","date_gmt":"2021-04-21T10:43:23","guid":{"rendered":"https:\/\/retradycja.eu\/tworca\/marcin-blachura\/"},"modified":"2022-08-16T10:09:53","modified_gmt":"2022-08-16T08:09:53","slug":"marcin-blachura","status":"publish","type":"tworca","link":"https:\/\/retradycja.eu\/en\/tworca\/marcin-blachura\/","title":{"rendered":"Marcin Blachura"},"content":{"rendered":"<p>Marcin Blachura makes folk instruments from Beskid \u017bywiecki. His products include \u017bywiec bagpipes and a range of pastoral instruments. He makes his instruments from fruit trees or black elder. He began in 2008. His instruments brought him 1st prize in Jan Kawulok and Feliks Jankowski Folk Instruments Making contest in 2012 and an award of distinction in the 5th Polish Folk Instrument Making contest of the Museum in Szyd\u0142owiec in 2016.\u00a0 He&#8217;s a member of \u017bywiec Pipers\u2019 Guild.<\/p>\n<p>The art of making and playing \u017bywiec bagpipes was inscribed on Poland&#8217;s National List of Intangible Cultural Heritage in 2017.<\/p>\n<p><strong>Contact<\/strong><\/p>\n<p style=\"text-align: justify;\">www:\u00a0<a href=\"https:\/\/hyrkawki.wordpress.com\/\" target=\"_blank\" rel=\"noopener noreferrer\">hyrkawki.wordpress.com<\/a><\/p>\n<p style=\"text-align: justify;\">e-mail: mbalchura@wp.pl<\/p>\n<p style=\"text-align: justify;\">phone: +48 517029027<\/p>\n","protected":false},"featured_media":33801,"template":"","meta":{"_acf_changed":false,"ngg_post_thumbnail":0},"dziedzina_tworczosci":[269],"kategoria_wydarzenia":[],"kategoria_tworcy":[156,157],"edycja":[168,166,164,162,153,207,222],"kraj_tworcy":[289],"acf":[],"yoast_head":"<!-- This site is optimized with the Yoast SEO plugin v22.2 - https:\/\/yoast.com\/wordpress\/plugins\/seo\/ -->\n<title>Marcin Blachura - Jarmark Jagiello\u0144ski<\/title>\n<meta name=\"robots\" content=\"index, follow, max-snippet:-1, max-image-preview:large, max-video-preview:-1\" \/>\n<link rel=\"canonical\" href=\"https:\/\/retradycja.eu\/en\/tworca\/marcin-blachura\/\" \/>\n<meta property=\"og:locale\" content=\"en_US\" \/>\n<meta property=\"og:type\" content=\"article\" \/>\n<meta property=\"og:title\" content=\"Marcin Blachura - Jarmark Jagiello\u0144ski\" \/>\n<meta property=\"og:description\" content=\"Marcin Blachura makes folk instruments from Beskid \u017bywiecki. His products include \u017bywiec bagpipes and a range of pastoral instruments. He [&hellip;]\" \/>\n<meta property=\"og:url\" content=\"https:\/\/retradycja.eu\/en\/tworca\/marcin-blachura\/\" \/>\n<meta property=\"og:site_name\" content=\"Jarmark Jagiello\u0144ski\" \/>\n<meta property=\"article:publisher\" content=\"https:\/\/www.facebook.com\/retradycja\" \/>\n<meta property=\"article:modified_time\" content=\"2022-08-16T08:09:53+00:00\" \/>\n<meta property=\"og:image\" content=\"https:\/\/retradycja.eu\/wp-content\/uploads\/2020\/08\/gutekzegier-3114-scaled.jpg\" \/>\n\t<meta property=\"og:image:width\" content=\"2560\" \/>\n\t<meta property=\"og:image:height\" content=\"1707\" \/>\n\t<meta property=\"og:image:type\" content=\"image\/jpeg\" \/>\n<meta name=\"twitter:card\" content=\"summary_large_image\" \/>\n<meta name=\"twitter:label1\" content=\"Est. reading time\" \/>\n\t<meta name=\"twitter:data1\" content=\"1 minute\" \/>\n<script type=\"application\/ld+json\" class=\"yoast-schema-graph\">{\"@context\":\"https:\/\/schema.org\",\"@graph\":[{\"@type\":\"WebPage\",\"@id\":\"https:\/\/retradycja.eu\/en\/tworca\/marcin-blachura\/\",\"url\":\"https:\/\/retradycja.eu\/en\/tworca\/marcin-blachura\/\",\"name\":\"Marcin Blachura - Jarmark Jagiello\u0144ski\",\"isPartOf\":{\"@id\":\"https:\/\/retradycja.eu\/pl\/#website\"},\"primaryImageOfPage\":{\"@id\":\"https:\/\/retradycja.eu\/en\/tworca\/marcin-blachura\/#primaryimage\"},\"image\":{\"@id\":\"https:\/\/retradycja.eu\/en\/tworca\/marcin-blachura\/#primaryimage\"},\"thumbnailUrl\":\"https:\/\/retradycja.eu\/wp-content\/uploads\/2020\/08\/gutekzegier-3114-scaled.jpg\",\"datePublished\":\"2021-04-21T10:43:23+00:00\",\"dateModified\":\"2022-08-16T08:09:53+00:00\",\"breadcrumb\":{\"@id\":\"https:\/\/retradycja.eu\/en\/tworca\/marcin-blachura\/#breadcrumb\"},\"inLanguage\":\"en-US\",\"potentialAction\":[{\"@type\":\"ReadAction\",\"target\":[\"https:\/\/retradycja.eu\/en\/tworca\/marcin-blachura\/\"]}]},{\"@type\":\"ImageObject\",\"inLanguage\":\"en-US\",\"@id\":\"https:\/\/retradycja.eu\/en\/tworca\/marcin-blachura\/#primaryimage\",\"url\":\"https:\/\/retradycja.eu\/wp-content\/uploads\/2020\/08\/gutekzegier-3114-scaled.jpg\",\"contentUrl\":\"https:\/\/retradycja.eu\/wp-content\/uploads\/2020\/08\/gutekzegier-3114-scaled.jpg\",\"width\":2560,\"height\":1707},{\"@type\":\"BreadcrumbList\",\"@id\":\"https:\/\/retradycja.eu\/en\/tworca\/marcin-blachura\/#breadcrumb\",\"itemListElement\":[{\"@type\":\"ListItem\",\"position\":1,\"name\":\"Strona g\u0142\u00f3wna\",\"item\":\"https:\/\/retradycja.eu\/en\/\"},{\"@type\":\"ListItem\",\"position\":2,\"name\":\"Marcin Blachura\"}]},{\"@type\":\"WebSite\",\"@id\":\"https:\/\/retradycja.eu\/pl\/#website\",\"url\":\"https:\/\/retradycja.eu\/pl\/\",\"name\":\"Jarmark Jagiello\u0144ski\",\"description\":\"The Jagiellonian Fair 21-23 August 2020 |  Lublin, Old Town\",\"publisher\":{\"@id\":\"https:\/\/retradycja.eu\/pl\/#organization\"},\"potentialAction\":[{\"@type\":\"SearchAction\",\"target\":{\"@type\":\"EntryPoint\",\"urlTemplate\":\"https:\/\/retradycja.eu\/pl\/?s={search_term_string}\"},\"query-input\":\"required name=search_term_string\"}],\"inLanguage\":\"en-US\"},{\"@type\":\"Organization\",\"@id\":\"https:\/\/retradycja.eu\/pl\/#organization\",\"name\":\"Warsztaty Kultury w Lublinie\",\"url\":\"https:\/\/retradycja.eu\/pl\/\",\"logo\":{\"@type\":\"ImageObject\",\"inLanguage\":\"en-US\",\"@id\":\"https:\/\/retradycja.eu\/pl\/#\/schema\/logo\/image\/\",\"url\":\"https:\/\/retradycja.eu\/wp-content\/uploads\/2022\/06\/logo_retradycje-01.png\",\"contentUrl\":\"https:\/\/retradycja.eu\/wp-content\/uploads\/2022\/06\/logo_retradycje-01.png\",\"width\":332,\"height\":63,\"caption\":\"Warsztaty Kultury w Lublinie\"},\"image\":{\"@id\":\"https:\/\/retradycja.eu\/pl\/#\/schema\/logo\/image\/\"},\"sameAs\":[\"https:\/\/www.facebook.com\/retradycja\",\"https:\/\/www.instagram.com\/retradycja_jarmarkjagiellonski\/\",\"https:\/\/www.youtube.com\/user\/JarmarkJagiellonski\"]}]}<\/script>\n<!-- \/ Yoast SEO plugin. -->","yoast_head_json":{"title":"Marcin Blachura - Jarmark Jagiello\u0144ski","robots":{"index":"index","follow":"follow","max-snippet":"max-snippet:-1","max-image-preview":"max-image-preview:large","max-video-preview":"max-video-preview:-1"},"canonical":"https:\/\/retradycja.eu\/en\/tworca\/marcin-blachura\/","og_locale":"en_US","og_type":"article","og_title":"Marcin Blachura - Jarmark Jagiello\u0144ski","og_description":"Marcin Blachura makes folk instruments from Beskid \u017bywiecki. His products include \u017bywiec bagpipes and a range of pastoral instruments. He [&hellip;]","og_url":"https:\/\/retradycja.eu\/en\/tworca\/marcin-blachura\/","og_site_name":"Jarmark Jagiello\u0144ski","article_publisher":"https:\/\/www.facebook.com\/retradycja","article_modified_time":"2022-08-16T08:09:53+00:00","og_image":[{"width":2560,"height":1707,"url":"https:\/\/retradycja.eu\/wp-content\/uploads\/2020\/08\/gutekzegier-3114-scaled.jpg","type":"image\/jpeg"}],"twitter_card":"summary_large_image","twitter_misc":{"Est. reading time":"1 minute"},"schema":{"@context":"https:\/\/schema.org","@graph":[{"@type":"WebPage","@id":"https:\/\/retradycja.eu\/en\/tworca\/marcin-blachura\/","url":"https:\/\/retradycja.eu\/en\/tworca\/marcin-blachura\/","name":"Marcin Blachura - Jarmark Jagiello\u0144ski","isPartOf":{"@id":"https:\/\/retradycja.eu\/pl\/#website"},"primaryImageOfPage":{"@id":"https:\/\/retradycja.eu\/en\/tworca\/marcin-blachura\/#primaryimage"},"image":{"@id":"https:\/\/retradycja.eu\/en\/tworca\/marcin-blachura\/#primaryimage"},"thumbnailUrl":"https:\/\/retradycja.eu\/wp-content\/uploads\/2020\/08\/gutekzegier-3114-scaled.jpg","datePublished":"2021-04-21T10:43:23+00:00","dateModified":"2022-08-16T08:09:53+00:00","breadcrumb":{"@id":"https:\/\/retradycja.eu\/en\/tworca\/marcin-blachura\/#breadcrumb"},"inLanguage":"en-US","potentialAction":[{"@type":"ReadAction","target":["https:\/\/retradycja.eu\/en\/tworca\/marcin-blachura\/"]}]},{"@type":"ImageObject","inLanguage":"en-US","@id":"https:\/\/retradycja.eu\/en\/tworca\/marcin-blachura\/#primaryimage","url":"https:\/\/retradycja.eu\/wp-content\/uploads\/2020\/08\/gutekzegier-3114-scaled.jpg","contentUrl":"https:\/\/retradycja.eu\/wp-content\/uploads\/2020\/08\/gutekzegier-3114-scaled.jpg","width":2560,"height":1707},{"@type":"BreadcrumbList","@id":"https:\/\/retradycja.eu\/en\/tworca\/marcin-blachura\/#breadcrumb","itemListElement":[{"@type":"ListItem","position":1,"name":"Strona g\u0142\u00f3wna","item":"https:\/\/retradycja.eu\/en\/"},{"@type":"ListItem","position":2,"name":"Marcin Blachura"}]},{"@type":"WebSite","@id":"https:\/\/retradycja.eu\/pl\/#website","url":"https:\/\/retradycja.eu\/pl\/","name":"Jarmark Jagiello\u0144ski","description":"The Jagiellonian Fair 21-23 August 2020 |  Lublin, Old Town","publisher":{"@id":"https:\/\/retradycja.eu\/pl\/#organization"},"potentialAction":[{"@type":"SearchAction","target":{"@type":"EntryPoint","urlTemplate":"https:\/\/retradycja.eu\/pl\/?s={search_term_string}"},"query-input":"required name=search_term_string"}],"inLanguage":"en-US"},{"@type":"Organization","@id":"https:\/\/retradycja.eu\/pl\/#organization","name":"Warsztaty Kultury w Lublinie","url":"https:\/\/retradycja.eu\/pl\/","logo":{"@type":"ImageObject","inLanguage":"en-US","@id":"https:\/\/retradycja.eu\/pl\/#\/schema\/logo\/image\/","url":"https:\/\/retradycja.eu\/wp-content\/uploads\/2022\/06\/logo_retradycje-01.png","contentUrl":"https:\/\/retradycja.eu\/wp-content\/uploads\/2022\/06\/logo_retradycje-01.png","width":332,"height":63,"caption":"Warsztaty Kultury w Lublinie"},"image":{"@id":"https:\/\/retradycja.eu\/pl\/#\/schema\/logo\/image\/"},"sameAs":["https:\/\/www.facebook.com\/retradycja","https:\/\/www.instagram.com\/retradycja_jarmarkjagiellonski\/","https:\/\/www.youtube.com\/user\/JarmarkJagiellonski"]}]}},"_links":{"self":[{"href":"https:\/\/retradycja.eu\/en\/wp-json\/wp\/v2\/tworca\/39915"}],"collection":[{"href":"https:\/\/retradycja.eu\/en\/wp-json\/wp\/v2\/tworca"}],"about":[{"href":"https:\/\/retradycja.eu\/en\/wp-json\/wp\/v2\/types\/tworca"}],"wp:featuredmedia":[{"embeddable":true,"href":"https:\/\/retradycja.eu\/en\/wp-json\/wp\/v2\/media\/33801"}],"wp:attachment":[{"href":"https:\/\/retradycja.eu\/en\/wp-json\/wp\/v2\/media?parent=39915"}],"wp:term":[{"taxonomy":"dziedzina_tworczosci","embeddable":true,"href":"https:\/\/retradycja.eu\/en\/wp-json\/wp\/v2\/dziedzina_tworczosci?post=39915"},{"taxonomy":"kategoria_wydarzenia","embeddable":true,"href":"https:\/\/retradycja.eu\/en\/wp-json\/wp\/v2\/kategoria_wydarzenia?post=39915"},{"taxonomy":"kategoria_tworcy","embeddable":true,"href":"https:\/\/retradycja.eu\/en\/wp-json\/wp\/v2\/kategoria_tworcy?post=39915"},{"taxonomy":"edycja","embeddable":true,"href":"https:\/\/retradycja.eu\/en\/wp-json\/wp\/v2\/edycja?post=39915"},{"taxonomy":"kraj_tworcy","embeddable":true,"href":"https:\/\/retradycja.eu\/en\/wp-json\/wp\/v2\/kraj_tworcy?post=39915"}],"curies":[{"name":"wp","href":"https:\/\/api.w.org\/{rel}","templated":true}]}}