{"id":38085,"date":"2021-02-12T15:46:10","date_gmt":"2021-02-12T14:46:10","guid":{"rendered":"https:\/\/retradycja.eu\/tworca\/boguslawa-drzewiecka\/"},"modified":"2021-02-12T15:46:10","modified_gmt":"2021-02-12T14:46:10","slug":"boguslawa-drzewiecka","status":"publish","type":"tworca","link":"https:\/\/retradycja.eu\/en\/tworca\/boguslawa-drzewiecka\/","title":{"rendered":"Bogus\u0142awa Drzewiecka"},"content":{"rendered":"<p>Bogus\u0142awa has been involved in folk art since she was a child but she has intensified her activity from 2007 onwards. She learned from her family (aunts) and from Alicja Matczak. Mrs Drzewiecka makes flowers and compositions of crepe paper, but her speciality are <em>pajaki<\/em> (spider) decorations. She is a member of Folk Artists\u2019 Association.<\/p>\n","protected":false},"featured_media":32797,"template":"","meta":{"_acf_changed":false,"ngg_post_thumbnail":0},"dziedzina_tworczosci":[115],"kategoria_wydarzenia":[],"kategoria_tworcy":[156],"edycja":[173,170,167,168,166,164,222],"kraj_tworcy":[289],"acf":[],"yoast_head":"<!-- This site is optimized with the Yoast SEO plugin v22.2 - https:\/\/yoast.com\/wordpress\/plugins\/seo\/ -->\n<title>Bogus\u0142awa Drzewiecka - Jarmark Jagiello\u0144ski<\/title>\n<meta name=\"robots\" content=\"index, follow, max-snippet:-1, max-image-preview:large, max-video-preview:-1\" \/>\n<link rel=\"canonical\" href=\"https:\/\/retradycja.eu\/en\/tworca\/boguslawa-drzewiecka\/\" \/>\n<meta property=\"og:locale\" content=\"en_US\" \/>\n<meta property=\"og:type\" content=\"article\" \/>\n<meta property=\"og:title\" content=\"Bogus\u0142awa Drzewiecka - Jarmark Jagiello\u0144ski\" \/>\n<meta property=\"og:description\" content=\"Bogus\u0142awa has been involved in folk art since she was a child but she has intensified her activity from 2007 [&hellip;]\" \/>\n<meta property=\"og:url\" content=\"https:\/\/retradycja.eu\/en\/tworca\/boguslawa-drzewiecka\/\" \/>\n<meta property=\"og:site_name\" content=\"Jarmark Jagiello\u0144ski\" \/>\n<meta property=\"article:publisher\" content=\"https:\/\/www.facebook.com\/retradycja\" \/>\n<meta property=\"og:image\" content=\"https:\/\/retradycja.eu\/wp-content\/uploads\/2020\/08\/gutekzegier-7105-scaled.jpg\" \/>\n\t<meta property=\"og:image:width\" content=\"2560\" \/>\n\t<meta property=\"og:image:height\" content=\"1707\" \/>\n\t<meta property=\"og:image:type\" content=\"image\/jpeg\" \/>\n<meta name=\"twitter:card\" content=\"summary_large_image\" \/>\n<script type=\"application\/ld+json\" class=\"yoast-schema-graph\">{\"@context\":\"https:\/\/schema.org\",\"@graph\":[{\"@type\":\"WebPage\",\"@id\":\"https:\/\/retradycja.eu\/en\/tworca\/boguslawa-drzewiecka\/\",\"url\":\"https:\/\/retradycja.eu\/en\/tworca\/boguslawa-drzewiecka\/\",\"name\":\"Bogus\u0142awa Drzewiecka - Jarmark Jagiello\u0144ski\",\"isPartOf\":{\"@id\":\"https:\/\/retradycja.eu\/pl\/#website\"},\"primaryImageOfPage\":{\"@id\":\"https:\/\/retradycja.eu\/en\/tworca\/boguslawa-drzewiecka\/#primaryimage\"},\"image\":{\"@id\":\"https:\/\/retradycja.eu\/en\/tworca\/boguslawa-drzewiecka\/#primaryimage\"},\"thumbnailUrl\":\"https:\/\/retradycja.eu\/wp-content\/uploads\/2020\/08\/gutekzegier-7105-scaled.jpg\",\"datePublished\":\"2021-02-12T14:46:10+00:00\",\"dateModified\":\"2021-02-12T14:46:10+00:00\",\"breadcrumb\":{\"@id\":\"https:\/\/retradycja.eu\/en\/tworca\/boguslawa-drzewiecka\/#breadcrumb\"},\"inLanguage\":\"en-US\",\"potentialAction\":[{\"@type\":\"ReadAction\",\"target\":[\"https:\/\/retradycja.eu\/en\/tworca\/boguslawa-drzewiecka\/\"]}]},{\"@type\":\"ImageObject\",\"inLanguage\":\"en-US\",\"@id\":\"https:\/\/retradycja.eu\/en\/tworca\/boguslawa-drzewiecka\/#primaryimage\",\"url\":\"https:\/\/retradycja.eu\/wp-content\/uploads\/2020\/08\/gutekzegier-7105-scaled.jpg\",\"contentUrl\":\"https:\/\/retradycja.eu\/wp-content\/uploads\/2020\/08\/gutekzegier-7105-scaled.jpg\",\"width\":2560,\"height\":1707,\"caption\":\"[Kobieta stoi na swoim stoisku z tradycyjnym r\u0119kodzie\u0142em.]\"},{\"@type\":\"BreadcrumbList\",\"@id\":\"https:\/\/retradycja.eu\/en\/tworca\/boguslawa-drzewiecka\/#breadcrumb\",\"itemListElement\":[{\"@type\":\"ListItem\",\"position\":1,\"name\":\"Strona g\u0142\u00f3wna\",\"item\":\"https:\/\/retradycja.eu\/en\/\"},{\"@type\":\"ListItem\",\"position\":2,\"name\":\"Bogus\u0142awa Drzewiecka\"}]},{\"@type\":\"WebSite\",\"@id\":\"https:\/\/retradycja.eu\/pl\/#website\",\"url\":\"https:\/\/retradycja.eu\/pl\/\",\"name\":\"Jarmark Jagiello\u0144ski\",\"description\":\"The Jagiellonian Fair 21-23 August 2020 |  Lublin, Old Town\",\"publisher\":{\"@id\":\"https:\/\/retradycja.eu\/pl\/#organization\"},\"potentialAction\":[{\"@type\":\"SearchAction\",\"target\":{\"@type\":\"EntryPoint\",\"urlTemplate\":\"https:\/\/retradycja.eu\/pl\/?s={search_term_string}\"},\"query-input\":\"required name=search_term_string\"}],\"inLanguage\":\"en-US\"},{\"@type\":\"Organization\",\"@id\":\"https:\/\/retradycja.eu\/pl\/#organization\",\"name\":\"Warsztaty Kultury w Lublinie\",\"url\":\"https:\/\/retradycja.eu\/pl\/\",\"logo\":{\"@type\":\"ImageObject\",\"inLanguage\":\"en-US\",\"@id\":\"https:\/\/retradycja.eu\/pl\/#\/schema\/logo\/image\/\",\"url\":\"https:\/\/retradycja.eu\/wp-content\/uploads\/2022\/06\/logo_retradycje-01.png\",\"contentUrl\":\"https:\/\/retradycja.eu\/wp-content\/uploads\/2022\/06\/logo_retradycje-01.png\",\"width\":332,\"height\":63,\"caption\":\"Warsztaty Kultury w Lublinie\"},\"image\":{\"@id\":\"https:\/\/retradycja.eu\/pl\/#\/schema\/logo\/image\/\"},\"sameAs\":[\"https:\/\/www.facebook.com\/retradycja\",\"https:\/\/www.instagram.com\/retradycja_jarmarkjagiellonski\/\",\"https:\/\/www.youtube.com\/user\/JarmarkJagiellonski\"]}]}<\/script>\n<!-- \/ Yoast SEO plugin. -->","yoast_head_json":{"title":"Bogus\u0142awa Drzewiecka - Jarmark Jagiello\u0144ski","robots":{"index":"index","follow":"follow","max-snippet":"max-snippet:-1","max-image-preview":"max-image-preview:large","max-video-preview":"max-video-preview:-1"},"canonical":"https:\/\/retradycja.eu\/en\/tworca\/boguslawa-drzewiecka\/","og_locale":"en_US","og_type":"article","og_title":"Bogus\u0142awa Drzewiecka - Jarmark Jagiello\u0144ski","og_description":"Bogus\u0142awa has been involved in folk art since she was a child but she has intensified her activity from 2007 [&hellip;]","og_url":"https:\/\/retradycja.eu\/en\/tworca\/boguslawa-drzewiecka\/","og_site_name":"Jarmark Jagiello\u0144ski","article_publisher":"https:\/\/www.facebook.com\/retradycja","og_image":[{"width":2560,"height":1707,"url":"https:\/\/retradycja.eu\/wp-content\/uploads\/2020\/08\/gutekzegier-7105-scaled.jpg","type":"image\/jpeg"}],"twitter_card":"summary_large_image","schema":{"@context":"https:\/\/schema.org","@graph":[{"@type":"WebPage","@id":"https:\/\/retradycja.eu\/en\/tworca\/boguslawa-drzewiecka\/","url":"https:\/\/retradycja.eu\/en\/tworca\/boguslawa-drzewiecka\/","name":"Bogus\u0142awa Drzewiecka - Jarmark Jagiello\u0144ski","isPartOf":{"@id":"https:\/\/retradycja.eu\/pl\/#website"},"primaryImageOfPage":{"@id":"https:\/\/retradycja.eu\/en\/tworca\/boguslawa-drzewiecka\/#primaryimage"},"image":{"@id":"https:\/\/retradycja.eu\/en\/tworca\/boguslawa-drzewiecka\/#primaryimage"},"thumbnailUrl":"https:\/\/retradycja.eu\/wp-content\/uploads\/2020\/08\/gutekzegier-7105-scaled.jpg","datePublished":"2021-02-12T14:46:10+00:00","dateModified":"2021-02-12T14:46:10+00:00","breadcrumb":{"@id":"https:\/\/retradycja.eu\/en\/tworca\/boguslawa-drzewiecka\/#breadcrumb"},"inLanguage":"en-US","potentialAction":[{"@type":"ReadAction","target":["https:\/\/retradycja.eu\/en\/tworca\/boguslawa-drzewiecka\/"]}]},{"@type":"ImageObject","inLanguage":"en-US","@id":"https:\/\/retradycja.eu\/en\/tworca\/boguslawa-drzewiecka\/#primaryimage","url":"https:\/\/retradycja.eu\/wp-content\/uploads\/2020\/08\/gutekzegier-7105-scaled.jpg","contentUrl":"https:\/\/retradycja.eu\/wp-content\/uploads\/2020\/08\/gutekzegier-7105-scaled.jpg","width":2560,"height":1707,"caption":"[Kobieta stoi na swoim stoisku z tradycyjnym r\u0119kodzie\u0142em.]"},{"@type":"BreadcrumbList","@id":"https:\/\/retradycja.eu\/en\/tworca\/boguslawa-drzewiecka\/#breadcrumb","itemListElement":[{"@type":"ListItem","position":1,"name":"Strona g\u0142\u00f3wna","item":"https:\/\/retradycja.eu\/en\/"},{"@type":"ListItem","position":2,"name":"Bogus\u0142awa Drzewiecka"}]},{"@type":"WebSite","@id":"https:\/\/retradycja.eu\/pl\/#website","url":"https:\/\/retradycja.eu\/pl\/","name":"Jarmark Jagiello\u0144ski","description":"The Jagiellonian Fair 21-23 August 2020 |  Lublin, Old Town","publisher":{"@id":"https:\/\/retradycja.eu\/pl\/#organization"},"potentialAction":[{"@type":"SearchAction","target":{"@type":"EntryPoint","urlTemplate":"https:\/\/retradycja.eu\/pl\/?s={search_term_string}"},"query-input":"required name=search_term_string"}],"inLanguage":"en-US"},{"@type":"Organization","@id":"https:\/\/retradycja.eu\/pl\/#organization","name":"Warsztaty Kultury w Lublinie","url":"https:\/\/retradycja.eu\/pl\/","logo":{"@type":"ImageObject","inLanguage":"en-US","@id":"https:\/\/retradycja.eu\/pl\/#\/schema\/logo\/image\/","url":"https:\/\/retradycja.eu\/wp-content\/uploads\/2022\/06\/logo_retradycje-01.png","contentUrl":"https:\/\/retradycja.eu\/wp-content\/uploads\/2022\/06\/logo_retradycje-01.png","width":332,"height":63,"caption":"Warsztaty Kultury w Lublinie"},"image":{"@id":"https:\/\/retradycja.eu\/pl\/#\/schema\/logo\/image\/"},"sameAs":["https:\/\/www.facebook.com\/retradycja","https:\/\/www.instagram.com\/retradycja_jarmarkjagiellonski\/","https:\/\/www.youtube.com\/user\/JarmarkJagiellonski"]}]}},"_links":{"self":[{"href":"https:\/\/retradycja.eu\/en\/wp-json\/wp\/v2\/tworca\/38085"}],"collection":[{"href":"https:\/\/retradycja.eu\/en\/wp-json\/wp\/v2\/tworca"}],"about":[{"href":"https:\/\/retradycja.eu\/en\/wp-json\/wp\/v2\/types\/tworca"}],"wp:featuredmedia":[{"embeddable":true,"href":"https:\/\/retradycja.eu\/en\/wp-json\/wp\/v2\/media\/32797"}],"wp:attachment":[{"href":"https:\/\/retradycja.eu\/en\/wp-json\/wp\/v2\/media?parent=38085"}],"wp:term":[{"taxonomy":"dziedzina_tworczosci","embeddable":true,"href":"https:\/\/retradycja.eu\/en\/wp-json\/wp\/v2\/dziedzina_tworczosci?post=38085"},{"taxonomy":"kategoria_wydarzenia","embeddable":true,"href":"https:\/\/retradycja.eu\/en\/wp-json\/wp\/v2\/kategoria_wydarzenia?post=38085"},{"taxonomy":"kategoria_tworcy","embeddable":true,"href":"https:\/\/retradycja.eu\/en\/wp-json\/wp\/v2\/kategoria_tworcy?post=38085"},{"taxonomy":"edycja","embeddable":true,"href":"https:\/\/retradycja.eu\/en\/wp-json\/wp\/v2\/edycja?post=38085"},{"taxonomy":"kraj_tworcy","embeddable":true,"href":"https:\/\/retradycja.eu\/en\/wp-json\/wp\/v2\/kraj_tworcy?post=38085"}],"curies":[{"name":"wp","href":"https:\/\/api.w.org\/{rel}","templated":true}]}}