{"id":35577,"date":"2020-08-12T14:53:51","date_gmt":"2020-08-12T12:53:51","guid":{"rendered":"https:\/\/retradycja.eu\/main-website\/"},"modified":"2026-08-26T11:03:42","modified_gmt":"2026-08-26T09:03:42","slug":"main-website","status":"publish","type":"page","link":"https:\/\/retradycja.eu\/en\/","title":{"rendered":"Main"},"content":{"rendered":"<p><div class=\"fusion-fullwidth fullwidth-box fusion-builder-row-1 fusion-flex-container nonhundred-percent-fullwidth non-hundred-percent-height-scrolling\" style=\"--awb-border-radius-top-left:0px;--awb-border-radius-top-right:0px;--awb-border-radius-bottom-right:0px;--awb-border-radius-bottom-left:0px;--awb-padding-bottom:0px;--awb-margin-bottom:0px;--awb-flex-wrap:wrap;\" ><div class=\"fusion-builder-row fusion-row fusion-flex-align-items-flex-start fusion-flex-content-wrap\" style=\"max-width:1996.8px;margin-left: calc(-4% \/ 2 );margin-right: calc(-4% \/ 2 );\"><div class=\"fusion-layout-column fusion_builder_column fusion-builder-column-0 fusion_builder_column_1_1 1_1 fusion-flex-column\" style=\"--awb-bg-size:cover;--awb-width-large:100%;--awb-margin-top-large:0px;--awb-spacing-right-large:1.92%;--awb-margin-bottom-large:20px;--awb-spacing-left-large:1.92%;--awb-width-medium:100%;--awb-order-medium:0;--awb-spacing-right-medium:1.92%;--awb-spacing-left-medium:1.92%;--awb-width-small:100%;--awb-order-small:0;--awb-spacing-right-small:1.92%;--awb-spacing-left-small:1.92%;\"><div class=\"fusion-column-wrapper fusion-column-has-shadow fusion-flex-justify-content-flex-start fusion-content-layout-column\">\t\t\t\t\t<div class=\"fusion-slider-container fusion-slider-sc-sg_jj fusion-slider-147 full-width-slider\" style=\"height:930px; max-width:100%;\" data-id=\"147\" data-full_height=\"\">\n\t\t\t\t\t\t<style type=\"text\/css\">.fusion-slider-147 .flex-direction-nav a {width:63px;height:63px;line-height:63px;font-size:25px;}<\/style>\t\t\t\t\t\t<div class=\"fusion-slider-loading\">Loading...<\/div>\n\t\t\t\t\t\t<div class=\"tfs-slider flexslider main-flex full-width-slider\" data-slider_width=\"100%\" data-slider_height=\"930px\" data-full_screen=\"0\" data-parallax=\"0\" data-nav_arrows=\"1\" data-nav_arrow_size=\"25px\" data-nav_box_width=\"63px\" data-nav_box_height=\"63px\" data-slideshow_speed=\"7000\" data-loop=\"1\" data-autoplay=\"1\" data-orderby=\"date\" data-order=\"DESC\" data-animation=\"fade\" data-animation_speed=\"600\" data-typo_sensitivity=\"0.1\" data-typo_factor=\"1.5\" style=\"max-width:100%;\">\n\t\t\t\t\t\t\t<ul class=\"slides\">\n\t\t\t\t\t\t\t\t\t\t\t\t\t\t\t\t\t<li data-mute=\"yes\" data-loop=\"yes\" data-autoplay=\"yes\">\n\t\t\t\t\t\t\t\t\t\t<div class=\"slide-content-container slide-content-left\" style=\"display: none;\">\n\t\t\t\t\t\t\t\t\t\t\t<div class=\"slide-content\" style=\"\">\n\t\t\t\t\t\t\t\t\t\t\t\t\t\t\t\t\t\t\t\t\t\t\t\t\t\t\t\t\t\t\t\t\t\t\t\t\t\t\t\t\t\t\t\t\t\t\t<\/div>\n\t\t\t\t\t\t\t\t\t\t<\/div>\n\t\t\t\t\t\t\t\t\t\t\t\t\t\t\t\t\t\t\t\t\t\t\t\t\t\t\t\t\t\t\t\t\t\t\t\t\t\t\t\t<div class=\"background background-image\" style=\"background-image: url(https:\/\/retradycja.eu\/wp-content\/uploads\/2026\/08\/Retradycja-2027-strona-WK.png);max-width:100%;height:930px;filter: progid:DXImageTransform.Microsoft.AlphaImageLoader(src='https:\/\/retradycja.eu\/wp-content\/uploads\/2026\/08\/Retradycja-2027-strona-WK.png', sizingMethod='scale');\" data-imgwidth=\"2400\">\n\t\t\t\t\t\t\t\t\t\t\t\t\t\t\t\t\t\t\t\t\t\t\t\t\t\t\t\t\t\t\t\t\t\t\t\t\t\t\t\t\t\t\t\t\t\t\t\t\t\t\t\t\t\t\t\t\t\t\t\t\t\t\t\t\t\t<\/div>\n\t\t\t\t\t\t\t\t\t<\/li>\n\t\t\t\t\t\t\t\t\t\t\t\t\t\t\t\t\t\t\t\t\t\t\t<\/ul>\n\t\t\t\t\t\t<\/div>\n\t\t\t\t\t<\/div>\n\t\t\t\t\t\t\t\t<\/div><\/div><\/div><\/div><div class=\"fusion-fullwidth fullwidth-box fusion-builder-row-2 fusion-flex-container nonhundred-percent-fullwidth non-hundred-percent-height-scrolling\" style=\"--awb-border-radius-top-left:0px;--awb-border-radius-top-right:0px;--awb-border-radius-bottom-right:0px;--awb-border-radius-bottom-left:0px;--awb-margin-bottom:3%;--awb-flex-wrap:wrap;\" ><div class=\"fusion-builder-row fusion-row fusion-flex-align-items-flex-start fusion-flex-content-wrap\" style=\"max-width:calc( 1920px + 0px );margin-left: calc(-0px \/ 2 );margin-right: calc(-0px \/ 2 );\"><div class=\"fusion-layout-column fusion_builder_column fusion-builder-column-1 fusion_builder_column_1_1 1_1 fusion-flex-column\" style=\"--awb-bg-size:cover;--awb-width-large:100%;--awb-margin-top-large:0px;--awb-spacing-right-large:0px;--awb-margin-bottom-large:20px;--awb-spacing-left-large:0px;--awb-width-medium:100%;--awb-spacing-right-medium:0px;--awb-spacing-left-medium:0px;--awb-width-small:100%;--awb-spacing-right-small:0px;--awb-spacing-left-small:0px;\"><div class=\"fusion-column-wrapper fusion-column-has-shadow fusion-flex-justify-content-flex-start fusion-content-layout-column\"><div style=\"text-align:center;\"><a class=\"fusion-button button-flat button-large button-custom fusion-button-default button-1 fusion-button-span-no fusion-button-default-type\" style=\"--button_accent_color:#ffffff;--button_accent_hover_color:#ffffff;--button_border_hover_color:#ffffff;--button-border-radius-top-left:0px;--button-border-radius-top-right:0px;--button-border-radius-bottom-right:0px;--button-border-radius-bottom-left:0px;--button_gradient_top_color:#000000;--button_gradient_bottom_color:#000000;--button_gradient_top_color_hover:#000000;--button_gradient_bottom_color_hover:#000000;\" target=\"_self\" href=\"https:\/\/retradycja.eu\/en\/news\/\"><span class=\"fusion-button-text\">MORE NEWS<\/span><\/a><\/div><\/div><\/div><\/div><\/div><div class=\"fusion-fullwidth fullwidth-box fusion-builder-row-3 fusion-flex-container nonhundred-percent-fullwidth non-hundred-percent-height-scrolling\" style=\"--awb-border-radius-top-left:0px;--awb-border-radius-top-right:0px;--awb-border-radius-bottom-right:0px;--awb-border-radius-bottom-left:0px;--awb-flex-wrap:wrap;\" ><div class=\"fusion-builder-row fusion-row fusion-flex-align-items-flex-start fusion-flex-content-wrap\" style=\"max-width:calc( 1920px + 0px );margin-left: calc(-0px \/ 2 );margin-right: calc(-0px \/ 2 );\"><div class=\"fusion-layout-column fusion_builder_column fusion-builder-column-2 fusion_builder_column_1_1 1_1 fusion-flex-column\" style=\"--awb-bg-size:cover;--awb-width-large:100%;--awb-margin-top-large:0px;--awb-spacing-right-large:0px;--awb-margin-bottom-large:20px;--awb-spacing-left-large:0px;--awb-width-medium:100%;--awb-spacing-right-medium:0px;--awb-spacing-left-medium:0px;--awb-width-small:100%;--awb-spacing-right-small:0px;--awb-spacing-left-small:0px;\"><div class=\"fusion-column-wrapper fusion-column-has-shadow fusion-flex-justify-content-flex-start fusion-content-layout-column\"><div class=\"fusion-video fusion-selfhosted-video\" style=\"max-width:100%;\"><div class=\"video-wrapper\"><video playsinline=\"true\" width=\"100%\" style=\"object-fit: cover;\" autoplay=\"true\" muted=\"true\" loop=\"true\" preload=\"auto\" controls=\"1\"><source src=\"https:\/\/retradycja.eu\/wp-content\/uploads\/2026\/01\/Retradycja-2025-_-Podsumowanie.mp4\" type=\"video\/mp4\">Sorry, your browser doesn&#039;t support embedded videos.<\/video><\/div><\/div><\/div><\/div><\/div><\/div><div class=\"fusion-fullwidth fullwidth-box fusion-builder-row-4 fusion-flex-container nonhundred-percent-fullwidth non-hundred-percent-height-scrolling fusion-no-small-visibility\" style=\"--awb-border-radius-top-left:0px;--awb-border-radius-top-right:0px;--awb-border-radius-bottom-right:0px;--awb-border-radius-bottom-left:0px;--awb-padding-top:5px;--awb-padding-right:13%;--awb-padding-bottom:5px;--awb-padding-left:13%;--awb-padding-right-small:10%;--awb-padding-left-small:10%;--awb-margin-top:5px;--awb-margin-bottom:5px;--awb-flex-wrap:wrap;\" ><div class=\"fusion-builder-row fusion-row fusion-flex-align-items-flex-start fusion-flex-content-wrap\" style=\"max-width:1996.8px;margin-left: calc(-4% \/ 2 );margin-right: calc(-4% \/ 2 );\"><div class=\"fusion-layout-column fusion_builder_column fusion-builder-column-3 fusion_builder_column_1_1 1_1 fusion-flex-column\" style=\"--awb-bg-size:cover;--awb-width-large:100%;--awb-margin-top-large:0px;--awb-spacing-right-large:0%;--awb-margin-bottom-large:20px;--awb-spacing-left-large:0%;--awb-width-medium:100%;--awb-order-medium:0;--awb-spacing-right-medium:0%;--awb-spacing-left-medium:0%;--awb-width-small:100%;--awb-order-small:0;--awb-spacing-right-small:1.92%;--awb-spacing-left-small:1.92%;\"><div class=\"fusion-column-wrapper fusion-column-has-shadow fusion-flex-justify-content-flex-start fusion-content-layout-column\">\t\t\t\t<\/div><\/div><\/div><\/div><div class=\"fusion-fullwidth fullwidth-box fusion-builder-row-5 fusion-flex-container nonhundred-percent-fullwidth non-hundred-percent-height-scrolling fusion-no-medium-visibility fusion-no-large-visibility\" style=\"--awb-border-radius-top-left:0px;--awb-border-radius-top-right:0px;--awb-border-radius-bottom-right:0px;--awb-border-radius-bottom-left:0px;--awb-padding-top:5px;--awb-padding-right:13%;--awb-padding-bottom:5px;--awb-padding-left:13%;--awb-padding-top-small:0px;--awb-padding-right-small:0%;--awb-padding-bottom-small:0px;--awb-padding-left-small:0%;--awb-margin-top:5px;--awb-margin-bottom:5px;--awb-margin-top-small:0px;--awb-margin-bottom-small:0px;--awb-flex-wrap:wrap;\" ><div class=\"fusion-builder-row fusion-row fusion-flex-align-items-flex-start fusion-flex-content-wrap\" style=\"max-width:1996.8px;margin-left: calc(-4% \/ 2 );margin-right: calc(-4% \/ 2 );\"><div class=\"fusion-layout-column fusion_builder_column fusion-builder-column-4 fusion_builder_column_1_1 1_1 fusion-flex-column\" style=\"--awb-bg-size:cover;--awb-width-large:100%;--awb-margin-top-large:0px;--awb-spacing-right-large:0%;--awb-margin-bottom-large:20px;--awb-spacing-left-large:0%;--awb-width-medium:100%;--awb-order-medium:0;--awb-spacing-right-medium:0%;--awb-spacing-left-medium:0%;--awb-width-small:100%;--awb-order-small:0;--awb-spacing-right-small:1.92%;--awb-spacing-left-small:1.92%;\"><div class=\"fusion-column-wrapper fusion-column-has-shadow fusion-flex-justify-content-flex-start fusion-content-layout-column\">\t\t\t\t<\/div><\/div><\/div><\/div><div class=\"fusion-fullwidth fullwidth-box fusion-builder-row-6 fusion-flex-container nonhundred-percent-fullwidth non-hundred-percent-height-scrolling\" style=\"--awb-border-radius-top-left:0px;--awb-border-radius-top-right:0px;--awb-border-radius-bottom-right:0px;--awb-border-radius-bottom-left:0px;--awb-flex-wrap:wrap;\" ><div class=\"fusion-builder-row fusion-row fusion-flex-align-items-flex-start fusion-flex-content-wrap\" style=\"max-width:1996.8px;margin-left: calc(-4% \/ 2 );margin-right: calc(-4% \/ 2 );\"><div class=\"fusion-layout-column fusion_builder_column fusion-builder-column-5 fusion_builder_column_1_1 1_1 fusion-flex-column\" style=\"--awb-bg-size:cover;--awb-width-large:100%;--awb-margin-top-large:0px;--awb-spacing-right-large:1.92%;--awb-margin-bottom-large:20px;--awb-spacing-left-large:1.92%;--awb-width-medium:100%;--awb-order-medium:0;--awb-spacing-right-medium:1.92%;--awb-spacing-left-medium:1.92%;--awb-width-small:100%;--awb-order-small:0;--awb-spacing-right-small:1.92%;--awb-spacing-left-small:1.92%;\"><div class=\"fusion-column-wrapper fusion-column-has-shadow fusion-flex-justify-content-flex-start fusion-content-layout-column\"><div class=\"fusion-slider-sc\"><div class=\"fusion-flexslider-loading flexslider flexslider-hover-type-none\" data-slideshow_autoplay=\"0\" data-slideshow_smooth_height=\"0\" data-slideshow_speed=\"6000\" style=\"max-width:100%;height:100%;\"><ul class=\"slides\"><li class=\"image\"><span class=\"fusion-image-hover-element hover-type-none\"><img decoding=\"async\" src=\"https:\/\/retradycja.eu\/wp-content\/uploads\/2023\/11\/1-fot.-Katarzyna-Anna-Kubiak-12-e1749728984531.jpg\" alt=\"Ludzie ogl\u0105daj\u0105 produkty na stoiskach rzemie\u015blnik\u00f3w.\" width=\"1920\" height=\"1282\" class=\"wp-image-53421\" srcset=\"https:\/\/retradycja.eu\/wp-content\/uploads\/2023\/11\/1-fot.-Katarzyna-Anna-Kubiak-12-e1749728984531-391x260.jpg 391w, https:\/\/retradycja.eu\/wp-content\/uploads\/2023\/11\/1-fot.-Katarzyna-Anna-Kubiak-12-e1749728984531.jpg 1920w\" sizes=\"(max-width: 1920px) 100vw, 1920px\" \/><\/span><\/li><li class=\"image\"><span class=\"fusion-image-hover-element hover-type-none\"><img decoding=\"async\" src=\"https:\/\/retradycja.eu\/wp-content\/uploads\/2023\/11\/2-fot.-Katarzyna-Anna-Kubiak-18.jpg\" alt=\"Na scenie podczas koncertu s\u0105 gitarzysta, perkusista i wokalistka. \" width=\"1920\" height=\"1282\" class=\"wp-image-53424\" srcset=\"https:\/\/retradycja.eu\/wp-content\/uploads\/2023\/11\/2-fot.-Katarzyna-Anna-Kubiak-18-200x134.jpg 200w, https:\/\/retradycja.eu\/wp-content\/uploads\/2023\/11\/2-fot.-Katarzyna-Anna-Kubiak-18-400x267.jpg 400w, https:\/\/retradycja.eu\/wp-content\/uploads\/2023\/11\/2-fot.-Katarzyna-Anna-Kubiak-18-600x401.jpg 600w, https:\/\/retradycja.eu\/wp-content\/uploads\/2023\/11\/2-fot.-Katarzyna-Anna-Kubiak-18-800x534.jpg 800w, https:\/\/retradycja.eu\/wp-content\/uploads\/2023\/11\/2-fot.-Katarzyna-Anna-Kubiak-18-1200x801.jpg 1200w, https:\/\/retradycja.eu\/wp-content\/uploads\/2023\/11\/2-fot.-Katarzyna-Anna-Kubiak-18.jpg 1920w\" sizes=\"(max-width: 640px) 100vw, 1920px\" \/><\/span><\/li><li class=\"image\"><span class=\"fusion-image-hover-element hover-type-none\"><img decoding=\"async\" src=\"https:\/\/retradycja.eu\/wp-content\/uploads\/2023\/11\/4-BartekZurawski-256.jpg\" alt=\"Dzieci bawi\u0105 si\u0119 du\u017c\u0105 drewnian\u0105 lalk\u0105 na podw\u00f3rku retradycji.\" width=\"1920\" height=\"1280\" class=\"wp-image-53430\" srcset=\"https:\/\/retradycja.eu\/wp-content\/uploads\/2023\/11\/4-BartekZurawski-256-200x133.jpg 200w, https:\/\/retradycja.eu\/wp-content\/uploads\/2023\/11\/4-BartekZurawski-256-400x267.jpg 400w, https:\/\/retradycja.eu\/wp-content\/uploads\/2023\/11\/4-BartekZurawski-256-600x400.jpg 600w, https:\/\/retradycja.eu\/wp-content\/uploads\/2023\/11\/4-BartekZurawski-256-800x533.jpg 800w, https:\/\/retradycja.eu\/wp-content\/uploads\/2023\/11\/4-BartekZurawski-256-1200x800.jpg 1200w, https:\/\/retradycja.eu\/wp-content\/uploads\/2023\/11\/4-BartekZurawski-256.jpg 1920w\" sizes=\"(max-width: 640px) 100vw, 1920px\" \/><\/span><\/li><li class=\"image\"><span class=\"fusion-image-hover-element hover-type-none\"><img decoding=\"async\" src=\"https:\/\/retradycja.eu\/wp-content\/uploads\/2023\/11\/5-BartekZurawski-274.jpg\" alt=\"Dziewczyna gra na klawiszach i \u015bpiewa. Obok niej gra skrzypek. \" width=\"1920\" height=\"1280\" class=\"wp-image-53433\" srcset=\"https:\/\/retradycja.eu\/wp-content\/uploads\/2023\/11\/5-BartekZurawski-274-200x133.jpg 200w, https:\/\/retradycja.eu\/wp-content\/uploads\/2023\/11\/5-BartekZurawski-274-400x267.jpg 400w, https:\/\/retradycja.eu\/wp-content\/uploads\/2023\/11\/5-BartekZurawski-274-600x400.jpg 600w, https:\/\/retradycja.eu\/wp-content\/uploads\/2023\/11\/5-BartekZurawski-274-800x533.jpg 800w, https:\/\/retradycja.eu\/wp-content\/uploads\/2023\/11\/5-BartekZurawski-274-1200x800.jpg 1200w, https:\/\/retradycja.eu\/wp-content\/uploads\/2023\/11\/5-BartekZurawski-274.jpg 1920w\" sizes=\"(max-width: 640px) 100vw, 1920px\" \/><\/span><\/li><li class=\"image\"><span class=\"fusion-image-hover-element hover-type-none\"><img decoding=\"async\" src=\"https:\/\/retradycja.eu\/wp-content\/uploads\/2023\/11\/6-BartekZurawski-175.jpg\" alt=\"Pota\u0144c\u00f3wka na dechach. Na pierwszym planie kobieta w sukience, kt\u00f3ra si\u0119 u\u015bmiecha.\" width=\"1920\" height=\"1280\" class=\"wp-image-53436\" srcset=\"https:\/\/retradycja.eu\/wp-content\/uploads\/2023\/11\/6-BartekZurawski-175-200x133.jpg 200w, https:\/\/retradycja.eu\/wp-content\/uploads\/2023\/11\/6-BartekZurawski-175-400x267.jpg 400w, https:\/\/retradycja.eu\/wp-content\/uploads\/2023\/11\/6-BartekZurawski-175-600x400.jpg 600w, https:\/\/retradycja.eu\/wp-content\/uploads\/2023\/11\/6-BartekZurawski-175-800x533.jpg 800w, https:\/\/retradycja.eu\/wp-content\/uploads\/2023\/11\/6-BartekZurawski-175-1200x800.jpg 1200w, https:\/\/retradycja.eu\/wp-content\/uploads\/2023\/11\/6-BartekZurawski-175.jpg 1920w\" sizes=\"(max-width: 640px) 100vw, 1920px\" \/><\/span><\/li><li class=\"image\"><span class=\"fusion-image-hover-element hover-type-none\"><img decoding=\"async\" src=\"https:\/\/retradycja.eu\/wp-content\/uploads\/2023\/11\/7-fot.-Katarzyna-Anna-Kubiak-98.jpg\" alt=\"Stoisko, na kt\u00f3rym mo\u017cna kupi\u0107 maski karnawa\u0142owe w kszta\u0142cie g\u0142owy kozy.\" width=\"1920\" height=\"1282\" class=\"wp-image-53439\" srcset=\"https:\/\/retradycja.eu\/wp-content\/uploads\/2023\/11\/7-fot.-Katarzyna-Anna-Kubiak-98-200x134.jpg 200w, https:\/\/retradycja.eu\/wp-content\/uploads\/2023\/11\/7-fot.-Katarzyna-Anna-Kubiak-98-400x267.jpg 400w, https:\/\/retradycja.eu\/wp-content\/uploads\/2023\/11\/7-fot.-Katarzyna-Anna-Kubiak-98-600x401.jpg 600w, https:\/\/retradycja.eu\/wp-content\/uploads\/2023\/11\/7-fot.-Katarzyna-Anna-Kubiak-98-800x534.jpg 800w, https:\/\/retradycja.eu\/wp-content\/uploads\/2023\/11\/7-fot.-Katarzyna-Anna-Kubiak-98-1200x801.jpg 1200w, https:\/\/retradycja.eu\/wp-content\/uploads\/2023\/11\/7-fot.-Katarzyna-Anna-Kubiak-98.jpg 1920w\" sizes=\"(max-width: 640px) 100vw, 1920px\" \/><\/span><\/li><li class=\"image\"><span class=\"fusion-image-hover-element hover-type-none\"><img decoding=\"async\" src=\"https:\/\/retradycja.eu\/wp-content\/uploads\/2023\/11\/8-fot.magda_boruch-8.jpg\" alt=\"Dziewczynka z mam\u0105 ogl\u0105daj\u0105 wystaw\u0119 linorytu i drzeworytu.\" width=\"1920\" height=\"1280\" class=\"wp-image-53442\" srcset=\"https:\/\/retradycja.eu\/wp-content\/uploads\/2023\/11\/8-fot.magda_boruch-8-200x133.jpg 200w, https:\/\/retradycja.eu\/wp-content\/uploads\/2023\/11\/8-fot.magda_boruch-8-400x267.jpg 400w, https:\/\/retradycja.eu\/wp-content\/uploads\/2023\/11\/8-fot.magda_boruch-8-600x400.jpg 600w, https:\/\/retradycja.eu\/wp-content\/uploads\/2023\/11\/8-fot.magda_boruch-8-800x533.jpg 800w, https:\/\/retradycja.eu\/wp-content\/uploads\/2023\/11\/8-fot.magda_boruch-8-1200x800.jpg 1200w, https:\/\/retradycja.eu\/wp-content\/uploads\/2023\/11\/8-fot.magda_boruch-8.jpg 1920w\" sizes=\"(max-width: 640px) 100vw, 1920px\" \/><\/span><\/li><\/ul><\/div><\/div><\/div><\/div><\/div><\/div><div class=\"fusion-fullwidth fullwidth-box fusion-builder-row-7 fusion-flex-container nonhundred-percent-fullwidth non-hundred-percent-height-scrolling\" style=\"--awb-border-radius-top-left:0px;--awb-border-radius-top-right:0px;--awb-border-radius-bottom-right:0px;--awb-border-radius-bottom-left:0px;--awb-margin-bottom:3%;--awb-flex-wrap:wrap;\" ><div class=\"fusion-builder-row fusion-row fusion-flex-align-items-flex-start fusion-flex-content-wrap\" style=\"max-width:calc( 1920px + 0px );margin-left: calc(-0px \/ 2 );margin-right: calc(-0px \/ 2 );\"><div class=\"fusion-layout-column fusion_builder_column fusion-builder-column-6 fusion_builder_column_1_1 1_1 fusion-flex-column\" style=\"--awb-bg-size:cover;--awb-width-large:100%;--awb-margin-top-large:0px;--awb-spacing-right-large:0px;--awb-margin-bottom-large:20px;--awb-spacing-left-large:0px;--awb-width-medium:100%;--awb-spacing-right-medium:0px;--awb-spacing-left-medium:0px;--awb-width-small:100%;--awb-spacing-right-small:0px;--awb-spacing-left-small:0px;\"><div class=\"fusion-column-wrapper fusion-column-has-shadow fusion-flex-justify-content-flex-start fusion-content-layout-column\"><div style=\"text-align:center;\"><a class=\"fusion-button button-flat button-large button-custom fusion-button-default button-2 fusion-button-span-no fusion-button-default-type\" style=\"--button_accent_color:#ffffff;--button_accent_hover_color:#ffffff;--button_border_hover_color:#ffffff;--button-border-radius-top-left:0px;--button-border-radius-top-right:0px;--button-border-radius-bottom-right:0px;--button-border-radius-bottom-left:0px;--button_gradient_top_color:#000000;--button_gradient_bottom_color:#000000;--button_gradient_top_color_hover:#000000;--button_gradient_bottom_color_hover:#000000;\" target=\"_self\" href=\"https:\/\/retradycja.eu\/en\/photos\/\"><span class=\"fusion-button-text\">MORE PHOTOS<\/span><\/a><\/div><\/div><\/div><\/div><\/div><div class=\"fusion-fullwidth fullwidth-box fusion-builder-row-8 fusion-flex-container nonhundred-percent-fullwidth non-hundred-percent-height-scrolling fusion-no-small-visibility\" style=\"--awb-border-radius-top-left:0px;--awb-border-radius-top-right:0px;--awb-border-radius-bottom-right:0px;--awb-border-radius-bottom-left:0px;--awb-padding-left:8%;--awb-flex-wrap:wrap;\" ><div class=\"fusion-builder-row fusion-row fusion-flex-align-items-flex-start fusion-flex-content-wrap\" style=\"max-width:1996.8px;margin-left: calc(-4% \/ 2 );margin-right: calc(-4% \/ 2 );\"><div class=\"fusion-layout-column fusion_builder_column fusion-builder-column-7 fusion_builder_column_2_3 2_3 fusion-flex-column\" style=\"--awb-padding-top:3px;--awb-padding-right-small:3px;--awb-bg-color:#ffffff;--awb-bg-color-hover:#ffffff;--awb-bg-size:cover;--awb-width-large:66.666666666667%;--awb-margin-top-large:0px;--awb-spacing-right-large:2.88%;--awb-margin-bottom-large:20px;--awb-spacing-left-large:2.88%;--awb-width-medium:66.666666666667%;--awb-spacing-right-medium:2.88%;--awb-spacing-left-medium:2.88%;--awb-width-small:66.666666666667%;--awb-spacing-right-small:2.88%;--awb-spacing-left-small:2.88%;\"><div class=\"fusion-column-wrapper fusion-column-has-shadow fusion-flex-justify-content-flex-start fusion-content-layout-column\"><div class=\"fusion-text fusion-text-1\"><h2 class=\"fusion-responsive-typography-calculated\" style=\"--fontsize: 36; line-height: 1.2;\" data-fontsize=\"36\" data-lineheight=\"43.2px\"><span class=\"czarny_tekst\">Organisers and partners<\/span><\/h2>\n<\/div><\/div><\/div><\/div><\/div><div class=\"fusion-fullwidth fullwidth-box fusion-builder-row-9 fusion-flex-container nonhundred-percent-fullwidth non-hundred-percent-height-scrolling fusion-no-small-visibility fusion-custom-z-index\" style=\"--awb-border-radius-top-left:0px;--awb-border-radius-top-right:0px;--awb-border-radius-bottom-right:0px;--awb-border-radius-bottom-left:0px;--awb-z-index:999;--awb-padding-right:8%;--awb-padding-left:8%;--awb-flex-wrap:wrap;\" ><div class=\"fusion-builder-row fusion-row fusion-flex-align-items-flex-start fusion-flex-content-wrap\" style=\"max-width:calc( 1920px + 0px );margin-left: calc(-0px \/ 2 );margin-right: calc(-0px \/ 2 );\"><div class=\"fusion-layout-column fusion_builder_column fusion-builder-column-8 fusion_builder_column_1_1 1_1 fusion-flex-column\" style=\"--awb-bg-size:cover;--awb-width-large:100%;--awb-margin-top-large:0px;--awb-spacing-right-large:0px;--awb-margin-bottom-large:20px;--awb-spacing-left-large:0px;--awb-width-medium:100%;--awb-order-medium:0;--awb-spacing-right-medium:0px;--awb-spacing-left-medium:0px;--awb-width-small:100%;--awb-order-small:0;--awb-spacing-right-small:0px;--awb-spacing-left-small:0px;\"><div class=\"fusion-column-wrapper fusion-column-has-shadow fusion-flex-justify-content-flex-start fusion-content-layout-column\"><div class=\"fusion-image-carousel fusion-image-carousel-auto fusion-image-carousel-1\"><div class=\"awb-carousel awb-swiper awb-swiper-carousel\" data-autoplay=\"yes\" data-columns=\"6\" data-itemmargin=\"18\" data-itemwidth=\"180\" data-touchscroll=\"no\" data-imagesize=\"auto\" data-scrollitems=\"1\" style=\"--awb-columns:6;--awb-column-spacing:18px;\"><div class=\"swiper-wrapper awb-image-carousel-wrapper fusion-flex-align-items-center\"><div class=\"swiper-slide\"><div class=\"fusion-carousel-item-wrapper\"><div class=\"fusion-image-wrapper hover-type-none\"><img decoding=\"async\" width=\"400\" height=\"120\" src=\"https:\/\/retradycja.eu\/wp-content\/uploads\/2026\/07\/belka-01-organizatorzy-organizers.png\" class=\"attachment-full size-full\" alt=\"\" srcset=\"https:\/\/retradycja.eu\/wp-content\/uploads\/2026\/07\/belka-01-organizatorzy-organizers-200x60.png 200w, https:\/\/retradycja.eu\/wp-content\/uploads\/2026\/07\/belka-01-organizatorzy-organizers.png 400w\" sizes=\"(min-width: 2200px) 100vw, (min-width: 1000px) 305px, (min-width: 928px) 366px, (min-width: 856px) 458px, (min-width: 784px) 610px, (min-width: 712px) 784px, (min-width: 640px) 712px, \" \/><\/div><\/div><\/div><div class=\"swiper-slide\"><div class=\"fusion-carousel-item-wrapper\"><div class=\"fusion-image-wrapper hover-type-none\"><img decoding=\"async\" width=\"400\" height=\"400\" src=\"https:\/\/retradycja.eu\/wp-content\/uploads\/2026\/07\/belka-01-warsztaty-kultury.png\" class=\"attachment-full size-full\" alt=\"\" srcset=\"https:\/\/retradycja.eu\/wp-content\/uploads\/2026\/07\/belka-01-warsztaty-kultury-200x200.png 200w, https:\/\/retradycja.eu\/wp-content\/uploads\/2026\/07\/belka-01-warsztaty-kultury.png 400w\" sizes=\"(min-width: 2200px) 100vw, (min-width: 1000px) 305px, (min-width: 928px) 366px, (min-width: 856px) 458px, (min-width: 784px) 610px, (min-width: 712px) 784px, (min-width: 640px) 712px, \" \/><\/div><\/div><\/div><div class=\"swiper-slide\"><div class=\"fusion-carousel-item-wrapper\"><div class=\"fusion-image-wrapper hover-type-none\"><img decoding=\"async\" width=\"400\" height=\"400\" src=\"https:\/\/retradycja.eu\/wp-content\/uploads\/2026\/07\/belka-02-instytucja-kultury-miasta-lublin.png\" class=\"attachment-full size-full\" alt=\"\" srcset=\"https:\/\/retradycja.eu\/wp-content\/uploads\/2026\/07\/belka-02-instytucja-kultury-miasta-lublin-200x200.png 200w, https:\/\/retradycja.eu\/wp-content\/uploads\/2026\/07\/belka-02-instytucja-kultury-miasta-lublin.png 400w\" sizes=\"(min-width: 2200px) 100vw, (min-width: 1000px) 305px, (min-width: 928px) 366px, (min-width: 856px) 458px, (min-width: 784px) 610px, (min-width: 712px) 784px, (min-width: 640px) 712px, \" \/><\/div><\/div><\/div><div class=\"swiper-slide\"><div class=\"fusion-carousel-item-wrapper\"><div class=\"fusion-image-wrapper hover-type-none\"><img decoding=\"async\" width=\"400\" height=\"400\" src=\"https:\/\/retradycja.eu\/wp-content\/uploads\/2026\/07\/belka-03-europejska-stolica-kultury.png\" class=\"attachment-full size-full\" alt=\"\" srcset=\"https:\/\/retradycja.eu\/wp-content\/uploads\/2026\/07\/belka-03-europejska-stolica-kultury-200x200.png 200w, https:\/\/retradycja.eu\/wp-content\/uploads\/2026\/07\/belka-03-europejska-stolica-kultury.png 400w\" sizes=\"(min-width: 2200px) 100vw, (min-width: 1000px) 305px, (min-width: 928px) 366px, (min-width: 856px) 458px, (min-width: 784px) 610px, (min-width: 712px) 784px, (min-width: 640px) 712px, \" \/><\/div><\/div><\/div><div class=\"swiper-slide\"><div class=\"fusion-carousel-item-wrapper\"><div class=\"fusion-image-wrapper hover-type-none\"><img decoding=\"async\" width=\"400\" height=\"400\" src=\"https:\/\/retradycja.eu\/wp-content\/uploads\/2026\/07\/belka-04-lublin-miasto-inspiracji.png\" class=\"attachment-full size-full\" alt=\"\" srcset=\"https:\/\/retradycja.eu\/wp-content\/uploads\/2026\/07\/belka-04-lublin-miasto-inspiracji-200x200.png 200w, https:\/\/retradycja.eu\/wp-content\/uploads\/2026\/07\/belka-04-lublin-miasto-inspiracji.png 400w\" sizes=\"(min-width: 2200px) 100vw, (min-width: 1000px) 305px, (min-width: 928px) 366px, (min-width: 856px) 458px, (min-width: 784px) 610px, (min-width: 712px) 784px, (min-width: 640px) 712px, \" \/><\/div><\/div><\/div><div class=\"swiper-slide\"><div class=\"fusion-carousel-item-wrapper\"><div class=\"fusion-image-wrapper hover-type-none\"><img decoding=\"async\" width=\"400\" height=\"120\" src=\"https:\/\/retradycja.eu\/wp-content\/uploads\/2026\/07\/belka-02-patronat-honorowy-honorary-patronage.png\" class=\"attachment-full size-full\" alt=\"\" srcset=\"https:\/\/retradycja.eu\/wp-content\/uploads\/2026\/07\/belka-02-patronat-honorowy-honorary-patronage-200x60.png 200w, https:\/\/retradycja.eu\/wp-content\/uploads\/2026\/07\/belka-02-patronat-honorowy-honorary-patronage.png 400w\" sizes=\"(min-width: 2200px) 100vw, (min-width: 1000px) 305px, (min-width: 928px) 366px, (min-width: 856px) 458px, (min-width: 784px) 610px, (min-width: 712px) 784px, (min-width: 640px) 712px, \" \/><\/div><\/div><\/div><div class=\"swiper-slide\"><div class=\"fusion-carousel-item-wrapper\"><div class=\"fusion-image-wrapper hover-type-none\"><img decoding=\"async\" width=\"400\" height=\"400\" src=\"https:\/\/retradycja.eu\/wp-content\/uploads\/2026\/07\/belka-05-prezydent-miasta-lublin.png\" class=\"attachment-full size-full\" alt=\"\" srcset=\"https:\/\/retradycja.eu\/wp-content\/uploads\/2026\/07\/belka-05-prezydent-miasta-lublin-200x200.png 200w, https:\/\/retradycja.eu\/wp-content\/uploads\/2026\/07\/belka-05-prezydent-miasta-lublin.png 400w\" sizes=\"(min-width: 2200px) 100vw, (min-width: 1000px) 305px, (min-width: 928px) 366px, (min-width: 856px) 458px, (min-width: 784px) 610px, (min-width: 712px) 784px, (min-width: 640px) 712px, \" \/><\/div><\/div><\/div><div class=\"swiper-slide\"><div class=\"fusion-carousel-item-wrapper\"><div class=\"fusion-image-wrapper hover-type-none\"><img decoding=\"async\" width=\"400\" height=\"400\" src=\"https:\/\/retradycja.eu\/wp-content\/uploads\/2026\/07\/belka-06-narodowy-instytut-dziedzictwa.png\" class=\"attachment-full size-full\" alt=\"\" srcset=\"https:\/\/retradycja.eu\/wp-content\/uploads\/2026\/07\/belka-06-narodowy-instytut-dziedzictwa-200x200.png 200w, https:\/\/retradycja.eu\/wp-content\/uploads\/2026\/07\/belka-06-narodowy-instytut-dziedzictwa.png 400w\" sizes=\"(min-width: 2200px) 100vw, (min-width: 1000px) 305px, (min-width: 928px) 366px, (min-width: 856px) 458px, (min-width: 784px) 610px, (min-width: 712px) 784px, (min-width: 640px) 712px, \" \/><\/div><\/div><\/div><div class=\"swiper-slide\"><div class=\"fusion-carousel-item-wrapper\"><div class=\"fusion-image-wrapper hover-type-none\"><img decoding=\"async\" width=\"400\" height=\"120\" src=\"https:\/\/retradycja.eu\/wp-content\/uploads\/2026\/07\/belka-03-mecenas-patron.png\" class=\"attachment-full size-full\" alt=\"\" srcset=\"https:\/\/retradycja.eu\/wp-content\/uploads\/2026\/07\/belka-03-mecenas-patron-200x60.png 200w, https:\/\/retradycja.eu\/wp-content\/uploads\/2026\/07\/belka-03-mecenas-patron.png 400w\" sizes=\"(min-width: 2200px) 100vw, (min-width: 1000px) 305px, (min-width: 928px) 366px, (min-width: 856px) 458px, (min-width: 784px) 610px, (min-width: 712px) 784px, (min-width: 640px) 712px, \" \/><\/div><\/div><\/div><div class=\"swiper-slide\"><div class=\"fusion-carousel-item-wrapper\"><div class=\"fusion-image-wrapper hover-type-none\"><img decoding=\"async\" width=\"400\" height=\"400\" src=\"https:\/\/retradycja.eu\/wp-content\/uploads\/2026\/07\/belka-07-ministerstwo-kultury-i-dziedzictwa-narodowego.png\" class=\"attachment-full size-full\" alt=\"\" srcset=\"https:\/\/retradycja.eu\/wp-content\/uploads\/2026\/07\/belka-07-ministerstwo-kultury-i-dziedzictwa-narodowego-200x200.png 200w, https:\/\/retradycja.eu\/wp-content\/uploads\/2026\/07\/belka-07-ministerstwo-kultury-i-dziedzictwa-narodowego.png 400w\" sizes=\"(min-width: 2200px) 100vw, (min-width: 1000px) 305px, (min-width: 928px) 366px, (min-width: 856px) 458px, (min-width: 784px) 610px, (min-width: 712px) 784px, (min-width: 640px) 712px, \" \/><\/div><\/div><\/div><div class=\"swiper-slide\"><div class=\"fusion-carousel-item-wrapper\"><div class=\"fusion-image-wrapper hover-type-none\"><img decoding=\"async\" width=\"400\" height=\"120\" src=\"https:\/\/retradycja.eu\/wp-content\/uploads\/2026\/07\/belka-04-partnerzy-partners.png\" class=\"attachment-full size-full\" alt=\"\" srcset=\"https:\/\/retradycja.eu\/wp-content\/uploads\/2026\/07\/belka-04-partnerzy-partners-200x60.png 200w, https:\/\/retradycja.eu\/wp-content\/uploads\/2026\/07\/belka-04-partnerzy-partners.png 400w\" sizes=\"(min-width: 2200px) 100vw, (min-width: 1000px) 305px, (min-width: 928px) 366px, (min-width: 856px) 458px, (min-width: 784px) 610px, (min-width: 712px) 784px, (min-width: 640px) 712px, \" \/><\/div><\/div><\/div><div class=\"swiper-slide\"><div class=\"fusion-carousel-item-wrapper\"><div class=\"fusion-image-wrapper hover-type-none\"><img decoding=\"async\" width=\"400\" height=\"400\" src=\"https:\/\/retradycja.eu\/wp-content\/uploads\/2026\/07\/belka-08-lublin-airport-logo.png\" class=\"attachment-full size-full\" alt=\"\" srcset=\"https:\/\/retradycja.eu\/wp-content\/uploads\/2026\/07\/belka-08-lublin-airport-logo-200x200.png 200w, https:\/\/retradycja.eu\/wp-content\/uploads\/2026\/07\/belka-08-lublin-airport-logo.png 400w\" sizes=\"(min-width: 2200px) 100vw, (min-width: 1000px) 305px, (min-width: 928px) 366px, (min-width: 856px) 458px, (min-width: 784px) 610px, (min-width: 712px) 784px, (min-width: 640px) 712px, \" \/><\/div><\/div><\/div><div class=\"swiper-slide\"><div class=\"fusion-carousel-item-wrapper\"><div class=\"fusion-image-wrapper hover-type-none\"><img decoding=\"async\" width=\"400\" height=\"400\" src=\"https:\/\/retradycja.eu\/wp-content\/uploads\/2026\/07\/belka-09-fundacja-kultura-enter-logo.png\" class=\"attachment-full size-full\" alt=\"\" srcset=\"https:\/\/retradycja.eu\/wp-content\/uploads\/2026\/07\/belka-09-fundacja-kultura-enter-logo-200x200.png 200w, https:\/\/retradycja.eu\/wp-content\/uploads\/2026\/07\/belka-09-fundacja-kultura-enter-logo.png 400w\" sizes=\"(min-width: 2200px) 100vw, (min-width: 1000px) 305px, (min-width: 928px) 366px, (min-width: 856px) 458px, (min-width: 784px) 610px, (min-width: 712px) 784px, (min-width: 640px) 712px, \" \/><\/div><\/div><\/div><div class=\"swiper-slide\"><div class=\"fusion-carousel-item-wrapper\"><div class=\"fusion-image-wrapper hover-type-none\"><img decoding=\"async\" width=\"400\" height=\"400\" src=\"https:\/\/retradycja.eu\/wp-content\/uploads\/2026\/07\/belka-10-osrodek-praktyk-teatralnych-gardzienice-logo.png\" class=\"attachment-full size-full\" alt=\"\" srcset=\"https:\/\/retradycja.eu\/wp-content\/uploads\/2026\/07\/belka-10-osrodek-praktyk-teatralnych-gardzienice-logo-200x200.png 200w, https:\/\/retradycja.eu\/wp-content\/uploads\/2026\/07\/belka-10-osrodek-praktyk-teatralnych-gardzienice-logo.png 400w\" sizes=\"(min-width: 2200px) 100vw, (min-width: 1000px) 305px, (min-width: 928px) 366px, (min-width: 856px) 458px, (min-width: 784px) 610px, (min-width: 712px) 784px, (min-width: 640px) 712px, \" \/><\/div><\/div><\/div><div class=\"swiper-slide\"><div class=\"fusion-carousel-item-wrapper\"><div class=\"fusion-image-wrapper hover-type-none\"><img decoding=\"async\" width=\"400\" height=\"400\" src=\"https:\/\/retradycja.eu\/wp-content\/uploads\/2026\/07\/belka-11-teatr-stary-w-lublinie-logo.png\" class=\"attachment-full size-full\" alt=\"\" srcset=\"https:\/\/retradycja.eu\/wp-content\/uploads\/2026\/07\/belka-11-teatr-stary-w-lublinie-logo-200x200.png 200w, https:\/\/retradycja.eu\/wp-content\/uploads\/2026\/07\/belka-11-teatr-stary-w-lublinie-logo.png 400w\" sizes=\"(min-width: 2200px) 100vw, (min-width: 1000px) 305px, (min-width: 928px) 366px, (min-width: 856px) 458px, (min-width: 784px) 610px, (min-width: 712px) 784px, (min-width: 640px) 712px, \" \/><\/div><\/div><\/div><div class=\"swiper-slide\"><div class=\"fusion-carousel-item-wrapper\"><div class=\"fusion-image-wrapper hover-type-none\"><img decoding=\"async\" width=\"400\" height=\"400\" src=\"https:\/\/retradycja.eu\/wp-content\/uploads\/2026\/07\/belka-12-dominikanie-lublin-logo.png\" class=\"attachment-full size-full\" alt=\"\" srcset=\"https:\/\/retradycja.eu\/wp-content\/uploads\/2026\/07\/belka-12-dominikanie-lublin-logo-200x200.png 200w, https:\/\/retradycja.eu\/wp-content\/uploads\/2026\/07\/belka-12-dominikanie-lublin-logo.png 400w\" sizes=\"(min-width: 2200px) 100vw, (min-width: 1000px) 305px, (min-width: 928px) 366px, (min-width: 856px) 458px, (min-width: 784px) 610px, (min-width: 712px) 784px, (min-width: 640px) 712px, \" \/><\/div><\/div><\/div><div class=\"swiper-slide\"><div class=\"fusion-carousel-item-wrapper\"><div class=\"fusion-image-wrapper hover-type-none\"><img decoding=\"async\" width=\"400\" height=\"400\" src=\"https:\/\/retradycja.eu\/wp-content\/uploads\/2026\/07\/belka-13-muzeum-narodowe-w-lublinie-logo.png\" class=\"attachment-full size-full\" alt=\"\" srcset=\"https:\/\/retradycja.eu\/wp-content\/uploads\/2026\/07\/belka-13-muzeum-narodowe-w-lublinie-logo-200x200.png 200w, https:\/\/retradycja.eu\/wp-content\/uploads\/2026\/07\/belka-13-muzeum-narodowe-w-lublinie-logo.png 400w\" sizes=\"(min-width: 2200px) 100vw, (min-width: 1000px) 305px, (min-width: 928px) 366px, (min-width: 856px) 458px, (min-width: 784px) 610px, (min-width: 712px) 784px, (min-width: 640px) 712px, \" \/><\/div><\/div><\/div><div class=\"swiper-slide\"><div class=\"fusion-carousel-item-wrapper\"><div class=\"fusion-image-wrapper hover-type-none\"><img decoding=\"async\" width=\"400\" height=\"400\" src=\"https:\/\/retradycja.eu\/wp-content\/uploads\/2026\/07\/belka-14-ivan-honchar-logo.png\" class=\"attachment-full size-full\" alt=\"\" srcset=\"https:\/\/retradycja.eu\/wp-content\/uploads\/2026\/07\/belka-14-ivan-honchar-logo-200x200.png 200w, https:\/\/retradycja.eu\/wp-content\/uploads\/2026\/07\/belka-14-ivan-honchar-logo.png 400w\" sizes=\"(min-width: 2200px) 100vw, (min-width: 1000px) 305px, (min-width: 928px) 366px, (min-width: 856px) 458px, (min-width: 784px) 610px, (min-width: 712px) 784px, (min-width: 640px) 712px, \" \/><\/div><\/div><\/div><div class=\"swiper-slide\"><div class=\"fusion-carousel-item-wrapper\"><div class=\"fusion-image-wrapper hover-type-none\"><img decoding=\"async\" width=\"400\" height=\"400\" src=\"https:\/\/retradycja.eu\/wp-content\/uploads\/2026\/07\/belka-15-stowarzyszenie-tworcow-ludowych-logo.png\" class=\"attachment-full size-full\" alt=\"\" srcset=\"https:\/\/retradycja.eu\/wp-content\/uploads\/2026\/07\/belka-15-stowarzyszenie-tworcow-ludowych-logo-200x200.png 200w, https:\/\/retradycja.eu\/wp-content\/uploads\/2026\/07\/belka-15-stowarzyszenie-tworcow-ludowych-logo.png 400w\" sizes=\"(min-width: 2200px) 100vw, (min-width: 1000px) 305px, (min-width: 928px) 366px, (min-width: 856px) 458px, (min-width: 784px) 610px, (min-width: 712px) 784px, (min-width: 640px) 712px, \" \/><\/div><\/div><\/div><div class=\"swiper-slide\"><div class=\"fusion-carousel-item-wrapper\"><div class=\"fusion-image-wrapper hover-type-none\"><a href=\"https:\/\/busbonus.pl\/\" target=\"_self\"><img decoding=\"async\" width=\"400\" height=\"400\" src=\"https:\/\/retradycja.eu\/wp-content\/uploads\/2026\/08\/belka-15-2-bus-bonus.png\" class=\"attachment-full size-full\" alt=\"Logo Bus Bonus.\" srcset=\"https:\/\/retradycja.eu\/wp-content\/uploads\/2026\/08\/belka-15-2-bus-bonus-200x200.png 200w, https:\/\/retradycja.eu\/wp-content\/uploads\/2026\/08\/belka-15-2-bus-bonus.png 400w\" sizes=\"(min-width: 2200px) 100vw, (min-width: 1000px) 305px, (min-width: 928px) 366px, (min-width: 856px) 458px, (min-width: 784px) 610px, (min-width: 712px) 784px, (min-width: 640px) 712px, \" \/><\/a><\/div><\/div><\/div><div class=\"swiper-slide\"><div class=\"fusion-carousel-item-wrapper\"><div class=\"fusion-image-wrapper hover-type-none\"><img decoding=\"async\" width=\"400\" height=\"120\" src=\"https:\/\/retradycja.eu\/wp-content\/uploads\/2026\/07\/belka-05-patroni-medialni-media-patronage.png\" class=\"attachment-full size-full\" alt=\"\" srcset=\"https:\/\/retradycja.eu\/wp-content\/uploads\/2026\/07\/belka-05-patroni-medialni-media-patronage-200x60.png 200w, https:\/\/retradycja.eu\/wp-content\/uploads\/2026\/07\/belka-05-patroni-medialni-media-patronage.png 400w\" sizes=\"(min-width: 2200px) 100vw, (min-width: 1000px) 305px, (min-width: 928px) 366px, (min-width: 856px) 458px, (min-width: 784px) 610px, (min-width: 712px) 784px, (min-width: 640px) 712px, \" \/><\/div><\/div><\/div><div class=\"swiper-slide\"><div class=\"fusion-carousel-item-wrapper\"><div class=\"fusion-image-wrapper hover-type-none\"><img decoding=\"async\" width=\"400\" height=\"400\" src=\"https:\/\/retradycja.eu\/wp-content\/uploads\/2026\/07\/belka-16-tvp-kultura-logo.png\" class=\"attachment-full size-full\" alt=\"\" srcset=\"https:\/\/retradycja.eu\/wp-content\/uploads\/2026\/07\/belka-16-tvp-kultura-logo-200x200.png 200w, https:\/\/retradycja.eu\/wp-content\/uploads\/2026\/07\/belka-16-tvp-kultura-logo.png 400w\" sizes=\"(min-width: 2200px) 100vw, (min-width: 1000px) 305px, (min-width: 928px) 366px, (min-width: 856px) 458px, (min-width: 784px) 610px, (min-width: 712px) 784px, (min-width: 640px) 712px, \" \/><\/div><\/div><\/div><div class=\"swiper-slide\"><div class=\"fusion-carousel-item-wrapper\"><div class=\"fusion-image-wrapper hover-type-none\"><img decoding=\"async\" width=\"400\" height=\"400\" src=\"https:\/\/retradycja.eu\/wp-content\/uploads\/2026\/07\/belka-17-tvp3-lublin-logo.png\" class=\"attachment-full size-full\" alt=\"\" srcset=\"https:\/\/retradycja.eu\/wp-content\/uploads\/2026\/07\/belka-17-tvp3-lublin-logo-200x200.png 200w, https:\/\/retradycja.eu\/wp-content\/uploads\/2026\/07\/belka-17-tvp3-lublin-logo.png 400w\" sizes=\"(min-width: 2200px) 100vw, (min-width: 1000px) 305px, (min-width: 928px) 366px, (min-width: 856px) 458px, (min-width: 784px) 610px, (min-width: 712px) 784px, (min-width: 640px) 712px, \" \/><\/div><\/div><\/div><div class=\"swiper-slide\"><div class=\"fusion-carousel-item-wrapper\"><div class=\"fusion-image-wrapper hover-type-none\"><img decoding=\"async\" width=\"400\" height=\"400\" src=\"https:\/\/retradycja.eu\/wp-content\/uploads\/2026\/07\/belka-18-tvp-abc-logo.png\" class=\"attachment-full size-full\" alt=\"\" srcset=\"https:\/\/retradycja.eu\/wp-content\/uploads\/2026\/07\/belka-18-tvp-abc-logo-200x200.png 200w, https:\/\/retradycja.eu\/wp-content\/uploads\/2026\/07\/belka-18-tvp-abc-logo.png 400w\" sizes=\"(min-width: 2200px) 100vw, (min-width: 1000px) 305px, (min-width: 928px) 366px, (min-width: 856px) 458px, (min-width: 784px) 610px, (min-width: 712px) 784px, (min-width: 640px) 712px, \" \/><\/div><\/div><\/div><div class=\"swiper-slide\"><div class=\"fusion-carousel-item-wrapper\"><div class=\"fusion-image-wrapper hover-type-none\"><img decoding=\"async\" width=\"400\" height=\"400\" src=\"https:\/\/retradycja.eu\/wp-content\/uploads\/2026\/07\/belka-19-dwojka-polskie-radio-logo.png\" class=\"attachment-full size-full\" alt=\"\" srcset=\"https:\/\/retradycja.eu\/wp-content\/uploads\/2026\/07\/belka-19-dwojka-polskie-radio-logo-200x200.png 200w, https:\/\/retradycja.eu\/wp-content\/uploads\/2026\/07\/belka-19-dwojka-polskie-radio-logo.png 400w\" sizes=\"(min-width: 2200px) 100vw, (min-width: 1000px) 305px, (min-width: 928px) 366px, (min-width: 856px) 458px, (min-width: 784px) 610px, (min-width: 712px) 784px, (min-width: 640px) 712px, \" \/><\/div><\/div><\/div><div class=\"swiper-slide\"><div class=\"fusion-carousel-item-wrapper\"><div class=\"fusion-image-wrapper hover-type-none\"><img decoding=\"async\" width=\"400\" height=\"400\" src=\"https:\/\/retradycja.eu\/wp-content\/uploads\/2026\/07\/belka-20-polskie-radio-dzieciom-logo.png\" class=\"attachment-full size-full\" alt=\"\" srcset=\"https:\/\/retradycja.eu\/wp-content\/uploads\/2026\/07\/belka-20-polskie-radio-dzieciom-logo-200x200.png 200w, https:\/\/retradycja.eu\/wp-content\/uploads\/2026\/07\/belka-20-polskie-radio-dzieciom-logo.png 400w\" sizes=\"(min-width: 2200px) 100vw, (min-width: 1000px) 305px, (min-width: 928px) 366px, (min-width: 856px) 458px, (min-width: 784px) 610px, (min-width: 712px) 784px, (min-width: 640px) 712px, \" \/><\/div><\/div><\/div><div class=\"swiper-slide\"><div class=\"fusion-carousel-item-wrapper\"><div class=\"fusion-image-wrapper hover-type-none\"><img decoding=\"async\" width=\"400\" height=\"400\" src=\"https:\/\/retradycja.eu\/wp-content\/uploads\/2026\/07\/belka-21-radiowe-centrum-kultury-ludowej-logo.png\" class=\"attachment-full size-full\" alt=\"\" srcset=\"https:\/\/retradycja.eu\/wp-content\/uploads\/2026\/07\/belka-21-radiowe-centrum-kultury-ludowej-logo-200x200.png 200w, https:\/\/retradycja.eu\/wp-content\/uploads\/2026\/07\/belka-21-radiowe-centrum-kultury-ludowej-logo.png 400w\" sizes=\"(min-width: 2200px) 100vw, (min-width: 1000px) 305px, (min-width: 928px) 366px, (min-width: 856px) 458px, (min-width: 784px) 610px, (min-width: 712px) 784px, (min-width: 640px) 712px, \" \/><\/div><\/div><\/div><div class=\"swiper-slide\"><div class=\"fusion-carousel-item-wrapper\"><div class=\"fusion-image-wrapper hover-type-none\"><img decoding=\"async\" width=\"400\" height=\"400\" src=\"https:\/\/retradycja.eu\/wp-content\/uploads\/2026\/07\/belka-22-polskie-radio-lublin-logo.png\" class=\"attachment-full size-full\" alt=\"\" srcset=\"https:\/\/retradycja.eu\/wp-content\/uploads\/2026\/07\/belka-22-polskie-radio-lublin-logo-200x200.png 200w, https:\/\/retradycja.eu\/wp-content\/uploads\/2026\/07\/belka-22-polskie-radio-lublin-logo.png 400w\" sizes=\"(min-width: 2200px) 100vw, (min-width: 1000px) 305px, (min-width: 928px) 366px, (min-width: 856px) 458px, (min-width: 784px) 610px, (min-width: 712px) 784px, (min-width: 640px) 712px, \" \/><\/div><\/div><\/div><div class=\"swiper-slide\"><div class=\"fusion-carousel-item-wrapper\"><div class=\"fusion-image-wrapper hover-type-none\"><img decoding=\"async\" width=\"400\" height=\"400\" src=\"https:\/\/retradycja.eu\/wp-content\/uploads\/2026\/07\/belka-23-gazeta-wyborcza-logo.png\" class=\"attachment-full size-full\" alt=\"\" srcset=\"https:\/\/retradycja.eu\/wp-content\/uploads\/2026\/07\/belka-23-gazeta-wyborcza-logo-200x200.png 200w, https:\/\/retradycja.eu\/wp-content\/uploads\/2026\/07\/belka-23-gazeta-wyborcza-logo.png 400w\" sizes=\"(min-width: 2200px) 100vw, (min-width: 1000px) 305px, (min-width: 928px) 366px, (min-width: 856px) 458px, (min-width: 784px) 610px, (min-width: 712px) 784px, (min-width: 640px) 712px, \" \/><\/div><\/div><\/div><div class=\"swiper-slide\"><div class=\"fusion-carousel-item-wrapper\"><div class=\"fusion-image-wrapper hover-type-none\"><img decoding=\"async\" width=\"400\" height=\"400\" src=\"https:\/\/retradycja.eu\/wp-content\/uploads\/2026\/07\/belka-24-weranda-country-logo.png\" class=\"attachment-full size-full\" alt=\"\" srcset=\"https:\/\/retradycja.eu\/wp-content\/uploads\/2026\/07\/belka-24-weranda-country-logo-200x200.png 200w, https:\/\/retradycja.eu\/wp-content\/uploads\/2026\/07\/belka-24-weranda-country-logo.png 400w\" sizes=\"(min-width: 2200px) 100vw, (min-width: 1000px) 305px, (min-width: 928px) 366px, (min-width: 856px) 458px, (min-width: 784px) 610px, (min-width: 712px) 784px, (min-width: 640px) 712px, \" \/><\/div><\/div><\/div><div class=\"swiper-slide\"><div class=\"fusion-carousel-item-wrapper\"><div class=\"fusion-image-wrapper hover-type-none\"><img decoding=\"async\" width=\"400\" height=\"400\" src=\"https:\/\/retradycja.eu\/wp-content\/uploads\/2026\/07\/belka-25-kulturaludowapl-logo.png\" class=\"attachment-full size-full\" alt=\"\" srcset=\"https:\/\/retradycja.eu\/wp-content\/uploads\/2026\/07\/belka-25-kulturaludowapl-logo-200x200.png 200w, https:\/\/retradycja.eu\/wp-content\/uploads\/2026\/07\/belka-25-kulturaludowapl-logo.png 400w\" sizes=\"(min-width: 2200px) 100vw, (min-width: 1000px) 305px, (min-width: 928px) 366px, (min-width: 856px) 458px, (min-width: 784px) 610px, (min-width: 712px) 784px, (min-width: 640px) 712px, \" \/><\/div><\/div><\/div><div class=\"swiper-slide\"><div class=\"fusion-carousel-item-wrapper\"><div class=\"fusion-image-wrapper hover-type-none\"><img decoding=\"async\" width=\"400\" height=\"400\" src=\"https:\/\/retradycja.eu\/wp-content\/uploads\/2026\/07\/belka-26-muzykatradycyjnapl-logo.png\" class=\"attachment-full size-full\" alt=\"\" srcset=\"https:\/\/retradycja.eu\/wp-content\/uploads\/2026\/07\/belka-26-muzykatradycyjnapl-logo-200x200.png 200w, https:\/\/retradycja.eu\/wp-content\/uploads\/2026\/07\/belka-26-muzykatradycyjnapl-logo.png 400w\" sizes=\"(min-width: 2200px) 100vw, (min-width: 1000px) 305px, (min-width: 928px) 366px, (min-width: 856px) 458px, (min-width: 784px) 610px, (min-width: 712px) 784px, (min-width: 640px) 712px, \" \/><\/div><\/div><\/div><div class=\"swiper-slide\"><div class=\"fusion-carousel-item-wrapper\"><div class=\"fusion-image-wrapper hover-type-none\"><img decoding=\"async\" width=\"400\" height=\"400\" src=\"https:\/\/retradycja.eu\/wp-content\/uploads\/2026\/07\/belka-27-kultura-enter-logo.png\" class=\"attachment-full size-full\" alt=\"\" srcset=\"https:\/\/retradycja.eu\/wp-content\/uploads\/2026\/07\/belka-27-kultura-enter-logo-200x200.png 200w, https:\/\/retradycja.eu\/wp-content\/uploads\/2026\/07\/belka-27-kultura-enter-logo.png 400w\" sizes=\"(min-width: 2200px) 100vw, (min-width: 1000px) 305px, (min-width: 928px) 366px, (min-width: 856px) 458px, (min-width: 784px) 610px, (min-width: 712px) 784px, (min-width: 640px) 712px, \" \/><\/div><\/div><\/div><div class=\"swiper-slide\"><div class=\"fusion-carousel-item-wrapper\"><div class=\"fusion-image-wrapper hover-type-none\"><img decoding=\"async\" width=\"400\" height=\"400\" src=\"https:\/\/retradycja.eu\/wp-content\/uploads\/2026\/07\/belka-28-onet-logo.png\" class=\"attachment-full size-full\" alt=\"\" srcset=\"https:\/\/retradycja.eu\/wp-content\/uploads\/2026\/07\/belka-28-onet-logo-200x200.png 200w, https:\/\/retradycja.eu\/wp-content\/uploads\/2026\/07\/belka-28-onet-logo.png 400w\" sizes=\"(min-width: 2200px) 100vw, (min-width: 1000px) 305px, (min-width: 928px) 366px, (min-width: 856px) 458px, (min-width: 784px) 610px, (min-width: 712px) 784px, (min-width: 640px) 712px, \" \/><\/div><\/div><\/div><\/div><div class=\"awb-swiper-button awb-swiper-button-prev\"><i class=\"awb-icon-angle-left\" aria-hidden=\"true\"><\/i><\/div><div class=\"awb-swiper-button awb-swiper-button-next\"><i class=\"awb-icon-angle-right\" aria-hidden=\"true\"><\/i><\/div><\/div><\/div><\/div><\/div><\/div><\/div><div class=\"fusion-fullwidth fullwidth-box fusion-builder-row-10 fusion-flex-container nonhundred-percent-fullwidth non-hundred-percent-height-scrolling fusion-no-medium-visibility fusion-no-large-visibility\" style=\"--awb-border-radius-top-left:0px;--awb-border-radius-top-right:0px;--awb-border-radius-bottom-right:0px;--awb-border-radius-bottom-left:0px;--awb-padding-left:8%;--awb-flex-wrap:wrap;\" ><div class=\"fusion-builder-row fusion-row fusion-flex-align-items-flex-start fusion-flex-content-wrap\" style=\"max-width:1996.8px;margin-left: calc(-4% \/ 2 );margin-right: calc(-4% \/ 2 );\"><div class=\"fusion-layout-column fusion_builder_column fusion-builder-column-9 fusion_builder_column_2_3 2_3 fusion-flex-column\" style=\"--awb-padding-top:3px;--awb-padding-right-small:3px;--awb-bg-color:#ffffff;--awb-bg-color-hover:#ffffff;--awb-bg-size:cover;--awb-width-large:66.666666666667%;--awb-margin-top-large:0px;--awb-spacing-right-large:2.88%;--awb-margin-bottom-large:20px;--awb-spacing-left-large:2.88%;--awb-width-medium:66.666666666667%;--awb-spacing-right-medium:2.88%;--awb-spacing-left-medium:2.88%;--awb-width-small:100%;--awb-spacing-right-small:1.92%;--awb-spacing-left-small:1.92%;\"><div class=\"fusion-column-wrapper fusion-column-has-shadow fusion-flex-justify-content-flex-start fusion-content-layout-column\"><div class=\"fusion-text fusion-text-2\"><h2 class=\"\" style=\"--fontsize: 36; line-height: 1.2;\" data-fontsize=\"36\"><span class=\"czarny_tekst\" style=\"font-size: 28px;\" data-fusion-font=\"true\">Organisers and partners<\/span><\/h2>\n<\/div><\/div><\/div><\/div><\/div><div class=\"fusion-fullwidth fullwidth-box fusion-builder-row-11 fusion-flex-container nonhundred-percent-fullwidth non-hundred-percent-height-scrolling fusion-no-medium-visibility fusion-no-large-visibility fusion-custom-z-index\" style=\"--awb-border-radius-top-left:0px;--awb-border-radius-top-right:0px;--awb-border-radius-bottom-right:0px;--awb-border-radius-bottom-left:0px;--awb-z-index:999;--awb-padding-right:8%;--awb-padding-left:8%;--awb-padding-right-small:5.787500000000001px;--awb-padding-left-small:13.787500000000001px;--awb-flex-wrap:wrap;\" ><div class=\"fusion-builder-row fusion-row fusion-flex-align-items-flex-start fusion-flex-content-wrap\" style=\"max-width:calc( 1920px + 0px );margin-left: calc(-0px \/ 2 );margin-right: calc(-0px \/ 2 );\"><div class=\"fusion-layout-column fusion_builder_column fusion-builder-column-10 fusion_builder_column_1_1 1_1 fusion-flex-column\" style=\"--awb-bg-size:cover;--awb-width-large:100%;--awb-margin-top-large:0px;--awb-spacing-right-large:0px;--awb-margin-bottom-large:20px;--awb-spacing-left-large:0px;--awb-width-medium:100%;--awb-order-medium:0;--awb-spacing-right-medium:0px;--awb-spacing-left-medium:0px;--awb-width-small:100%;--awb-order-small:0;--awb-spacing-right-small:0px;--awb-margin-bottom-small:0px;--awb-spacing-left-small:0px;\"><div class=\"fusion-column-wrapper fusion-column-has-shadow fusion-flex-justify-content-flex-start fusion-content-layout-column\"><div class=\"fusion-image-carousel fusion-image-carousel-auto fusion-image-carousel-2\"><div class=\"awb-carousel awb-swiper awb-swiper-carousel\" data-autoplay=\"yes\" data-columns=\"1\" data-itemmargin=\"18\" data-itemwidth=\"180\" data-touchscroll=\"no\" data-imagesize=\"auto\" style=\"--awb-columns:1;--awb-column-spacing:18px;\"><div class=\"swiper-wrapper awb-image-carousel-wrapper fusion-flex-align-items-center\"><div class=\"swiper-slide\"><div class=\"fusion-carousel-item-wrapper\"><div class=\"fusion-image-wrapper hover-type-none\"><img decoding=\"async\" width=\"400\" height=\"120\" src=\"https:\/\/retradycja.eu\/wp-content\/uploads\/2026\/07\/belka-01-organizatorzy-organizers.png\" class=\"attachment-full size-full\" alt=\"\" srcset=\"https:\/\/retradycja.eu\/wp-content\/uploads\/2026\/07\/belka-01-organizatorzy-organizers-200x60.png 200w, https:\/\/retradycja.eu\/wp-content\/uploads\/2026\/07\/belka-01-organizatorzy-organizers-300x90.png 300w, https:\/\/retradycja.eu\/wp-content\/uploads\/2026\/07\/belka-01-organizatorzy-organizers.png 400w\" sizes=\"(max-width: 400px) 100vw, 400px\" \/><\/div><\/div><\/div><div class=\"swiper-slide\"><div class=\"fusion-carousel-item-wrapper\"><div class=\"fusion-image-wrapper hover-type-none\"><a href=\"https:\/\/warsztatykultury.pl\/\" target=\"_blank\" rel=\"noopener noreferrer\"><img decoding=\"async\" width=\"400\" height=\"400\" src=\"https:\/\/retradycja.eu\/wp-content\/uploads\/2026\/07\/belka-01-warsztaty-kultury.png\" class=\"attachment-full size-full\" alt=\"\" srcset=\"https:\/\/retradycja.eu\/wp-content\/uploads\/2026\/07\/belka-01-warsztaty-kultury-66x66.png 66w, https:\/\/retradycja.eu\/wp-content\/uploads\/2026\/07\/belka-01-warsztaty-kultury-150x150.png 150w, https:\/\/retradycja.eu\/wp-content\/uploads\/2026\/07\/belka-01-warsztaty-kultury-200x200.png 200w, https:\/\/retradycja.eu\/wp-content\/uploads\/2026\/07\/belka-01-warsztaty-kultury-300x300.png 300w, https:\/\/retradycja.eu\/wp-content\/uploads\/2026\/07\/belka-01-warsztaty-kultury.png 400w\" sizes=\"(max-width: 400px) 100vw, 400px\" \/><\/a><\/div><\/div><\/div><div class=\"swiper-slide\"><div class=\"fusion-carousel-item-wrapper\"><div class=\"fusion-image-wrapper hover-type-none\"><a href=\"https:\/\/lublin.eu\/\" target=\"_blank\" rel=\"noopener noreferrer\"><img decoding=\"async\" width=\"400\" height=\"400\" src=\"https:\/\/retradycja.eu\/wp-content\/uploads\/2026\/07\/belka-02-instytucja-kultury-miasta-lublin.png\" class=\"attachment-full size-full\" alt=\"\" srcset=\"https:\/\/retradycja.eu\/wp-content\/uploads\/2026\/07\/belka-02-instytucja-kultury-miasta-lublin-66x66.png 66w, https:\/\/retradycja.eu\/wp-content\/uploads\/2026\/07\/belka-02-instytucja-kultury-miasta-lublin-150x150.png 150w, https:\/\/retradycja.eu\/wp-content\/uploads\/2026\/07\/belka-02-instytucja-kultury-miasta-lublin-200x200.png 200w, https:\/\/retradycja.eu\/wp-content\/uploads\/2026\/07\/belka-02-instytucja-kultury-miasta-lublin-300x300.png 300w, https:\/\/retradycja.eu\/wp-content\/uploads\/2026\/07\/belka-02-instytucja-kultury-miasta-lublin.png 400w\" sizes=\"(max-width: 400px) 100vw, 400px\" \/><\/a><\/div><\/div><\/div><div class=\"swiper-slide\"><div class=\"fusion-carousel-item-wrapper\"><div class=\"fusion-image-wrapper hover-type-none\"><a href=\"https:\/\/lublin2029.pl\/\" target=\"_blank\" rel=\"noopener noreferrer\"><img decoding=\"async\" width=\"400\" height=\"400\" src=\"https:\/\/retradycja.eu\/wp-content\/uploads\/2026\/07\/belka-03-europejska-stolica-kultury.png\" class=\"attachment-full size-full\" alt=\"\" srcset=\"https:\/\/retradycja.eu\/wp-content\/uploads\/2026\/07\/belka-03-europejska-stolica-kultury-66x66.png 66w, https:\/\/retradycja.eu\/wp-content\/uploads\/2026\/07\/belka-03-europejska-stolica-kultury-150x150.png 150w, https:\/\/retradycja.eu\/wp-content\/uploads\/2026\/07\/belka-03-europejska-stolica-kultury-200x200.png 200w, https:\/\/retradycja.eu\/wp-content\/uploads\/2026\/07\/belka-03-europejska-stolica-kultury-300x300.png 300w, https:\/\/retradycja.eu\/wp-content\/uploads\/2026\/07\/belka-03-europejska-stolica-kultury.png 400w\" sizes=\"(max-width: 400px) 100vw, 400px\" \/><\/a><\/div><\/div><\/div><div class=\"swiper-slide\"><div class=\"fusion-carousel-item-wrapper\"><div class=\"fusion-image-wrapper hover-type-none\"><a href=\"https:\/\/miastoinspiracji.lublin.eu\/\" target=\"_blank\" rel=\"noopener noreferrer\"><img decoding=\"async\" width=\"400\" height=\"400\" src=\"https:\/\/retradycja.eu\/wp-content\/uploads\/2026\/07\/belka-04-lublin-miasto-inspiracji.png\" class=\"attachment-full size-full\" alt=\"\" srcset=\"https:\/\/retradycja.eu\/wp-content\/uploads\/2026\/07\/belka-04-lublin-miasto-inspiracji-66x66.png 66w, https:\/\/retradycja.eu\/wp-content\/uploads\/2026\/07\/belka-04-lublin-miasto-inspiracji-150x150.png 150w, https:\/\/retradycja.eu\/wp-content\/uploads\/2026\/07\/belka-04-lublin-miasto-inspiracji-200x200.png 200w, https:\/\/retradycja.eu\/wp-content\/uploads\/2026\/07\/belka-04-lublin-miasto-inspiracji-300x300.png 300w, https:\/\/retradycja.eu\/wp-content\/uploads\/2026\/07\/belka-04-lublin-miasto-inspiracji.png 400w\" sizes=\"(max-width: 400px) 100vw, 400px\" \/><\/a><\/div><\/div><\/div><div class=\"swiper-slide\"><div class=\"fusion-carousel-item-wrapper\"><div class=\"fusion-image-wrapper hover-type-none\"><img decoding=\"async\" width=\"400\" height=\"120\" src=\"https:\/\/retradycja.eu\/wp-content\/uploads\/2026\/07\/belka-02-patronat-honorowy-honorary-patronage.png\" class=\"attachment-full size-full\" alt=\"\" srcset=\"https:\/\/retradycja.eu\/wp-content\/uploads\/2026\/07\/belka-02-patronat-honorowy-honorary-patronage-200x60.png 200w, https:\/\/retradycja.eu\/wp-content\/uploads\/2026\/07\/belka-02-patronat-honorowy-honorary-patronage-300x90.png 300w, https:\/\/retradycja.eu\/wp-content\/uploads\/2026\/07\/belka-02-patronat-honorowy-honorary-patronage.png 400w\" sizes=\"(max-width: 400px) 100vw, 400px\" \/><\/div><\/div><\/div><div class=\"swiper-slide\"><div class=\"fusion-carousel-item-wrapper\"><div class=\"fusion-image-wrapper hover-type-none\"><a href=\"https:\/\/lublin.eu\/prezydent-miasta-lublin\/prezydent-miasta\/\" target=\"_blank\" rel=\"noopener noreferrer\"><img decoding=\"async\" width=\"400\" height=\"400\" src=\"https:\/\/retradycja.eu\/wp-content\/uploads\/2026\/07\/belka-05-prezydent-miasta-lublin.png\" class=\"attachment-full size-full\" alt=\"\" srcset=\"https:\/\/retradycja.eu\/wp-content\/uploads\/2026\/07\/belka-05-prezydent-miasta-lublin-66x66.png 66w, https:\/\/retradycja.eu\/wp-content\/uploads\/2026\/07\/belka-05-prezydent-miasta-lublin-150x150.png 150w, https:\/\/retradycja.eu\/wp-content\/uploads\/2026\/07\/belka-05-prezydent-miasta-lublin-200x200.png 200w, https:\/\/retradycja.eu\/wp-content\/uploads\/2026\/07\/belka-05-prezydent-miasta-lublin-300x300.png 300w, https:\/\/retradycja.eu\/wp-content\/uploads\/2026\/07\/belka-05-prezydent-miasta-lublin.png 400w\" sizes=\"(max-width: 400px) 100vw, 400px\" \/><\/a><\/div><\/div><\/div><div class=\"swiper-slide\"><div class=\"fusion-carousel-item-wrapper\"><div class=\"fusion-image-wrapper hover-type-none\"><a href=\"https:\/\/nid.pl\/\" target=\"_blank\" rel=\"noopener noreferrer\"><img decoding=\"async\" width=\"400\" height=\"400\" src=\"https:\/\/retradycja.eu\/wp-content\/uploads\/2026\/07\/belka-06-narodowy-instytut-dziedzictwa.png\" class=\"attachment-full size-full\" alt=\"\" srcset=\"https:\/\/retradycja.eu\/wp-content\/uploads\/2026\/07\/belka-06-narodowy-instytut-dziedzictwa-66x66.png 66w, https:\/\/retradycja.eu\/wp-content\/uploads\/2026\/07\/belka-06-narodowy-instytut-dziedzictwa-150x150.png 150w, https:\/\/retradycja.eu\/wp-content\/uploads\/2026\/07\/belka-06-narodowy-instytut-dziedzictwa-200x200.png 200w, https:\/\/retradycja.eu\/wp-content\/uploads\/2026\/07\/belka-06-narodowy-instytut-dziedzictwa-300x300.png 300w, https:\/\/retradycja.eu\/wp-content\/uploads\/2026\/07\/belka-06-narodowy-instytut-dziedzictwa.png 400w\" sizes=\"(max-width: 400px) 100vw, 400px\" \/><\/a><\/div><\/div><\/div><div class=\"swiper-slide\"><div class=\"fusion-carousel-item-wrapper\"><div class=\"fusion-image-wrapper hover-type-none\"><img decoding=\"async\" width=\"400\" height=\"120\" src=\"https:\/\/retradycja.eu\/wp-content\/uploads\/2026\/07\/belka-03-mecenas-patron.png\" class=\"attachment-full size-full\" alt=\"\" srcset=\"https:\/\/retradycja.eu\/wp-content\/uploads\/2026\/07\/belka-03-mecenas-patron-200x60.png 200w, https:\/\/retradycja.eu\/wp-content\/uploads\/2026\/07\/belka-03-mecenas-patron-300x90.png 300w, https:\/\/retradycja.eu\/wp-content\/uploads\/2026\/07\/belka-03-mecenas-patron.png 400w\" sizes=\"(max-width: 400px) 100vw, 400px\" \/><\/div><\/div><\/div><div class=\"swiper-slide\"><div class=\"fusion-carousel-item-wrapper\"><div class=\"fusion-image-wrapper hover-type-none\"><a href=\"https:\/\/www.gov.pl\/web\/kultura\" target=\"_blank\" rel=\"noopener noreferrer\"><img decoding=\"async\" width=\"400\" height=\"400\" src=\"https:\/\/retradycja.eu\/wp-content\/uploads\/2026\/07\/belka-07-ministerstwo-kultury-i-dziedzictwa-narodowego.png\" class=\"attachment-full size-full\" alt=\"\" srcset=\"https:\/\/retradycja.eu\/wp-content\/uploads\/2026\/07\/belka-07-ministerstwo-kultury-i-dziedzictwa-narodowego-66x66.png 66w, https:\/\/retradycja.eu\/wp-content\/uploads\/2026\/07\/belka-07-ministerstwo-kultury-i-dziedzictwa-narodowego-150x150.png 150w, https:\/\/retradycja.eu\/wp-content\/uploads\/2026\/07\/belka-07-ministerstwo-kultury-i-dziedzictwa-narodowego-200x200.png 200w, https:\/\/retradycja.eu\/wp-content\/uploads\/2026\/07\/belka-07-ministerstwo-kultury-i-dziedzictwa-narodowego-300x300.png 300w, https:\/\/retradycja.eu\/wp-content\/uploads\/2026\/07\/belka-07-ministerstwo-kultury-i-dziedzictwa-narodowego.png 400w\" sizes=\"(max-width: 400px) 100vw, 400px\" \/><\/a><\/div><\/div><\/div><div class=\"swiper-slide\"><div class=\"fusion-carousel-item-wrapper\"><div class=\"fusion-image-wrapper hover-type-none\"><img decoding=\"async\" width=\"400\" height=\"120\" src=\"https:\/\/retradycja.eu\/wp-content\/uploads\/2026\/07\/belka-04-partnerzy-partners.png\" class=\"attachment-full size-full\" alt=\"\" srcset=\"https:\/\/retradycja.eu\/wp-content\/uploads\/2026\/07\/belka-04-partnerzy-partners-200x60.png 200w, https:\/\/retradycja.eu\/wp-content\/uploads\/2026\/07\/belka-04-partnerzy-partners-300x90.png 300w, https:\/\/retradycja.eu\/wp-content\/uploads\/2026\/07\/belka-04-partnerzy-partners.png 400w\" sizes=\"(max-width: 400px) 100vw, 400px\" \/><\/div><\/div><\/div><div class=\"swiper-slide\"><div class=\"fusion-carousel-item-wrapper\"><div class=\"fusion-image-wrapper hover-type-none\"><a href=\"https:\/\/www.airport.lublin.pl\/\" target=\"_blank\" rel=\"noopener noreferrer\"><img decoding=\"async\" width=\"400\" height=\"400\" src=\"https:\/\/retradycja.eu\/wp-content\/uploads\/2026\/07\/belka-08-lublin-airport-logo.png\" class=\"attachment-full size-full\" alt=\"\" srcset=\"https:\/\/retradycja.eu\/wp-content\/uploads\/2026\/07\/belka-08-lublin-airport-logo-66x66.png 66w, https:\/\/retradycja.eu\/wp-content\/uploads\/2026\/07\/belka-08-lublin-airport-logo-150x150.png 150w, https:\/\/retradycja.eu\/wp-content\/uploads\/2026\/07\/belka-08-lublin-airport-logo-200x200.png 200w, https:\/\/retradycja.eu\/wp-content\/uploads\/2026\/07\/belka-08-lublin-airport-logo-300x300.png 300w, https:\/\/retradycja.eu\/wp-content\/uploads\/2026\/07\/belka-08-lublin-airport-logo.png 400w\" sizes=\"(max-width: 400px) 100vw, 400px\" \/><\/a><\/div><\/div><\/div><div class=\"swiper-slide\"><div class=\"fusion-carousel-item-wrapper\"><div class=\"fusion-image-wrapper hover-type-none\"><a href=\"https:\/\/kulturaenter.eu\/\" target=\"_blank\" rel=\"noopener noreferrer\"><img decoding=\"async\" width=\"400\" height=\"400\" src=\"https:\/\/retradycja.eu\/wp-content\/uploads\/2026\/07\/belka-09-fundacja-kultura-enter-logo.png\" class=\"attachment-full size-full\" alt=\"\" srcset=\"https:\/\/retradycja.eu\/wp-content\/uploads\/2026\/07\/belka-09-fundacja-kultura-enter-logo-66x66.png 66w, https:\/\/retradycja.eu\/wp-content\/uploads\/2026\/07\/belka-09-fundacja-kultura-enter-logo-150x150.png 150w, https:\/\/retradycja.eu\/wp-content\/uploads\/2026\/07\/belka-09-fundacja-kultura-enter-logo-200x200.png 200w, https:\/\/retradycja.eu\/wp-content\/uploads\/2026\/07\/belka-09-fundacja-kultura-enter-logo-300x300.png 300w, https:\/\/retradycja.eu\/wp-content\/uploads\/2026\/07\/belka-09-fundacja-kultura-enter-logo.png 400w\" sizes=\"(max-width: 400px) 100vw, 400px\" \/><\/a><\/div><\/div><\/div><div class=\"swiper-slide\"><div class=\"fusion-carousel-item-wrapper\"><div class=\"fusion-image-wrapper hover-type-none\"><a href=\"https:\/\/gardzienice.org\/\" target=\"_blank\" rel=\"noopener noreferrer\"><img decoding=\"async\" width=\"400\" height=\"400\" src=\"https:\/\/retradycja.eu\/wp-content\/uploads\/2026\/07\/belka-10-osrodek-praktyk-teatralnych-gardzienice-logo.png\" class=\"attachment-full size-full\" alt=\"\" srcset=\"https:\/\/retradycja.eu\/wp-content\/uploads\/2026\/07\/belka-10-osrodek-praktyk-teatralnych-gardzienice-logo-66x66.png 66w, https:\/\/retradycja.eu\/wp-content\/uploads\/2026\/07\/belka-10-osrodek-praktyk-teatralnych-gardzienice-logo-150x150.png 150w, https:\/\/retradycja.eu\/wp-content\/uploads\/2026\/07\/belka-10-osrodek-praktyk-teatralnych-gardzienice-logo-200x200.png 200w, https:\/\/retradycja.eu\/wp-content\/uploads\/2026\/07\/belka-10-osrodek-praktyk-teatralnych-gardzienice-logo-300x300.png 300w, https:\/\/retradycja.eu\/wp-content\/uploads\/2026\/07\/belka-10-osrodek-praktyk-teatralnych-gardzienice-logo.png 400w\" sizes=\"(max-width: 400px) 100vw, 400px\" \/><\/a><\/div><\/div><\/div><div class=\"swiper-slide\"><div class=\"fusion-carousel-item-wrapper\"><div class=\"fusion-image-wrapper hover-type-none\"><a href=\"https:\/\/teatrstary.eu\/\" target=\"_blank\" rel=\"noopener noreferrer\"><img decoding=\"async\" width=\"400\" height=\"400\" src=\"https:\/\/retradycja.eu\/wp-content\/uploads\/2026\/07\/belka-11-teatr-stary-w-lublinie-logo.png\" class=\"attachment-full size-full\" alt=\"\" srcset=\"https:\/\/retradycja.eu\/wp-content\/uploads\/2026\/07\/belka-11-teatr-stary-w-lublinie-logo-66x66.png 66w, https:\/\/retradycja.eu\/wp-content\/uploads\/2026\/07\/belka-11-teatr-stary-w-lublinie-logo-150x150.png 150w, https:\/\/retradycja.eu\/wp-content\/uploads\/2026\/07\/belka-11-teatr-stary-w-lublinie-logo-200x200.png 200w, https:\/\/retradycja.eu\/wp-content\/uploads\/2026\/07\/belka-11-teatr-stary-w-lublinie-logo-300x300.png 300w, https:\/\/retradycja.eu\/wp-content\/uploads\/2026\/07\/belka-11-teatr-stary-w-lublinie-logo.png 400w\" sizes=\"(max-width: 400px) 100vw, 400px\" \/><\/a><\/div><\/div><\/div><div class=\"swiper-slide\"><div class=\"fusion-carousel-item-wrapper\"><div class=\"fusion-image-wrapper hover-type-none\"><a href=\"https:\/\/lublin.dominikanie.pl\/\" target=\"_blank\" rel=\"noopener noreferrer\"><img decoding=\"async\" width=\"400\" height=\"400\" src=\"https:\/\/retradycja.eu\/wp-content\/uploads\/2026\/07\/belka-12-dominikanie-lublin-logo.png\" class=\"attachment-full size-full\" alt=\"\" srcset=\"https:\/\/retradycja.eu\/wp-content\/uploads\/2026\/07\/belka-12-dominikanie-lublin-logo-66x66.png 66w, https:\/\/retradycja.eu\/wp-content\/uploads\/2026\/07\/belka-12-dominikanie-lublin-logo-150x150.png 150w, https:\/\/retradycja.eu\/wp-content\/uploads\/2026\/07\/belka-12-dominikanie-lublin-logo-200x200.png 200w, https:\/\/retradycja.eu\/wp-content\/uploads\/2026\/07\/belka-12-dominikanie-lublin-logo-300x300.png 300w, https:\/\/retradycja.eu\/wp-content\/uploads\/2026\/07\/belka-12-dominikanie-lublin-logo.png 400w\" sizes=\"(max-width: 400px) 100vw, 400px\" \/><\/a><\/div><\/div><\/div><div class=\"swiper-slide\"><div class=\"fusion-carousel-item-wrapper\"><div class=\"fusion-image-wrapper hover-type-none\"><a href=\"https:\/\/zamek-lublin.pl\/\" target=\"_blank\" rel=\"noopener noreferrer\"><img decoding=\"async\" width=\"400\" height=\"400\" src=\"https:\/\/retradycja.eu\/wp-content\/uploads\/2026\/07\/belka-13-muzeum-narodowe-w-lublinie-logo.png\" class=\"attachment-full size-full\" alt=\"\" srcset=\"https:\/\/retradycja.eu\/wp-content\/uploads\/2026\/07\/belka-13-muzeum-narodowe-w-lublinie-logo-66x66.png 66w, https:\/\/retradycja.eu\/wp-content\/uploads\/2026\/07\/belka-13-muzeum-narodowe-w-lublinie-logo-150x150.png 150w, https:\/\/retradycja.eu\/wp-content\/uploads\/2026\/07\/belka-13-muzeum-narodowe-w-lublinie-logo-200x200.png 200w, https:\/\/retradycja.eu\/wp-content\/uploads\/2026\/07\/belka-13-muzeum-narodowe-w-lublinie-logo-300x300.png 300w, https:\/\/retradycja.eu\/wp-content\/uploads\/2026\/07\/belka-13-muzeum-narodowe-w-lublinie-logo.png 400w\" sizes=\"(max-width: 400px) 100vw, 400px\" \/><\/a><\/div><\/div><\/div><div class=\"swiper-slide\"><div class=\"fusion-carousel-item-wrapper\"><div class=\"fusion-image-wrapper hover-type-none\"><a href=\"https:\/\/honchar.org.ua\/\" target=\"_blank\" rel=\"noopener noreferrer\"><img decoding=\"async\" width=\"400\" height=\"400\" src=\"https:\/\/retradycja.eu\/wp-content\/uploads\/2026\/07\/belka-14-ivan-honchar-logo.png\" class=\"attachment-full size-full\" alt=\"\" srcset=\"https:\/\/retradycja.eu\/wp-content\/uploads\/2026\/07\/belka-14-ivan-honchar-logo-66x66.png 66w, https:\/\/retradycja.eu\/wp-content\/uploads\/2026\/07\/belka-14-ivan-honchar-logo-150x150.png 150w, https:\/\/retradycja.eu\/wp-content\/uploads\/2026\/07\/belka-14-ivan-honchar-logo-200x200.png 200w, https:\/\/retradycja.eu\/wp-content\/uploads\/2026\/07\/belka-14-ivan-honchar-logo-300x300.png 300w, https:\/\/retradycja.eu\/wp-content\/uploads\/2026\/07\/belka-14-ivan-honchar-logo.png 400w\" sizes=\"(max-width: 400px) 100vw, 400px\" \/><\/a><\/div><\/div><\/div><div class=\"swiper-slide\"><div class=\"fusion-carousel-item-wrapper\"><div class=\"fusion-image-wrapper hover-type-none\"><a href=\"https:\/\/zgstl.pl\/\" target=\"_blank\" rel=\"noopener noreferrer\"><img decoding=\"async\" width=\"400\" height=\"400\" src=\"https:\/\/retradycja.eu\/wp-content\/uploads\/2026\/07\/belka-15-stowarzyszenie-tworcow-ludowych-logo.png\" class=\"attachment-full size-full\" alt=\"\" srcset=\"https:\/\/retradycja.eu\/wp-content\/uploads\/2026\/07\/belka-15-stowarzyszenie-tworcow-ludowych-logo-66x66.png 66w, https:\/\/retradycja.eu\/wp-content\/uploads\/2026\/07\/belka-15-stowarzyszenie-tworcow-ludowych-logo-150x150.png 150w, https:\/\/retradycja.eu\/wp-content\/uploads\/2026\/07\/belka-15-stowarzyszenie-tworcow-ludowych-logo-200x200.png 200w, https:\/\/retradycja.eu\/wp-content\/uploads\/2026\/07\/belka-15-stowarzyszenie-tworcow-ludowych-logo-300x300.png 300w, https:\/\/retradycja.eu\/wp-content\/uploads\/2026\/07\/belka-15-stowarzyszenie-tworcow-ludowych-logo.png 400w\" sizes=\"(max-width: 400px) 100vw, 400px\" \/><\/a><\/div><\/div><\/div><div class=\"swiper-slide\"><div class=\"fusion-carousel-item-wrapper\"><div class=\"fusion-image-wrapper hover-type-none\"><a href=\"https:\/\/busbonus.pl\/\" target=\"_blank\" rel=\"noopener noreferrer\"><img decoding=\"async\" width=\"400\" height=\"400\" src=\"https:\/\/retradycja.eu\/wp-content\/uploads\/2026\/08\/belka-15-2-bus-bonus.png\" class=\"attachment-full size-full\" alt=\"Logo Bus Bonus.\" srcset=\"https:\/\/retradycja.eu\/wp-content\/uploads\/2026\/08\/belka-15-2-bus-bonus-66x66.png 66w, https:\/\/retradycja.eu\/wp-content\/uploads\/2026\/08\/belka-15-2-bus-bonus-150x150.png 150w, https:\/\/retradycja.eu\/wp-content\/uploads\/2026\/08\/belka-15-2-bus-bonus-200x200.png 200w, https:\/\/retradycja.eu\/wp-content\/uploads\/2026\/08\/belka-15-2-bus-bonus-300x300.png 300w, https:\/\/retradycja.eu\/wp-content\/uploads\/2026\/08\/belka-15-2-bus-bonus.png 400w\" sizes=\"(max-width: 400px) 100vw, 400px\" \/><\/a><\/div><\/div><\/div><div class=\"swiper-slide\"><div class=\"fusion-carousel-item-wrapper\"><div class=\"fusion-image-wrapper hover-type-none\"><img decoding=\"async\" width=\"400\" height=\"120\" src=\"https:\/\/retradycja.eu\/wp-content\/uploads\/2026\/07\/belka-05-patroni-medialni-media-patronage.png\" class=\"attachment-full size-full\" alt=\"\" srcset=\"https:\/\/retradycja.eu\/wp-content\/uploads\/2026\/07\/belka-05-patroni-medialni-media-patronage-200x60.png 200w, https:\/\/retradycja.eu\/wp-content\/uploads\/2026\/07\/belka-05-patroni-medialni-media-patronage-300x90.png 300w, https:\/\/retradycja.eu\/wp-content\/uploads\/2026\/07\/belka-05-patroni-medialni-media-patronage.png 400w\" sizes=\"(max-width: 400px) 100vw, 400px\" \/><\/div><\/div><\/div><div class=\"swiper-slide\"><div class=\"fusion-carousel-item-wrapper\"><div class=\"fusion-image-wrapper hover-type-none\"><a href=\"https:\/\/tvpkultura.tvp.pl\/\" target=\"_blank\" rel=\"noopener noreferrer\"><img decoding=\"async\" width=\"400\" height=\"400\" src=\"https:\/\/retradycja.eu\/wp-content\/uploads\/2026\/07\/belka-16-tvp-kultura-logo.png\" class=\"attachment-full size-full\" alt=\"\" srcset=\"https:\/\/retradycja.eu\/wp-content\/uploads\/2026\/07\/belka-16-tvp-kultura-logo-66x66.png 66w, https:\/\/retradycja.eu\/wp-content\/uploads\/2026\/07\/belka-16-tvp-kultura-logo-150x150.png 150w, https:\/\/retradycja.eu\/wp-content\/uploads\/2026\/07\/belka-16-tvp-kultura-logo-200x200.png 200w, https:\/\/retradycja.eu\/wp-content\/uploads\/2026\/07\/belka-16-tvp-kultura-logo-300x300.png 300w, https:\/\/retradycja.eu\/wp-content\/uploads\/2026\/07\/belka-16-tvp-kultura-logo.png 400w\" sizes=\"(max-width: 400px) 100vw, 400px\" \/><\/a><\/div><\/div><\/div><div class=\"swiper-slide\"><div class=\"fusion-carousel-item-wrapper\"><div class=\"fusion-image-wrapper hover-type-none\"><a href=\"https:\/\/lublin.tvp.pl\/\" target=\"_blank\" rel=\"noopener noreferrer\"><img decoding=\"async\" width=\"400\" height=\"400\" src=\"https:\/\/retradycja.eu\/wp-content\/uploads\/2026\/07\/belka-17-tvp3-lublin-logo.png\" class=\"attachment-full size-full\" alt=\"\" srcset=\"https:\/\/retradycja.eu\/wp-content\/uploads\/2026\/07\/belka-17-tvp3-lublin-logo-66x66.png 66w, https:\/\/retradycja.eu\/wp-content\/uploads\/2026\/07\/belka-17-tvp3-lublin-logo-150x150.png 150w, https:\/\/retradycja.eu\/wp-content\/uploads\/2026\/07\/belka-17-tvp3-lublin-logo-200x200.png 200w, https:\/\/retradycja.eu\/wp-content\/uploads\/2026\/07\/belka-17-tvp3-lublin-logo-300x300.png 300w, https:\/\/retradycja.eu\/wp-content\/uploads\/2026\/07\/belka-17-tvp3-lublin-logo.png 400w\" sizes=\"(max-width: 400px) 100vw, 400px\" \/><\/a><\/div><\/div><\/div><div class=\"swiper-slide\"><div class=\"fusion-carousel-item-wrapper\"><div class=\"fusion-image-wrapper hover-type-none\"><a href=\"https:\/\/abc.tvp.pl\/\" target=\"_blank\" rel=\"noopener noreferrer\"><img decoding=\"async\" width=\"400\" height=\"400\" src=\"https:\/\/retradycja.eu\/wp-content\/uploads\/2026\/07\/belka-18-tvp-abc-logo.png\" class=\"attachment-full size-full\" alt=\"\" srcset=\"https:\/\/retradycja.eu\/wp-content\/uploads\/2026\/07\/belka-18-tvp-abc-logo-66x66.png 66w, https:\/\/retradycja.eu\/wp-content\/uploads\/2026\/07\/belka-18-tvp-abc-logo-150x150.png 150w, https:\/\/retradycja.eu\/wp-content\/uploads\/2026\/07\/belka-18-tvp-abc-logo-200x200.png 200w, https:\/\/retradycja.eu\/wp-content\/uploads\/2026\/07\/belka-18-tvp-abc-logo-300x300.png 300w, https:\/\/retradycja.eu\/wp-content\/uploads\/2026\/07\/belka-18-tvp-abc-logo.png 400w\" sizes=\"(max-width: 400px) 100vw, 400px\" \/><\/a><\/div><\/div><\/div><div class=\"swiper-slide\"><div class=\"fusion-carousel-item-wrapper\"><div class=\"fusion-image-wrapper hover-type-none\"><a href=\"https:\/\/www.polskieradio.pl\/8,dwojka\" target=\"_blank\" rel=\"noopener noreferrer\"><img decoding=\"async\" width=\"400\" height=\"400\" src=\"https:\/\/retradycja.eu\/wp-content\/uploads\/2026\/07\/belka-19-dwojka-polskie-radio-logo.png\" class=\"attachment-full size-full\" alt=\"\" srcset=\"https:\/\/retradycja.eu\/wp-content\/uploads\/2026\/07\/belka-19-dwojka-polskie-radio-logo-66x66.png 66w, https:\/\/retradycja.eu\/wp-content\/uploads\/2026\/07\/belka-19-dwojka-polskie-radio-logo-150x150.png 150w, https:\/\/retradycja.eu\/wp-content\/uploads\/2026\/07\/belka-19-dwojka-polskie-radio-logo-200x200.png 200w, https:\/\/retradycja.eu\/wp-content\/uploads\/2026\/07\/belka-19-dwojka-polskie-radio-logo-300x300.png 300w, https:\/\/retradycja.eu\/wp-content\/uploads\/2026\/07\/belka-19-dwojka-polskie-radio-logo.png 400w\" sizes=\"(max-width: 400px) 100vw, 400px\" \/><\/a><\/div><\/div><\/div><div class=\"swiper-slide\"><div class=\"fusion-carousel-item-wrapper\"><div class=\"fusion-image-wrapper hover-type-none\"><a href=\"https:\/\/www.polskieradio.pl\/18\" target=\"_blank\" rel=\"noopener noreferrer\"><img decoding=\"async\" width=\"400\" height=\"400\" src=\"https:\/\/retradycja.eu\/wp-content\/uploads\/2026\/07\/belka-20-polskie-radio-dzieciom-logo.png\" class=\"attachment-full size-full\" alt=\"\" srcset=\"https:\/\/retradycja.eu\/wp-content\/uploads\/2026\/07\/belka-20-polskie-radio-dzieciom-logo-66x66.png 66w, https:\/\/retradycja.eu\/wp-content\/uploads\/2026\/07\/belka-20-polskie-radio-dzieciom-logo-150x150.png 150w, https:\/\/retradycja.eu\/wp-content\/uploads\/2026\/07\/belka-20-polskie-radio-dzieciom-logo-200x200.png 200w, https:\/\/retradycja.eu\/wp-content\/uploads\/2026\/07\/belka-20-polskie-radio-dzieciom-logo-300x300.png 300w, https:\/\/retradycja.eu\/wp-content\/uploads\/2026\/07\/belka-20-polskie-radio-dzieciom-logo.png 400w\" sizes=\"(max-width: 400px) 100vw, 400px\" \/><\/a><\/div><\/div><\/div><div class=\"swiper-slide\"><div class=\"fusion-carousel-item-wrapper\"><div class=\"fusion-image-wrapper hover-type-none\"><a href=\"https:\/\/www.polskieradio.pl\/377,radiowe-centrum-kultury-ludowej\" target=\"_blank\" rel=\"noopener noreferrer\"><img decoding=\"async\" width=\"400\" height=\"400\" src=\"https:\/\/retradycja.eu\/wp-content\/uploads\/2026\/07\/belka-21-radiowe-centrum-kultury-ludowej-logo.png\" class=\"attachment-full size-full\" alt=\"\" srcset=\"https:\/\/retradycja.eu\/wp-content\/uploads\/2026\/07\/belka-21-radiowe-centrum-kultury-ludowej-logo-66x66.png 66w, https:\/\/retradycja.eu\/wp-content\/uploads\/2026\/07\/belka-21-radiowe-centrum-kultury-ludowej-logo-150x150.png 150w, https:\/\/retradycja.eu\/wp-content\/uploads\/2026\/07\/belka-21-radiowe-centrum-kultury-ludowej-logo-200x200.png 200w, https:\/\/retradycja.eu\/wp-content\/uploads\/2026\/07\/belka-21-radiowe-centrum-kultury-ludowej-logo-300x300.png 300w, https:\/\/retradycja.eu\/wp-content\/uploads\/2026\/07\/belka-21-radiowe-centrum-kultury-ludowej-logo.png 400w\" sizes=\"(max-width: 400px) 100vw, 400px\" \/><\/a><\/div><\/div><\/div><div class=\"swiper-slide\"><div class=\"fusion-carousel-item-wrapper\"><div class=\"fusion-image-wrapper hover-type-none\"><a href=\"https:\/\/radio.lublin.pl\/\" target=\"_blank\" rel=\"noopener noreferrer\"><img decoding=\"async\" width=\"400\" height=\"400\" src=\"https:\/\/retradycja.eu\/wp-content\/uploads\/2026\/07\/belka-22-polskie-radio-lublin-logo.png\" class=\"attachment-full size-full\" alt=\"\" srcset=\"https:\/\/retradycja.eu\/wp-content\/uploads\/2026\/07\/belka-22-polskie-radio-lublin-logo-66x66.png 66w, https:\/\/retradycja.eu\/wp-content\/uploads\/2026\/07\/belka-22-polskie-radio-lublin-logo-150x150.png 150w, https:\/\/retradycja.eu\/wp-content\/uploads\/2026\/07\/belka-22-polskie-radio-lublin-logo-200x200.png 200w, https:\/\/retradycja.eu\/wp-content\/uploads\/2026\/07\/belka-22-polskie-radio-lublin-logo-300x300.png 300w, https:\/\/retradycja.eu\/wp-content\/uploads\/2026\/07\/belka-22-polskie-radio-lublin-logo.png 400w\" sizes=\"(max-width: 400px) 100vw, 400px\" \/><\/a><\/div><\/div><\/div><div class=\"swiper-slide\"><div class=\"fusion-carousel-item-wrapper\"><div class=\"fusion-image-wrapper hover-type-none\"><a href=\"https:\/\/wyborcza.pl\/\" target=\"_blank\" rel=\"noopener noreferrer\"><img decoding=\"async\" width=\"400\" height=\"400\" src=\"https:\/\/retradycja.eu\/wp-content\/uploads\/2026\/07\/belka-23-gazeta-wyborcza-logo.png\" class=\"attachment-full size-full\" alt=\"\" srcset=\"https:\/\/retradycja.eu\/wp-content\/uploads\/2026\/07\/belka-23-gazeta-wyborcza-logo-66x66.png 66w, https:\/\/retradycja.eu\/wp-content\/uploads\/2026\/07\/belka-23-gazeta-wyborcza-logo-150x150.png 150w, https:\/\/retradycja.eu\/wp-content\/uploads\/2026\/07\/belka-23-gazeta-wyborcza-logo-200x200.png 200w, https:\/\/retradycja.eu\/wp-content\/uploads\/2026\/07\/belka-23-gazeta-wyborcza-logo-300x300.png 300w, https:\/\/retradycja.eu\/wp-content\/uploads\/2026\/07\/belka-23-gazeta-wyborcza-logo.png 400w\" sizes=\"(max-width: 400px) 100vw, 400px\" \/><\/a><\/div><\/div><\/div><div class=\"swiper-slide\"><div class=\"fusion-carousel-item-wrapper\"><div class=\"fusion-image-wrapper hover-type-none\"><a href=\"https:\/\/www.werandacountry.pl\/\" target=\"_blank\" rel=\"noopener noreferrer\"><img decoding=\"async\" width=\"400\" height=\"400\" src=\"https:\/\/retradycja.eu\/wp-content\/uploads\/2026\/07\/belka-24-weranda-country-logo.png\" class=\"attachment-full size-full\" alt=\"\" srcset=\"https:\/\/retradycja.eu\/wp-content\/uploads\/2026\/07\/belka-24-weranda-country-logo-66x66.png 66w, https:\/\/retradycja.eu\/wp-content\/uploads\/2026\/07\/belka-24-weranda-country-logo-150x150.png 150w, https:\/\/retradycja.eu\/wp-content\/uploads\/2026\/07\/belka-24-weranda-country-logo-200x200.png 200w, https:\/\/retradycja.eu\/wp-content\/uploads\/2026\/07\/belka-24-weranda-country-logo-300x300.png 300w, https:\/\/retradycja.eu\/wp-content\/uploads\/2026\/07\/belka-24-weranda-country-logo.png 400w\" sizes=\"(max-width: 400px) 100vw, 400px\" \/><\/a><\/div><\/div><\/div><div class=\"swiper-slide\"><div class=\"fusion-carousel-item-wrapper\"><div class=\"fusion-image-wrapper hover-type-none\"><a href=\"https:\/\/kulturaludowa.pl\/\" target=\"_blank\" rel=\"noopener noreferrer\"><img decoding=\"async\" width=\"400\" height=\"400\" src=\"https:\/\/retradycja.eu\/wp-content\/uploads\/2026\/07\/belka-25-kulturaludowapl-logo.png\" class=\"attachment-full size-full\" alt=\"\" srcset=\"https:\/\/retradycja.eu\/wp-content\/uploads\/2026\/07\/belka-25-kulturaludowapl-logo-66x66.png 66w, https:\/\/retradycja.eu\/wp-content\/uploads\/2026\/07\/belka-25-kulturaludowapl-logo-150x150.png 150w, https:\/\/retradycja.eu\/wp-content\/uploads\/2026\/07\/belka-25-kulturaludowapl-logo-200x200.png 200w, https:\/\/retradycja.eu\/wp-content\/uploads\/2026\/07\/belka-25-kulturaludowapl-logo-300x300.png 300w, https:\/\/retradycja.eu\/wp-content\/uploads\/2026\/07\/belka-25-kulturaludowapl-logo.png 400w\" sizes=\"(max-width: 400px) 100vw, 400px\" \/><\/a><\/div><\/div><\/div><div class=\"swiper-slide\"><div class=\"fusion-carousel-item-wrapper\"><div class=\"fusion-image-wrapper hover-type-none\"><a href=\"https:\/\/muzykatradycyjna.pl\/\" target=\"_blank\" rel=\"noopener noreferrer\"><img decoding=\"async\" width=\"400\" height=\"400\" src=\"https:\/\/retradycja.eu\/wp-content\/uploads\/2026\/07\/belka-26-muzykatradycyjnapl-logo.png\" class=\"attachment-full size-full\" alt=\"\" srcset=\"https:\/\/retradycja.eu\/wp-content\/uploads\/2026\/07\/belka-26-muzykatradycyjnapl-logo-66x66.png 66w, https:\/\/retradycja.eu\/wp-content\/uploads\/2026\/07\/belka-26-muzykatradycyjnapl-logo-150x150.png 150w, https:\/\/retradycja.eu\/wp-content\/uploads\/2026\/07\/belka-26-muzykatradycyjnapl-logo-200x200.png 200w, https:\/\/retradycja.eu\/wp-content\/uploads\/2026\/07\/belka-26-muzykatradycyjnapl-logo-300x300.png 300w, https:\/\/retradycja.eu\/wp-content\/uploads\/2026\/07\/belka-26-muzykatradycyjnapl-logo.png 400w\" sizes=\"(max-width: 400px) 100vw, 400px\" \/><\/a><\/div><\/div><\/div><div class=\"swiper-slide\"><div class=\"fusion-carousel-item-wrapper\"><div class=\"fusion-image-wrapper hover-type-none\"><a href=\"https:\/\/kulturaenter.pl\/\" target=\"_blank\" rel=\"noopener noreferrer\"><img decoding=\"async\" width=\"400\" height=\"400\" src=\"https:\/\/retradycja.eu\/wp-content\/uploads\/2026\/07\/belka-27-kultura-enter-logo.png\" class=\"attachment-full size-full\" alt=\"\" srcset=\"https:\/\/retradycja.eu\/wp-content\/uploads\/2026\/07\/belka-27-kultura-enter-logo-66x66.png 66w, https:\/\/retradycja.eu\/wp-content\/uploads\/2026\/07\/belka-27-kultura-enter-logo-150x150.png 150w, https:\/\/retradycja.eu\/wp-content\/uploads\/2026\/07\/belka-27-kultura-enter-logo-200x200.png 200w, https:\/\/retradycja.eu\/wp-content\/uploads\/2026\/07\/belka-27-kultura-enter-logo-300x300.png 300w, https:\/\/retradycja.eu\/wp-content\/uploads\/2026\/07\/belka-27-kultura-enter-logo.png 400w\" sizes=\"(max-width: 400px) 100vw, 400px\" \/><\/a><\/div><\/div><\/div><div class=\"swiper-slide\"><div class=\"fusion-carousel-item-wrapper\"><div class=\"fusion-image-wrapper hover-type-none\"><a href=\"https:\/\/www.onet.pl\/\" target=\"_blank\" rel=\"noopener noreferrer\"><img decoding=\"async\" width=\"400\" height=\"400\" src=\"https:\/\/retradycja.eu\/wp-content\/uploads\/2026\/07\/belka-28-onet-logo.png\" class=\"attachment-full size-full\" alt=\"\" srcset=\"https:\/\/retradycja.eu\/wp-content\/uploads\/2026\/07\/belka-28-onet-logo-66x66.png 66w, https:\/\/retradycja.eu\/wp-content\/uploads\/2026\/07\/belka-28-onet-logo-150x150.png 150w, https:\/\/retradycja.eu\/wp-content\/uploads\/2026\/07\/belka-28-onet-logo-200x200.png 200w, https:\/\/retradycja.eu\/wp-content\/uploads\/2026\/07\/belka-28-onet-logo-300x300.png 300w, https:\/\/retradycja.eu\/wp-content\/uploads\/2026\/07\/belka-28-onet-logo.png 400w\" sizes=\"(max-width: 400px) 100vw, 400px\" \/><\/a><\/div><\/div><\/div><\/div><\/div><\/div><\/div><\/div><\/div><\/div><\/p>\n","protected":false},"excerpt":{"rendered":"","protected":false},"author":6,"featured_media":0,"parent":0,"menu_order":0,"comment_status":"closed","ping_status":"closed","template":"","meta":{"_acf_changed":false,"ngg_post_thumbnail":0,"footnotes":""},"class_list":["post-35577","page","type-page","status-publish","hentry"],"acf":[],"yoast_head":"<!-- This site is optimized with the Yoast SEO plugin v22.2 - https:\/\/yoast.com\/wordpress\/plugins\/seo\/ -->\n<title>Re:tradition - The Jagiellonian Fair<\/title>\n<meta name=\"description\" content=\"Join us for Re:tradition Festival - The Jagiellonian Fair\" \/>\n<meta name=\"robots\" content=\"index, follow, max-snippet:-1, max-image-preview:large, max-video-preview:-1\" \/>\n<link rel=\"canonical\" href=\"https:\/\/retradycja.eu\/en\/\" \/>\n<meta property=\"og:locale\" content=\"en_US\" \/>\n<meta property=\"og:type\" content=\"article\" \/>\n<meta property=\"og:title\" content=\"Re:tradition - The Jagiellonian Fair\" \/>\n<meta property=\"og:description\" content=\"Join us for Re:tradition Festival - The Jagiellonian Fair\" \/>\n<meta property=\"og:url\" content=\"https:\/\/retradycja.eu\/en\/\" \/>\n<meta property=\"og:site_name\" content=\"Jarmark Jagiello\u0144ski\" \/>\n<meta property=\"article:publisher\" content=\"https:\/\/www.facebook.com\/retradycja\" \/>\n<meta property=\"article:modified_time\" content=\"2026-08-26T09:03:42+00:00\" \/>\n<meta name=\"twitter:card\" content=\"summary_large_image\" \/>\n<meta name=\"twitter:label1\" content=\"Est. reading time\" \/>\n\t<meta name=\"twitter:data1\" content=\"10 minutes\" \/>\n<script type=\"application\/ld+json\" class=\"yoast-schema-graph\">{\"@context\":\"https:\/\/schema.org\",\"@graph\":[{\"@type\":\"WebPage\",\"@id\":\"https:\/\/retradycja.eu\/en\/\",\"url\":\"https:\/\/retradycja.eu\/en\/\",\"name\":\"Re:tradition - The Jagiellonian Fair\",\"isPartOf\":{\"@id\":\"https:\/\/retradycja.eu\/pl\/#website\"},\"datePublished\":\"2020-08-12T12:53:51+00:00\",\"dateModified\":\"2026-08-26T09:03:42+00:00\",\"description\":\"Join us for Re:tradition Festival - The Jagiellonian Fair\",\"breadcrumb\":{\"@id\":\"https:\/\/retradycja.eu\/en\/#breadcrumb\"},\"inLanguage\":\"en-US\",\"potentialAction\":[{\"@type\":\"ReadAction\",\"target\":[\"https:\/\/retradycja.eu\/en\/\"]}]},{\"@type\":\"BreadcrumbList\",\"@id\":\"https:\/\/retradycja.eu\/en\/#breadcrumb\",\"itemListElement\":[{\"@type\":\"ListItem\",\"position\":1,\"name\":\"Strona g\u0142\u00f3wna\",\"item\":\"https:\/\/retradycja.eu\/en\/\"},{\"@type\":\"ListItem\",\"position\":2,\"name\":\"Main\"}]},{\"@type\":\"WebSite\",\"@id\":\"https:\/\/retradycja.eu\/pl\/#website\",\"url\":\"https:\/\/retradycja.eu\/pl\/\",\"name\":\"Jarmark Jagiello\u0144ski\",\"description\":\"The Jagiellonian Fair 21-23 August 2020 |  Lublin, Old Town\",\"publisher\":{\"@id\":\"https:\/\/retradycja.eu\/pl\/#organization\"},\"potentialAction\":[{\"@type\":\"SearchAction\",\"target\":{\"@type\":\"EntryPoint\",\"urlTemplate\":\"https:\/\/retradycja.eu\/pl\/?s={search_term_string}\"},\"query-input\":\"required name=search_term_string\"}],\"inLanguage\":\"en-US\"},{\"@type\":\"Organization\",\"@id\":\"https:\/\/retradycja.eu\/pl\/#organization\",\"name\":\"Warsztaty Kultury w Lublinie\",\"url\":\"https:\/\/retradycja.eu\/pl\/\",\"logo\":{\"@type\":\"ImageObject\",\"inLanguage\":\"en-US\",\"@id\":\"https:\/\/retradycja.eu\/pl\/#\/schema\/logo\/image\/\",\"url\":\"https:\/\/retradycja.eu\/wp-content\/uploads\/2022\/06\/logo_retradycje-01.png\",\"contentUrl\":\"https:\/\/retradycja.eu\/wp-content\/uploads\/2022\/06\/logo_retradycje-01.png\",\"width\":332,\"height\":63,\"caption\":\"Warsztaty Kultury w Lublinie\"},\"image\":{\"@id\":\"https:\/\/retradycja.eu\/pl\/#\/schema\/logo\/image\/\"},\"sameAs\":[\"https:\/\/www.facebook.com\/retradycja\",\"https:\/\/www.instagram.com\/retradycja_jarmarkjagiellonski\/\",\"https:\/\/www.youtube.com\/user\/JarmarkJagiellonski\"]}]}<\/script>\n<!-- \/ Yoast SEO plugin. -->","yoast_head_json":{"title":"Re:tradition - The Jagiellonian Fair","description":"Join us for Re:tradition Festival - The Jagiellonian Fair","robots":{"index":"index","follow":"follow","max-snippet":"max-snippet:-1","max-image-preview":"max-image-preview:large","max-video-preview":"max-video-preview:-1"},"canonical":"https:\/\/retradycja.eu\/en\/","og_locale":"en_US","og_type":"article","og_title":"Re:tradition - The Jagiellonian Fair","og_description":"Join us for Re:tradition Festival - The Jagiellonian Fair","og_url":"https:\/\/retradycja.eu\/en\/","og_site_name":"Jarmark Jagiello\u0144ski","article_publisher":"https:\/\/www.facebook.com\/retradycja","article_modified_time":"2026-08-26T09:03:42+00:00","twitter_card":"summary_large_image","twitter_misc":{"Est. reading time":"10 minutes"},"schema":{"@context":"https:\/\/schema.org","@graph":[{"@type":"WebPage","@id":"https:\/\/retradycja.eu\/en\/","url":"https:\/\/retradycja.eu\/en\/","name":"Re:tradition - The Jagiellonian Fair","isPartOf":{"@id":"https:\/\/retradycja.eu\/pl\/#website"},"datePublished":"2020-08-12T12:53:51+00:00","dateModified":"2026-08-26T09:03:42+00:00","description":"Join us for Re:tradition Festival - The Jagiellonian Fair","breadcrumb":{"@id":"https:\/\/retradycja.eu\/en\/#breadcrumb"},"inLanguage":"en-US","potentialAction":[{"@type":"ReadAction","target":["https:\/\/retradycja.eu\/en\/"]}]},{"@type":"BreadcrumbList","@id":"https:\/\/retradycja.eu\/en\/#breadcrumb","itemListElement":[{"@type":"ListItem","position":1,"name":"Strona g\u0142\u00f3wna","item":"https:\/\/retradycja.eu\/en\/"},{"@type":"ListItem","position":2,"name":"Main"}]},{"@type":"WebSite","@id":"https:\/\/retradycja.eu\/pl\/#website","url":"https:\/\/retradycja.eu\/pl\/","name":"Jarmark Jagiello\u0144ski","description":"The Jagiellonian Fair 21-23 August 2020 |  Lublin, Old Town","publisher":{"@id":"https:\/\/retradycja.eu\/pl\/#organization"},"potentialAction":[{"@type":"SearchAction","target":{"@type":"EntryPoint","urlTemplate":"https:\/\/retradycja.eu\/pl\/?s={search_term_string}"},"query-input":"required name=search_term_string"}],"inLanguage":"en-US"},{"@type":"Organization","@id":"https:\/\/retradycja.eu\/pl\/#organization","name":"Warsztaty Kultury w Lublinie","url":"https:\/\/retradycja.eu\/pl\/","logo":{"@type":"ImageObject","inLanguage":"en-US","@id":"https:\/\/retradycja.eu\/pl\/#\/schema\/logo\/image\/","url":"https:\/\/retradycja.eu\/wp-content\/uploads\/2022\/06\/logo_retradycje-01.png","contentUrl":"https:\/\/retradycja.eu\/wp-content\/uploads\/2022\/06\/logo_retradycje-01.png","width":332,"height":63,"caption":"Warsztaty Kultury w Lublinie"},"image":{"@id":"https:\/\/retradycja.eu\/pl\/#\/schema\/logo\/image\/"},"sameAs":["https:\/\/www.facebook.com\/retradycja","https:\/\/www.instagram.com\/retradycja_jarmarkjagiellonski\/","https:\/\/www.youtube.com\/user\/JarmarkJagiellonski"]}]}},"_links":{"self":[{"href":"https:\/\/retradycja.eu\/en\/wp-json\/wp\/v2\/pages\/35577","targetHints":{"allow":["GET"]}}],"collection":[{"href":"https:\/\/retradycja.eu\/en\/wp-json\/wp\/v2\/pages"}],"about":[{"href":"https:\/\/retradycja.eu\/en\/wp-json\/wp\/v2\/types\/page"}],"author":[{"embeddable":true,"href":"https:\/\/retradycja.eu\/en\/wp-json\/wp\/v2\/users\/6"}],"replies":[{"embeddable":true,"href":"https:\/\/retradycja.eu\/en\/wp-json\/wp\/v2\/comments?post=35577"}],"version-history":[{"count":93,"href":"https:\/\/retradycja.eu\/en\/wp-json\/wp\/v2\/pages\/35577\/revisions"}],"predecessor-version":[{"id":60935,"href":"https:\/\/retradycja.eu\/en\/wp-json\/wp\/v2\/pages\/35577\/revisions\/60935"}],"wp:attachment":[{"href":"https:\/\/retradycja.eu\/en\/wp-json\/wp\/v2\/media?parent=35577"}],"curies":[{"name":"wp","href":"https:\/\/api.w.org\/{rel}","templated":true}]}}